{"id":915,"date":"2020-12-03T14:17:59","date_gmt":"2020-12-03T13:17:59","guid":{"rendered":"https:\/\/echansonneriedespapes.com\/?page_id=915"},"modified":"2020-12-08T16:43:44","modified_gmt":"2020-12-08T15:43:44","slug":"304eme-chapitre-grand-conseil-dhiver-samedi-11-decembre-2010","status":"publish","type":"page","link":"https:\/\/echansonneriedespapes.com\/index.php\/304eme-chapitre-grand-conseil-dhiver-samedi-11-decembre-2010\/","title":{"rendered":"304\u00e8me chapitre"},"content":{"rendered":"\t\t<div data-elementor-type=\"wp-page\" data-elementor-id=\"915\" class=\"elementor elementor-915\">\n\t\t\t\t\t\t<section class=\"elementor-section elementor-top-section elementor-element elementor-element-764d4927 elementor-section-boxed elementor-section-height-default elementor-section-height-default\" data-id=\"764d4927\" data-element_type=\"section\">\n\t\t\t\t\t\t<div class=\"elementor-container elementor-column-gap-default\">\n\t\t\t\t\t<div class=\"elementor-column elementor-col-100 elementor-top-column elementor-element elementor-element-5a8831df\" data-id=\"5a8831df\" data-element_type=\"column\">\n\t\t\t<div class=\"elementor-widget-wrap elementor-element-populated\">\n\t\t\t\t\t\t<div class=\"elementor-element elementor-element-bb979dd elementor-widget elementor-widget-heading\" data-id=\"bb979dd\" data-element_type=\"widget\" data-widget_type=\"heading.default\">\n\t\t\t\t<div class=\"elementor-widget-container\">\n\t\t\t<h2 class=\"elementor-heading-title elementor-size-large\">Grand Conseil d'Hiver<br><font size=\"6\"><I>Samedi 11 d\u00e9cembre 2010<\/i><\/font><\/h2>\t\t<\/div>\n\t\t\t\t<\/div>\n\t\t\t\t<div class=\"elementor-element elementor-element-82e1c9e elementor-widget elementor-widget-heading\" data-id=\"82e1c9e\" data-element_type=\"widget\" data-widget_type=\"heading.default\">\n\t\t\t\t<div class=\"elementor-widget-container\">\n\t\t\t<h2 class=\"elementor-heading-title elementor-size-large\">Celliers Pontificaux<br>Ch\u00e2teauneuf-du-Pape<\/h2>\t\t<\/div>\n\t\t\t\t<\/div>\n\t\t\t\t<div class=\"elementor-element elementor-element-152964e8 elementor-widget elementor-widget-image\" data-id=\"152964e8\" data-element_type=\"widget\" data-widget_type=\"image.default\">\n\t\t\t\t<div class=\"elementor-widget-container\">\n\t\t\t\t\t\t\t\t\t\t\t\t\t<img decoding=\"async\" width=\"150\" height=\"150\" src=\"https:\/\/echansonneriedespapes.com\/wp-content\/uploads\/2020\/06\/Fichier-1-150x150.png\" class=\"attachment-thumbnail size-thumbnail wp-image-415\" alt=\"\" \/>\t\t\t\t\t\t\t\t\t\t\t\t\t<\/div>\n\t\t\t\t<\/div>\n\t\t\t\t<div class=\"elementor-element elementor-element-3b26e36b elementor-widget elementor-widget-spacer\" data-id=\"3b26e36b\" data-element_type=\"widget\" data-widget_type=\"spacer.default\">\n\t\t\t\t<div class=\"elementor-widget-container\">\n\t\t\t\t\t<div class=\"elementor-spacer\">\n\t\t\t<div class=\"elementor-spacer-inner\"><\/div>\n\t\t<\/div>\n\t\t\t\t<\/div>\n\t\t\t\t<\/div>\n\t\t\t\t\t<\/div>\n\t\t<\/div>\n\t\t\t\t\t<\/div>\n\t\t<\/section>\n\t\t\t\t<section class=\"elementor-section elementor-top-section elementor-element elementor-element-55e87f2f elementor-section-boxed elementor-section-height-default elementor-section-height-default\" data-id=\"55e87f2f\" data-element_type=\"section\">\n\t\t\t\t\t\t<div class=\"elementor-container elementor-column-gap-default\">\n\t\t\t\t\t<div class=\"elementor-column elementor-col-100 elementor-top-column elementor-element elementor-element-449061a7\" data-id=\"449061a7\" data-element_type=\"column\">\n\t\t\t<div class=\"elementor-widget-wrap elementor-element-populated\">\n\t\t\t\t\t\t<div class=\"elementor-element elementor-element-3900f118 elementor-widget elementor-widget-image\" data-id=\"3900f118\" data-element_type=\"widget\" data-widget_type=\"image.default\">\n\t\t\t\t<div class=\"elementor-widget-container\">\n\t\t\t\t\t\t\t\t\t\t\t\t\t<img fetchpriority=\"high\" decoding=\"async\" width=\"1024\" height=\"681\" src=\"https:\/\/echansonneriedespapes.com\/wp-content\/uploads\/2020\/12\/304-1024x681.jpg\" class=\"attachment-large size-large wp-image-1134\" alt=\"\" srcset=\"https:\/\/echansonneriedespapes.com\/wp-content\/uploads\/2020\/12\/304-1024x681.jpg 1024w, https:\/\/echansonneriedespapes.com\/wp-content\/uploads\/2020\/12\/304-300x199.jpg 300w, https:\/\/echansonneriedespapes.com\/wp-content\/uploads\/2020\/12\/304-768x511.jpg 768w, https:\/\/echansonneriedespapes.com\/wp-content\/uploads\/2020\/12\/304-1536x1021.jpg 1536w, https:\/\/echansonneriedespapes.com\/wp-content\/uploads\/2020\/12\/304-2048x1362.jpg 2048w, https:\/\/echansonneriedespapes.com\/wp-content\/uploads\/2020\/12\/304-1624x1080.jpg 1624w\" sizes=\"(max-width: 1024px) 100vw, 1024px\" \/>\t\t\t\t\t\t\t\t\t\t\t\t\t<\/div>\n\t\t\t\t<\/div>\n\t\t\t\t<div class=\"elementor-element elementor-element-60a19639 elementor-widget elementor-widget-text-editor\" data-id=\"60a19639\" data-element_type=\"widget\" data-widget_type=\"text-editor.default\">\n\t\t\t\t<div class=\"elementor-widget-container\">\n\t\t\t\t\t\t\t<p style=\"text-align: center;\"><span style=\"color: #000000;\">St\u00e9phane DIAGANA<br><\/span><em><span style=\"color: #000000;\">Athl\u00e8te Fran\u00e7ais, Sp\u00e9cialiste du 400 M\u00e8tres Haies, Premier Champion du Monde d&rsquo;Athl\u00e9tisme Masculin Fran\u00e7ais<\/span><\/em><\/p>\n<p style=\"text-align: center;\"><span style=\"color: #000000;\">Richard DACOURY<br><em>Joueur Fran\u00e7ais de Basket-Ball. Il Est Parmi les Sportifs Fran\u00e7ais les Plus Titr\u00e9s Avec Quatre Coupes d&rsquo;Europe, Dont la Coupe des Clubs Champions en 1993<\/em><\/span><\/p>\n<p style=\"text-align: center;\"><span style=\"color: #000000;\">Julien BARROT<br><\/span><em><span style=\"color: #000000;\">Vigneron, Domaine la Barroche, Ch\u00e2teauneuf-Du-Pape<\/span><\/em><\/p>\n<p style=\"text-align: center;\"><span style=\"color: #000000;\">Fran\u00e7ois-Charles BIDEAUX<br><em>Directeur de Production, R\u00e9alisateur Tv Canal+<\/em><\/span><\/p>\n<p style=\"text-align: center;\"><span style=\"color: #000000;\">Jacques CASAL<br><\/span><em><span style=\"color: #000000;\">Medecin Radiologue<\/span><\/em><\/p>\n<p style=\"text-align: center;\"><span style=\"color: #000000;\">Michel CAUSSE<br><em>Expert Comptable et Commissaire Aux Comptes<\/em><\/span><\/p>\n<p style=\"text-align: center;\"><span style=\"color: #000000;\">Pierre GONZALVEZ<br><\/span><em><span style=\"color: #000000;\">Maire de l&rsquo;Isle Sur la Sorgues, G\u00e9rant de Soci\u00e9t\u00e9s<\/span><\/em><\/p>\n<p style=\"text-align: center;\"><span style=\"color: #000000;\">Jayson HU<br><em>Importateur de Vins<\/em><\/span><\/p>\n<p style=\"text-align: center;\"><span style=\"color: #000000;\">Gr\u00e9gory LARGE<br><\/span><em><span style=\"color: #000000;\">Ancien Directeur du Domaine les Grandes Serres, Ch\u00e2teauneuf-Du-Pape<\/span><\/em><\/p>\n<p style=\"text-align: center;\"><span style=\"color: #000000;\">Christophe LHOTE<br><em>Responsable Marketing au Cr\u00e9dit Agricole \u00e0 Gen\u00e8ve<\/em><\/span><\/p>\n<p style=\"text-align: center;\"><span style=\"color: #000000;\">V\u00e9ronique MARET<br><em>Vigneronne, Domaine de la Charbonni\u00e8re, Ch\u00e2teauneuf-Du-Pape<\/em><\/span><\/p>\n<p style=\"text-align: center;\"><span style=\"color: #000000;\">Isabelle OGIER<br><em>Ancienne Directrice du Domaine de Nalys, Ch\u00e2teauneuf-Du-Pape<\/em><\/span><\/p>\n<p style=\"text-align: center;\"><span style=\"color: #000000;\">Alexandre PASZKUDZKI<br><em>Hotelier-Restaurateur, H\u00f4tel Midland, Vichy<\/em><\/span><\/p>\n<p style=\"text-align: center;\"><span style=\"color: #000000;\">William PASZKUDZKI<br><em>Hotelier-Restaurateur, H\u00f4tel Midland, Vichy<\/em><\/span><\/p>\n<p style=\"text-align: center;\"><span style=\"color: #000000;\">Philippe REMOND<br><em>Marathonien et Consultant pour Nike<\/em><\/span><\/p>\n<p style=\"text-align: center;\"><span style=\"color: #000000;\">Christian VOEUX<br><em>Ancien Directeur du Ch\u00e2teau la Nerthe, Ch\u00e2teauneuf-Du-Pape<\/em><\/span><\/p>\t\t\t\t\t\t<\/div>\n\t\t\t\t<\/div>\n\t\t\t\t<div class=\"elementor-element elementor-element-44053309 elementor-widget elementor-widget-spacer\" data-id=\"44053309\" data-element_type=\"widget\" data-widget_type=\"spacer.default\">\n\t\t\t\t<div class=\"elementor-widget-container\">\n\t\t\t\t\t<div class=\"elementor-spacer\">\n\t\t\t<div class=\"elementor-spacer-inner\"><\/div>\n\t\t<\/div>\n\t\t\t\t<\/div>\n\t\t\t\t<\/div>\n\t\t\t\t<div class=\"elementor-element elementor-element-2607d9de elementor-widget elementor-widget-text-editor\" data-id=\"2607d9de\" data-element_type=\"widget\" data-widget_type=\"text-editor.default\">\n\t\t\t\t<div class=\"elementor-widget-container\">\n\t\t\t\t\t\t\t<p style=\"text-align: right;\"><em>Cr\u00e9dit photos : Echansonnerie des Papes<\/em><\/p>\t\t\t\t\t\t<\/div>\n\t\t\t\t<\/div>\n\t\t\t\t\t<\/div>\n\t\t<\/div>\n\t\t\t\t\t<\/div>\n\t\t<\/section>\n\t\t\t\t<section class=\"elementor-section elementor-top-section elementor-element elementor-element-3ca72e6e elementor-section-full_width elementor-section-height-min-height elementor-section-content-middle elementor-section-height-default elementor-section-items-middle\" data-id=\"3ca72e6e\" data-element_type=\"section\" data-settings=\"{&quot;background_background&quot;:&quot;classic&quot;}\">\n\t\t\t\t\t\t<div class=\"elementor-container elementor-column-gap-no\">\n\t\t\t\t\t<div class=\"elementor-column elementor-col-100 elementor-top-column elementor-element elementor-element-7d355f06\" data-id=\"7d355f06\" data-element_type=\"column\">\n\t\t\t<div class=\"elementor-widget-wrap\">\n\t\t\t\t\t\t\t<\/div>\n\t\t<\/div>\n\t\t\t\t\t<\/div>\n\t\t<\/section>\n\t\t\t\t<section class=\"elementor-section elementor-top-section elementor-element elementor-element-3d03acd4 elementor-section-boxed elementor-section-height-default elementor-section-height-default\" data-id=\"3d03acd4\" data-element_type=\"section\">\n\t\t\t\t\t\t<div class=\"elementor-container elementor-column-gap-default\">\n\t\t\t\t\t<div class=\"elementor-column elementor-col-33 elementor-top-column elementor-element elementor-element-571e2d94\" data-id=\"571e2d94\" data-element_type=\"column\">\n\t\t\t<div class=\"elementor-widget-wrap elementor-element-populated\">\n\t\t\t\t\t\t<div class=\"elementor-element elementor-element-31a199d elementor-align-left elementor-widget elementor-widget-button\" data-id=\"31a199d\" data-element_type=\"widget\" data-widget_type=\"button.default\">\n\t\t\t\t<div class=\"elementor-widget-container\">\n\t\t\t\t\t<div class=\"elementor-button-wrapper\">\n\t\t\t<a class=\"elementor-button elementor-button-link elementor-size-sm elementor-animation-grow\" href=\"https:\/\/echansonneriedespapes.com\/index.php\/303eme-chapitre-lundi-30-aout-2010\/\">\n\t\t\t\t\t\t<span class=\"elementor-button-content-wrapper\">\n\t\t\t\t\t\t<span class=\"elementor-button-icon\">\n\t\t\t\t<i aria-hidden=\"true\" class=\"fas fa-arrow-alt-circle-left\"><\/i>\t\t\t<\/span>\n\t\t\t\t\t\t\t\t\t<span class=\"elementor-button-text\">Chapitre pr\u00e9c\u00e9dent<\/span>\n\t\t\t\t\t<\/span>\n\t\t\t\t\t<\/a>\n\t\t<\/div>\n\t\t\t\t<\/div>\n\t\t\t\t<\/div>\n\t\t\t\t\t<\/div>\n\t\t<\/div>\n\t\t\t\t<div class=\"elementor-column elementor-col-33 elementor-top-column elementor-element elementor-element-e79962c\" data-id=\"e79962c\" data-element_type=\"column\">\n\t\t\t<div class=\"elementor-widget-wrap\">\n\t\t\t\t\t\t\t<\/div>\n\t\t<\/div>\n\t\t\t\t<div class=\"elementor-column elementor-col-33 elementor-top-column elementor-element elementor-element-4c6b8196\" data-id=\"4c6b8196\" data-element_type=\"column\">\n\t\t\t<div class=\"elementor-widget-wrap elementor-element-populated\">\n\t\t\t\t\t\t<div class=\"elementor-element elementor-element-44d82a22 elementor-align-right elementor-widget elementor-widget-button\" data-id=\"44d82a22\" data-element_type=\"widget\" data-widget_type=\"button.default\">\n\t\t\t\t<div class=\"elementor-widget-container\">\n\t\t\t\t\t<div class=\"elementor-button-wrapper\">\n\t\t\t<a class=\"elementor-button elementor-button-link elementor-size-sm elementor-animation-grow\" href=\"https:\/\/echansonneriedespapes.com\/index.php\/305eme-chapitre-les-printemps-de-chateauneuf-du-pape-2eme-edition-samedi-09-avril-2011\/\">\n\t\t\t\t\t\t<span class=\"elementor-button-content-wrapper\">\n\t\t\t\t\t\t<span class=\"elementor-button-icon\">\n\t\t\t\t<i aria-hidden=\"true\" class=\"fas fa-arrow-alt-circle-right\"><\/i>\t\t\t<\/span>\n\t\t\t\t\t\t\t\t\t<span class=\"elementor-button-text\">Chapitre suivant<\/span>\n\t\t\t\t\t<\/span>\n\t\t\t\t\t<\/a>\n\t\t<\/div>\n\t\t\t\t<\/div>\n\t\t\t\t<\/div>\n\t\t\t\t\t<\/div>\n\t\t<\/div>\n\t\t\t\t\t<\/div>\n\t\t<\/section>\n\t\t\t\t<\/div>\n\t\t","protected":false},"excerpt":{"rendered":"<p>Grand Conseil d&rsquo;HiverSamedi 11 d\u00e9cembre 2010 Celliers PontificauxCh\u00e2teauneuf-du-Pape St\u00e9phane DIAGANAAthl\u00e8te Fran\u00e7ais, Sp\u00e9cialiste du 400 M\u00e8tres Haies, Premier Champion du Monde d&rsquo;Athl\u00e9tisme Masculin Fran\u00e7ais Richard DACOURYJoueur Fran\u00e7ais de Basket-Ball. Il Est Parmi les Sportifs Fran\u00e7ais les Plus Titr\u00e9s Avec Quatre Coupes d&rsquo;Europe, Dont la Coupe des Clubs Champions en 1993 Julien BARROTVigneron, Domaine la Barroche, Ch\u00e2teauneuf-Du-Pape&hellip; <br \/> <a class=\"read-more\" href=\"https:\/\/echansonneriedespapes.com\/index.php\/304eme-chapitre-grand-conseil-dhiver-samedi-11-decembre-2010\/\">Lire la suite<\/a><\/p>\n","protected":false},"author":1,"featured_media":0,"parent":0,"menu_order":0,"comment_status":"closed","ping_status":"closed","template":"","meta":{"footnotes":""},"class_list":["post-915","page","type-page","status-publish","hentry"],"yoast_head":"<!-- This site is optimized with the Yoast SEO plugin v23.4 - https:\/\/yoast.com\/wordpress\/plugins\/seo\/ -->\n<title>304\u00e8me chapitre - \u00c9chansonnerie des Papes<\/title>\n<meta name=\"robots\" content=\"index, follow, max-snippet:-1, max-image-preview:large, max-video-preview:-1\" \/>\n<link rel=\"canonical\" href=\"https:\/\/echansonneriedespapes.com\/index.php\/304eme-chapitre-grand-conseil-dhiver-samedi-11-decembre-2010\/\" \/>\n<meta property=\"og:locale\" content=\"fr_FR\" \/>\n<meta property=\"og:type\" content=\"article\" \/>\n<meta property=\"og:title\" content=\"304\u00e8me chapitre - \u00c9chansonnerie des Papes\" \/>\n<meta property=\"og:description\" content=\"Grand Conseil d&rsquo;HiverSamedi 11 d\u00e9cembre 2010 Celliers PontificauxCh\u00e2teauneuf-du-Pape St\u00e9phane DIAGANAAthl\u00e8te Fran\u00e7ais, Sp\u00e9cialiste du 400 M\u00e8tres Haies, Premier Champion du Monde d&rsquo;Athl\u00e9tisme Masculin Fran\u00e7ais Richard DACOURYJoueur Fran\u00e7ais de Basket-Ball. Il Est Parmi les Sportifs Fran\u00e7ais les Plus Titr\u00e9s Avec Quatre Coupes d&rsquo;Europe, Dont la Coupe des Clubs Champions en 1993 Julien BARROTVigneron, Domaine la Barroche, Ch\u00e2teauneuf-Du-Pape&hellip; Lire la suite\" \/>\n<meta property=\"og:url\" content=\"https:\/\/echansonneriedespapes.com\/index.php\/304eme-chapitre-grand-conseil-dhiver-samedi-11-decembre-2010\/\" \/>\n<meta property=\"og:site_name\" content=\"\u00c9chansonnerie des Papes\" \/>\n<meta property=\"article:modified_time\" content=\"2020-12-08T15:43:44+00:00\" \/>\n<meta property=\"og:image\" content=\"https:\/\/echansonneriedespapes.com\/wp-content\/uploads\/2020\/06\/Fichier-1-150x150.png\" \/>\n<meta name=\"twitter:card\" content=\"summary_large_image\" \/>\n<meta name=\"twitter:label1\" content=\"Dur\u00e9e de lecture estim\u00e9e\" \/>\n\t<meta name=\"twitter:data1\" content=\"1 minute\" \/>\n<script type=\"application\/ld+json\" class=\"yoast-schema-graph\">{\"@context\":\"https:\/\/schema.org\",\"@graph\":[{\"@type\":\"WebPage\",\"@id\":\"https:\/\/echansonneriedespapes.com\/index.php\/304eme-chapitre-grand-conseil-dhiver-samedi-11-decembre-2010\/\",\"url\":\"https:\/\/echansonneriedespapes.com\/index.php\/304eme-chapitre-grand-conseil-dhiver-samedi-11-decembre-2010\/\",\"name\":\"304\u00e8me chapitre - \u00c9chansonnerie des Papes\",\"isPartOf\":{\"@id\":\"https:\/\/echansonneriedespapes.com\/#website\"},\"primaryImageOfPage\":{\"@id\":\"https:\/\/echansonneriedespapes.com\/index.php\/304eme-chapitre-grand-conseil-dhiver-samedi-11-decembre-2010\/#primaryimage\"},\"image\":{\"@id\":\"https:\/\/echansonneriedespapes.com\/index.php\/304eme-chapitre-grand-conseil-dhiver-samedi-11-decembre-2010\/#primaryimage\"},\"thumbnailUrl\":\"https:\/\/echansonneriedespapes.com\/wp-content\/uploads\/2020\/06\/Fichier-1-150x150.png\",\"datePublished\":\"2020-12-03T13:17:59+00:00\",\"dateModified\":\"2020-12-08T15:43:44+00:00\",\"breadcrumb\":{\"@id\":\"https:\/\/echansonneriedespapes.com\/index.php\/304eme-chapitre-grand-conseil-dhiver-samedi-11-decembre-2010\/#breadcrumb\"},\"inLanguage\":\"fr-FR\",\"potentialAction\":[{\"@type\":\"ReadAction\",\"target\":[\"https:\/\/echansonneriedespapes.com\/index.php\/304eme-chapitre-grand-conseil-dhiver-samedi-11-decembre-2010\/\"]}]},{\"@type\":\"ImageObject\",\"inLanguage\":\"fr-FR\",\"@id\":\"https:\/\/echansonneriedespapes.com\/index.php\/304eme-chapitre-grand-conseil-dhiver-samedi-11-decembre-2010\/#primaryimage\",\"url\":\"https:\/\/echansonneriedespapes.com\/wp-content\/uploads\/2020\/06\/Fichier-1.png\",\"contentUrl\":\"https:\/\/echansonneriedespapes.com\/wp-content\/uploads\/2020\/06\/Fichier-1.png\",\"width\":350,\"height\":182},{\"@type\":\"BreadcrumbList\",\"@id\":\"https:\/\/echansonneriedespapes.com\/index.php\/304eme-chapitre-grand-conseil-dhiver-samedi-11-decembre-2010\/#breadcrumb\",\"itemListElement\":[{\"@type\":\"ListItem\",\"position\":1,\"name\":\"Accueil\",\"item\":\"https:\/\/echansonneriedespapes.com\/\"},{\"@type\":\"ListItem\",\"position\":2,\"name\":\"304\u00e8me chapitre\"}]},{\"@type\":\"WebSite\",\"@id\":\"https:\/\/echansonneriedespapes.com\/#website\",\"url\":\"https:\/\/echansonneriedespapes.com\/\",\"name\":\"\u00c9chansonnerie des Papes\",\"description\":\"La Confr\u00e9rie Bachique de Ch\u00e2teauneuf-du-Pape\",\"publisher\":{\"@id\":\"https:\/\/echansonneriedespapes.com\/#organization\"},\"potentialAction\":[{\"@type\":\"SearchAction\",\"target\":{\"@type\":\"EntryPoint\",\"urlTemplate\":\"https:\/\/echansonneriedespapes.com\/?s={search_term_string}\"},\"query-input\":{\"@type\":\"PropertyValueSpecification\",\"valueRequired\":true,\"valueName\":\"search_term_string\"}}],\"inLanguage\":\"fr-FR\"},{\"@type\":\"Organization\",\"@id\":\"https:\/\/echansonneriedespapes.com\/#organization\",\"name\":\"\u00c9chansonnerie des Papes\",\"url\":\"https:\/\/echansonneriedespapes.com\/\",\"logo\":{\"@type\":\"ImageObject\",\"inLanguage\":\"fr-FR\",\"@id\":\"https:\/\/echansonneriedespapes.com\/#\/schema\/logo\/image\/\",\"url\":\"https:\/\/echansonneriedespapes.com\/wp-content\/uploads\/2018\/08\/cropped-logo-echansonnerie-sans-fond-4.png\",\"contentUrl\":\"https:\/\/echansonneriedespapes.com\/wp-content\/uploads\/2018\/08\/cropped-logo-echansonnerie-sans-fond-4.png\",\"width\":508,\"height\":608,\"caption\":\"\u00c9chansonnerie des Papes\"},\"image\":{\"@id\":\"https:\/\/echansonneriedespapes.com\/#\/schema\/logo\/image\/\"}}]}<\/script>\n<!-- \/ Yoast SEO plugin. -->","yoast_head_json":{"title":"304\u00e8me chapitre - \u00c9chansonnerie des Papes","robots":{"index":"index","follow":"follow","max-snippet":"max-snippet:-1","max-image-preview":"max-image-preview:large","max-video-preview":"max-video-preview:-1"},"canonical":"https:\/\/echansonneriedespapes.com\/index.php\/304eme-chapitre-grand-conseil-dhiver-samedi-11-decembre-2010\/","og_locale":"fr_FR","og_type":"article","og_title":"304\u00e8me chapitre - \u00c9chansonnerie des Papes","og_description":"Grand Conseil d&rsquo;HiverSamedi 11 d\u00e9cembre 2010 Celliers PontificauxCh\u00e2teauneuf-du-Pape St\u00e9phane DIAGANAAthl\u00e8te Fran\u00e7ais, Sp\u00e9cialiste du 400 M\u00e8tres Haies, Premier Champion du Monde d&rsquo;Athl\u00e9tisme Masculin Fran\u00e7ais Richard DACOURYJoueur Fran\u00e7ais de Basket-Ball. Il Est Parmi les Sportifs Fran\u00e7ais les Plus Titr\u00e9s Avec Quatre Coupes d&rsquo;Europe, Dont la Coupe des Clubs Champions en 1993 Julien BARROTVigneron, Domaine la Barroche, Ch\u00e2teauneuf-Du-Pape&hellip; Lire la suite","og_url":"https:\/\/echansonneriedespapes.com\/index.php\/304eme-chapitre-grand-conseil-dhiver-samedi-11-decembre-2010\/","og_site_name":"\u00c9chansonnerie des Papes","article_modified_time":"2020-12-08T15:43:44+00:00","og_image":[{"url":"https:\/\/echansonneriedespapes.com\/wp-content\/uploads\/2020\/06\/Fichier-1-150x150.png"}],"twitter_card":"summary_large_image","twitter_misc":{"Dur\u00e9e de lecture estim\u00e9e":"1 minute"},"schema":{"@context":"https:\/\/schema.org","@graph":[{"@type":"WebPage","@id":"https:\/\/echansonneriedespapes.com\/index.php\/304eme-chapitre-grand-conseil-dhiver-samedi-11-decembre-2010\/","url":"https:\/\/echansonneriedespapes.com\/index.php\/304eme-chapitre-grand-conseil-dhiver-samedi-11-decembre-2010\/","name":"304\u00e8me chapitre - \u00c9chansonnerie des Papes","isPartOf":{"@id":"https:\/\/echansonneriedespapes.com\/#website"},"primaryImageOfPage":{"@id":"https:\/\/echansonneriedespapes.com\/index.php\/304eme-chapitre-grand-conseil-dhiver-samedi-11-decembre-2010\/#primaryimage"},"image":{"@id":"https:\/\/echansonneriedespapes.com\/index.php\/304eme-chapitre-grand-conseil-dhiver-samedi-11-decembre-2010\/#primaryimage"},"thumbnailUrl":"https:\/\/echansonneriedespapes.com\/wp-content\/uploads\/2020\/06\/Fichier-1-150x150.png","datePublished":"2020-12-03T13:17:59+00:00","dateModified":"2020-12-08T15:43:44+00:00","breadcrumb":{"@id":"https:\/\/echansonneriedespapes.com\/index.php\/304eme-chapitre-grand-conseil-dhiver-samedi-11-decembre-2010\/#breadcrumb"},"inLanguage":"fr-FR","potentialAction":[{"@type":"ReadAction","target":["https:\/\/echansonneriedespapes.com\/index.php\/304eme-chapitre-grand-conseil-dhiver-samedi-11-decembre-2010\/"]}]},{"@type":"ImageObject","inLanguage":"fr-FR","@id":"https:\/\/echansonneriedespapes.com\/index.php\/304eme-chapitre-grand-conseil-dhiver-samedi-11-decembre-2010\/#primaryimage","url":"https:\/\/echansonneriedespapes.com\/wp-content\/uploads\/2020\/06\/Fichier-1.png","contentUrl":"https:\/\/echansonneriedespapes.com\/wp-content\/uploads\/2020\/06\/Fichier-1.png","width":350,"height":182},{"@type":"BreadcrumbList","@id":"https:\/\/echansonneriedespapes.com\/index.php\/304eme-chapitre-grand-conseil-dhiver-samedi-11-decembre-2010\/#breadcrumb","itemListElement":[{"@type":"ListItem","position":1,"name":"Accueil","item":"https:\/\/echansonneriedespapes.com\/"},{"@type":"ListItem","position":2,"name":"304\u00e8me chapitre"}]},{"@type":"WebSite","@id":"https:\/\/echansonneriedespapes.com\/#website","url":"https:\/\/echansonneriedespapes.com\/","name":"\u00c9chansonnerie des Papes","description":"La Confr\u00e9rie Bachique de Ch\u00e2teauneuf-du-Pape","publisher":{"@id":"https:\/\/echansonneriedespapes.com\/#organization"},"potentialAction":[{"@type":"SearchAction","target":{"@type":"EntryPoint","urlTemplate":"https:\/\/echansonneriedespapes.com\/?s={search_term_string}"},"query-input":{"@type":"PropertyValueSpecification","valueRequired":true,"valueName":"search_term_string"}}],"inLanguage":"fr-FR"},{"@type":"Organization","@id":"https:\/\/echansonneriedespapes.com\/#organization","name":"\u00c9chansonnerie des Papes","url":"https:\/\/echansonneriedespapes.com\/","logo":{"@type":"ImageObject","inLanguage":"fr-FR","@id":"https:\/\/echansonneriedespapes.com\/#\/schema\/logo\/image\/","url":"https:\/\/echansonneriedespapes.com\/wp-content\/uploads\/2018\/08\/cropped-logo-echansonnerie-sans-fond-4.png","contentUrl":"https:\/\/echansonneriedespapes.com\/wp-content\/uploads\/2018\/08\/cropped-logo-echansonnerie-sans-fond-4.png","width":508,"height":608,"caption":"\u00c9chansonnerie des Papes"},"image":{"@id":"https:\/\/echansonneriedespapes.com\/#\/schema\/logo\/image\/"}}]}},"jetpack_sharing_enabled":true,"_links":{"self":[{"href":"https:\/\/echansonneriedespapes.com\/index.php\/wp-json\/wp\/v2\/pages\/915"}],"collection":[{"href":"https:\/\/echansonneriedespapes.com\/index.php\/wp-json\/wp\/v2\/pages"}],"about":[{"href":"https:\/\/echansonneriedespapes.com\/index.php\/wp-json\/wp\/v2\/types\/page"}],"author":[{"embeddable":true,"href":"https:\/\/echansonneriedespapes.com\/index.php\/wp-json\/wp\/v2\/users\/1"}],"replies":[{"embeddable":true,"href":"https:\/\/echansonneriedespapes.com\/index.php\/wp-json\/wp\/v2\/comments?post=915"}],"version-history":[{"count":5,"href":"https:\/\/echansonneriedespapes.com\/index.php\/wp-json\/wp\/v2\/pages\/915\/revisions"}],"predecessor-version":[{"id":1227,"href":"https:\/\/echansonneriedespapes.com\/index.php\/wp-json\/wp\/v2\/pages\/915\/revisions\/1227"}],"wp:attachment":[{"href":"https:\/\/echansonneriedespapes.com\/index.php\/wp-json\/wp\/v2\/media?parent=915"}],"curies":[{"name":"wp","href":"https:\/\/api.w.org\/{rel}","templated":true}]}}