{"id":905,"date":"2020-12-03T14:16:10","date_gmt":"2020-12-03T13:16:10","guid":{"rendered":"https:\/\/echansonneriedespapes.com\/?page_id=905"},"modified":"2020-12-08T14:15:50","modified_gmt":"2020-12-08T13:15:50","slug":"307eme-chapitre-grand-conseil-dhiver-samedi-10-decembre-2011","status":"publish","type":"page","link":"https:\/\/echansonneriedespapes.com\/index.php\/307eme-chapitre-grand-conseil-dhiver-samedi-10-decembre-2011\/","title":{"rendered":"307\u00e8me chapitre"},"content":{"rendered":"\t\t<div data-elementor-type=\"wp-page\" data-elementor-id=\"905\" class=\"elementor elementor-905\">\n\t\t\t\t\t\t<section class=\"elementor-section elementor-top-section elementor-element elementor-element-5c29e913 elementor-section-boxed elementor-section-height-default elementor-section-height-default\" data-id=\"5c29e913\" data-element_type=\"section\">\n\t\t\t\t\t\t<div class=\"elementor-container elementor-column-gap-default\">\n\t\t\t\t\t<div class=\"elementor-column elementor-col-100 elementor-top-column elementor-element elementor-element-4a0d44af\" data-id=\"4a0d44af\" data-element_type=\"column\">\n\t\t\t<div class=\"elementor-widget-wrap elementor-element-populated\">\n\t\t\t\t\t\t<div class=\"elementor-element elementor-element-53596abb elementor-widget elementor-widget-heading\" data-id=\"53596abb\" data-element_type=\"widget\" data-widget_type=\"heading.default\">\n\t\t\t\t<div class=\"elementor-widget-container\">\n\t\t\t<h2 class=\"elementor-heading-title elementor-size-large\">Grand Conseil d'Hiver<br><font size=\"6\"><I>Samedi 10 d\u00e9cembre 2011<\/i><\/font><\/h2>\t\t<\/div>\n\t\t\t\t<\/div>\n\t\t\t\t<div class=\"elementor-element elementor-element-11496143 elementor-widget elementor-widget-heading\" data-id=\"11496143\" data-element_type=\"widget\" data-widget_type=\"heading.default\">\n\t\t\t\t<div class=\"elementor-widget-container\">\n\t\t\t<h2 class=\"elementor-heading-title elementor-size-large\">Celliers Pontificaux<br>Ch\u00e2teauneuf-du-Pape<\/h2>\t\t<\/div>\n\t\t\t\t<\/div>\n\t\t\t\t<div class=\"elementor-element elementor-element-74602da5 elementor-widget elementor-widget-image\" data-id=\"74602da5\" data-element_type=\"widget\" data-widget_type=\"image.default\">\n\t\t\t\t<div class=\"elementor-widget-container\">\n\t\t\t\t\t\t\t\t\t\t\t\t\t<img decoding=\"async\" width=\"150\" height=\"150\" src=\"https:\/\/echansonneriedespapes.com\/wp-content\/uploads\/2020\/06\/Fichier-1-150x150.png\" class=\"attachment-thumbnail size-thumbnail wp-image-415\" alt=\"\" \/>\t\t\t\t\t\t\t\t\t\t\t\t\t<\/div>\n\t\t\t\t<\/div>\n\t\t\t\t<div class=\"elementor-element elementor-element-7ba975c3 elementor-widget elementor-widget-spacer\" data-id=\"7ba975c3\" data-element_type=\"widget\" data-widget_type=\"spacer.default\">\n\t\t\t\t<div class=\"elementor-widget-container\">\n\t\t\t\t\t<div class=\"elementor-spacer\">\n\t\t\t<div class=\"elementor-spacer-inner\"><\/div>\n\t\t<\/div>\n\t\t\t\t<\/div>\n\t\t\t\t<\/div>\n\t\t\t\t\t<\/div>\n\t\t<\/div>\n\t\t\t\t\t<\/div>\n\t\t<\/section>\n\t\t\t\t<section class=\"elementor-section elementor-top-section elementor-element elementor-element-1da301a1 elementor-section-boxed elementor-section-height-default elementor-section-height-default\" data-id=\"1da301a1\" data-element_type=\"section\">\n\t\t\t\t\t\t<div class=\"elementor-container elementor-column-gap-default\">\n\t\t\t\t\t<div class=\"elementor-column elementor-col-100 elementor-top-column elementor-element elementor-element-2b0814ca\" data-id=\"2b0814ca\" data-element_type=\"column\">\n\t\t\t<div class=\"elementor-widget-wrap elementor-element-populated\">\n\t\t\t\t\t\t<div class=\"elementor-element elementor-element-74fdf045 elementor-widget elementor-widget-image\" data-id=\"74fdf045\" data-element_type=\"widget\" data-widget_type=\"image.default\">\n\t\t\t\t<div class=\"elementor-widget-container\">\n\t\t\t\t\t\t\t\t\t\t\t\t\t<img fetchpriority=\"high\" decoding=\"async\" width=\"1024\" height=\"681\" src=\"https:\/\/echansonneriedespapes.com\/wp-content\/uploads\/2020\/12\/307-1024x681.jpg\" class=\"attachment-large size-large wp-image-1137\" alt=\"\" srcset=\"https:\/\/echansonneriedespapes.com\/wp-content\/uploads\/2020\/12\/307-1024x681.jpg 1024w, https:\/\/echansonneriedespapes.com\/wp-content\/uploads\/2020\/12\/307-300x199.jpg 300w, https:\/\/echansonneriedespapes.com\/wp-content\/uploads\/2020\/12\/307-768x511.jpg 768w, https:\/\/echansonneriedespapes.com\/wp-content\/uploads\/2020\/12\/307-1536x1021.jpg 1536w, https:\/\/echansonneriedespapes.com\/wp-content\/uploads\/2020\/12\/307-2048x1362.jpg 2048w, https:\/\/echansonneriedespapes.com\/wp-content\/uploads\/2020\/12\/307-1624x1080.jpg 1624w\" sizes=\"(max-width: 1024px) 100vw, 1024px\" \/>\t\t\t\t\t\t\t\t\t\t\t\t\t<\/div>\n\t\t\t\t<\/div>\n\t\t\t\t<div class=\"elementor-element elementor-element-2292e9dc elementor-widget elementor-widget-text-editor\" data-id=\"2292e9dc\" data-element_type=\"widget\" data-widget_type=\"text-editor.default\">\n\t\t\t\t<div class=\"elementor-widget-container\">\n\t\t\t\t\t\t\t<p style=\"text-align: center;\"><span style=\"color: #000000;\">Aaron BARBERIAN<\/span><\/p><p style=\"text-align: center;\"><span style=\"color: #000000;\">Daniel BOYER<br \/><\/span><\/p><p style=\"text-align: center;\"><span style=\"color: #000000;\">Jean-Marie BUSSEUIL<\/span><\/p><p style=\"text-align: center;\"><span style=\"color: #000000;\">Martial CAPEAU<br \/><\/span><\/p><p style=\"text-align: center;\"><span style=\"color: #000000;\">Laurent de la CHAPELLE<\/span><\/p><p style=\"text-align: center;\"><span style=\"color: #000000;\">Christian GRANIER<br \/><\/span><\/p><p style=\"text-align: center;\"><span style=\"color: #000000;\">Chunming LING<\/span><\/p><p style=\"text-align: center;\"><span style=\"color: #000000;\">Samuel MONTGERMONT<br \/><em>Directeur du Domaine les Grandes Serres, Ch\u00e2teauneuf-Du-Pape<\/em><\/span><\/p><p style=\"text-align: center;\"><span style=\"color: #000000;\">Patrice ROBAIL<br \/><\/span><\/p><p style=\"text-align: center;\"><span style=\"color: #000000;\">Val\u00e8re ROUMIEUX<br \/><em>M\u00e9decin<\/em><\/span><\/p><p style=\"text-align: center;\"><span style=\"color: #000000;\">Fran\u00e7ois SCHM\u00dcCKEL<br \/><\/span><\/p><p style=\"text-align: center;\"><span><span style=\"color: #000000;\">Bernard TERRIER<\/span><br \/><i style=\"color: #000000;\">Propri\u00e9taire du Ch\u00e2teau de l&rsquo;Hers,\u00a0<\/i><span style=\"color: #000000;\"><span style=\"caret-color: #000000;\"><i>Ch\u00e2teauneuf-du-Pape<\/i><\/span><\/span><\/span><span style=\"color: #000000;\">\u00a0<\/span><\/p><p style=\"text-align: center;\"><span style=\"color: #000000;\">Thierry USSEGLIO<br \/><em>Vigneron, Domaine Pierre Uss\u00e9glio &amp; Fils, Ch\u00e2teauneuf-Du-Pape<\/em><\/span><\/p><p style=\"text-align: center;\"><span style=\"color: #000000;\">Gaspard de VERDAL<br \/><\/span><\/p><p style=\"text-align: center;\"><span style=\"color: #000000;\">Fred VOGT<\/span><\/p>\t\t\t\t\t\t<\/div>\n\t\t\t\t<\/div>\n\t\t\t\t<div class=\"elementor-element elementor-element-66d671a7 elementor-widget elementor-widget-spacer\" data-id=\"66d671a7\" data-element_type=\"widget\" data-widget_type=\"spacer.default\">\n\t\t\t\t<div class=\"elementor-widget-container\">\n\t\t\t\t\t<div class=\"elementor-spacer\">\n\t\t\t<div class=\"elementor-spacer-inner\"><\/div>\n\t\t<\/div>\n\t\t\t\t<\/div>\n\t\t\t\t<\/div>\n\t\t\t\t<div class=\"elementor-element elementor-element-32b4cbb elementor-widget elementor-widget-text-editor\" data-id=\"32b4cbb\" data-element_type=\"widget\" data-widget_type=\"text-editor.default\">\n\t\t\t\t<div class=\"elementor-widget-container\">\n\t\t\t\t\t\t\t<p style=\"text-align: right;\"><em>Cr\u00e9dit photos : Echansonnerie des Papes<\/em><\/p>\t\t\t\t\t\t<\/div>\n\t\t\t\t<\/div>\n\t\t\t\t\t<\/div>\n\t\t<\/div>\n\t\t\t\t\t<\/div>\n\t\t<\/section>\n\t\t\t\t<section class=\"elementor-section elementor-top-section elementor-element elementor-element-24cfdf2a elementor-section-full_width elementor-section-height-min-height elementor-section-content-middle elementor-section-height-default elementor-section-items-middle\" data-id=\"24cfdf2a\" data-element_type=\"section\" data-settings=\"{&quot;background_background&quot;:&quot;classic&quot;}\">\n\t\t\t\t\t\t<div class=\"elementor-container elementor-column-gap-no\">\n\t\t\t\t\t<div class=\"elementor-column elementor-col-100 elementor-top-column elementor-element elementor-element-71bce77d\" data-id=\"71bce77d\" data-element_type=\"column\">\n\t\t\t<div class=\"elementor-widget-wrap\">\n\t\t\t\t\t\t\t<\/div>\n\t\t<\/div>\n\t\t\t\t\t<\/div>\n\t\t<\/section>\n\t\t\t\t<section class=\"elementor-section elementor-top-section elementor-element elementor-element-1182308c elementor-section-boxed elementor-section-height-default elementor-section-height-default\" data-id=\"1182308c\" data-element_type=\"section\">\n\t\t\t\t\t\t<div class=\"elementor-container elementor-column-gap-default\">\n\t\t\t\t\t<div class=\"elementor-column elementor-col-33 elementor-top-column elementor-element elementor-element-732c14f8\" data-id=\"732c14f8\" data-element_type=\"column\">\n\t\t\t<div class=\"elementor-widget-wrap elementor-element-populated\">\n\t\t\t\t\t\t<div class=\"elementor-element elementor-element-2a146c1f elementor-align-left elementor-widget elementor-widget-button\" data-id=\"2a146c1f\" data-element_type=\"widget\" data-widget_type=\"button.default\">\n\t\t\t\t<div class=\"elementor-widget-container\">\n\t\t\t\t\t<div class=\"elementor-button-wrapper\">\n\t\t\t<a class=\"elementor-button elementor-button-link elementor-size-sm elementor-animation-grow\" href=\"https:\/\/echansonneriedespapes.com\/index.php\/306eme-chapitre-grand-conseil-de-la-fleur-samedi-04-juin-2011\/\">\n\t\t\t\t\t\t<span class=\"elementor-button-content-wrapper\">\n\t\t\t\t\t\t<span class=\"elementor-button-icon\">\n\t\t\t\t<i aria-hidden=\"true\" class=\"fas fa-arrow-alt-circle-left\"><\/i>\t\t\t<\/span>\n\t\t\t\t\t\t\t\t\t<span class=\"elementor-button-text\">Chapitre pr\u00e9c\u00e9dent<\/span>\n\t\t\t\t\t<\/span>\n\t\t\t\t\t<\/a>\n\t\t<\/div>\n\t\t\t\t<\/div>\n\t\t\t\t<\/div>\n\t\t\t\t\t<\/div>\n\t\t<\/div>\n\t\t\t\t<div class=\"elementor-column elementor-col-33 elementor-top-column elementor-element elementor-element-2ffbab3e\" data-id=\"2ffbab3e\" data-element_type=\"column\">\n\t\t\t<div class=\"elementor-widget-wrap\">\n\t\t\t\t\t\t\t<\/div>\n\t\t<\/div>\n\t\t\t\t<div class=\"elementor-column elementor-col-33 elementor-top-column elementor-element elementor-element-44e07c62\" data-id=\"44e07c62\" data-element_type=\"column\">\n\t\t\t<div class=\"elementor-widget-wrap elementor-element-populated\">\n\t\t\t\t\t\t<div class=\"elementor-element elementor-element-a252387 elementor-align-right elementor-widget elementor-widget-button\" data-id=\"a252387\" data-element_type=\"widget\" data-widget_type=\"button.default\">\n\t\t\t\t<div class=\"elementor-widget-container\">\n\t\t\t\t\t<div class=\"elementor-button-wrapper\">\n\t\t\t<a class=\"elementor-button elementor-button-link elementor-size-sm elementor-animation-grow\" href=\"https:\/\/echansonneriedespapes.com\/index.php\/308eme-chapitre-lundi-12-mars-2012\/\">\n\t\t\t\t\t\t<span class=\"elementor-button-content-wrapper\">\n\t\t\t\t\t\t<span class=\"elementor-button-icon\">\n\t\t\t\t<i aria-hidden=\"true\" class=\"fas fa-arrow-alt-circle-right\"><\/i>\t\t\t<\/span>\n\t\t\t\t\t\t\t\t\t<span class=\"elementor-button-text\">Chapitre suivant<\/span>\n\t\t\t\t\t<\/span>\n\t\t\t\t\t<\/a>\n\t\t<\/div>\n\t\t\t\t<\/div>\n\t\t\t\t<\/div>\n\t\t\t\t\t<\/div>\n\t\t<\/div>\n\t\t\t\t\t<\/div>\n\t\t<\/section>\n\t\t\t\t<\/div>\n\t\t","protected":false},"excerpt":{"rendered":"<p>Grand Conseil d&rsquo;HiverSamedi 10 d\u00e9cembre 2011 Celliers PontificauxCh\u00e2teauneuf-du-Pape Aaron BARBERIAN Daniel BOYER Jean-Marie BUSSEUIL Martial CAPEAU Laurent de la CHAPELLE Christian GRANIER Chunming LING Samuel MONTGERMONTDirecteur du Domaine les Grandes Serres, Ch\u00e2teauneuf-Du-Pape Patrice ROBAIL Val\u00e8re ROUMIEUXM\u00e9decin Fran\u00e7ois SCHM\u00dcCKEL Bernard TERRIERPropri\u00e9taire du Ch\u00e2teau de l&rsquo;Hers,\u00a0Ch\u00e2teauneuf-du-Pape\u00a0 Thierry USSEGLIOVigneron, Domaine Pierre Uss\u00e9glio &amp; Fils, Ch\u00e2teauneuf-Du-Pape Gaspard de VERDAL&hellip; <br \/> <a class=\"read-more\" href=\"https:\/\/echansonneriedespapes.com\/index.php\/307eme-chapitre-grand-conseil-dhiver-samedi-10-decembre-2011\/\">Lire la suite<\/a><\/p>\n","protected":false},"author":1,"featured_media":0,"parent":0,"menu_order":0,"comment_status":"closed","ping_status":"closed","template":"","meta":{"footnotes":""},"class_list":["post-905","page","type-page","status-publish","hentry"],"yoast_head":"<!-- This site is optimized with the Yoast SEO plugin v23.4 - https:\/\/yoast.com\/wordpress\/plugins\/seo\/ -->\n<title>307\u00e8me chapitre - \u00c9chansonnerie des Papes<\/title>\n<meta name=\"robots\" content=\"index, follow, max-snippet:-1, max-image-preview:large, max-video-preview:-1\" \/>\n<link rel=\"canonical\" href=\"https:\/\/echansonneriedespapes.com\/index.php\/307eme-chapitre-grand-conseil-dhiver-samedi-10-decembre-2011\/\" \/>\n<meta property=\"og:locale\" content=\"fr_FR\" \/>\n<meta property=\"og:type\" content=\"article\" \/>\n<meta property=\"og:title\" content=\"307\u00e8me chapitre - \u00c9chansonnerie des Papes\" \/>\n<meta property=\"og:description\" content=\"Grand Conseil d&rsquo;HiverSamedi 10 d\u00e9cembre 2011 Celliers PontificauxCh\u00e2teauneuf-du-Pape Aaron BARBERIAN Daniel BOYER Jean-Marie BUSSEUIL Martial CAPEAU Laurent de la CHAPELLE Christian GRANIER Chunming LING Samuel MONTGERMONTDirecteur du Domaine les Grandes Serres, Ch\u00e2teauneuf-Du-Pape Patrice ROBAIL Val\u00e8re ROUMIEUXM\u00e9decin Fran\u00e7ois SCHM\u00dcCKEL Bernard TERRIERPropri\u00e9taire du Ch\u00e2teau de l&rsquo;Hers,\u00a0Ch\u00e2teauneuf-du-Pape\u00a0 Thierry USSEGLIOVigneron, Domaine Pierre Uss\u00e9glio &amp; Fils, Ch\u00e2teauneuf-Du-Pape Gaspard de VERDAL&hellip; Lire la suite\" \/>\n<meta property=\"og:url\" content=\"https:\/\/echansonneriedespapes.com\/index.php\/307eme-chapitre-grand-conseil-dhiver-samedi-10-decembre-2011\/\" \/>\n<meta property=\"og:site_name\" content=\"\u00c9chansonnerie des Papes\" \/>\n<meta property=\"article:modified_time\" content=\"2020-12-08T13:15:50+00:00\" \/>\n<meta property=\"og:image\" content=\"https:\/\/echansonneriedespapes.com\/wp-content\/uploads\/2020\/06\/Fichier-1-150x150.png\" \/>\n<meta name=\"twitter:card\" content=\"summary_large_image\" \/>\n<script type=\"application\/ld+json\" class=\"yoast-schema-graph\">{\"@context\":\"https:\/\/schema.org\",\"@graph\":[{\"@type\":\"WebPage\",\"@id\":\"https:\/\/echansonneriedespapes.com\/index.php\/307eme-chapitre-grand-conseil-dhiver-samedi-10-decembre-2011\/\",\"url\":\"https:\/\/echansonneriedespapes.com\/index.php\/307eme-chapitre-grand-conseil-dhiver-samedi-10-decembre-2011\/\",\"name\":\"307\u00e8me chapitre - \u00c9chansonnerie des Papes\",\"isPartOf\":{\"@id\":\"https:\/\/echansonneriedespapes.com\/#website\"},\"primaryImageOfPage\":{\"@id\":\"https:\/\/echansonneriedespapes.com\/index.php\/307eme-chapitre-grand-conseil-dhiver-samedi-10-decembre-2011\/#primaryimage\"},\"image\":{\"@id\":\"https:\/\/echansonneriedespapes.com\/index.php\/307eme-chapitre-grand-conseil-dhiver-samedi-10-decembre-2011\/#primaryimage\"},\"thumbnailUrl\":\"https:\/\/echansonneriedespapes.com\/wp-content\/uploads\/2020\/06\/Fichier-1-150x150.png\",\"datePublished\":\"2020-12-03T13:16:10+00:00\",\"dateModified\":\"2020-12-08T13:15:50+00:00\",\"breadcrumb\":{\"@id\":\"https:\/\/echansonneriedespapes.com\/index.php\/307eme-chapitre-grand-conseil-dhiver-samedi-10-decembre-2011\/#breadcrumb\"},\"inLanguage\":\"fr-FR\",\"potentialAction\":[{\"@type\":\"ReadAction\",\"target\":[\"https:\/\/echansonneriedespapes.com\/index.php\/307eme-chapitre-grand-conseil-dhiver-samedi-10-decembre-2011\/\"]}]},{\"@type\":\"ImageObject\",\"inLanguage\":\"fr-FR\",\"@id\":\"https:\/\/echansonneriedespapes.com\/index.php\/307eme-chapitre-grand-conseil-dhiver-samedi-10-decembre-2011\/#primaryimage\",\"url\":\"https:\/\/echansonneriedespapes.com\/wp-content\/uploads\/2020\/06\/Fichier-1.png\",\"contentUrl\":\"https:\/\/echansonneriedespapes.com\/wp-content\/uploads\/2020\/06\/Fichier-1.png\",\"width\":350,\"height\":182},{\"@type\":\"BreadcrumbList\",\"@id\":\"https:\/\/echansonneriedespapes.com\/index.php\/307eme-chapitre-grand-conseil-dhiver-samedi-10-decembre-2011\/#breadcrumb\",\"itemListElement\":[{\"@type\":\"ListItem\",\"position\":1,\"name\":\"Accueil\",\"item\":\"https:\/\/echansonneriedespapes.com\/\"},{\"@type\":\"ListItem\",\"position\":2,\"name\":\"307\u00e8me chapitre\"}]},{\"@type\":\"WebSite\",\"@id\":\"https:\/\/echansonneriedespapes.com\/#website\",\"url\":\"https:\/\/echansonneriedespapes.com\/\",\"name\":\"\u00c9chansonnerie des Papes\",\"description\":\"La Confr\u00e9rie Bachique de Ch\u00e2teauneuf-du-Pape\",\"publisher\":{\"@id\":\"https:\/\/echansonneriedespapes.com\/#organization\"},\"potentialAction\":[{\"@type\":\"SearchAction\",\"target\":{\"@type\":\"EntryPoint\",\"urlTemplate\":\"https:\/\/echansonneriedespapes.com\/?s={search_term_string}\"},\"query-input\":{\"@type\":\"PropertyValueSpecification\",\"valueRequired\":true,\"valueName\":\"search_term_string\"}}],\"inLanguage\":\"fr-FR\"},{\"@type\":\"Organization\",\"@id\":\"https:\/\/echansonneriedespapes.com\/#organization\",\"name\":\"\u00c9chansonnerie des Papes\",\"url\":\"https:\/\/echansonneriedespapes.com\/\",\"logo\":{\"@type\":\"ImageObject\",\"inLanguage\":\"fr-FR\",\"@id\":\"https:\/\/echansonneriedespapes.com\/#\/schema\/logo\/image\/\",\"url\":\"https:\/\/echansonneriedespapes.com\/wp-content\/uploads\/2018\/08\/cropped-logo-echansonnerie-sans-fond-4.png\",\"contentUrl\":\"https:\/\/echansonneriedespapes.com\/wp-content\/uploads\/2018\/08\/cropped-logo-echansonnerie-sans-fond-4.png\",\"width\":508,\"height\":608,\"caption\":\"\u00c9chansonnerie des Papes\"},\"image\":{\"@id\":\"https:\/\/echansonneriedespapes.com\/#\/schema\/logo\/image\/\"}}]}<\/script>\n<!-- \/ Yoast SEO plugin. -->","yoast_head_json":{"title":"307\u00e8me chapitre - \u00c9chansonnerie des Papes","robots":{"index":"index","follow":"follow","max-snippet":"max-snippet:-1","max-image-preview":"max-image-preview:large","max-video-preview":"max-video-preview:-1"},"canonical":"https:\/\/echansonneriedespapes.com\/index.php\/307eme-chapitre-grand-conseil-dhiver-samedi-10-decembre-2011\/","og_locale":"fr_FR","og_type":"article","og_title":"307\u00e8me chapitre - \u00c9chansonnerie des Papes","og_description":"Grand Conseil d&rsquo;HiverSamedi 10 d\u00e9cembre 2011 Celliers PontificauxCh\u00e2teauneuf-du-Pape Aaron BARBERIAN Daniel BOYER Jean-Marie BUSSEUIL Martial CAPEAU Laurent de la CHAPELLE Christian GRANIER Chunming LING Samuel MONTGERMONTDirecteur du Domaine les Grandes Serres, Ch\u00e2teauneuf-Du-Pape Patrice ROBAIL Val\u00e8re ROUMIEUXM\u00e9decin Fran\u00e7ois SCHM\u00dcCKEL Bernard TERRIERPropri\u00e9taire du Ch\u00e2teau de l&rsquo;Hers,\u00a0Ch\u00e2teauneuf-du-Pape\u00a0 Thierry USSEGLIOVigneron, Domaine Pierre Uss\u00e9glio &amp; Fils, Ch\u00e2teauneuf-Du-Pape Gaspard de VERDAL&hellip; Lire la suite","og_url":"https:\/\/echansonneriedespapes.com\/index.php\/307eme-chapitre-grand-conseil-dhiver-samedi-10-decembre-2011\/","og_site_name":"\u00c9chansonnerie des Papes","article_modified_time":"2020-12-08T13:15:50+00:00","og_image":[{"url":"https:\/\/echansonneriedespapes.com\/wp-content\/uploads\/2020\/06\/Fichier-1-150x150.png"}],"twitter_card":"summary_large_image","schema":{"@context":"https:\/\/schema.org","@graph":[{"@type":"WebPage","@id":"https:\/\/echansonneriedespapes.com\/index.php\/307eme-chapitre-grand-conseil-dhiver-samedi-10-decembre-2011\/","url":"https:\/\/echansonneriedespapes.com\/index.php\/307eme-chapitre-grand-conseil-dhiver-samedi-10-decembre-2011\/","name":"307\u00e8me chapitre - \u00c9chansonnerie des Papes","isPartOf":{"@id":"https:\/\/echansonneriedespapes.com\/#website"},"primaryImageOfPage":{"@id":"https:\/\/echansonneriedespapes.com\/index.php\/307eme-chapitre-grand-conseil-dhiver-samedi-10-decembre-2011\/#primaryimage"},"image":{"@id":"https:\/\/echansonneriedespapes.com\/index.php\/307eme-chapitre-grand-conseil-dhiver-samedi-10-decembre-2011\/#primaryimage"},"thumbnailUrl":"https:\/\/echansonneriedespapes.com\/wp-content\/uploads\/2020\/06\/Fichier-1-150x150.png","datePublished":"2020-12-03T13:16:10+00:00","dateModified":"2020-12-08T13:15:50+00:00","breadcrumb":{"@id":"https:\/\/echansonneriedespapes.com\/index.php\/307eme-chapitre-grand-conseil-dhiver-samedi-10-decembre-2011\/#breadcrumb"},"inLanguage":"fr-FR","potentialAction":[{"@type":"ReadAction","target":["https:\/\/echansonneriedespapes.com\/index.php\/307eme-chapitre-grand-conseil-dhiver-samedi-10-decembre-2011\/"]}]},{"@type":"ImageObject","inLanguage":"fr-FR","@id":"https:\/\/echansonneriedespapes.com\/index.php\/307eme-chapitre-grand-conseil-dhiver-samedi-10-decembre-2011\/#primaryimage","url":"https:\/\/echansonneriedespapes.com\/wp-content\/uploads\/2020\/06\/Fichier-1.png","contentUrl":"https:\/\/echansonneriedespapes.com\/wp-content\/uploads\/2020\/06\/Fichier-1.png","width":350,"height":182},{"@type":"BreadcrumbList","@id":"https:\/\/echansonneriedespapes.com\/index.php\/307eme-chapitre-grand-conseil-dhiver-samedi-10-decembre-2011\/#breadcrumb","itemListElement":[{"@type":"ListItem","position":1,"name":"Accueil","item":"https:\/\/echansonneriedespapes.com\/"},{"@type":"ListItem","position":2,"name":"307\u00e8me chapitre"}]},{"@type":"WebSite","@id":"https:\/\/echansonneriedespapes.com\/#website","url":"https:\/\/echansonneriedespapes.com\/","name":"\u00c9chansonnerie des Papes","description":"La Confr\u00e9rie Bachique de Ch\u00e2teauneuf-du-Pape","publisher":{"@id":"https:\/\/echansonneriedespapes.com\/#organization"},"potentialAction":[{"@type":"SearchAction","target":{"@type":"EntryPoint","urlTemplate":"https:\/\/echansonneriedespapes.com\/?s={search_term_string}"},"query-input":{"@type":"PropertyValueSpecification","valueRequired":true,"valueName":"search_term_string"}}],"inLanguage":"fr-FR"},{"@type":"Organization","@id":"https:\/\/echansonneriedespapes.com\/#organization","name":"\u00c9chansonnerie des Papes","url":"https:\/\/echansonneriedespapes.com\/","logo":{"@type":"ImageObject","inLanguage":"fr-FR","@id":"https:\/\/echansonneriedespapes.com\/#\/schema\/logo\/image\/","url":"https:\/\/echansonneriedespapes.com\/wp-content\/uploads\/2018\/08\/cropped-logo-echansonnerie-sans-fond-4.png","contentUrl":"https:\/\/echansonneriedespapes.com\/wp-content\/uploads\/2018\/08\/cropped-logo-echansonnerie-sans-fond-4.png","width":508,"height":608,"caption":"\u00c9chansonnerie des Papes"},"image":{"@id":"https:\/\/echansonneriedespapes.com\/#\/schema\/logo\/image\/"}}]}},"jetpack_sharing_enabled":true,"_links":{"self":[{"href":"https:\/\/echansonneriedespapes.com\/index.php\/wp-json\/wp\/v2\/pages\/905"}],"collection":[{"href":"https:\/\/echansonneriedespapes.com\/index.php\/wp-json\/wp\/v2\/pages"}],"about":[{"href":"https:\/\/echansonneriedespapes.com\/index.php\/wp-json\/wp\/v2\/types\/page"}],"author":[{"embeddable":true,"href":"https:\/\/echansonneriedespapes.com\/index.php\/wp-json\/wp\/v2\/users\/1"}],"replies":[{"embeddable":true,"href":"https:\/\/echansonneriedespapes.com\/index.php\/wp-json\/wp\/v2\/comments?post=905"}],"version-history":[{"count":3,"href":"https:\/\/echansonneriedespapes.com\/index.php\/wp-json\/wp\/v2\/pages\/905\/revisions"}],"predecessor-version":[{"id":1169,"href":"https:\/\/echansonneriedespapes.com\/index.php\/wp-json\/wp\/v2\/pages\/905\/revisions\/1169"}],"wp:attachment":[{"href":"https:\/\/echansonneriedespapes.com\/index.php\/wp-json\/wp\/v2\/media?parent=905"}],"curies":[{"name":"wp","href":"https:\/\/api.w.org\/{rel}","templated":true}]}}