{"id":895,"date":"2020-12-03T14:13:08","date_gmt":"2020-12-03T13:13:08","guid":{"rendered":"https:\/\/echansonneriedespapes.com\/?page_id=895"},"modified":"2020-12-08T16:42:27","modified_gmt":"2020-12-08T15:42:27","slug":"310eme-chapitre-grand-conseil-dhiver-samedi-08-decembre-2012","status":"publish","type":"page","link":"https:\/\/echansonneriedespapes.com\/index.php\/310eme-chapitre-grand-conseil-dhiver-samedi-08-decembre-2012\/","title":{"rendered":"310\u00e8me chapitre"},"content":{"rendered":"\t\t<div data-elementor-type=\"wp-page\" data-elementor-id=\"895\" class=\"elementor elementor-895\">\n\t\t\t\t\t\t<section class=\"elementor-section elementor-top-section elementor-element elementor-element-15968be9 elementor-section-boxed elementor-section-height-default elementor-section-height-default\" data-id=\"15968be9\" data-element_type=\"section\">\n\t\t\t\t\t\t<div class=\"elementor-container elementor-column-gap-default\">\n\t\t\t\t\t<div class=\"elementor-column elementor-col-100 elementor-top-column elementor-element elementor-element-66823597\" data-id=\"66823597\" data-element_type=\"column\">\n\t\t\t<div class=\"elementor-widget-wrap elementor-element-populated\">\n\t\t\t\t\t\t<div class=\"elementor-element elementor-element-72cce86b elementor-widget elementor-widget-heading\" data-id=\"72cce86b\" data-element_type=\"widget\" data-widget_type=\"heading.default\">\n\t\t\t\t<div class=\"elementor-widget-container\">\n\t\t\t<h2 class=\"elementor-heading-title elementor-size-large\">Grand Conseil d'Hiver<br><font size=\"6\"><I>Samedi 8 d\u00e9cembre 2012<\/i><\/font><\/h2>\t\t<\/div>\n\t\t\t\t<\/div>\n\t\t\t\t<div class=\"elementor-element elementor-element-721b7204 elementor-widget elementor-widget-heading\" data-id=\"721b7204\" data-element_type=\"widget\" data-widget_type=\"heading.default\">\n\t\t\t\t<div class=\"elementor-widget-container\">\n\t\t\t<h2 class=\"elementor-heading-title elementor-size-large\">Palais des Papes<br>Avignon<\/h2>\t\t<\/div>\n\t\t\t\t<\/div>\n\t\t\t\t<div class=\"elementor-element elementor-element-53696193 elementor-widget elementor-widget-image\" data-id=\"53696193\" data-element_type=\"widget\" data-widget_type=\"image.default\">\n\t\t\t\t<div class=\"elementor-widget-container\">\n\t\t\t\t\t\t\t\t\t\t\t\t\t<img decoding=\"async\" width=\"150\" height=\"150\" src=\"https:\/\/echansonneriedespapes.com\/wp-content\/uploads\/2020\/06\/Fichier-1-150x150.png\" class=\"attachment-thumbnail size-thumbnail wp-image-415\" alt=\"\" \/>\t\t\t\t\t\t\t\t\t\t\t\t\t<\/div>\n\t\t\t\t<\/div>\n\t\t\t\t<div class=\"elementor-element elementor-element-23eef5fd elementor-widget elementor-widget-spacer\" data-id=\"23eef5fd\" data-element_type=\"widget\" data-widget_type=\"spacer.default\">\n\t\t\t\t<div class=\"elementor-widget-container\">\n\t\t\t\t\t<div class=\"elementor-spacer\">\n\t\t\t<div class=\"elementor-spacer-inner\"><\/div>\n\t\t<\/div>\n\t\t\t\t<\/div>\n\t\t\t\t<\/div>\n\t\t\t\t\t<\/div>\n\t\t<\/div>\n\t\t\t\t\t<\/div>\n\t\t<\/section>\n\t\t\t\t<section class=\"elementor-section elementor-top-section elementor-element elementor-element-77d2dac4 elementor-section-boxed elementor-section-height-default elementor-section-height-default\" data-id=\"77d2dac4\" data-element_type=\"section\">\n\t\t\t\t\t\t<div class=\"elementor-container elementor-column-gap-default\">\n\t\t\t\t\t<div class=\"elementor-column elementor-col-100 elementor-top-column elementor-element elementor-element-3facd299\" data-id=\"3facd299\" data-element_type=\"column\">\n\t\t\t<div class=\"elementor-widget-wrap elementor-element-populated\">\n\t\t\t\t\t\t<div class=\"elementor-element elementor-element-5009f5d5 elementor-widget elementor-widget-image\" data-id=\"5009f5d5\" data-element_type=\"widget\" data-widget_type=\"image.default\">\n\t\t\t\t<div class=\"elementor-widget-container\">\n\t\t\t\t\t\t\t\t\t\t\t\t\t<img fetchpriority=\"high\" decoding=\"async\" width=\"1024\" height=\"546\" src=\"https:\/\/echansonneriedespapes.com\/wp-content\/uploads\/2020\/12\/310-1024x546.jpg\" class=\"attachment-large size-large wp-image-1139\" alt=\"\" srcset=\"https:\/\/echansonneriedespapes.com\/wp-content\/uploads\/2020\/12\/310-1024x546.jpg 1024w, https:\/\/echansonneriedespapes.com\/wp-content\/uploads\/2020\/12\/310-300x160.jpg 300w, https:\/\/echansonneriedespapes.com\/wp-content\/uploads\/2020\/12\/310-768x410.jpg 768w, https:\/\/echansonneriedespapes.com\/wp-content\/uploads\/2020\/12\/310.jpg 1280w\" sizes=\"(max-width: 1024px) 100vw, 1024px\" \/>\t\t\t\t\t\t\t\t\t\t\t\t\t<\/div>\n\t\t\t\t<\/div>\n\t\t\t\t<div class=\"elementor-element elementor-element-34a5de7c elementor-widget elementor-widget-text-editor\" data-id=\"34a5de7c\" data-element_type=\"widget\" data-widget_type=\"text-editor.default\">\n\t\t\t\t<div class=\"elementor-widget-container\">\n\t\t\t\t\t\t\t<p style=\"text-align: center;\"><span style=\"color: #000000;\">Cyril LIGNAC<br><\/span><em><span style=\"color: #000000;\">Chef Cuisinier Fran\u00e7ais et Animateur de T\u00e9l\u00e9vision<\/span><\/em><\/p>\n<p style=\"text-align: center;\"><span style=\"color: #000000;\">Vincent FERNIOT<br><\/span><em><span style=\"color: #000000;\">Journaliste Gastronomique, Com\u00e9dien, Musicien et Pr\u00e9sentateur de T\u00e9l\u00e9vision<\/span><\/em><\/p>\n<p style=\"text-align: center;\"><span style=\"color: #000000;\">Benoit CARANOBE<br><\/span><em><span style=\"color: #000000;\">Gymnaste Fran\u00e7ais M\u00e9daill\u00e9 aux Jeux Olympiques<\/span><\/em><\/p>\n<p style=\"text-align: center;\"><span style=\"color: #000000;\">Jean-Marie COLOMBANI<br><\/span><em><span style=\"color: #000000;\">Journaliste et Essayiste Fran\u00e7ais, Cofondateur et Directeur de Publication du Magazine en Ligne Slate.fr<\/span><\/em><\/p>\n<p style=\"text-align: center;\"><span style=\"color: #000000;\">Laurent AIELLO<br><\/span><em><span style=\"color: #000000;\">Pilote de Course Fran\u00e7ais<\/span><\/em><\/p>\n<p style=\"text-align: center;\"><span style=\"color: #000000;\">Catherine VELLE<br><\/span><em><span style=\"color: #000000;\">Romanci\u00e8re<\/span><\/em><\/p>\n<p style=\"text-align: center;\"><span style=\"color: #000000;\">J\u00e9rome BRUN<br><em>Directeur des Ventes et Marketing &#8211; Afrique et Moyen-Orient &#8211; Imperial Tobacco Ltd.<\/em><\/span><\/p>\n<p style=\"text-align: center;\"><span style=\"color: #000000;\">R\u00e9gis BRUN<br><\/span><em><span style=\"color: #000000;\">Juriste<\/span><\/em><\/p>\n<p style=\"text-align: center;\"><span style=\"color: #000000;\">Philippe BRUN<br><em>Vigneron, Pr\u00e9sident du Syndicat Intercommunal des Vignerons des C\u00f4tes du Rh\u00f4ne<\/em><\/span><\/p>\n<p style=\"text-align: center;\"><span style=\"color: #000000;\">Francesco CARUSO<br><\/span><em><span style=\"color: #000000;\">Directeur d&rsquo;Entreprise<\/span><\/em><\/p>\n<p style=\"text-align: center;\"><span style=\"color: #000000;\">Yafei LIU<br><em>Importatrice Chinoise<\/em><\/span><\/p>\n<p style=\"text-align: center;\"><span style=\"color: #000000;\">Thierry MARTEL<br><\/span><em><span style=\"color: #000000;\">Directeur G\u00e9n\u00e9ral de Groupama<\/span><\/em><\/p>\n<p style=\"text-align: center;\"><span style=\"color: #000000;\">Antoine MARTIN<br><em>Directeur des Ressources Humaines,La Banque Postale<\/em><\/span><\/p>\n<p style=\"text-align: center;\"><span style=\"color: #000000;\">Michel OPPLIGIER<br><\/span><em><span style=\"color: #000000;\">Expert Fiscal<\/span><\/em><\/p>\n<p style=\"text-align: center;\"><span style=\"color: #000000;\">Fran\u00e7oise PUZENAT<br><em>Employ\u00e9e de la banque BNP Paribas<\/em><\/span><\/p>\n<p style=\"text-align: center;\"><span style=\"color: #000000;\">Fran\u00e7ois RALLET<br><\/span><em><span style=\"color: #000000;\">Pilote de Chasse<\/span><\/em><\/p>\n<p style=\"text-align: center;\"><span style=\"color: #000000;\">Fabrice TOINEL<br><em>Employ\u00e9 de la banque BNP Paribas<\/em><br><\/span><\/p>\n<p style=\"text-align: center;\"><span style=\"color: #000000;\">Jean-Pierre USSEGLIO<br><\/span><em><span style=\"color: #000000;\">Vigneron, Domaine Pierre Uss\u00e9glio &amp; Fils, Ch\u00e2teauneuf-Du-Pape<\/span><\/em><\/p>\t\t\t\t\t\t<\/div>\n\t\t\t\t<\/div>\n\t\t\t\t<div class=\"elementor-element elementor-element-7603885c elementor-widget elementor-widget-spacer\" data-id=\"7603885c\" data-element_type=\"widget\" data-widget_type=\"spacer.default\">\n\t\t\t\t<div class=\"elementor-widget-container\">\n\t\t\t\t\t<div class=\"elementor-spacer\">\n\t\t\t<div class=\"elementor-spacer-inner\"><\/div>\n\t\t<\/div>\n\t\t\t\t<\/div>\n\t\t\t\t<\/div>\n\t\t\t\t<div class=\"elementor-element elementor-element-3ad94777 elementor-widget elementor-widget-text-editor\" data-id=\"3ad94777\" data-element_type=\"widget\" data-widget_type=\"text-editor.default\">\n\t\t\t\t<div class=\"elementor-widget-container\">\n\t\t\t\t\t\t\t<p style=\"text-align: right;\"><em>Cr\u00e9dit photos : Echansonnerie des Papes<\/em><\/p>\t\t\t\t\t\t<\/div>\n\t\t\t\t<\/div>\n\t\t\t\t\t<\/div>\n\t\t<\/div>\n\t\t\t\t\t<\/div>\n\t\t<\/section>\n\t\t\t\t<section class=\"elementor-section elementor-top-section elementor-element elementor-element-28549862 elementor-section-full_width elementor-section-height-min-height elementor-section-content-middle elementor-section-height-default elementor-section-items-middle\" data-id=\"28549862\" data-element_type=\"section\" data-settings=\"{&quot;background_background&quot;:&quot;classic&quot;}\">\n\t\t\t\t\t\t<div class=\"elementor-container elementor-column-gap-no\">\n\t\t\t\t\t<div class=\"elementor-column elementor-col-100 elementor-top-column elementor-element elementor-element-403db7a1\" data-id=\"403db7a1\" data-element_type=\"column\">\n\t\t\t<div class=\"elementor-widget-wrap\">\n\t\t\t\t\t\t\t<\/div>\n\t\t<\/div>\n\t\t\t\t\t<\/div>\n\t\t<\/section>\n\t\t\t\t<section class=\"elementor-section elementor-top-section elementor-element elementor-element-37a0701 elementor-section-boxed elementor-section-height-default elementor-section-height-default\" data-id=\"37a0701\" data-element_type=\"section\">\n\t\t\t\t\t\t<div class=\"elementor-container elementor-column-gap-default\">\n\t\t\t\t\t<div class=\"elementor-column elementor-col-33 elementor-top-column elementor-element elementor-element-49261180\" data-id=\"49261180\" data-element_type=\"column\">\n\t\t\t<div class=\"elementor-widget-wrap elementor-element-populated\">\n\t\t\t\t\t\t<div class=\"elementor-element elementor-element-7c8c237d elementor-align-left elementor-widget elementor-widget-button\" data-id=\"7c8c237d\" data-element_type=\"widget\" data-widget_type=\"button.default\">\n\t\t\t\t<div class=\"elementor-widget-container\">\n\t\t\t\t\t<div class=\"elementor-button-wrapper\">\n\t\t\t<a class=\"elementor-button elementor-button-link elementor-size-sm elementor-animation-grow\" href=\"https:\/\/echansonneriedespapes.com\/index.php\/309eme-chapitre-vendredi-27-avril-2012\/\">\n\t\t\t\t\t\t<span class=\"elementor-button-content-wrapper\">\n\t\t\t\t\t\t<span class=\"elementor-button-icon\">\n\t\t\t\t<i aria-hidden=\"true\" class=\"fas fa-arrow-alt-circle-left\"><\/i>\t\t\t<\/span>\n\t\t\t\t\t\t\t\t\t<span class=\"elementor-button-text\">Chapitre pr\u00e9c\u00e9dent<\/span>\n\t\t\t\t\t<\/span>\n\t\t\t\t\t<\/a>\n\t\t<\/div>\n\t\t\t\t<\/div>\n\t\t\t\t<\/div>\n\t\t\t\t\t<\/div>\n\t\t<\/div>\n\t\t\t\t<div class=\"elementor-column elementor-col-33 elementor-top-column elementor-element elementor-element-39ba80b\" data-id=\"39ba80b\" data-element_type=\"column\">\n\t\t\t<div class=\"elementor-widget-wrap\">\n\t\t\t\t\t\t\t<\/div>\n\t\t<\/div>\n\t\t\t\t<div class=\"elementor-column elementor-col-33 elementor-top-column elementor-element elementor-element-129bea9c\" data-id=\"129bea9c\" data-element_type=\"column\">\n\t\t\t<div class=\"elementor-widget-wrap elementor-element-populated\">\n\t\t\t\t\t\t<div class=\"elementor-element elementor-element-1d8e55a4 elementor-align-right elementor-widget elementor-widget-button\" data-id=\"1d8e55a4\" data-element_type=\"widget\" data-widget_type=\"button.default\">\n\t\t\t\t<div class=\"elementor-widget-container\">\n\t\t\t\t\t<div class=\"elementor-button-wrapper\">\n\t\t\t<a class=\"elementor-button elementor-button-link elementor-size-sm elementor-animation-grow\" href=\"https:\/\/echansonneriedespapes.com\/index.php\/311eme-chapitre-paris-nice-vendredi-08-mars-2013\/\">\n\t\t\t\t\t\t<span class=\"elementor-button-content-wrapper\">\n\t\t\t\t\t\t<span class=\"elementor-button-icon\">\n\t\t\t\t<i aria-hidden=\"true\" class=\"fas fa-arrow-alt-circle-right\"><\/i>\t\t\t<\/span>\n\t\t\t\t\t\t\t\t\t<span class=\"elementor-button-text\">Chapitre suivant<\/span>\n\t\t\t\t\t<\/span>\n\t\t\t\t\t<\/a>\n\t\t<\/div>\n\t\t\t\t<\/div>\n\t\t\t\t<\/div>\n\t\t\t\t\t<\/div>\n\t\t<\/div>\n\t\t\t\t\t<\/div>\n\t\t<\/section>\n\t\t\t\t<\/div>\n\t\t","protected":false},"excerpt":{"rendered":"<p>Grand Conseil d&rsquo;HiverSamedi 8 d\u00e9cembre 2012 Palais des PapesAvignon Cyril LIGNACChef Cuisinier Fran\u00e7ais et Animateur de T\u00e9l\u00e9vision Vincent FERNIOTJournaliste Gastronomique, Com\u00e9dien, Musicien et Pr\u00e9sentateur de T\u00e9l\u00e9vision Benoit CARANOBEGymnaste Fran\u00e7ais M\u00e9daill\u00e9 aux Jeux Olympiques Jean-Marie COLOMBANIJournaliste et Essayiste Fran\u00e7ais, Cofondateur et Directeur de Publication du Magazine en Ligne Slate.fr Laurent AIELLOPilote de Course Fran\u00e7ais Catherine VELLERomanci\u00e8re&hellip; <br \/> <a class=\"read-more\" href=\"https:\/\/echansonneriedespapes.com\/index.php\/310eme-chapitre-grand-conseil-dhiver-samedi-08-decembre-2012\/\">Lire la suite<\/a><\/p>\n","protected":false},"author":1,"featured_media":0,"parent":0,"menu_order":0,"comment_status":"closed","ping_status":"closed","template":"","meta":{"footnotes":""},"class_list":["post-895","page","type-page","status-publish","hentry"],"yoast_head":"<!-- This site is optimized with the Yoast SEO plugin v23.4 - https:\/\/yoast.com\/wordpress\/plugins\/seo\/ -->\n<title>310\u00e8me chapitre - \u00c9chansonnerie des Papes<\/title>\n<meta name=\"robots\" content=\"index, follow, max-snippet:-1, max-image-preview:large, max-video-preview:-1\" \/>\n<link rel=\"canonical\" href=\"https:\/\/echansonneriedespapes.com\/index.php\/310eme-chapitre-grand-conseil-dhiver-samedi-08-decembre-2012\/\" \/>\n<meta property=\"og:locale\" content=\"fr_FR\" \/>\n<meta property=\"og:type\" content=\"article\" \/>\n<meta property=\"og:title\" content=\"310\u00e8me chapitre - \u00c9chansonnerie des Papes\" \/>\n<meta property=\"og:description\" content=\"Grand Conseil d&rsquo;HiverSamedi 8 d\u00e9cembre 2012 Palais des PapesAvignon Cyril LIGNACChef Cuisinier Fran\u00e7ais et Animateur de T\u00e9l\u00e9vision Vincent FERNIOTJournaliste Gastronomique, Com\u00e9dien, Musicien et Pr\u00e9sentateur de T\u00e9l\u00e9vision Benoit CARANOBEGymnaste Fran\u00e7ais M\u00e9daill\u00e9 aux Jeux Olympiques Jean-Marie COLOMBANIJournaliste et Essayiste Fran\u00e7ais, Cofondateur et Directeur de Publication du Magazine en Ligne Slate.fr Laurent AIELLOPilote de Course Fran\u00e7ais Catherine VELLERomanci\u00e8re&hellip; Lire la suite\" \/>\n<meta property=\"og:url\" content=\"https:\/\/echansonneriedespapes.com\/index.php\/310eme-chapitre-grand-conseil-dhiver-samedi-08-decembre-2012\/\" \/>\n<meta property=\"og:site_name\" content=\"\u00c9chansonnerie des Papes\" \/>\n<meta property=\"article:modified_time\" content=\"2020-12-08T15:42:27+00:00\" \/>\n<meta property=\"og:image\" content=\"https:\/\/echansonneriedespapes.com\/wp-content\/uploads\/2020\/06\/Fichier-1-150x150.png\" \/>\n<meta name=\"twitter:card\" content=\"summary_large_image\" \/>\n<meta name=\"twitter:label1\" content=\"Dur\u00e9e de lecture estim\u00e9e\" \/>\n\t<meta name=\"twitter:data1\" content=\"1 minute\" \/>\n<script type=\"application\/ld+json\" class=\"yoast-schema-graph\">{\"@context\":\"https:\/\/schema.org\",\"@graph\":[{\"@type\":\"WebPage\",\"@id\":\"https:\/\/echansonneriedespapes.com\/index.php\/310eme-chapitre-grand-conseil-dhiver-samedi-08-decembre-2012\/\",\"url\":\"https:\/\/echansonneriedespapes.com\/index.php\/310eme-chapitre-grand-conseil-dhiver-samedi-08-decembre-2012\/\",\"name\":\"310\u00e8me chapitre - \u00c9chansonnerie des Papes\",\"isPartOf\":{\"@id\":\"https:\/\/echansonneriedespapes.com\/#website\"},\"primaryImageOfPage\":{\"@id\":\"https:\/\/echansonneriedespapes.com\/index.php\/310eme-chapitre-grand-conseil-dhiver-samedi-08-decembre-2012\/#primaryimage\"},\"image\":{\"@id\":\"https:\/\/echansonneriedespapes.com\/index.php\/310eme-chapitre-grand-conseil-dhiver-samedi-08-decembre-2012\/#primaryimage\"},\"thumbnailUrl\":\"https:\/\/echansonneriedespapes.com\/wp-content\/uploads\/2020\/06\/Fichier-1-150x150.png\",\"datePublished\":\"2020-12-03T13:13:08+00:00\",\"dateModified\":\"2020-12-08T15:42:27+00:00\",\"breadcrumb\":{\"@id\":\"https:\/\/echansonneriedespapes.com\/index.php\/310eme-chapitre-grand-conseil-dhiver-samedi-08-decembre-2012\/#breadcrumb\"},\"inLanguage\":\"fr-FR\",\"potentialAction\":[{\"@type\":\"ReadAction\",\"target\":[\"https:\/\/echansonneriedespapes.com\/index.php\/310eme-chapitre-grand-conseil-dhiver-samedi-08-decembre-2012\/\"]}]},{\"@type\":\"ImageObject\",\"inLanguage\":\"fr-FR\",\"@id\":\"https:\/\/echansonneriedespapes.com\/index.php\/310eme-chapitre-grand-conseil-dhiver-samedi-08-decembre-2012\/#primaryimage\",\"url\":\"https:\/\/echansonneriedespapes.com\/wp-content\/uploads\/2020\/06\/Fichier-1.png\",\"contentUrl\":\"https:\/\/echansonneriedespapes.com\/wp-content\/uploads\/2020\/06\/Fichier-1.png\",\"width\":350,\"height\":182},{\"@type\":\"BreadcrumbList\",\"@id\":\"https:\/\/echansonneriedespapes.com\/index.php\/310eme-chapitre-grand-conseil-dhiver-samedi-08-decembre-2012\/#breadcrumb\",\"itemListElement\":[{\"@type\":\"ListItem\",\"position\":1,\"name\":\"Accueil\",\"item\":\"https:\/\/echansonneriedespapes.com\/\"},{\"@type\":\"ListItem\",\"position\":2,\"name\":\"310\u00e8me chapitre\"}]},{\"@type\":\"WebSite\",\"@id\":\"https:\/\/echansonneriedespapes.com\/#website\",\"url\":\"https:\/\/echansonneriedespapes.com\/\",\"name\":\"\u00c9chansonnerie des Papes\",\"description\":\"La Confr\u00e9rie Bachique de Ch\u00e2teauneuf-du-Pape\",\"publisher\":{\"@id\":\"https:\/\/echansonneriedespapes.com\/#organization\"},\"potentialAction\":[{\"@type\":\"SearchAction\",\"target\":{\"@type\":\"EntryPoint\",\"urlTemplate\":\"https:\/\/echansonneriedespapes.com\/?s={search_term_string}\"},\"query-input\":{\"@type\":\"PropertyValueSpecification\",\"valueRequired\":true,\"valueName\":\"search_term_string\"}}],\"inLanguage\":\"fr-FR\"},{\"@type\":\"Organization\",\"@id\":\"https:\/\/echansonneriedespapes.com\/#organization\",\"name\":\"\u00c9chansonnerie des Papes\",\"url\":\"https:\/\/echansonneriedespapes.com\/\",\"logo\":{\"@type\":\"ImageObject\",\"inLanguage\":\"fr-FR\",\"@id\":\"https:\/\/echansonneriedespapes.com\/#\/schema\/logo\/image\/\",\"url\":\"https:\/\/echansonneriedespapes.com\/wp-content\/uploads\/2018\/08\/cropped-logo-echansonnerie-sans-fond-4.png\",\"contentUrl\":\"https:\/\/echansonneriedespapes.com\/wp-content\/uploads\/2018\/08\/cropped-logo-echansonnerie-sans-fond-4.png\",\"width\":508,\"height\":608,\"caption\":\"\u00c9chansonnerie des Papes\"},\"image\":{\"@id\":\"https:\/\/echansonneriedespapes.com\/#\/schema\/logo\/image\/\"}}]}<\/script>\n<!-- \/ Yoast SEO plugin. -->","yoast_head_json":{"title":"310\u00e8me chapitre - \u00c9chansonnerie des Papes","robots":{"index":"index","follow":"follow","max-snippet":"max-snippet:-1","max-image-preview":"max-image-preview:large","max-video-preview":"max-video-preview:-1"},"canonical":"https:\/\/echansonneriedespapes.com\/index.php\/310eme-chapitre-grand-conseil-dhiver-samedi-08-decembre-2012\/","og_locale":"fr_FR","og_type":"article","og_title":"310\u00e8me chapitre - \u00c9chansonnerie des Papes","og_description":"Grand Conseil d&rsquo;HiverSamedi 8 d\u00e9cembre 2012 Palais des PapesAvignon Cyril LIGNACChef Cuisinier Fran\u00e7ais et Animateur de T\u00e9l\u00e9vision Vincent FERNIOTJournaliste Gastronomique, Com\u00e9dien, Musicien et Pr\u00e9sentateur de T\u00e9l\u00e9vision Benoit CARANOBEGymnaste Fran\u00e7ais M\u00e9daill\u00e9 aux Jeux Olympiques Jean-Marie COLOMBANIJournaliste et Essayiste Fran\u00e7ais, Cofondateur et Directeur de Publication du Magazine en Ligne Slate.fr Laurent AIELLOPilote de Course Fran\u00e7ais Catherine VELLERomanci\u00e8re&hellip; Lire la suite","og_url":"https:\/\/echansonneriedespapes.com\/index.php\/310eme-chapitre-grand-conseil-dhiver-samedi-08-decembre-2012\/","og_site_name":"\u00c9chansonnerie des Papes","article_modified_time":"2020-12-08T15:42:27+00:00","og_image":[{"url":"https:\/\/echansonneriedespapes.com\/wp-content\/uploads\/2020\/06\/Fichier-1-150x150.png"}],"twitter_card":"summary_large_image","twitter_misc":{"Dur\u00e9e de lecture estim\u00e9e":"1 minute"},"schema":{"@context":"https:\/\/schema.org","@graph":[{"@type":"WebPage","@id":"https:\/\/echansonneriedespapes.com\/index.php\/310eme-chapitre-grand-conseil-dhiver-samedi-08-decembre-2012\/","url":"https:\/\/echansonneriedespapes.com\/index.php\/310eme-chapitre-grand-conseil-dhiver-samedi-08-decembre-2012\/","name":"310\u00e8me chapitre - \u00c9chansonnerie des Papes","isPartOf":{"@id":"https:\/\/echansonneriedespapes.com\/#website"},"primaryImageOfPage":{"@id":"https:\/\/echansonneriedespapes.com\/index.php\/310eme-chapitre-grand-conseil-dhiver-samedi-08-decembre-2012\/#primaryimage"},"image":{"@id":"https:\/\/echansonneriedespapes.com\/index.php\/310eme-chapitre-grand-conseil-dhiver-samedi-08-decembre-2012\/#primaryimage"},"thumbnailUrl":"https:\/\/echansonneriedespapes.com\/wp-content\/uploads\/2020\/06\/Fichier-1-150x150.png","datePublished":"2020-12-03T13:13:08+00:00","dateModified":"2020-12-08T15:42:27+00:00","breadcrumb":{"@id":"https:\/\/echansonneriedespapes.com\/index.php\/310eme-chapitre-grand-conseil-dhiver-samedi-08-decembre-2012\/#breadcrumb"},"inLanguage":"fr-FR","potentialAction":[{"@type":"ReadAction","target":["https:\/\/echansonneriedespapes.com\/index.php\/310eme-chapitre-grand-conseil-dhiver-samedi-08-decembre-2012\/"]}]},{"@type":"ImageObject","inLanguage":"fr-FR","@id":"https:\/\/echansonneriedespapes.com\/index.php\/310eme-chapitre-grand-conseil-dhiver-samedi-08-decembre-2012\/#primaryimage","url":"https:\/\/echansonneriedespapes.com\/wp-content\/uploads\/2020\/06\/Fichier-1.png","contentUrl":"https:\/\/echansonneriedespapes.com\/wp-content\/uploads\/2020\/06\/Fichier-1.png","width":350,"height":182},{"@type":"BreadcrumbList","@id":"https:\/\/echansonneriedespapes.com\/index.php\/310eme-chapitre-grand-conseil-dhiver-samedi-08-decembre-2012\/#breadcrumb","itemListElement":[{"@type":"ListItem","position":1,"name":"Accueil","item":"https:\/\/echansonneriedespapes.com\/"},{"@type":"ListItem","position":2,"name":"310\u00e8me chapitre"}]},{"@type":"WebSite","@id":"https:\/\/echansonneriedespapes.com\/#website","url":"https:\/\/echansonneriedespapes.com\/","name":"\u00c9chansonnerie des Papes","description":"La Confr\u00e9rie Bachique de Ch\u00e2teauneuf-du-Pape","publisher":{"@id":"https:\/\/echansonneriedespapes.com\/#organization"},"potentialAction":[{"@type":"SearchAction","target":{"@type":"EntryPoint","urlTemplate":"https:\/\/echansonneriedespapes.com\/?s={search_term_string}"},"query-input":{"@type":"PropertyValueSpecification","valueRequired":true,"valueName":"search_term_string"}}],"inLanguage":"fr-FR"},{"@type":"Organization","@id":"https:\/\/echansonneriedespapes.com\/#organization","name":"\u00c9chansonnerie des Papes","url":"https:\/\/echansonneriedespapes.com\/","logo":{"@type":"ImageObject","inLanguage":"fr-FR","@id":"https:\/\/echansonneriedespapes.com\/#\/schema\/logo\/image\/","url":"https:\/\/echansonneriedespapes.com\/wp-content\/uploads\/2018\/08\/cropped-logo-echansonnerie-sans-fond-4.png","contentUrl":"https:\/\/echansonneriedespapes.com\/wp-content\/uploads\/2018\/08\/cropped-logo-echansonnerie-sans-fond-4.png","width":508,"height":608,"caption":"\u00c9chansonnerie des Papes"},"image":{"@id":"https:\/\/echansonneriedespapes.com\/#\/schema\/logo\/image\/"}}]}},"jetpack_sharing_enabled":true,"_links":{"self":[{"href":"https:\/\/echansonneriedespapes.com\/index.php\/wp-json\/wp\/v2\/pages\/895"}],"collection":[{"href":"https:\/\/echansonneriedespapes.com\/index.php\/wp-json\/wp\/v2\/pages"}],"about":[{"href":"https:\/\/echansonneriedespapes.com\/index.php\/wp-json\/wp\/v2\/types\/page"}],"author":[{"embeddable":true,"href":"https:\/\/echansonneriedespapes.com\/index.php\/wp-json\/wp\/v2\/users\/1"}],"replies":[{"embeddable":true,"href":"https:\/\/echansonneriedespapes.com\/index.php\/wp-json\/wp\/v2\/comments?post=895"}],"version-history":[{"count":5,"href":"https:\/\/echansonneriedespapes.com\/index.php\/wp-json\/wp\/v2\/pages\/895\/revisions"}],"predecessor-version":[{"id":1225,"href":"https:\/\/echansonneriedespapes.com\/index.php\/wp-json\/wp\/v2\/pages\/895\/revisions\/1225"}],"wp:attachment":[{"href":"https:\/\/echansonneriedespapes.com\/index.php\/wp-json\/wp\/v2\/media?parent=895"}],"curies":[{"name":"wp","href":"https:\/\/api.w.org\/{rel}","templated":true}]}}