{"id":874,"date":"2020-12-03T14:09:41","date_gmt":"2020-12-03T13:09:41","guid":{"rendered":"https:\/\/echansonneriedespapes.com\/?page_id=874"},"modified":"2020-12-08T16:40:35","modified_gmt":"2020-12-08T15:40:35","slug":"316eme-chapitre-grand-conseil-dhiver-samedi-06-decembre-2014","status":"publish","type":"page","link":"https:\/\/echansonneriedespapes.com\/index.php\/316eme-chapitre-grand-conseil-dhiver-samedi-06-decembre-2014\/","title":{"rendered":"316\u00e8me chapitre"},"content":{"rendered":"\t\t<div data-elementor-type=\"wp-page\" data-elementor-id=\"874\" class=\"elementor elementor-874\">\n\t\t\t\t\t\t<section class=\"elementor-section elementor-top-section elementor-element elementor-element-6df980f4 elementor-section-boxed elementor-section-height-default elementor-section-height-default\" data-id=\"6df980f4\" data-element_type=\"section\">\n\t\t\t\t\t\t<div class=\"elementor-container elementor-column-gap-default\">\n\t\t\t\t\t<div class=\"elementor-column elementor-col-100 elementor-top-column elementor-element elementor-element-92e2622\" data-id=\"92e2622\" data-element_type=\"column\">\n\t\t\t<div class=\"elementor-widget-wrap elementor-element-populated\">\n\t\t\t\t\t\t<div class=\"elementor-element elementor-element-261cd6fa elementor-widget elementor-widget-heading\" data-id=\"261cd6fa\" data-element_type=\"widget\" data-widget_type=\"heading.default\">\n\t\t\t\t<div class=\"elementor-widget-container\">\n\t\t\t<h2 class=\"elementor-heading-title elementor-size-large\">Grand Conseil d'Hiver<br><font size=\"6\"><I>Samedi 6 d\u00e9cembre 2014<\/i><\/font><\/h2>\t\t<\/div>\n\t\t\t\t<\/div>\n\t\t\t\t<div class=\"elementor-element elementor-element-1368ccd7 elementor-widget elementor-widget-heading\" data-id=\"1368ccd7\" data-element_type=\"widget\" data-widget_type=\"heading.default\">\n\t\t\t\t<div class=\"elementor-widget-container\">\n\t\t\t<h2 class=\"elementor-heading-title elementor-size-large\">Palais des Papes<br>Avignon<\/h2>\t\t<\/div>\n\t\t\t\t<\/div>\n\t\t\t\t<div class=\"elementor-element elementor-element-27877493 elementor-widget elementor-widget-image\" data-id=\"27877493\" data-element_type=\"widget\" data-widget_type=\"image.default\">\n\t\t\t\t<div class=\"elementor-widget-container\">\n\t\t\t\t\t\t\t\t\t\t\t\t\t<img decoding=\"async\" width=\"150\" height=\"150\" src=\"https:\/\/echansonneriedespapes.com\/wp-content\/uploads\/2020\/06\/Fichier-1-150x150.png\" class=\"attachment-thumbnail size-thumbnail wp-image-415\" alt=\"\" \/>\t\t\t\t\t\t\t\t\t\t\t\t\t<\/div>\n\t\t\t\t<\/div>\n\t\t\t\t<div class=\"elementor-element elementor-element-3736b9e2 elementor-widget elementor-widget-spacer\" data-id=\"3736b9e2\" data-element_type=\"widget\" data-widget_type=\"spacer.default\">\n\t\t\t\t<div class=\"elementor-widget-container\">\n\t\t\t\t\t<div class=\"elementor-spacer\">\n\t\t\t<div class=\"elementor-spacer-inner\"><\/div>\n\t\t<\/div>\n\t\t\t\t<\/div>\n\t\t\t\t<\/div>\n\t\t\t\t\t<\/div>\n\t\t<\/div>\n\t\t\t\t\t<\/div>\n\t\t<\/section>\n\t\t\t\t<section class=\"elementor-section elementor-top-section elementor-element elementor-element-6e048719 elementor-section-boxed elementor-section-height-default elementor-section-height-default\" data-id=\"6e048719\" data-element_type=\"section\">\n\t\t\t\t\t\t<div class=\"elementor-container elementor-column-gap-default\">\n\t\t\t\t\t<div class=\"elementor-column elementor-col-100 elementor-top-column elementor-element elementor-element-4222f96c\" data-id=\"4222f96c\" data-element_type=\"column\">\n\t\t\t<div class=\"elementor-widget-wrap elementor-element-populated\">\n\t\t\t\t\t\t<div class=\"elementor-element elementor-element-1bd643e6 elementor-widget elementor-widget-image\" data-id=\"1bd643e6\" data-element_type=\"widget\" data-widget_type=\"image.default\">\n\t\t\t\t<div class=\"elementor-widget-container\">\n\t\t\t\t\t\t\t\t\t\t\t\t\t<img fetchpriority=\"high\" decoding=\"async\" width=\"1024\" height=\"683\" src=\"https:\/\/echansonneriedespapes.com\/wp-content\/uploads\/2020\/12\/316-1024x683.jpg\" class=\"attachment-large size-large wp-image-1147\" alt=\"\" srcset=\"https:\/\/echansonneriedespapes.com\/wp-content\/uploads\/2020\/12\/316-1024x683.jpg 1024w, https:\/\/echansonneriedespapes.com\/wp-content\/uploads\/2020\/12\/316-300x200.jpg 300w, https:\/\/echansonneriedespapes.com\/wp-content\/uploads\/2020\/12\/316-768x512.jpg 768w, https:\/\/echansonneriedespapes.com\/wp-content\/uploads\/2020\/12\/316-1536x1024.jpg 1536w, https:\/\/echansonneriedespapes.com\/wp-content\/uploads\/2020\/12\/316-2048x1365.jpg 2048w, https:\/\/echansonneriedespapes.com\/wp-content\/uploads\/2020\/12\/316-1620x1080.jpg 1620w\" sizes=\"(max-width: 1024px) 100vw, 1024px\" \/>\t\t\t\t\t\t\t\t\t\t\t\t\t<\/div>\n\t\t\t\t<\/div>\n\t\t\t\t<div class=\"elementor-element elementor-element-1f07365c elementor-widget elementor-widget-text-editor\" data-id=\"1f07365c\" data-element_type=\"widget\" data-widget_type=\"text-editor.default\">\n\t\t\t\t<div class=\"elementor-widget-container\">\n\t\t\t\t\t\t\t<p style=\"text-align: center;\"><span style=\"color: #000000;\">Jean-Pierre ALAUX<br><\/span><em><span style=\"color: #000000;\">Journaliste &#8211; Romancier, Co-Auteur de la S\u00e9rie Oeno-Polici\u00e8re le Sang de la Vigne, Toulouse<\/span><\/em><\/p>\n<p style=\"text-align: center;\"><span style=\"color: #000000;\">Michel BETTANE<br><em>Co-Fondateur du Guide&nbsp;Bettane&nbsp;+&nbsp;Desseauve<\/em><\/span><\/p>\n<p style=\"text-align: center;\"><span style=\"color: #000000;\">Jean-Yves DAG\u00c8S<br><\/span><em><span style=\"color: #000000;\">Pr\u00e9sident National de la F\u00e9d\u00e9ration Groupama, Paris<\/span><\/em><\/p>\n<p style=\"text-align: center;\"><span style=\"color: #000000;\">Bruno D&rsquo;ANGELIS<br><em>Chef cuisinier<\/em><\/span><\/p>\n<p style=\"text-align: center;\"><span style=\"color: #000000;\">Eric DUGARDIN<br><\/span><em><span style=\"color: #000000;\">Vice-Meilleur Sommelier de France 1988<\/span><\/em><\/p>\n<p style=\"text-align: center;\"><span style=\"color: #000000;\">Serge DUPIRE<br><em>Acteur, Chanteur, R\u00e9alisateur, Auteur, Parolier, Marseille<\/em><\/span><\/p>\n<p style=\"text-align: center;\"><span style=\"color: #000000;\">Marc FOSSEUX<br><\/span><em><span style=\"color: #000000;\">Directeur de la F\u00e9d\u00e9ration Nationale de Groupama, Paris<\/span><\/em><\/p>\n<p style=\"text-align: center;\"><span style=\"color: #000000;\">Sophie KESSLER-MATIERE<br><em>Ch\u00e2teau Calissanne, Lan\u00e7on-Provence<\/em><\/span><\/p>\n<p style=\"text-align: center;\"><span style=\"color: #000000;\">Mikael le GALL<br><\/span><em><span style=\"color: #000000;\">Directeur des Agences BNP Paribas du Vaucluse et Pr\u00e9sident du Comit\u00e9 des Banques du Vaucluse, Avignon<\/span><\/em><\/p>\n<p style=\"text-align: center;\"><span style=\"color: #000000;\">Xavier LECLERC<br><em>Caviste Auchan Roncq, \u00c9lu Meilleur Hyper de l&rsquo;Ann\u00e9e par la Revue du Vin de France en 2012<\/em><\/span><\/p>\n<p style=\"text-align: center;\"><span style=\"color: #000000;\">Fr\u00e9d\u00e9ric LEVESQUE<br><\/span><em><span style=\"color: #000000;\">Responsable Commercial &#8211; BNP Paribas, Ch\u00e2teauneuf-du-Pape<\/span><\/em><\/p>\n<p style=\"text-align: center;\"><span style=\"color: #000000;\">Likus WIESLAW<br><em>Electronics Engineer &amp; Businessman, Pologne<\/em><\/span><\/p>\n<p style=\"text-align: center;\"><span style=\"color: #000000;\">Jianzhang LIU<br><\/span><em><span style=\"color: #000000;\">Ecrivain Gastronomique, Chine<\/span><\/em><\/p>\n<p style=\"text-align: center;\"><span style=\"color: #000000;\">S\u00e9bastien MASSU<br><em>Responsable du Centre de Banque Priv\u00e9e BNP Paribas, Avignon<\/em><\/span><\/p>\n<p style=\"text-align: center;\"><span style=\"color: #000000;\">Lissa PILLU<br><\/span><em><span style=\"color: #000000;\">Directrice G\u00e9n\u00e9rale de T\u00e9l\u00e9cip Production, Productrice de la S\u00e9rie le Sang de la Vigne, Paris<\/span><\/em><\/p>\n<p style=\"text-align: center;\"><span style=\"color: #000000;\">Henri-Paul PRUDENT<br><em>Chirurgien Orthop\u00e9diste \u00e0 Avignon<\/em><\/span><\/p>\n<p style=\"text-align: center;\"><span style=\"color: #000000;\">Caroline REYNIER-MULLOT<br><\/span><em><span style=\"color: #000000;\">Pharmacienne \u00e0 Monaco, Responsable du Marketing des Marques Sant\u00e9 de la Femme pour l&rsquo;International<\/span><\/em><\/p>\n<p style=\"text-align: center;\"><span style=\"color: #000000;\">Eric SHAIKEWITZ<br><em>Designer &#8211; Zielone Studio, Pologne<\/em><\/span><\/p>\n<p style=\"text-align: center;\"><span style=\"color: #000000;\">Magandeep SINGH<br><\/span><em><span style=\"color: #000000;\">Wine Education And Sommelier Services &#8211; Best Indian Sommelier<\/span><\/em><\/p>\n<p style=\"text-align: center;\"><span style=\"color: #000000;\">Florence TRAMIER-THOMAS<br><em>Responsable d&rsquo;Equipe Banque Priv\u00e9e BNP Paribas, Avignon<\/em><\/span><\/p>\n<p style=\"text-align: center;\"><span style=\"color: #000000;\">Gang WU<br><em>Business Consultation, Chine<\/em><\/span><\/p>\t\t\t\t\t\t<\/div>\n\t\t\t\t<\/div>\n\t\t\t\t<div class=\"elementor-element elementor-element-4618e60d elementor-widget elementor-widget-spacer\" data-id=\"4618e60d\" data-element_type=\"widget\" data-widget_type=\"spacer.default\">\n\t\t\t\t<div class=\"elementor-widget-container\">\n\t\t\t\t\t<div class=\"elementor-spacer\">\n\t\t\t<div class=\"elementor-spacer-inner\"><\/div>\n\t\t<\/div>\n\t\t\t\t<\/div>\n\t\t\t\t<\/div>\n\t\t\t\t<div class=\"elementor-element elementor-element-288f5952 elementor-widget elementor-widget-text-editor\" data-id=\"288f5952\" data-element_type=\"widget\" data-widget_type=\"text-editor.default\">\n\t\t\t\t<div class=\"elementor-widget-container\">\n\t\t\t\t\t\t\t<p style=\"text-align: right;\"><em>Cr\u00e9dit photos : Art &amp; Image<\/em><\/p>\t\t\t\t\t\t<\/div>\n\t\t\t\t<\/div>\n\t\t\t\t\t<\/div>\n\t\t<\/div>\n\t\t\t\t\t<\/div>\n\t\t<\/section>\n\t\t\t\t<section class=\"elementor-section elementor-top-section elementor-element elementor-element-379843e4 elementor-section-full_width elementor-section-height-min-height elementor-section-content-middle elementor-section-height-default elementor-section-items-middle\" data-id=\"379843e4\" data-element_type=\"section\" data-settings=\"{&quot;background_background&quot;:&quot;classic&quot;}\">\n\t\t\t\t\t\t<div class=\"elementor-container elementor-column-gap-no\">\n\t\t\t\t\t<div class=\"elementor-column elementor-col-100 elementor-top-column elementor-element elementor-element-6006b86\" data-id=\"6006b86\" data-element_type=\"column\">\n\t\t\t<div class=\"elementor-widget-wrap\">\n\t\t\t\t\t\t\t<\/div>\n\t\t<\/div>\n\t\t\t\t\t<\/div>\n\t\t<\/section>\n\t\t\t\t<section class=\"elementor-section elementor-top-section elementor-element elementor-element-1ff12f2c elementor-section-boxed elementor-section-height-default elementor-section-height-default\" data-id=\"1ff12f2c\" data-element_type=\"section\">\n\t\t\t\t\t\t<div class=\"elementor-container elementor-column-gap-default\">\n\t\t\t\t\t<div class=\"elementor-column elementor-col-33 elementor-top-column elementor-element elementor-element-2c4f1618\" data-id=\"2c4f1618\" data-element_type=\"column\">\n\t\t\t<div class=\"elementor-widget-wrap elementor-element-populated\">\n\t\t\t\t\t\t<div class=\"elementor-element elementor-element-6700f6b6 elementor-align-left elementor-widget elementor-widget-button\" data-id=\"6700f6b6\" data-element_type=\"widget\" data-widget_type=\"button.default\">\n\t\t\t\t<div class=\"elementor-widget-container\">\n\t\t\t\t\t<div class=\"elementor-button-wrapper\">\n\t\t\t<a class=\"elementor-button elementor-button-link elementor-size-sm elementor-animation-grow\" href=\"https:\/\/echansonneriedespapes.com\/index.php\/315eme-chapitre-chapitre-prive-maison-ogier-mercredi-01-octobre-2014\/\">\n\t\t\t\t\t\t<span class=\"elementor-button-content-wrapper\">\n\t\t\t\t\t\t<span class=\"elementor-button-icon\">\n\t\t\t\t<i aria-hidden=\"true\" class=\"fas fa-arrow-alt-circle-left\"><\/i>\t\t\t<\/span>\n\t\t\t\t\t\t\t\t\t<span class=\"elementor-button-text\">Chapitre pr\u00e9c\u00e9dent<\/span>\n\t\t\t\t\t<\/span>\n\t\t\t\t\t<\/a>\n\t\t<\/div>\n\t\t\t\t<\/div>\n\t\t\t\t<\/div>\n\t\t\t\t\t<\/div>\n\t\t<\/div>\n\t\t\t\t<div class=\"elementor-column elementor-col-33 elementor-top-column elementor-element elementor-element-53d68907\" data-id=\"53d68907\" data-element_type=\"column\">\n\t\t\t<div class=\"elementor-widget-wrap\">\n\t\t\t\t\t\t\t<\/div>\n\t\t<\/div>\n\t\t\t\t<div class=\"elementor-column elementor-col-33 elementor-top-column elementor-element elementor-element-3a8c9794\" data-id=\"3a8c9794\" data-element_type=\"column\">\n\t\t\t<div class=\"elementor-widget-wrap elementor-element-populated\">\n\t\t\t\t\t\t<div class=\"elementor-element elementor-element-25a49f27 elementor-align-right elementor-widget elementor-widget-button\" data-id=\"25a49f27\" data-element_type=\"widget\" data-widget_type=\"button.default\">\n\t\t\t\t<div class=\"elementor-widget-container\">\n\t\t\t\t\t<div class=\"elementor-button-wrapper\">\n\t\t\t<a class=\"elementor-button elementor-button-link elementor-size-sm elementor-animation-grow\" href=\"https:\/\/echansonneriedespapes.com\/index.php\/317eme-chapitre-les-printemps-de-chateauneuf-du-pape-6eme-edition-samedi-11-avril-2015\/\">\n\t\t\t\t\t\t<span class=\"elementor-button-content-wrapper\">\n\t\t\t\t\t\t<span class=\"elementor-button-icon\">\n\t\t\t\t<i aria-hidden=\"true\" class=\"fas fa-arrow-alt-circle-right\"><\/i>\t\t\t<\/span>\n\t\t\t\t\t\t\t\t\t<span class=\"elementor-button-text\">Chapitre suivant<\/span>\n\t\t\t\t\t<\/span>\n\t\t\t\t\t<\/a>\n\t\t<\/div>\n\t\t\t\t<\/div>\n\t\t\t\t<\/div>\n\t\t\t\t\t<\/div>\n\t\t<\/div>\n\t\t\t\t\t<\/div>\n\t\t<\/section>\n\t\t\t\t<\/div>\n\t\t","protected":false},"excerpt":{"rendered":"<p>Grand Conseil d&rsquo;HiverSamedi 6 d\u00e9cembre 2014 Palais des PapesAvignon Jean-Pierre ALAUXJournaliste &#8211; Romancier, Co-Auteur de la S\u00e9rie Oeno-Polici\u00e8re le Sang de la Vigne, Toulouse Michel BETTANECo-Fondateur du Guide&nbsp;Bettane&nbsp;+&nbsp;Desseauve Jean-Yves DAG\u00c8SPr\u00e9sident National de la F\u00e9d\u00e9ration Groupama, Paris Bruno D&rsquo;ANGELISChef cuisinier Eric DUGARDINVice-Meilleur Sommelier de France 1988 Serge DUPIREActeur, Chanteur, R\u00e9alisateur, Auteur, Parolier, Marseille Marc FOSSEUXDirecteur de&hellip; <br \/> <a class=\"read-more\" href=\"https:\/\/echansonneriedespapes.com\/index.php\/316eme-chapitre-grand-conseil-dhiver-samedi-06-decembre-2014\/\">Lire la suite<\/a><\/p>\n","protected":false},"author":1,"featured_media":0,"parent":0,"menu_order":0,"comment_status":"closed","ping_status":"closed","template":"","meta":{"footnotes":""},"class_list":["post-874","page","type-page","status-publish","hentry"],"yoast_head":"<!-- This site is optimized with the Yoast SEO plugin v23.4 - https:\/\/yoast.com\/wordpress\/plugins\/seo\/ -->\n<title>316\u00e8me chapitre - \u00c9chansonnerie des Papes<\/title>\n<meta name=\"robots\" content=\"index, follow, max-snippet:-1, max-image-preview:large, max-video-preview:-1\" \/>\n<link rel=\"canonical\" href=\"https:\/\/echansonneriedespapes.com\/index.php\/316eme-chapitre-grand-conseil-dhiver-samedi-06-decembre-2014\/\" \/>\n<meta property=\"og:locale\" content=\"fr_FR\" \/>\n<meta property=\"og:type\" content=\"article\" \/>\n<meta property=\"og:title\" content=\"316\u00e8me chapitre - \u00c9chansonnerie des Papes\" \/>\n<meta property=\"og:description\" content=\"Grand Conseil d&rsquo;HiverSamedi 6 d\u00e9cembre 2014 Palais des PapesAvignon Jean-Pierre ALAUXJournaliste &#8211; Romancier, Co-Auteur de la S\u00e9rie Oeno-Polici\u00e8re le Sang de la Vigne, Toulouse Michel BETTANECo-Fondateur du Guide&nbsp;Bettane&nbsp;+&nbsp;Desseauve Jean-Yves DAG\u00c8SPr\u00e9sident National de la F\u00e9d\u00e9ration Groupama, Paris Bruno D&rsquo;ANGELISChef cuisinier Eric DUGARDINVice-Meilleur Sommelier de France 1988 Serge DUPIREActeur, Chanteur, R\u00e9alisateur, Auteur, Parolier, Marseille Marc FOSSEUXDirecteur de&hellip; Lire la suite\" \/>\n<meta property=\"og:url\" content=\"https:\/\/echansonneriedespapes.com\/index.php\/316eme-chapitre-grand-conseil-dhiver-samedi-06-decembre-2014\/\" \/>\n<meta property=\"og:site_name\" content=\"\u00c9chansonnerie des Papes\" \/>\n<meta property=\"article:modified_time\" content=\"2020-12-08T15:40:35+00:00\" \/>\n<meta property=\"og:image\" content=\"https:\/\/echansonneriedespapes.com\/wp-content\/uploads\/2020\/06\/Fichier-1-150x150.png\" \/>\n<meta name=\"twitter:card\" content=\"summary_large_image\" \/>\n<meta name=\"twitter:label1\" content=\"Dur\u00e9e de lecture estim\u00e9e\" \/>\n\t<meta name=\"twitter:data1\" content=\"1 minute\" \/>\n<script type=\"application\/ld+json\" class=\"yoast-schema-graph\">{\"@context\":\"https:\/\/schema.org\",\"@graph\":[{\"@type\":\"WebPage\",\"@id\":\"https:\/\/echansonneriedespapes.com\/index.php\/316eme-chapitre-grand-conseil-dhiver-samedi-06-decembre-2014\/\",\"url\":\"https:\/\/echansonneriedespapes.com\/index.php\/316eme-chapitre-grand-conseil-dhiver-samedi-06-decembre-2014\/\",\"name\":\"316\u00e8me chapitre - \u00c9chansonnerie des Papes\",\"isPartOf\":{\"@id\":\"https:\/\/echansonneriedespapes.com\/#website\"},\"primaryImageOfPage\":{\"@id\":\"https:\/\/echansonneriedespapes.com\/index.php\/316eme-chapitre-grand-conseil-dhiver-samedi-06-decembre-2014\/#primaryimage\"},\"image\":{\"@id\":\"https:\/\/echansonneriedespapes.com\/index.php\/316eme-chapitre-grand-conseil-dhiver-samedi-06-decembre-2014\/#primaryimage\"},\"thumbnailUrl\":\"https:\/\/echansonneriedespapes.com\/wp-content\/uploads\/2020\/06\/Fichier-1-150x150.png\",\"datePublished\":\"2020-12-03T13:09:41+00:00\",\"dateModified\":\"2020-12-08T15:40:35+00:00\",\"breadcrumb\":{\"@id\":\"https:\/\/echansonneriedespapes.com\/index.php\/316eme-chapitre-grand-conseil-dhiver-samedi-06-decembre-2014\/#breadcrumb\"},\"inLanguage\":\"fr-FR\",\"potentialAction\":[{\"@type\":\"ReadAction\",\"target\":[\"https:\/\/echansonneriedespapes.com\/index.php\/316eme-chapitre-grand-conseil-dhiver-samedi-06-decembre-2014\/\"]}]},{\"@type\":\"ImageObject\",\"inLanguage\":\"fr-FR\",\"@id\":\"https:\/\/echansonneriedespapes.com\/index.php\/316eme-chapitre-grand-conseil-dhiver-samedi-06-decembre-2014\/#primaryimage\",\"url\":\"https:\/\/echansonneriedespapes.com\/wp-content\/uploads\/2020\/06\/Fichier-1.png\",\"contentUrl\":\"https:\/\/echansonneriedespapes.com\/wp-content\/uploads\/2020\/06\/Fichier-1.png\",\"width\":350,\"height\":182},{\"@type\":\"BreadcrumbList\",\"@id\":\"https:\/\/echansonneriedespapes.com\/index.php\/316eme-chapitre-grand-conseil-dhiver-samedi-06-decembre-2014\/#breadcrumb\",\"itemListElement\":[{\"@type\":\"ListItem\",\"position\":1,\"name\":\"Accueil\",\"item\":\"https:\/\/echansonneriedespapes.com\/\"},{\"@type\":\"ListItem\",\"position\":2,\"name\":\"316\u00e8me chapitre\"}]},{\"@type\":\"WebSite\",\"@id\":\"https:\/\/echansonneriedespapes.com\/#website\",\"url\":\"https:\/\/echansonneriedespapes.com\/\",\"name\":\"\u00c9chansonnerie des Papes\",\"description\":\"La Confr\u00e9rie Bachique de Ch\u00e2teauneuf-du-Pape\",\"publisher\":{\"@id\":\"https:\/\/echansonneriedespapes.com\/#organization\"},\"potentialAction\":[{\"@type\":\"SearchAction\",\"target\":{\"@type\":\"EntryPoint\",\"urlTemplate\":\"https:\/\/echansonneriedespapes.com\/?s={search_term_string}\"},\"query-input\":{\"@type\":\"PropertyValueSpecification\",\"valueRequired\":true,\"valueName\":\"search_term_string\"}}],\"inLanguage\":\"fr-FR\"},{\"@type\":\"Organization\",\"@id\":\"https:\/\/echansonneriedespapes.com\/#organization\",\"name\":\"\u00c9chansonnerie des Papes\",\"url\":\"https:\/\/echansonneriedespapes.com\/\",\"logo\":{\"@type\":\"ImageObject\",\"inLanguage\":\"fr-FR\",\"@id\":\"https:\/\/echansonneriedespapes.com\/#\/schema\/logo\/image\/\",\"url\":\"https:\/\/echansonneriedespapes.com\/wp-content\/uploads\/2018\/08\/cropped-logo-echansonnerie-sans-fond-4.png\",\"contentUrl\":\"https:\/\/echansonneriedespapes.com\/wp-content\/uploads\/2018\/08\/cropped-logo-echansonnerie-sans-fond-4.png\",\"width\":508,\"height\":608,\"caption\":\"\u00c9chansonnerie des Papes\"},\"image\":{\"@id\":\"https:\/\/echansonneriedespapes.com\/#\/schema\/logo\/image\/\"}}]}<\/script>\n<!-- \/ Yoast SEO plugin. -->","yoast_head_json":{"title":"316\u00e8me chapitre - \u00c9chansonnerie des Papes","robots":{"index":"index","follow":"follow","max-snippet":"max-snippet:-1","max-image-preview":"max-image-preview:large","max-video-preview":"max-video-preview:-1"},"canonical":"https:\/\/echansonneriedespapes.com\/index.php\/316eme-chapitre-grand-conseil-dhiver-samedi-06-decembre-2014\/","og_locale":"fr_FR","og_type":"article","og_title":"316\u00e8me chapitre - \u00c9chansonnerie des Papes","og_description":"Grand Conseil d&rsquo;HiverSamedi 6 d\u00e9cembre 2014 Palais des PapesAvignon Jean-Pierre ALAUXJournaliste &#8211; Romancier, Co-Auteur de la S\u00e9rie Oeno-Polici\u00e8re le Sang de la Vigne, Toulouse Michel BETTANECo-Fondateur du Guide&nbsp;Bettane&nbsp;+&nbsp;Desseauve Jean-Yves DAG\u00c8SPr\u00e9sident National de la F\u00e9d\u00e9ration Groupama, Paris Bruno D&rsquo;ANGELISChef cuisinier Eric DUGARDINVice-Meilleur Sommelier de France 1988 Serge DUPIREActeur, Chanteur, R\u00e9alisateur, Auteur, Parolier, Marseille Marc FOSSEUXDirecteur de&hellip; Lire la suite","og_url":"https:\/\/echansonneriedespapes.com\/index.php\/316eme-chapitre-grand-conseil-dhiver-samedi-06-decembre-2014\/","og_site_name":"\u00c9chansonnerie des Papes","article_modified_time":"2020-12-08T15:40:35+00:00","og_image":[{"url":"https:\/\/echansonneriedespapes.com\/wp-content\/uploads\/2020\/06\/Fichier-1-150x150.png"}],"twitter_card":"summary_large_image","twitter_misc":{"Dur\u00e9e de lecture estim\u00e9e":"1 minute"},"schema":{"@context":"https:\/\/schema.org","@graph":[{"@type":"WebPage","@id":"https:\/\/echansonneriedespapes.com\/index.php\/316eme-chapitre-grand-conseil-dhiver-samedi-06-decembre-2014\/","url":"https:\/\/echansonneriedespapes.com\/index.php\/316eme-chapitre-grand-conseil-dhiver-samedi-06-decembre-2014\/","name":"316\u00e8me chapitre - \u00c9chansonnerie des Papes","isPartOf":{"@id":"https:\/\/echansonneriedespapes.com\/#website"},"primaryImageOfPage":{"@id":"https:\/\/echansonneriedespapes.com\/index.php\/316eme-chapitre-grand-conseil-dhiver-samedi-06-decembre-2014\/#primaryimage"},"image":{"@id":"https:\/\/echansonneriedespapes.com\/index.php\/316eme-chapitre-grand-conseil-dhiver-samedi-06-decembre-2014\/#primaryimage"},"thumbnailUrl":"https:\/\/echansonneriedespapes.com\/wp-content\/uploads\/2020\/06\/Fichier-1-150x150.png","datePublished":"2020-12-03T13:09:41+00:00","dateModified":"2020-12-08T15:40:35+00:00","breadcrumb":{"@id":"https:\/\/echansonneriedespapes.com\/index.php\/316eme-chapitre-grand-conseil-dhiver-samedi-06-decembre-2014\/#breadcrumb"},"inLanguage":"fr-FR","potentialAction":[{"@type":"ReadAction","target":["https:\/\/echansonneriedespapes.com\/index.php\/316eme-chapitre-grand-conseil-dhiver-samedi-06-decembre-2014\/"]}]},{"@type":"ImageObject","inLanguage":"fr-FR","@id":"https:\/\/echansonneriedespapes.com\/index.php\/316eme-chapitre-grand-conseil-dhiver-samedi-06-decembre-2014\/#primaryimage","url":"https:\/\/echansonneriedespapes.com\/wp-content\/uploads\/2020\/06\/Fichier-1.png","contentUrl":"https:\/\/echansonneriedespapes.com\/wp-content\/uploads\/2020\/06\/Fichier-1.png","width":350,"height":182},{"@type":"BreadcrumbList","@id":"https:\/\/echansonneriedespapes.com\/index.php\/316eme-chapitre-grand-conseil-dhiver-samedi-06-decembre-2014\/#breadcrumb","itemListElement":[{"@type":"ListItem","position":1,"name":"Accueil","item":"https:\/\/echansonneriedespapes.com\/"},{"@type":"ListItem","position":2,"name":"316\u00e8me chapitre"}]},{"@type":"WebSite","@id":"https:\/\/echansonneriedespapes.com\/#website","url":"https:\/\/echansonneriedespapes.com\/","name":"\u00c9chansonnerie des Papes","description":"La Confr\u00e9rie Bachique de Ch\u00e2teauneuf-du-Pape","publisher":{"@id":"https:\/\/echansonneriedespapes.com\/#organization"},"potentialAction":[{"@type":"SearchAction","target":{"@type":"EntryPoint","urlTemplate":"https:\/\/echansonneriedespapes.com\/?s={search_term_string}"},"query-input":{"@type":"PropertyValueSpecification","valueRequired":true,"valueName":"search_term_string"}}],"inLanguage":"fr-FR"},{"@type":"Organization","@id":"https:\/\/echansonneriedespapes.com\/#organization","name":"\u00c9chansonnerie des Papes","url":"https:\/\/echansonneriedespapes.com\/","logo":{"@type":"ImageObject","inLanguage":"fr-FR","@id":"https:\/\/echansonneriedespapes.com\/#\/schema\/logo\/image\/","url":"https:\/\/echansonneriedespapes.com\/wp-content\/uploads\/2018\/08\/cropped-logo-echansonnerie-sans-fond-4.png","contentUrl":"https:\/\/echansonneriedespapes.com\/wp-content\/uploads\/2018\/08\/cropped-logo-echansonnerie-sans-fond-4.png","width":508,"height":608,"caption":"\u00c9chansonnerie des Papes"},"image":{"@id":"https:\/\/echansonneriedespapes.com\/#\/schema\/logo\/image\/"}}]}},"jetpack_sharing_enabled":true,"_links":{"self":[{"href":"https:\/\/echansonneriedespapes.com\/index.php\/wp-json\/wp\/v2\/pages\/874"}],"collection":[{"href":"https:\/\/echansonneriedespapes.com\/index.php\/wp-json\/wp\/v2\/pages"}],"about":[{"href":"https:\/\/echansonneriedespapes.com\/index.php\/wp-json\/wp\/v2\/types\/page"}],"author":[{"embeddable":true,"href":"https:\/\/echansonneriedespapes.com\/index.php\/wp-json\/wp\/v2\/users\/1"}],"replies":[{"embeddable":true,"href":"https:\/\/echansonneriedespapes.com\/index.php\/wp-json\/wp\/v2\/comments?post=874"}],"version-history":[{"count":4,"href":"https:\/\/echansonneriedespapes.com\/index.php\/wp-json\/wp\/v2\/pages\/874\/revisions"}],"predecessor-version":[{"id":1223,"href":"https:\/\/echansonneriedespapes.com\/index.php\/wp-json\/wp\/v2\/pages\/874\/revisions\/1223"}],"wp:attachment":[{"href":"https:\/\/echansonneriedespapes.com\/index.php\/wp-json\/wp\/v2\/media?parent=874"}],"curies":[{"name":"wp","href":"https:\/\/api.w.org\/{rel}","templated":true}]}}