{"id":867,"date":"2020-12-03T14:07:06","date_gmt":"2020-12-03T13:07:06","guid":{"rendered":"https:\/\/echansonneriedespapes.com\/?page_id=867"},"modified":"2020-12-08T16:02:41","modified_gmt":"2020-12-08T15:02:41","slug":"318eme-chapitre-grand-conseil-de-la-fleur-samedi-06-juin-2015","status":"publish","type":"page","link":"https:\/\/echansonneriedespapes.com\/index.php\/318eme-chapitre-grand-conseil-de-la-fleur-samedi-06-juin-2015\/","title":{"rendered":"318\u00e8me chapitre"},"content":{"rendered":"\t\t<div data-elementor-type=\"wp-page\" data-elementor-id=\"867\" class=\"elementor elementor-867\">\n\t\t\t\t\t\t<section class=\"elementor-section elementor-top-section elementor-element elementor-element-25ca3bf0 elementor-section-boxed elementor-section-height-default elementor-section-height-default\" data-id=\"25ca3bf0\" data-element_type=\"section\">\n\t\t\t\t\t\t<div class=\"elementor-container elementor-column-gap-default\">\n\t\t\t\t\t<div class=\"elementor-column elementor-col-100 elementor-top-column elementor-element elementor-element-2df39393\" data-id=\"2df39393\" data-element_type=\"column\">\n\t\t\t<div class=\"elementor-widget-wrap elementor-element-populated\">\n\t\t\t\t\t\t<div class=\"elementor-element elementor-element-2de8fb31 elementor-widget elementor-widget-heading\" data-id=\"2de8fb31\" data-element_type=\"widget\" data-widget_type=\"heading.default\">\n\t\t\t\t<div class=\"elementor-widget-container\">\n\t\t\t<h2 class=\"elementor-heading-title elementor-size-large\">Grand Conseil de la Fleur<br><font size=\"6\"><I>Samedi 6 juin 2015<\/i><\/font><\/h2>\t\t<\/div>\n\t\t\t\t<\/div>\n\t\t\t\t<div class=\"elementor-element elementor-element-9fbb72c elementor-widget elementor-widget-heading\" data-id=\"9fbb72c\" data-element_type=\"widget\" data-widget_type=\"heading.default\">\n\t\t\t\t<div class=\"elementor-widget-container\">\n\t\t\t<h2 class=\"elementor-heading-title elementor-size-large\">Domaine de Beaurenard<br>Ch\u00e2teauneuf-du-Pape<\/h2>\t\t<\/div>\n\t\t\t\t<\/div>\n\t\t\t\t<div class=\"elementor-element elementor-element-64ec02ee elementor-widget elementor-widget-image\" data-id=\"64ec02ee\" data-element_type=\"widget\" data-widget_type=\"image.default\">\n\t\t\t\t<div class=\"elementor-widget-container\">\n\t\t\t\t\t\t\t\t\t\t\t\t\t<img decoding=\"async\" width=\"150\" height=\"150\" src=\"https:\/\/echansonneriedespapes.com\/wp-content\/uploads\/2020\/06\/Fichier-1-150x150.png\" class=\"attachment-thumbnail size-thumbnail wp-image-415\" alt=\"\" \/>\t\t\t\t\t\t\t\t\t\t\t\t\t<\/div>\n\t\t\t\t<\/div>\n\t\t\t\t<div class=\"elementor-element elementor-element-deed41d elementor-widget elementor-widget-spacer\" data-id=\"deed41d\" data-element_type=\"widget\" data-widget_type=\"spacer.default\">\n\t\t\t\t<div class=\"elementor-widget-container\">\n\t\t\t\t\t<div class=\"elementor-spacer\">\n\t\t\t<div class=\"elementor-spacer-inner\"><\/div>\n\t\t<\/div>\n\t\t\t\t<\/div>\n\t\t\t\t<\/div>\n\t\t\t\t\t<\/div>\n\t\t<\/div>\n\t\t\t\t\t<\/div>\n\t\t<\/section>\n\t\t\t\t<section class=\"elementor-section elementor-top-section elementor-element elementor-element-6c24ffbf elementor-section-boxed elementor-section-height-default elementor-section-height-default\" data-id=\"6c24ffbf\" data-element_type=\"section\">\n\t\t\t\t\t\t<div class=\"elementor-container elementor-column-gap-default\">\n\t\t\t\t\t<div class=\"elementor-column elementor-col-100 elementor-top-column elementor-element elementor-element-1c9f2a8\" data-id=\"1c9f2a8\" data-element_type=\"column\">\n\t\t\t<div class=\"elementor-widget-wrap elementor-element-populated\">\n\t\t\t\t\t\t<div class=\"elementor-element elementor-element-76b6b2f5 elementor-widget elementor-widget-image\" data-id=\"76b6b2f5\" data-element_type=\"widget\" data-widget_type=\"image.default\">\n\t\t\t\t<div class=\"elementor-widget-container\">\n\t\t\t\t\t\t\t\t\t\t\t\t\t<img fetchpriority=\"high\" decoding=\"async\" width=\"1024\" height=\"683\" src=\"https:\/\/echansonneriedespapes.com\/wp-content\/uploads\/2020\/12\/318-1024x683.jpg\" class=\"attachment-large size-large wp-image-1149\" alt=\"\" srcset=\"https:\/\/echansonneriedespapes.com\/wp-content\/uploads\/2020\/12\/318-1024x683.jpg 1024w, https:\/\/echansonneriedespapes.com\/wp-content\/uploads\/2020\/12\/318-300x200.jpg 300w, https:\/\/echansonneriedespapes.com\/wp-content\/uploads\/2020\/12\/318-768x513.jpg 768w, https:\/\/echansonneriedespapes.com\/wp-content\/uploads\/2020\/12\/318-1536x1025.jpg 1536w, https:\/\/echansonneriedespapes.com\/wp-content\/uploads\/2020\/12\/318-2048x1367.jpg 2048w, https:\/\/echansonneriedespapes.com\/wp-content\/uploads\/2020\/12\/318-1618x1080.jpg 1618w\" sizes=\"(max-width: 1024px) 100vw, 1024px\" \/>\t\t\t\t\t\t\t\t\t\t\t\t\t<\/div>\n\t\t\t\t<\/div>\n\t\t\t\t<div class=\"elementor-element elementor-element-4fe438fb elementor-widget elementor-widget-text-editor\" data-id=\"4fe438fb\" data-element_type=\"widget\" data-widget_type=\"text-editor.default\">\n\t\t\t\t<div class=\"elementor-widget-container\">\n\t\t\t\t\t\t\t<p style=\"text-align: center;\"><span style=\"color: #000000;\">Ari VATANEN<br \/><em>Champion du Monde des Rallyes et Vainqueur du Paris-Dakar<\/em><\/span><\/p><p style=\"text-align: center;\"><span style=\"color: #000000;\">Andrew SHERIDAN<br \/><\/span><em><span style=\"color: #000000;\">Joueur de Rugby \u00e0 XV Anglais<\/span><\/em><\/p><p style=\"text-align: center;\"><span style=\"color: #000000;\">Audrey BAUDINAT<br \/><\/span><em><span style=\"color: #000000;\">Caviste \u00e0 Domicile<\/span><\/em><\/p><p style=\"text-align: center;\"><span style=\"color: #000000;\">David BERARD<br \/><\/span><em><span style=\"color: #000000;\">Journaliste<\/span><\/em><\/p><p style=\"text-align: center;\"><span style=\"color: #000000;\">Alan BRYDEN<br \/><em>Pr\u00e9sident de la F\u00e9d\u00e9ration\u00a0Internationale des Confr\u00e9ries Bachiques (FICB), Ing\u00e9nieur G\u00e9n\u00e9ral des Mines Honoraire, Membre Associ\u00e9 du Conseil G\u00e9n\u00e9ral de l&rsquo;Economie<\/em><\/span><\/p><p style=\"text-align: center;\"><span style=\"color: #000000;\">Thierry DESSEAUVE<br \/><\/span><em><span style=\"color: #000000;\">Co-Fondateur du Guide\u00a0Bettane\u00a0+\u00a0Desseauve<\/span><\/em><\/p><p style=\"text-align: center;\"><span style=\"color: #000000;\">L\u00e9a LOUARD<br \/><\/span><em><span style=\"color: #000000;\">Docteur en M\u00e9decine G\u00e9n\u00e9rale et Conseill\u00e8re Municipal \u00e0 Avignon<\/span><\/em><\/p><p style=\"text-align: center;\"><span style=\"color: #000000;\">Fran\u00e7ois MIQUEL<br \/><\/span><em><span style=\"color: #000000;\">Directeur G\u00e9n\u00e9ral de la Maison Ogier, Ch\u00e2teauneuf-du-Pape<\/span><\/em><\/p><p style=\"text-align: center;\"><span style=\"color: #000000;\">Marcel ORFORD-WILLIAMS<br \/><em>Acheteur The Wine Society<\/em><\/span><\/p><p style=\"text-align: center;\"><span style=\"color: #000000;\">Nicolas REY<br \/><em>Journaliste la Provence<\/em><\/span><\/p><p style=\"text-align: center;\"><span style=\"color: #000000;\">Sandy SCORDO<br \/><em>Karat\u00e9ka Fran\u00e7aise, Sp\u00e9cialiste du Kata, Plusieurs Fois M\u00e9daill\u00e9e<\/em><\/span><\/p><p style=\"text-align: center;\"><span style=\"color: #000000;\">Franck THOMAS<br \/><em>Meilleur Sommelier de France et d&rsquo;Europe en 2000<\/em><\/span><\/p>\t\t\t\t\t\t<\/div>\n\t\t\t\t<\/div>\n\t\t\t\t<div class=\"elementor-element elementor-element-623f8fd8 elementor-widget elementor-widget-spacer\" data-id=\"623f8fd8\" data-element_type=\"widget\" data-widget_type=\"spacer.default\">\n\t\t\t\t<div class=\"elementor-widget-container\">\n\t\t\t\t\t<div class=\"elementor-spacer\">\n\t\t\t<div class=\"elementor-spacer-inner\"><\/div>\n\t\t<\/div>\n\t\t\t\t<\/div>\n\t\t\t\t<\/div>\n\t\t\t\t<div class=\"elementor-element elementor-element-1a40ae3b elementor-widget elementor-widget-text-editor\" data-id=\"1a40ae3b\" data-element_type=\"widget\" data-widget_type=\"text-editor.default\">\n\t\t\t\t<div class=\"elementor-widget-container\">\n\t\t\t\t\t\t\t<p style=\"text-align: right;\"><i>Cr\u00e9dit photos :\u00a0Art &amp; Image<\/i><\/p>\t\t\t\t\t\t<\/div>\n\t\t\t\t<\/div>\n\t\t\t\t\t<\/div>\n\t\t<\/div>\n\t\t\t\t\t<\/div>\n\t\t<\/section>\n\t\t\t\t<section class=\"elementor-section elementor-top-section elementor-element elementor-element-4a177db3 elementor-section-full_width elementor-section-height-min-height elementor-section-content-middle elementor-section-height-default elementor-section-items-middle\" data-id=\"4a177db3\" data-element_type=\"section\" data-settings=\"{&quot;background_background&quot;:&quot;classic&quot;}\">\n\t\t\t\t\t\t<div class=\"elementor-container elementor-column-gap-no\">\n\t\t\t\t\t<div class=\"elementor-column elementor-col-100 elementor-top-column elementor-element elementor-element-57c0661\" data-id=\"57c0661\" data-element_type=\"column\">\n\t\t\t<div class=\"elementor-widget-wrap\">\n\t\t\t\t\t\t\t<\/div>\n\t\t<\/div>\n\t\t\t\t\t<\/div>\n\t\t<\/section>\n\t\t\t\t<section class=\"elementor-section elementor-top-section elementor-element elementor-element-14fa79b7 elementor-section-boxed elementor-section-height-default elementor-section-height-default\" data-id=\"14fa79b7\" data-element_type=\"section\">\n\t\t\t\t\t\t<div class=\"elementor-container elementor-column-gap-default\">\n\t\t\t\t\t<div class=\"elementor-column elementor-col-33 elementor-top-column elementor-element elementor-element-6fa0236\" data-id=\"6fa0236\" data-element_type=\"column\">\n\t\t\t<div class=\"elementor-widget-wrap elementor-element-populated\">\n\t\t\t\t\t\t<div class=\"elementor-element elementor-element-6553e958 elementor-align-left elementor-widget elementor-widget-button\" data-id=\"6553e958\" data-element_type=\"widget\" data-widget_type=\"button.default\">\n\t\t\t\t<div class=\"elementor-widget-container\">\n\t\t\t\t\t<div class=\"elementor-button-wrapper\">\n\t\t\t<a class=\"elementor-button elementor-button-link elementor-size-sm elementor-animation-grow\" href=\"https:\/\/echansonneriedespapes.com\/index.php\/317eme-chapitre-les-printemps-de-chateauneuf-du-pape-6eme-edition-samedi-11-avril-2015\/\">\n\t\t\t\t\t\t<span class=\"elementor-button-content-wrapper\">\n\t\t\t\t\t\t<span class=\"elementor-button-icon\">\n\t\t\t\t<i aria-hidden=\"true\" class=\"fas fa-arrow-alt-circle-left\"><\/i>\t\t\t<\/span>\n\t\t\t\t\t\t\t\t\t<span class=\"elementor-button-text\">Chapitre pr\u00e9c\u00e9dent<\/span>\n\t\t\t\t\t<\/span>\n\t\t\t\t\t<\/a>\n\t\t<\/div>\n\t\t\t\t<\/div>\n\t\t\t\t<\/div>\n\t\t\t\t\t<\/div>\n\t\t<\/div>\n\t\t\t\t<div class=\"elementor-column elementor-col-33 elementor-top-column elementor-element elementor-element-67c31e80\" data-id=\"67c31e80\" data-element_type=\"column\">\n\t\t\t<div class=\"elementor-widget-wrap\">\n\t\t\t\t\t\t\t<\/div>\n\t\t<\/div>\n\t\t\t\t<div class=\"elementor-column elementor-col-33 elementor-top-column elementor-element elementor-element-1109fc3f\" data-id=\"1109fc3f\" data-element_type=\"column\">\n\t\t\t<div class=\"elementor-widget-wrap elementor-element-populated\">\n\t\t\t\t\t\t<div class=\"elementor-element elementor-element-af319f0 elementor-align-right elementor-widget elementor-widget-button\" data-id=\"af319f0\" data-element_type=\"widget\" data-widget_type=\"button.default\">\n\t\t\t\t<div class=\"elementor-widget-container\">\n\t\t\t\t\t<div class=\"elementor-button-wrapper\">\n\t\t\t<a class=\"elementor-button elementor-button-link elementor-size-sm elementor-animation-grow\" href=\"https:\/\/echansonneriedespapes.com\/index.php\/319eme-chapitre-ban-des-vendanges-vendredi-11-septembre-2015\/\">\n\t\t\t\t\t\t<span class=\"elementor-button-content-wrapper\">\n\t\t\t\t\t\t<span class=\"elementor-button-icon\">\n\t\t\t\t<i aria-hidden=\"true\" class=\"fas fa-arrow-alt-circle-right\"><\/i>\t\t\t<\/span>\n\t\t\t\t\t\t\t\t\t<span class=\"elementor-button-text\">Chapitre suivant<\/span>\n\t\t\t\t\t<\/span>\n\t\t\t\t\t<\/a>\n\t\t<\/div>\n\t\t\t\t<\/div>\n\t\t\t\t<\/div>\n\t\t\t\t\t<\/div>\n\t\t<\/div>\n\t\t\t\t\t<\/div>\n\t\t<\/section>\n\t\t\t\t<\/div>\n\t\t","protected":false},"excerpt":{"rendered":"<p>Grand Conseil de la FleurSamedi 6 juin 2015 Domaine de BeaurenardCh\u00e2teauneuf-du-Pape Ari VATANENChampion du Monde des Rallyes et Vainqueur du Paris-Dakar Andrew SHERIDANJoueur de Rugby \u00e0 XV Anglais Audrey BAUDINATCaviste \u00e0 Domicile David BERARDJournaliste Alan BRYDENPr\u00e9sident de la F\u00e9d\u00e9ration\u00a0Internationale des Confr\u00e9ries Bachiques (FICB), Ing\u00e9nieur G\u00e9n\u00e9ral des Mines Honoraire, Membre Associ\u00e9 du Conseil G\u00e9n\u00e9ral de l&rsquo;Economie&hellip; <br \/> <a class=\"read-more\" href=\"https:\/\/echansonneriedespapes.com\/index.php\/318eme-chapitre-grand-conseil-de-la-fleur-samedi-06-juin-2015\/\">Lire la suite<\/a><\/p>\n","protected":false},"author":1,"featured_media":0,"parent":0,"menu_order":0,"comment_status":"closed","ping_status":"closed","template":"","meta":{"footnotes":""},"class_list":["post-867","page","type-page","status-publish","hentry"],"yoast_head":"<!-- This site is optimized with the Yoast SEO plugin v23.4 - https:\/\/yoast.com\/wordpress\/plugins\/seo\/ -->\n<title>318\u00e8me chapitre - \u00c9chansonnerie des Papes<\/title>\n<meta name=\"robots\" content=\"index, follow, max-snippet:-1, max-image-preview:large, max-video-preview:-1\" \/>\n<link rel=\"canonical\" href=\"https:\/\/echansonneriedespapes.com\/index.php\/318eme-chapitre-grand-conseil-de-la-fleur-samedi-06-juin-2015\/\" \/>\n<meta property=\"og:locale\" content=\"fr_FR\" \/>\n<meta property=\"og:type\" content=\"article\" \/>\n<meta property=\"og:title\" content=\"318\u00e8me chapitre - \u00c9chansonnerie des Papes\" \/>\n<meta property=\"og:description\" content=\"Grand Conseil de la FleurSamedi 6 juin 2015 Domaine de BeaurenardCh\u00e2teauneuf-du-Pape Ari VATANENChampion du Monde des Rallyes et Vainqueur du Paris-Dakar Andrew SHERIDANJoueur de Rugby \u00e0 XV Anglais Audrey BAUDINATCaviste \u00e0 Domicile David BERARDJournaliste Alan BRYDENPr\u00e9sident de la F\u00e9d\u00e9ration\u00a0Internationale des Confr\u00e9ries Bachiques (FICB), Ing\u00e9nieur G\u00e9n\u00e9ral des Mines Honoraire, Membre Associ\u00e9 du Conseil G\u00e9n\u00e9ral de l&rsquo;Economie&hellip; Lire la suite\" \/>\n<meta property=\"og:url\" content=\"https:\/\/echansonneriedespapes.com\/index.php\/318eme-chapitre-grand-conseil-de-la-fleur-samedi-06-juin-2015\/\" \/>\n<meta property=\"og:site_name\" content=\"\u00c9chansonnerie des Papes\" \/>\n<meta property=\"article:modified_time\" content=\"2020-12-08T15:02:41+00:00\" \/>\n<meta property=\"og:image\" content=\"https:\/\/echansonneriedespapes.com\/wp-content\/uploads\/2020\/06\/Fichier-1-150x150.png\" \/>\n<meta name=\"twitter:card\" content=\"summary_large_image\" \/>\n<meta name=\"twitter:label1\" content=\"Dur\u00e9e de lecture estim\u00e9e\" \/>\n\t<meta name=\"twitter:data1\" content=\"1 minute\" \/>\n<script type=\"application\/ld+json\" class=\"yoast-schema-graph\">{\"@context\":\"https:\/\/schema.org\",\"@graph\":[{\"@type\":\"WebPage\",\"@id\":\"https:\/\/echansonneriedespapes.com\/index.php\/318eme-chapitre-grand-conseil-de-la-fleur-samedi-06-juin-2015\/\",\"url\":\"https:\/\/echansonneriedespapes.com\/index.php\/318eme-chapitre-grand-conseil-de-la-fleur-samedi-06-juin-2015\/\",\"name\":\"318\u00e8me chapitre - \u00c9chansonnerie des Papes\",\"isPartOf\":{\"@id\":\"https:\/\/echansonneriedespapes.com\/#website\"},\"primaryImageOfPage\":{\"@id\":\"https:\/\/echansonneriedespapes.com\/index.php\/318eme-chapitre-grand-conseil-de-la-fleur-samedi-06-juin-2015\/#primaryimage\"},\"image\":{\"@id\":\"https:\/\/echansonneriedespapes.com\/index.php\/318eme-chapitre-grand-conseil-de-la-fleur-samedi-06-juin-2015\/#primaryimage\"},\"thumbnailUrl\":\"https:\/\/echansonneriedespapes.com\/wp-content\/uploads\/2020\/06\/Fichier-1-150x150.png\",\"datePublished\":\"2020-12-03T13:07:06+00:00\",\"dateModified\":\"2020-12-08T15:02:41+00:00\",\"breadcrumb\":{\"@id\":\"https:\/\/echansonneriedespapes.com\/index.php\/318eme-chapitre-grand-conseil-de-la-fleur-samedi-06-juin-2015\/#breadcrumb\"},\"inLanguage\":\"fr-FR\",\"potentialAction\":[{\"@type\":\"ReadAction\",\"target\":[\"https:\/\/echansonneriedespapes.com\/index.php\/318eme-chapitre-grand-conseil-de-la-fleur-samedi-06-juin-2015\/\"]}]},{\"@type\":\"ImageObject\",\"inLanguage\":\"fr-FR\",\"@id\":\"https:\/\/echansonneriedespapes.com\/index.php\/318eme-chapitre-grand-conseil-de-la-fleur-samedi-06-juin-2015\/#primaryimage\",\"url\":\"https:\/\/echansonneriedespapes.com\/wp-content\/uploads\/2020\/06\/Fichier-1.png\",\"contentUrl\":\"https:\/\/echansonneriedespapes.com\/wp-content\/uploads\/2020\/06\/Fichier-1.png\",\"width\":350,\"height\":182},{\"@type\":\"BreadcrumbList\",\"@id\":\"https:\/\/echansonneriedespapes.com\/index.php\/318eme-chapitre-grand-conseil-de-la-fleur-samedi-06-juin-2015\/#breadcrumb\",\"itemListElement\":[{\"@type\":\"ListItem\",\"position\":1,\"name\":\"Accueil\",\"item\":\"https:\/\/echansonneriedespapes.com\/\"},{\"@type\":\"ListItem\",\"position\":2,\"name\":\"318\u00e8me chapitre\"}]},{\"@type\":\"WebSite\",\"@id\":\"https:\/\/echansonneriedespapes.com\/#website\",\"url\":\"https:\/\/echansonneriedespapes.com\/\",\"name\":\"\u00c9chansonnerie des Papes\",\"description\":\"La Confr\u00e9rie Bachique de Ch\u00e2teauneuf-du-Pape\",\"publisher\":{\"@id\":\"https:\/\/echansonneriedespapes.com\/#organization\"},\"potentialAction\":[{\"@type\":\"SearchAction\",\"target\":{\"@type\":\"EntryPoint\",\"urlTemplate\":\"https:\/\/echansonneriedespapes.com\/?s={search_term_string}\"},\"query-input\":{\"@type\":\"PropertyValueSpecification\",\"valueRequired\":true,\"valueName\":\"search_term_string\"}}],\"inLanguage\":\"fr-FR\"},{\"@type\":\"Organization\",\"@id\":\"https:\/\/echansonneriedespapes.com\/#organization\",\"name\":\"\u00c9chansonnerie des Papes\",\"url\":\"https:\/\/echansonneriedespapes.com\/\",\"logo\":{\"@type\":\"ImageObject\",\"inLanguage\":\"fr-FR\",\"@id\":\"https:\/\/echansonneriedespapes.com\/#\/schema\/logo\/image\/\",\"url\":\"https:\/\/echansonneriedespapes.com\/wp-content\/uploads\/2018\/08\/cropped-logo-echansonnerie-sans-fond-4.png\",\"contentUrl\":\"https:\/\/echansonneriedespapes.com\/wp-content\/uploads\/2018\/08\/cropped-logo-echansonnerie-sans-fond-4.png\",\"width\":508,\"height\":608,\"caption\":\"\u00c9chansonnerie des Papes\"},\"image\":{\"@id\":\"https:\/\/echansonneriedespapes.com\/#\/schema\/logo\/image\/\"}}]}<\/script>\n<!-- \/ Yoast SEO plugin. -->","yoast_head_json":{"title":"318\u00e8me chapitre - \u00c9chansonnerie des Papes","robots":{"index":"index","follow":"follow","max-snippet":"max-snippet:-1","max-image-preview":"max-image-preview:large","max-video-preview":"max-video-preview:-1"},"canonical":"https:\/\/echansonneriedespapes.com\/index.php\/318eme-chapitre-grand-conseil-de-la-fleur-samedi-06-juin-2015\/","og_locale":"fr_FR","og_type":"article","og_title":"318\u00e8me chapitre - \u00c9chansonnerie des Papes","og_description":"Grand Conseil de la FleurSamedi 6 juin 2015 Domaine de BeaurenardCh\u00e2teauneuf-du-Pape Ari VATANENChampion du Monde des Rallyes et Vainqueur du Paris-Dakar Andrew SHERIDANJoueur de Rugby \u00e0 XV Anglais Audrey BAUDINATCaviste \u00e0 Domicile David BERARDJournaliste Alan BRYDENPr\u00e9sident de la F\u00e9d\u00e9ration\u00a0Internationale des Confr\u00e9ries Bachiques (FICB), Ing\u00e9nieur G\u00e9n\u00e9ral des Mines Honoraire, Membre Associ\u00e9 du Conseil G\u00e9n\u00e9ral de l&rsquo;Economie&hellip; Lire la suite","og_url":"https:\/\/echansonneriedespapes.com\/index.php\/318eme-chapitre-grand-conseil-de-la-fleur-samedi-06-juin-2015\/","og_site_name":"\u00c9chansonnerie des Papes","article_modified_time":"2020-12-08T15:02:41+00:00","og_image":[{"url":"https:\/\/echansonneriedespapes.com\/wp-content\/uploads\/2020\/06\/Fichier-1-150x150.png"}],"twitter_card":"summary_large_image","twitter_misc":{"Dur\u00e9e de lecture estim\u00e9e":"1 minute"},"schema":{"@context":"https:\/\/schema.org","@graph":[{"@type":"WebPage","@id":"https:\/\/echansonneriedespapes.com\/index.php\/318eme-chapitre-grand-conseil-de-la-fleur-samedi-06-juin-2015\/","url":"https:\/\/echansonneriedespapes.com\/index.php\/318eme-chapitre-grand-conseil-de-la-fleur-samedi-06-juin-2015\/","name":"318\u00e8me chapitre - \u00c9chansonnerie des Papes","isPartOf":{"@id":"https:\/\/echansonneriedespapes.com\/#website"},"primaryImageOfPage":{"@id":"https:\/\/echansonneriedespapes.com\/index.php\/318eme-chapitre-grand-conseil-de-la-fleur-samedi-06-juin-2015\/#primaryimage"},"image":{"@id":"https:\/\/echansonneriedespapes.com\/index.php\/318eme-chapitre-grand-conseil-de-la-fleur-samedi-06-juin-2015\/#primaryimage"},"thumbnailUrl":"https:\/\/echansonneriedespapes.com\/wp-content\/uploads\/2020\/06\/Fichier-1-150x150.png","datePublished":"2020-12-03T13:07:06+00:00","dateModified":"2020-12-08T15:02:41+00:00","breadcrumb":{"@id":"https:\/\/echansonneriedespapes.com\/index.php\/318eme-chapitre-grand-conseil-de-la-fleur-samedi-06-juin-2015\/#breadcrumb"},"inLanguage":"fr-FR","potentialAction":[{"@type":"ReadAction","target":["https:\/\/echansonneriedespapes.com\/index.php\/318eme-chapitre-grand-conseil-de-la-fleur-samedi-06-juin-2015\/"]}]},{"@type":"ImageObject","inLanguage":"fr-FR","@id":"https:\/\/echansonneriedespapes.com\/index.php\/318eme-chapitre-grand-conseil-de-la-fleur-samedi-06-juin-2015\/#primaryimage","url":"https:\/\/echansonneriedespapes.com\/wp-content\/uploads\/2020\/06\/Fichier-1.png","contentUrl":"https:\/\/echansonneriedespapes.com\/wp-content\/uploads\/2020\/06\/Fichier-1.png","width":350,"height":182},{"@type":"BreadcrumbList","@id":"https:\/\/echansonneriedespapes.com\/index.php\/318eme-chapitre-grand-conseil-de-la-fleur-samedi-06-juin-2015\/#breadcrumb","itemListElement":[{"@type":"ListItem","position":1,"name":"Accueil","item":"https:\/\/echansonneriedespapes.com\/"},{"@type":"ListItem","position":2,"name":"318\u00e8me chapitre"}]},{"@type":"WebSite","@id":"https:\/\/echansonneriedespapes.com\/#website","url":"https:\/\/echansonneriedespapes.com\/","name":"\u00c9chansonnerie des Papes","description":"La Confr\u00e9rie Bachique de Ch\u00e2teauneuf-du-Pape","publisher":{"@id":"https:\/\/echansonneriedespapes.com\/#organization"},"potentialAction":[{"@type":"SearchAction","target":{"@type":"EntryPoint","urlTemplate":"https:\/\/echansonneriedespapes.com\/?s={search_term_string}"},"query-input":{"@type":"PropertyValueSpecification","valueRequired":true,"valueName":"search_term_string"}}],"inLanguage":"fr-FR"},{"@type":"Organization","@id":"https:\/\/echansonneriedespapes.com\/#organization","name":"\u00c9chansonnerie des Papes","url":"https:\/\/echansonneriedespapes.com\/","logo":{"@type":"ImageObject","inLanguage":"fr-FR","@id":"https:\/\/echansonneriedespapes.com\/#\/schema\/logo\/image\/","url":"https:\/\/echansonneriedespapes.com\/wp-content\/uploads\/2018\/08\/cropped-logo-echansonnerie-sans-fond-4.png","contentUrl":"https:\/\/echansonneriedespapes.com\/wp-content\/uploads\/2018\/08\/cropped-logo-echansonnerie-sans-fond-4.png","width":508,"height":608,"caption":"\u00c9chansonnerie des Papes"},"image":{"@id":"https:\/\/echansonneriedespapes.com\/#\/schema\/logo\/image\/"}}]}},"jetpack_sharing_enabled":true,"_links":{"self":[{"href":"https:\/\/echansonneriedespapes.com\/index.php\/wp-json\/wp\/v2\/pages\/867"}],"collection":[{"href":"https:\/\/echansonneriedespapes.com\/index.php\/wp-json\/wp\/v2\/pages"}],"about":[{"href":"https:\/\/echansonneriedespapes.com\/index.php\/wp-json\/wp\/v2\/types\/page"}],"author":[{"embeddable":true,"href":"https:\/\/echansonneriedespapes.com\/index.php\/wp-json\/wp\/v2\/users\/1"}],"replies":[{"embeddable":true,"href":"https:\/\/echansonneriedespapes.com\/index.php\/wp-json\/wp\/v2\/comments?post=867"}],"version-history":[{"count":4,"href":"https:\/\/echansonneriedespapes.com\/index.php\/wp-json\/wp\/v2\/pages\/867\/revisions"}],"predecessor-version":[{"id":1198,"href":"https:\/\/echansonneriedespapes.com\/index.php\/wp-json\/wp\/v2\/pages\/867\/revisions\/1198"}],"wp:attachment":[{"href":"https:\/\/echansonneriedespapes.com\/index.php\/wp-json\/wp\/v2\/media?parent=867"}],"curies":[{"name":"wp","href":"https:\/\/api.w.org\/{rel}","templated":true}]}}