{"id":858,"date":"2020-12-03T14:05:30","date_gmt":"2020-12-03T13:05:30","guid":{"rendered":"https:\/\/echansonneriedespapes.com\/?page_id=858"},"modified":"2020-12-08T16:38:34","modified_gmt":"2020-12-08T15:38:34","slug":"321eme-chapitre-finale-des-championnats-du-monde-de-degustation-de-la-revue-du-vin-de-france-samedi-17-octobre-2015","status":"publish","type":"page","link":"https:\/\/echansonneriedespapes.com\/index.php\/321eme-chapitre-finale-des-championnats-du-monde-de-degustation-de-la-revue-du-vin-de-france-samedi-17-octobre-2015\/","title":{"rendered":"321\u00e8me chapitre"},"content":{"rendered":"\t\t<div data-elementor-type=\"wp-page\" data-elementor-id=\"858\" class=\"elementor elementor-858\">\n\t\t\t\t\t\t<section class=\"elementor-section elementor-top-section elementor-element elementor-element-2bdc84b5 elementor-section-boxed elementor-section-height-default elementor-section-height-default\" data-id=\"2bdc84b5\" data-element_type=\"section\">\n\t\t\t\t\t\t<div class=\"elementor-container elementor-column-gap-default\">\n\t\t\t\t\t<div class=\"elementor-column elementor-col-100 elementor-top-column elementor-element elementor-element-75d3d4c9\" data-id=\"75d3d4c9\" data-element_type=\"column\">\n\t\t\t<div class=\"elementor-widget-wrap elementor-element-populated\">\n\t\t\t\t\t\t<div class=\"elementor-element elementor-element-54e51a48 elementor-widget elementor-widget-heading\" data-id=\"54e51a48\" data-element_type=\"widget\" data-widget_type=\"heading.default\">\n\t\t\t\t<div class=\"elementor-widget-container\">\n\t\t\t<h2 class=\"elementor-heading-title elementor-size-large\">Finale des championnats du monde de d\u00e9gustation de la Revue du Vin de France<br><font size=\"6\"><I>Samedi 17 octobre 2015<\/i><\/font><\/h2>\t\t<\/div>\n\t\t\t\t<\/div>\n\t\t\t\t<div class=\"elementor-element elementor-element-28743bec elementor-widget elementor-widget-heading\" data-id=\"28743bec\" data-element_type=\"widget\" data-widget_type=\"heading.default\">\n\t\t\t\t<div class=\"elementor-widget-container\">\n\t\t\t<h2 class=\"elementor-heading-title elementor-size-large\">Maison Ogier<br>Ch\u00e2teauneuf-du-Pape<\/h2>\t\t<\/div>\n\t\t\t\t<\/div>\n\t\t\t\t<div class=\"elementor-element elementor-element-653b012f elementor-widget elementor-widget-image\" data-id=\"653b012f\" data-element_type=\"widget\" data-widget_type=\"image.default\">\n\t\t\t\t<div class=\"elementor-widget-container\">\n\t\t\t\t\t\t\t\t\t\t\t\t\t<img decoding=\"async\" width=\"150\" height=\"150\" src=\"https:\/\/echansonneriedespapes.com\/wp-content\/uploads\/2020\/06\/Fichier-1-150x150.png\" class=\"attachment-thumbnail size-thumbnail wp-image-415\" alt=\"\" \/>\t\t\t\t\t\t\t\t\t\t\t\t\t<\/div>\n\t\t\t\t<\/div>\n\t\t\t\t<div class=\"elementor-element elementor-element-46d58062 elementor-widget elementor-widget-spacer\" data-id=\"46d58062\" data-element_type=\"widget\" data-widget_type=\"spacer.default\">\n\t\t\t\t<div class=\"elementor-widget-container\">\n\t\t\t\t\t<div class=\"elementor-spacer\">\n\t\t\t<div class=\"elementor-spacer-inner\"><\/div>\n\t\t<\/div>\n\t\t\t\t<\/div>\n\t\t\t\t<\/div>\n\t\t\t\t\t<\/div>\n\t\t<\/div>\n\t\t\t\t\t<\/div>\n\t\t<\/section>\n\t\t\t\t<section class=\"elementor-section elementor-top-section elementor-element elementor-element-4b435e81 elementor-section-boxed elementor-section-height-default elementor-section-height-default\" data-id=\"4b435e81\" data-element_type=\"section\">\n\t\t\t\t\t\t<div class=\"elementor-container elementor-column-gap-default\">\n\t\t\t\t\t<div class=\"elementor-column elementor-col-100 elementor-top-column elementor-element elementor-element-b0b2633\" data-id=\"b0b2633\" data-element_type=\"column\">\n\t\t\t<div class=\"elementor-widget-wrap elementor-element-populated\">\n\t\t\t\t\t\t<div class=\"elementor-element elementor-element-45e9cc3d elementor-widget elementor-widget-image\" data-id=\"45e9cc3d\" data-element_type=\"widget\" data-widget_type=\"image.default\">\n\t\t\t\t<div class=\"elementor-widget-container\">\n\t\t\t\t\t\t\t\t\t\t\t\t\t<img fetchpriority=\"high\" decoding=\"async\" width=\"1024\" height=\"681\" src=\"https:\/\/echansonneriedespapes.com\/wp-content\/uploads\/2020\/12\/321-Finale-championnat-de-d\u00e9gustation-Revue-du-Vin-de-France-1024x681.jpg\" class=\"attachment-large size-large wp-image-1152\" alt=\"\" srcset=\"https:\/\/echansonneriedespapes.com\/wp-content\/uploads\/2020\/12\/321-Finale-championnat-de-d\u00e9gustation-Revue-du-Vin-de-France-1024x681.jpg 1024w, https:\/\/echansonneriedespapes.com\/wp-content\/uploads\/2020\/12\/321-Finale-championnat-de-d\u00e9gustation-Revue-du-Vin-de-France-300x199.jpg 300w, https:\/\/echansonneriedespapes.com\/wp-content\/uploads\/2020\/12\/321-Finale-championnat-de-d\u00e9gustation-Revue-du-Vin-de-France-768x511.jpg 768w, https:\/\/echansonneriedespapes.com\/wp-content\/uploads\/2020\/12\/321-Finale-championnat-de-d\u00e9gustation-Revue-du-Vin-de-France-1536x1021.jpg 1536w, https:\/\/echansonneriedespapes.com\/wp-content\/uploads\/2020\/12\/321-Finale-championnat-de-d\u00e9gustation-Revue-du-Vin-de-France-2048x1362.jpg 2048w, https:\/\/echansonneriedespapes.com\/wp-content\/uploads\/2020\/12\/321-Finale-championnat-de-d\u00e9gustation-Revue-du-Vin-de-France-1624x1080.jpg 1624w\" sizes=\"(max-width: 1024px) 100vw, 1024px\" \/>\t\t\t\t\t\t\t\t\t\t\t\t\t<\/div>\n\t\t\t\t<\/div>\n\t\t\t\t<div class=\"elementor-element elementor-element-4c6e7e23 elementor-widget elementor-widget-text-editor\" data-id=\"4c6e7e23\" data-element_type=\"widget\" data-widget_type=\"text-editor.default\">\n\t\t\t\t<div class=\"elementor-widget-container\">\n\t\t\t\t\t\t\t<p style=\"text-align: center;\"><span style=\"color: #000000;\">Philippe de CANTENAC<br><\/span><em><span style=\"color: #000000;\">Journaliste et Organisateur des Championnats du Monde de D\u00e9gustation de la Revue du Vin de France<\/span><\/em><\/p>\n<p style=\"text-align: center;\"><span style=\"color: #000000;\">Denis SAVEROT<br><em>Directeur de la R\u00e9daction de la Revue du Vin de France<\/em><\/span><\/p>\n<p style=\"text-align: center;\"><span style=\"color: #000000;\">Jos\u00e9 ARAGUNDE<br><em>Vainqueur du Championnat du Monde de D\u00e9gustation de la Revue du Vin de France par \u00c9quipe<\/em><br><\/span><\/p>\n<p style=\"text-align: center;\"><span style=\"color: #000000;\">Philippe CESCO<br><\/span><em><span style=\"color: #000000;\">Vainqueur du Championnat du Monde de D\u00e9gustation de la Revue du Vin de France par \u00c9quipe<\/span><\/em><\/p>\n<p style=\"text-align: center;\"><span style=\"color: #000000;\">Elogio POMARES<br><em>Vainqueur du Championnat du Monde de D\u00e9gustation de la Revue du Vin de France par \u00c9quipe<\/em><br><\/span><\/p>\n<p style=\"text-align: center;\"><span style=\"color: #000000;\">Roberto SANTANA<br><\/span><em><span style=\"color: #000000;\">Vainqueur du Championnat du Monde de D\u00e9gustation de la Revue du Vin de France par \u00c9quipe<\/span><\/em><\/p>\n<p style=\"text-align: center;\"><span style=\"color: #000000;\">Alfonso TORENTE<br><em>Vainqueur du Championnat du Monde de D\u00e9gustation de la Revue du Vin de France par \u00c9quipe<\/em><br><\/span><\/p>\t\t\t\t\t\t<\/div>\n\t\t\t\t<\/div>\n\t\t\t\t<div class=\"elementor-element elementor-element-37a014d elementor-widget elementor-widget-spacer\" data-id=\"37a014d\" data-element_type=\"widget\" data-widget_type=\"spacer.default\">\n\t\t\t\t<div class=\"elementor-widget-container\">\n\t\t\t\t\t<div class=\"elementor-spacer\">\n\t\t\t<div class=\"elementor-spacer-inner\"><\/div>\n\t\t<\/div>\n\t\t\t\t<\/div>\n\t\t\t\t<\/div>\n\t\t\t\t<div class=\"elementor-element elementor-element-3956d651 elementor-widget elementor-widget-text-editor\" data-id=\"3956d651\" data-element_type=\"widget\" data-widget_type=\"text-editor.default\">\n\t\t\t\t<div class=\"elementor-widget-container\">\n\t\t\t\t\t\t\t<p style=\"text-align: right;\"><em>Cr\u00e9dit photos : Echansonnerie des Papes<\/em><\/p>\t\t\t\t\t\t<\/div>\n\t\t\t\t<\/div>\n\t\t\t\t\t<\/div>\n\t\t<\/div>\n\t\t\t\t\t<\/div>\n\t\t<\/section>\n\t\t\t\t<section class=\"elementor-section elementor-top-section elementor-element elementor-element-744ca24e elementor-section-full_width elementor-section-height-min-height elementor-section-content-middle elementor-section-height-default elementor-section-items-middle\" data-id=\"744ca24e\" data-element_type=\"section\" data-settings=\"{&quot;background_background&quot;:&quot;classic&quot;}\">\n\t\t\t\t\t\t<div class=\"elementor-container elementor-column-gap-no\">\n\t\t\t\t\t<div class=\"elementor-column elementor-col-100 elementor-top-column elementor-element elementor-element-431a7104\" data-id=\"431a7104\" data-element_type=\"column\">\n\t\t\t<div class=\"elementor-widget-wrap\">\n\t\t\t\t\t\t\t<\/div>\n\t\t<\/div>\n\t\t\t\t\t<\/div>\n\t\t<\/section>\n\t\t\t\t<section class=\"elementor-section elementor-top-section elementor-element elementor-element-24ff4042 elementor-section-boxed elementor-section-height-default elementor-section-height-default\" data-id=\"24ff4042\" data-element_type=\"section\">\n\t\t\t\t\t\t<div class=\"elementor-container elementor-column-gap-default\">\n\t\t\t\t\t<div class=\"elementor-column elementor-col-33 elementor-top-column elementor-element elementor-element-3d6083e6\" data-id=\"3d6083e6\" data-element_type=\"column\">\n\t\t\t<div class=\"elementor-widget-wrap elementor-element-populated\">\n\t\t\t\t\t\t<div class=\"elementor-element elementor-element-4afb6428 elementor-align-left elementor-widget elementor-widget-button\" data-id=\"4afb6428\" data-element_type=\"widget\" data-widget_type=\"button.default\">\n\t\t\t\t<div class=\"elementor-widget-container\">\n\t\t\t\t\t<div class=\"elementor-button-wrapper\">\n\t\t\t<a class=\"elementor-button elementor-button-link elementor-size-sm elementor-animation-grow\" href=\"https:\/\/echansonneriedespapes.com\/index.php\/320eme-chapitre-the-boston-consulting-group-samedi-19-septembre-2015\/\">\n\t\t\t\t\t\t<span class=\"elementor-button-content-wrapper\">\n\t\t\t\t\t\t<span class=\"elementor-button-icon\">\n\t\t\t\t<i aria-hidden=\"true\" class=\"fas fa-arrow-alt-circle-left\"><\/i>\t\t\t<\/span>\n\t\t\t\t\t\t\t\t\t<span class=\"elementor-button-text\">Chapitre pr\u00e9c\u00e9dent<\/span>\n\t\t\t\t\t<\/span>\n\t\t\t\t\t<\/a>\n\t\t<\/div>\n\t\t\t\t<\/div>\n\t\t\t\t<\/div>\n\t\t\t\t\t<\/div>\n\t\t<\/div>\n\t\t\t\t<div class=\"elementor-column elementor-col-33 elementor-top-column elementor-element elementor-element-64681670\" data-id=\"64681670\" data-element_type=\"column\">\n\t\t\t<div class=\"elementor-widget-wrap\">\n\t\t\t\t\t\t\t<\/div>\n\t\t<\/div>\n\t\t\t\t<div class=\"elementor-column elementor-col-33 elementor-top-column elementor-element elementor-element-6cb8d876\" data-id=\"6cb8d876\" data-element_type=\"column\">\n\t\t\t<div class=\"elementor-widget-wrap elementor-element-populated\">\n\t\t\t\t\t\t<div class=\"elementor-element elementor-element-13da2391 elementor-align-right elementor-widget elementor-widget-button\" data-id=\"13da2391\" data-element_type=\"widget\" data-widget_type=\"button.default\">\n\t\t\t\t<div class=\"elementor-widget-container\">\n\t\t\t\t\t<div class=\"elementor-button-wrapper\">\n\t\t\t<a class=\"elementor-button elementor-button-link elementor-size-sm elementor-animation-grow\" href=\"https:\/\/echansonneriedespapes.com\/index.php\/322eme-chapitre-confrerie-als-templeres-de-la-serra-vins-de-banuyls-samedi-05-decembre-2015\/\">\n\t\t\t\t\t\t<span class=\"elementor-button-content-wrapper\">\n\t\t\t\t\t\t<span class=\"elementor-button-icon\">\n\t\t\t\t<i aria-hidden=\"true\" class=\"fas fa-arrow-alt-circle-right\"><\/i>\t\t\t<\/span>\n\t\t\t\t\t\t\t\t\t<span class=\"elementor-button-text\">Chapitre suivant<\/span>\n\t\t\t\t\t<\/span>\n\t\t\t\t\t<\/a>\n\t\t<\/div>\n\t\t\t\t<\/div>\n\t\t\t\t<\/div>\n\t\t\t\t\t<\/div>\n\t\t<\/div>\n\t\t\t\t\t<\/div>\n\t\t<\/section>\n\t\t\t\t<\/div>\n\t\t","protected":false},"excerpt":{"rendered":"<p>Finale des championnats du monde de d\u00e9gustation de la Revue du Vin de FranceSamedi 17 octobre 2015 Maison OgierCh\u00e2teauneuf-du-Pape Philippe de CANTENACJournaliste et Organisateur des Championnats du Monde de D\u00e9gustation de la Revue du Vin de France Denis SAVEROTDirecteur de la R\u00e9daction de la Revue du Vin de France Jos\u00e9 ARAGUNDEVainqueur du Championnat du Monde&hellip; <br \/> <a class=\"read-more\" href=\"https:\/\/echansonneriedespapes.com\/index.php\/321eme-chapitre-finale-des-championnats-du-monde-de-degustation-de-la-revue-du-vin-de-france-samedi-17-octobre-2015\/\">Lire la suite<\/a><\/p>\n","protected":false},"author":1,"featured_media":0,"parent":0,"menu_order":0,"comment_status":"closed","ping_status":"closed","template":"","meta":{"footnotes":""},"class_list":["post-858","page","type-page","status-publish","hentry"],"yoast_head":"<!-- This site is optimized with the Yoast SEO plugin v23.4 - https:\/\/yoast.com\/wordpress\/plugins\/seo\/ -->\n<title>321\u00e8me chapitre - \u00c9chansonnerie des Papes<\/title>\n<meta name=\"robots\" content=\"index, follow, max-snippet:-1, max-image-preview:large, max-video-preview:-1\" \/>\n<link rel=\"canonical\" href=\"https:\/\/echansonneriedespapes.com\/index.php\/321eme-chapitre-finale-des-championnats-du-monde-de-degustation-de-la-revue-du-vin-de-france-samedi-17-octobre-2015\/\" \/>\n<meta property=\"og:locale\" content=\"fr_FR\" \/>\n<meta property=\"og:type\" content=\"article\" \/>\n<meta property=\"og:title\" content=\"321\u00e8me chapitre - \u00c9chansonnerie des Papes\" \/>\n<meta property=\"og:description\" content=\"Finale des championnats du monde de d\u00e9gustation de la Revue du Vin de FranceSamedi 17 octobre 2015 Maison OgierCh\u00e2teauneuf-du-Pape Philippe de CANTENACJournaliste et Organisateur des Championnats du Monde de D\u00e9gustation de la Revue du Vin de France Denis SAVEROTDirecteur de la R\u00e9daction de la Revue du Vin de France Jos\u00e9 ARAGUNDEVainqueur du Championnat du Monde&hellip; Lire la suite\" \/>\n<meta property=\"og:url\" content=\"https:\/\/echansonneriedespapes.com\/index.php\/321eme-chapitre-finale-des-championnats-du-monde-de-degustation-de-la-revue-du-vin-de-france-samedi-17-octobre-2015\/\" \/>\n<meta property=\"og:site_name\" content=\"\u00c9chansonnerie des Papes\" \/>\n<meta property=\"article:modified_time\" content=\"2020-12-08T15:38:34+00:00\" \/>\n<meta property=\"og:image\" content=\"https:\/\/echansonneriedespapes.com\/wp-content\/uploads\/2020\/06\/Fichier-1-150x150.png\" \/>\n<meta name=\"twitter:card\" content=\"summary_large_image\" \/>\n<meta name=\"twitter:label1\" content=\"Dur\u00e9e de lecture estim\u00e9e\" \/>\n\t<meta name=\"twitter:data1\" content=\"1 minute\" \/>\n<script type=\"application\/ld+json\" class=\"yoast-schema-graph\">{\"@context\":\"https:\/\/schema.org\",\"@graph\":[{\"@type\":\"WebPage\",\"@id\":\"https:\/\/echansonneriedespapes.com\/index.php\/321eme-chapitre-finale-des-championnats-du-monde-de-degustation-de-la-revue-du-vin-de-france-samedi-17-octobre-2015\/\",\"url\":\"https:\/\/echansonneriedespapes.com\/index.php\/321eme-chapitre-finale-des-championnats-du-monde-de-degustation-de-la-revue-du-vin-de-france-samedi-17-octobre-2015\/\",\"name\":\"321\u00e8me chapitre - \u00c9chansonnerie des Papes\",\"isPartOf\":{\"@id\":\"https:\/\/echansonneriedespapes.com\/#website\"},\"primaryImageOfPage\":{\"@id\":\"https:\/\/echansonneriedespapes.com\/index.php\/321eme-chapitre-finale-des-championnats-du-monde-de-degustation-de-la-revue-du-vin-de-france-samedi-17-octobre-2015\/#primaryimage\"},\"image\":{\"@id\":\"https:\/\/echansonneriedespapes.com\/index.php\/321eme-chapitre-finale-des-championnats-du-monde-de-degustation-de-la-revue-du-vin-de-france-samedi-17-octobre-2015\/#primaryimage\"},\"thumbnailUrl\":\"https:\/\/echansonneriedespapes.com\/wp-content\/uploads\/2020\/06\/Fichier-1-150x150.png\",\"datePublished\":\"2020-12-03T13:05:30+00:00\",\"dateModified\":\"2020-12-08T15:38:34+00:00\",\"breadcrumb\":{\"@id\":\"https:\/\/echansonneriedespapes.com\/index.php\/321eme-chapitre-finale-des-championnats-du-monde-de-degustation-de-la-revue-du-vin-de-france-samedi-17-octobre-2015\/#breadcrumb\"},\"inLanguage\":\"fr-FR\",\"potentialAction\":[{\"@type\":\"ReadAction\",\"target\":[\"https:\/\/echansonneriedespapes.com\/index.php\/321eme-chapitre-finale-des-championnats-du-monde-de-degustation-de-la-revue-du-vin-de-france-samedi-17-octobre-2015\/\"]}]},{\"@type\":\"ImageObject\",\"inLanguage\":\"fr-FR\",\"@id\":\"https:\/\/echansonneriedespapes.com\/index.php\/321eme-chapitre-finale-des-championnats-du-monde-de-degustation-de-la-revue-du-vin-de-france-samedi-17-octobre-2015\/#primaryimage\",\"url\":\"https:\/\/echansonneriedespapes.com\/wp-content\/uploads\/2020\/06\/Fichier-1.png\",\"contentUrl\":\"https:\/\/echansonneriedespapes.com\/wp-content\/uploads\/2020\/06\/Fichier-1.png\",\"width\":350,\"height\":182},{\"@type\":\"BreadcrumbList\",\"@id\":\"https:\/\/echansonneriedespapes.com\/index.php\/321eme-chapitre-finale-des-championnats-du-monde-de-degustation-de-la-revue-du-vin-de-france-samedi-17-octobre-2015\/#breadcrumb\",\"itemListElement\":[{\"@type\":\"ListItem\",\"position\":1,\"name\":\"Accueil\",\"item\":\"https:\/\/echansonneriedespapes.com\/\"},{\"@type\":\"ListItem\",\"position\":2,\"name\":\"321\u00e8me chapitre\"}]},{\"@type\":\"WebSite\",\"@id\":\"https:\/\/echansonneriedespapes.com\/#website\",\"url\":\"https:\/\/echansonneriedespapes.com\/\",\"name\":\"\u00c9chansonnerie des Papes\",\"description\":\"La Confr\u00e9rie Bachique de Ch\u00e2teauneuf-du-Pape\",\"publisher\":{\"@id\":\"https:\/\/echansonneriedespapes.com\/#organization\"},\"potentialAction\":[{\"@type\":\"SearchAction\",\"target\":{\"@type\":\"EntryPoint\",\"urlTemplate\":\"https:\/\/echansonneriedespapes.com\/?s={search_term_string}\"},\"query-input\":{\"@type\":\"PropertyValueSpecification\",\"valueRequired\":true,\"valueName\":\"search_term_string\"}}],\"inLanguage\":\"fr-FR\"},{\"@type\":\"Organization\",\"@id\":\"https:\/\/echansonneriedespapes.com\/#organization\",\"name\":\"\u00c9chansonnerie des Papes\",\"url\":\"https:\/\/echansonneriedespapes.com\/\",\"logo\":{\"@type\":\"ImageObject\",\"inLanguage\":\"fr-FR\",\"@id\":\"https:\/\/echansonneriedespapes.com\/#\/schema\/logo\/image\/\",\"url\":\"https:\/\/echansonneriedespapes.com\/wp-content\/uploads\/2018\/08\/cropped-logo-echansonnerie-sans-fond-4.png\",\"contentUrl\":\"https:\/\/echansonneriedespapes.com\/wp-content\/uploads\/2018\/08\/cropped-logo-echansonnerie-sans-fond-4.png\",\"width\":508,\"height\":608,\"caption\":\"\u00c9chansonnerie des Papes\"},\"image\":{\"@id\":\"https:\/\/echansonneriedespapes.com\/#\/schema\/logo\/image\/\"}}]}<\/script>\n<!-- \/ Yoast SEO plugin. -->","yoast_head_json":{"title":"321\u00e8me chapitre - \u00c9chansonnerie des Papes","robots":{"index":"index","follow":"follow","max-snippet":"max-snippet:-1","max-image-preview":"max-image-preview:large","max-video-preview":"max-video-preview:-1"},"canonical":"https:\/\/echansonneriedespapes.com\/index.php\/321eme-chapitre-finale-des-championnats-du-monde-de-degustation-de-la-revue-du-vin-de-france-samedi-17-octobre-2015\/","og_locale":"fr_FR","og_type":"article","og_title":"321\u00e8me chapitre - \u00c9chansonnerie des Papes","og_description":"Finale des championnats du monde de d\u00e9gustation de la Revue du Vin de FranceSamedi 17 octobre 2015 Maison OgierCh\u00e2teauneuf-du-Pape Philippe de CANTENACJournaliste et Organisateur des Championnats du Monde de D\u00e9gustation de la Revue du Vin de France Denis SAVEROTDirecteur de la R\u00e9daction de la Revue du Vin de France Jos\u00e9 ARAGUNDEVainqueur du Championnat du Monde&hellip; Lire la suite","og_url":"https:\/\/echansonneriedespapes.com\/index.php\/321eme-chapitre-finale-des-championnats-du-monde-de-degustation-de-la-revue-du-vin-de-france-samedi-17-octobre-2015\/","og_site_name":"\u00c9chansonnerie des Papes","article_modified_time":"2020-12-08T15:38:34+00:00","og_image":[{"url":"https:\/\/echansonneriedespapes.com\/wp-content\/uploads\/2020\/06\/Fichier-1-150x150.png"}],"twitter_card":"summary_large_image","twitter_misc":{"Dur\u00e9e de lecture estim\u00e9e":"1 minute"},"schema":{"@context":"https:\/\/schema.org","@graph":[{"@type":"WebPage","@id":"https:\/\/echansonneriedespapes.com\/index.php\/321eme-chapitre-finale-des-championnats-du-monde-de-degustation-de-la-revue-du-vin-de-france-samedi-17-octobre-2015\/","url":"https:\/\/echansonneriedespapes.com\/index.php\/321eme-chapitre-finale-des-championnats-du-monde-de-degustation-de-la-revue-du-vin-de-france-samedi-17-octobre-2015\/","name":"321\u00e8me chapitre - \u00c9chansonnerie des Papes","isPartOf":{"@id":"https:\/\/echansonneriedespapes.com\/#website"},"primaryImageOfPage":{"@id":"https:\/\/echansonneriedespapes.com\/index.php\/321eme-chapitre-finale-des-championnats-du-monde-de-degustation-de-la-revue-du-vin-de-france-samedi-17-octobre-2015\/#primaryimage"},"image":{"@id":"https:\/\/echansonneriedespapes.com\/index.php\/321eme-chapitre-finale-des-championnats-du-monde-de-degustation-de-la-revue-du-vin-de-france-samedi-17-octobre-2015\/#primaryimage"},"thumbnailUrl":"https:\/\/echansonneriedespapes.com\/wp-content\/uploads\/2020\/06\/Fichier-1-150x150.png","datePublished":"2020-12-03T13:05:30+00:00","dateModified":"2020-12-08T15:38:34+00:00","breadcrumb":{"@id":"https:\/\/echansonneriedespapes.com\/index.php\/321eme-chapitre-finale-des-championnats-du-monde-de-degustation-de-la-revue-du-vin-de-france-samedi-17-octobre-2015\/#breadcrumb"},"inLanguage":"fr-FR","potentialAction":[{"@type":"ReadAction","target":["https:\/\/echansonneriedespapes.com\/index.php\/321eme-chapitre-finale-des-championnats-du-monde-de-degustation-de-la-revue-du-vin-de-france-samedi-17-octobre-2015\/"]}]},{"@type":"ImageObject","inLanguage":"fr-FR","@id":"https:\/\/echansonneriedespapes.com\/index.php\/321eme-chapitre-finale-des-championnats-du-monde-de-degustation-de-la-revue-du-vin-de-france-samedi-17-octobre-2015\/#primaryimage","url":"https:\/\/echansonneriedespapes.com\/wp-content\/uploads\/2020\/06\/Fichier-1.png","contentUrl":"https:\/\/echansonneriedespapes.com\/wp-content\/uploads\/2020\/06\/Fichier-1.png","width":350,"height":182},{"@type":"BreadcrumbList","@id":"https:\/\/echansonneriedespapes.com\/index.php\/321eme-chapitre-finale-des-championnats-du-monde-de-degustation-de-la-revue-du-vin-de-france-samedi-17-octobre-2015\/#breadcrumb","itemListElement":[{"@type":"ListItem","position":1,"name":"Accueil","item":"https:\/\/echansonneriedespapes.com\/"},{"@type":"ListItem","position":2,"name":"321\u00e8me chapitre"}]},{"@type":"WebSite","@id":"https:\/\/echansonneriedespapes.com\/#website","url":"https:\/\/echansonneriedespapes.com\/","name":"\u00c9chansonnerie des Papes","description":"La Confr\u00e9rie Bachique de Ch\u00e2teauneuf-du-Pape","publisher":{"@id":"https:\/\/echansonneriedespapes.com\/#organization"},"potentialAction":[{"@type":"SearchAction","target":{"@type":"EntryPoint","urlTemplate":"https:\/\/echansonneriedespapes.com\/?s={search_term_string}"},"query-input":{"@type":"PropertyValueSpecification","valueRequired":true,"valueName":"search_term_string"}}],"inLanguage":"fr-FR"},{"@type":"Organization","@id":"https:\/\/echansonneriedespapes.com\/#organization","name":"\u00c9chansonnerie des Papes","url":"https:\/\/echansonneriedespapes.com\/","logo":{"@type":"ImageObject","inLanguage":"fr-FR","@id":"https:\/\/echansonneriedespapes.com\/#\/schema\/logo\/image\/","url":"https:\/\/echansonneriedespapes.com\/wp-content\/uploads\/2018\/08\/cropped-logo-echansonnerie-sans-fond-4.png","contentUrl":"https:\/\/echansonneriedespapes.com\/wp-content\/uploads\/2018\/08\/cropped-logo-echansonnerie-sans-fond-4.png","width":508,"height":608,"caption":"\u00c9chansonnerie des Papes"},"image":{"@id":"https:\/\/echansonneriedespapes.com\/#\/schema\/logo\/image\/"}}]}},"jetpack_sharing_enabled":true,"_links":{"self":[{"href":"https:\/\/echansonneriedespapes.com\/index.php\/wp-json\/wp\/v2\/pages\/858"}],"collection":[{"href":"https:\/\/echansonneriedespapes.com\/index.php\/wp-json\/wp\/v2\/pages"}],"about":[{"href":"https:\/\/echansonneriedespapes.com\/index.php\/wp-json\/wp\/v2\/types\/page"}],"author":[{"embeddable":true,"href":"https:\/\/echansonneriedespapes.com\/index.php\/wp-json\/wp\/v2\/users\/1"}],"replies":[{"embeddable":true,"href":"https:\/\/echansonneriedespapes.com\/index.php\/wp-json\/wp\/v2\/comments?post=858"}],"version-history":[{"count":5,"href":"https:\/\/echansonneriedespapes.com\/index.php\/wp-json\/wp\/v2\/pages\/858\/revisions"}],"predecessor-version":[{"id":1220,"href":"https:\/\/echansonneriedespapes.com\/index.php\/wp-json\/wp\/v2\/pages\/858\/revisions\/1220"}],"wp:attachment":[{"href":"https:\/\/echansonneriedespapes.com\/index.php\/wp-json\/wp\/v2\/media?parent=858"}],"curies":[{"name":"wp","href":"https:\/\/api.w.org\/{rel}","templated":true}]}}