{"id":855,"date":"2020-12-03T14:04:58","date_gmt":"2020-12-03T13:04:58","guid":{"rendered":"https:\/\/echansonneriedespapes.com\/?page_id=855"},"modified":"2020-12-08T16:38:11","modified_gmt":"2020-12-08T15:38:11","slug":"322eme-chapitre-confrerie-als-templeres-de-la-serra-vins-de-banuyls-samedi-05-decembre-2015","status":"publish","type":"page","link":"https:\/\/echansonneriedespapes.com\/index.php\/322eme-chapitre-confrerie-als-templeres-de-la-serra-vins-de-banuyls-samedi-05-decembre-2015\/","title":{"rendered":"322\u00e8me chapitre"},"content":{"rendered":"\t\t<div data-elementor-type=\"wp-page\" data-elementor-id=\"855\" class=\"elementor elementor-855\">\n\t\t\t\t\t\t<section class=\"elementor-section elementor-top-section elementor-element elementor-element-35f3408d elementor-section-boxed elementor-section-height-default elementor-section-height-default\" data-id=\"35f3408d\" data-element_type=\"section\">\n\t\t\t\t\t\t<div class=\"elementor-container elementor-column-gap-default\">\n\t\t\t\t\t<div class=\"elementor-column elementor-col-100 elementor-top-column elementor-element elementor-element-3ea19e27\" data-id=\"3ea19e27\" data-element_type=\"column\">\n\t\t\t<div class=\"elementor-widget-wrap elementor-element-populated\">\n\t\t\t\t\t\t<div class=\"elementor-element elementor-element-7f5667ce elementor-widget elementor-widget-heading\" data-id=\"7f5667ce\" data-element_type=\"widget\" data-widget_type=\"heading.default\">\n\t\t\t\t<div class=\"elementor-widget-container\">\n\t\t\t<h2 class=\"elementor-heading-title elementor-size-large\">Grand Conseil d'Hiver<br><font size=\"6\"><i>Samedi 5 d\u00e9cembre 2015<\/i><\/font><\/h2>\t\t<\/div>\n\t\t\t\t<\/div>\n\t\t\t\t<div class=\"elementor-element elementor-element-3cb26810 elementor-widget elementor-widget-heading\" data-id=\"3cb26810\" data-element_type=\"widget\" data-widget_type=\"heading.default\">\n\t\t\t\t<div class=\"elementor-widget-container\">\n\t\t\t<h2 class=\"elementor-heading-title elementor-size-large\">Palais des Papes<br>Avignon<\/h2>\t\t<\/div>\n\t\t\t\t<\/div>\n\t\t\t\t<div class=\"elementor-element elementor-element-1da1c3d1 elementor-widget elementor-widget-image\" data-id=\"1da1c3d1\" data-element_type=\"widget\" data-widget_type=\"image.default\">\n\t\t\t\t<div class=\"elementor-widget-container\">\n\t\t\t\t\t\t\t\t\t\t\t\t\t<img decoding=\"async\" width=\"150\" height=\"150\" src=\"https:\/\/echansonneriedespapes.com\/wp-content\/uploads\/2020\/06\/Fichier-1-150x150.png\" class=\"attachment-thumbnail size-thumbnail wp-image-415\" alt=\"\" \/>\t\t\t\t\t\t\t\t\t\t\t\t\t<\/div>\n\t\t\t\t<\/div>\n\t\t\t\t<div class=\"elementor-element elementor-element-1c5544ab elementor-widget elementor-widget-spacer\" data-id=\"1c5544ab\" data-element_type=\"widget\" data-widget_type=\"spacer.default\">\n\t\t\t\t<div class=\"elementor-widget-container\">\n\t\t\t\t\t<div class=\"elementor-spacer\">\n\t\t\t<div class=\"elementor-spacer-inner\"><\/div>\n\t\t<\/div>\n\t\t\t\t<\/div>\n\t\t\t\t<\/div>\n\t\t\t\t\t<\/div>\n\t\t<\/div>\n\t\t\t\t\t<\/div>\n\t\t<\/section>\n\t\t\t\t<section class=\"elementor-section elementor-top-section elementor-element elementor-element-def4890 elementor-section-boxed elementor-section-height-default elementor-section-height-default\" data-id=\"def4890\" data-element_type=\"section\">\n\t\t\t\t\t\t<div class=\"elementor-container elementor-column-gap-default\">\n\t\t\t\t\t<div class=\"elementor-column elementor-col-100 elementor-top-column elementor-element elementor-element-62a15e8b\" data-id=\"62a15e8b\" data-element_type=\"column\">\n\t\t\t<div class=\"elementor-widget-wrap elementor-element-populated\">\n\t\t\t\t\t\t<div class=\"elementor-element elementor-element-21597b45 elementor-widget elementor-widget-image\" data-id=\"21597b45\" data-element_type=\"widget\" data-widget_type=\"image.default\">\n\t\t\t\t<div class=\"elementor-widget-container\">\n\t\t\t\t\t\t\t\t\t\t\t\t\t<img fetchpriority=\"high\" decoding=\"async\" width=\"1024\" height=\"683\" src=\"https:\/\/echansonneriedespapes.com\/wp-content\/uploads\/2020\/12\/322-1024x683.jpg\" class=\"attachment-large size-large wp-image-1153\" alt=\"\" srcset=\"https:\/\/echansonneriedespapes.com\/wp-content\/uploads\/2020\/12\/322-1024x683.jpg 1024w, https:\/\/echansonneriedespapes.com\/wp-content\/uploads\/2020\/12\/322-300x200.jpg 300w, https:\/\/echansonneriedespapes.com\/wp-content\/uploads\/2020\/12\/322-768x512.jpg 768w, https:\/\/echansonneriedespapes.com\/wp-content\/uploads\/2020\/12\/322-1536x1025.jpg 1536w, https:\/\/echansonneriedespapes.com\/wp-content\/uploads\/2020\/12\/322-1619x1080.jpg 1619w, https:\/\/echansonneriedespapes.com\/wp-content\/uploads\/2020\/12\/322.jpg 1770w\" sizes=\"(max-width: 1024px) 100vw, 1024px\" \/>\t\t\t\t\t\t\t\t\t\t\t\t\t<\/div>\n\t\t\t\t<\/div>\n\t\t\t\t<div class=\"elementor-element elementor-element-735c125f elementor-widget elementor-widget-text-editor\" data-id=\"735c125f\" data-element_type=\"widget\" data-widget_type=\"text-editor.default\">\n\t\t\t\t<div class=\"elementor-widget-container\">\n\t\t\t\t\t\t\t<p style=\"text-align: center;\"><span style=\"color: #000000;\">S\u00e9bastien BONNET<br><\/span><em><span style=\"color: #000000;\">Dirigeant d&rsquo;Entreprise de Travaux Publics<\/span><\/em><\/p>\n<p style=\"text-align: center;\"><span style=\"color: #000000;\">Michel CHAPOUTIER<br><em>Vigneron et N\u00e9gociant, Maison Chapoutier \u00e0 Tain l&rsquo;Hermitage &amp; Pr\u00e9sident d&rsquo;Inter-Rh\u00f4ne<\/em><\/span><\/p>\n<p style=\"text-align: center;\"><span style=\"color: #000000;\">Philippe DAVIS<br><\/span><em><span style=\"color: #000000;\">Pr\u00e9sident de l&rsquo;Acad\u00e9mie Alphonse Allais<\/span><\/em><\/p>\n<p style=\"text-align: center;\"><span style=\"color: #000000;\">Bertrand JARDIN<br><em>Commandant de la Base A\u00e9rienne 115 Orange &#8211; Caritat et D\u00e9l\u00e9gu\u00e9 Militaire D\u00e9partemental de Vaucluse<\/em><\/span><\/p>\n<p style=\"text-align: center;\"><span style=\"color: #000000;\">Alain LACROIX<br><\/span><em><span style=\"color: #000000;\">Pr\u00e9sident du Directoire Caisse d&rsquo;Epargne Provence Alpes Corse<\/span><\/em><\/p>\n<p style=\"text-align: center;\"><span style=\"color: #000000;\">Yann LHUISSIER<br><em>Directeur G\u00e9n\u00e9ral Adjoint en Charge du D\u00e9veloppement au Cr\u00e9dit Agricole Alpes Provence<\/em><\/span><\/p>\n<p style=\"text-align: center;\"><span style=\"color: #000000;\">Emir NUHANOVIC<br><\/span><em><span style=\"color: #000000;\">Chef d&rsquo;Orchestre et Directeur de l&rsquo;Orchestre Philharmonique de Sarajevo<\/span><\/em><\/p>\n<p style=\"text-align: center;\"><span style=\"color: #000000;\">Jean-Michel PARCE<br><em>Vigneron et Grand Ma\u00eetre de la Confr\u00e9rie Als Templeres de la Serra<\/em><\/span><\/p>\n<p style=\"text-align: center;\"><span style=\"color: #000000;\">Roberto PETRONIO<br><\/span><em><span style=\"color: #000000;\">Journaliste, D\u00e9gustateur et Photographe du Vin<\/span><\/em><\/p>\n<p style=\"text-align: center;\"><span style=\"color: #000000;\">Jean-Claude PORTES<br><em>Historien<\/em><\/span><\/p>\n<p style=\"text-align: center;\"><span style=\"color: #000000;\">Aladin REIBEL<br><em>Acteur de T\u00e9l\u00e9vision, de Cin\u00e9ma et de Th\u00e9\u00e2tre<\/em><\/span><\/p>\n<p style=\"text-align: center;\"><span style=\"color: #000000;\">Rudy RICCIOTTI<br><\/span><em><span style=\"color: #000000;\">Architecte Fran\u00e7ais, Laur\u00e9at du Grand Prix National de l&rsquo;Architecture en 2006<\/span><\/em><\/p>\n<p style=\"text-align: center;\"><span style=\"color: #000000;\">Nicole ROLET<br><em>Domaine de la Verri\u00e8re &#8211; Ch\u00eane Bleu, Crestet<\/em><\/span><\/p>\n<p style=\"text-align: center;\"><span style=\"color: #000000;\">Xavier ROLET<br><\/span><em><span style=\"color: #000000;\">Pr\u00e9sident de la Bourse de Londres<\/span><\/em><\/p>\n<p style=\"text-align: center;\"><span style=\"color: #000000;\">St\u00e9phane ROSA<br><em>Directeur du Guide Hachette des Vins<\/em><\/span><\/p>\n<p style=\"text-align: center;\"><span style=\"color: #000000;\">Julia SCAVO<br><\/span><span style=\"color: #000000;\"><em>Meilleur Sommelier de Roumanie en 2018, 3\u00e8me Meilleur Sommelier d&rsquo;Europe en 2017 et 5\u00e8me Meilleur Sommelier du Monde en 2013<\/em><\/span><\/p>\n<p style=\"text-align: center;\"><span style=\"color: #000000;\">G\u00e9rald PASSEDAT<br><\/span><span style=\"color: #000000;\"><em>Chef Cuisinier Fran\u00e7ais<\/em><\/span><\/p>\n<p style=\"text-align: center;\">\n<\/p>\t\t\t\t\t\t<\/div>\n\t\t\t\t<\/div>\n\t\t\t\t<div class=\"elementor-element elementor-element-45d79eed elementor-widget elementor-widget-spacer\" data-id=\"45d79eed\" data-element_type=\"widget\" data-widget_type=\"spacer.default\">\n\t\t\t\t<div class=\"elementor-widget-container\">\n\t\t\t\t\t<div class=\"elementor-spacer\">\n\t\t\t<div class=\"elementor-spacer-inner\"><\/div>\n\t\t<\/div>\n\t\t\t\t<\/div>\n\t\t\t\t<\/div>\n\t\t\t\t<div class=\"elementor-element elementor-element-6fd2f894 elementor-widget elementor-widget-text-editor\" data-id=\"6fd2f894\" data-element_type=\"widget\" data-widget_type=\"text-editor.default\">\n\t\t\t\t<div class=\"elementor-widget-container\">\n\t\t\t\t\t\t\t<p style=\"text-align: right;\"><em>Cr\u00e9dit photos : Art &amp; Image<\/em><\/p>\t\t\t\t\t\t<\/div>\n\t\t\t\t<\/div>\n\t\t\t\t\t<\/div>\n\t\t<\/div>\n\t\t\t\t\t<\/div>\n\t\t<\/section>\n\t\t\t\t<section class=\"elementor-section elementor-top-section elementor-element elementor-element-649d213a elementor-section-full_width elementor-section-height-min-height elementor-section-content-middle elementor-section-height-default elementor-section-items-middle\" data-id=\"649d213a\" data-element_type=\"section\" data-settings=\"{&quot;background_background&quot;:&quot;classic&quot;}\">\n\t\t\t\t\t\t<div class=\"elementor-container elementor-column-gap-no\">\n\t\t\t\t\t<div class=\"elementor-column elementor-col-100 elementor-top-column elementor-element elementor-element-50095c0c\" data-id=\"50095c0c\" data-element_type=\"column\">\n\t\t\t<div class=\"elementor-widget-wrap\">\n\t\t\t\t\t\t\t<\/div>\n\t\t<\/div>\n\t\t\t\t\t<\/div>\n\t\t<\/section>\n\t\t\t\t<section class=\"elementor-section elementor-top-section elementor-element elementor-element-71296019 elementor-section-boxed elementor-section-height-default elementor-section-height-default\" data-id=\"71296019\" data-element_type=\"section\">\n\t\t\t\t\t\t<div class=\"elementor-container elementor-column-gap-default\">\n\t\t\t\t\t<div class=\"elementor-column elementor-col-33 elementor-top-column elementor-element elementor-element-301b38f1\" data-id=\"301b38f1\" data-element_type=\"column\">\n\t\t\t<div class=\"elementor-widget-wrap elementor-element-populated\">\n\t\t\t\t\t\t<div class=\"elementor-element elementor-element-11ff361 elementor-align-left elementor-widget elementor-widget-button\" data-id=\"11ff361\" data-element_type=\"widget\" data-widget_type=\"button.default\">\n\t\t\t\t<div class=\"elementor-widget-container\">\n\t\t\t\t\t<div class=\"elementor-button-wrapper\">\n\t\t\t<a class=\"elementor-button elementor-button-link elementor-size-sm elementor-animation-grow\" href=\"https:\/\/echansonneriedespapes.com\/index.php\/321eme-chapitre-finale-des-championnats-du-monde-de-degustation-de-la-revue-du-vin-de-france-samedi-17-octobre-2015\/\">\n\t\t\t\t\t\t<span class=\"elementor-button-content-wrapper\">\n\t\t\t\t\t\t<span class=\"elementor-button-icon\">\n\t\t\t\t<i aria-hidden=\"true\" class=\"fas fa-arrow-alt-circle-left\"><\/i>\t\t\t<\/span>\n\t\t\t\t\t\t\t\t\t<span class=\"elementor-button-text\">Chapitre pr\u00e9c\u00e9dent<\/span>\n\t\t\t\t\t<\/span>\n\t\t\t\t\t<\/a>\n\t\t<\/div>\n\t\t\t\t<\/div>\n\t\t\t\t<\/div>\n\t\t\t\t\t<\/div>\n\t\t<\/div>\n\t\t\t\t<div class=\"elementor-column elementor-col-33 elementor-top-column elementor-element elementor-element-2ae031a2\" data-id=\"2ae031a2\" data-element_type=\"column\">\n\t\t\t<div class=\"elementor-widget-wrap\">\n\t\t\t\t\t\t\t<\/div>\n\t\t<\/div>\n\t\t\t\t<div class=\"elementor-column elementor-col-33 elementor-top-column elementor-element elementor-element-2573b94a\" data-id=\"2573b94a\" data-element_type=\"column\">\n\t\t\t<div class=\"elementor-widget-wrap elementor-element-populated\">\n\t\t\t\t\t\t<div class=\"elementor-element elementor-element-3a855722 elementor-align-right elementor-widget elementor-widget-button\" data-id=\"3a855722\" data-element_type=\"widget\" data-widget_type=\"button.default\">\n\t\t\t\t<div class=\"elementor-widget-container\">\n\t\t\t\t\t<div class=\"elementor-button-wrapper\">\n\t\t\t<a class=\"elementor-button elementor-button-link elementor-size-sm elementor-animation-grow\" href=\"https:\/\/echansonneriedespapes.com\/index.php\/323eme-chapitre-grand-conseil-exceptionnel-pour-sas-le-prince-albert-ii-de-monaco-vendredi-01-avril-2016\/\">\n\t\t\t\t\t\t<span class=\"elementor-button-content-wrapper\">\n\t\t\t\t\t\t<span class=\"elementor-button-icon\">\n\t\t\t\t<i aria-hidden=\"true\" class=\"fas fa-arrow-alt-circle-right\"><\/i>\t\t\t<\/span>\n\t\t\t\t\t\t\t\t\t<span class=\"elementor-button-text\">Chapitre suivant<\/span>\n\t\t\t\t\t<\/span>\n\t\t\t\t\t<\/a>\n\t\t<\/div>\n\t\t\t\t<\/div>\n\t\t\t\t<\/div>\n\t\t\t\t\t<\/div>\n\t\t<\/div>\n\t\t\t\t\t<\/div>\n\t\t<\/section>\n\t\t\t\t<\/div>\n\t\t","protected":false},"excerpt":{"rendered":"<p>Grand Conseil d&rsquo;HiverSamedi 5 d\u00e9cembre 2015 Palais des PapesAvignon S\u00e9bastien BONNETDirigeant d&rsquo;Entreprise de Travaux Publics Michel CHAPOUTIERVigneron et N\u00e9gociant, Maison Chapoutier \u00e0 Tain l&rsquo;Hermitage &amp; Pr\u00e9sident d&rsquo;Inter-Rh\u00f4ne Philippe DAVISPr\u00e9sident de l&rsquo;Acad\u00e9mie Alphonse Allais Bertrand JARDINCommandant de la Base A\u00e9rienne 115 Orange &#8211; Caritat et D\u00e9l\u00e9gu\u00e9 Militaire D\u00e9partemental de Vaucluse Alain LACROIXPr\u00e9sident du Directoire Caisse d&rsquo;Epargne&hellip; <br \/> <a class=\"read-more\" href=\"https:\/\/echansonneriedespapes.com\/index.php\/322eme-chapitre-confrerie-als-templeres-de-la-serra-vins-de-banuyls-samedi-05-decembre-2015\/\">Lire la suite<\/a><\/p>\n","protected":false},"author":1,"featured_media":0,"parent":0,"menu_order":0,"comment_status":"closed","ping_status":"closed","template":"","meta":{"footnotes":""},"class_list":["post-855","page","type-page","status-publish","hentry"],"yoast_head":"<!-- This site is optimized with the Yoast SEO plugin v23.4 - https:\/\/yoast.com\/wordpress\/plugins\/seo\/ -->\n<title>322\u00e8me chapitre - \u00c9chansonnerie des Papes<\/title>\n<meta name=\"robots\" content=\"index, follow, max-snippet:-1, max-image-preview:large, max-video-preview:-1\" \/>\n<link rel=\"canonical\" href=\"https:\/\/echansonneriedespapes.com\/index.php\/322eme-chapitre-confrerie-als-templeres-de-la-serra-vins-de-banuyls-samedi-05-decembre-2015\/\" \/>\n<meta property=\"og:locale\" content=\"fr_FR\" \/>\n<meta property=\"og:type\" content=\"article\" \/>\n<meta property=\"og:title\" content=\"322\u00e8me chapitre - \u00c9chansonnerie des Papes\" \/>\n<meta property=\"og:description\" content=\"Grand Conseil d&rsquo;HiverSamedi 5 d\u00e9cembre 2015 Palais des PapesAvignon S\u00e9bastien BONNETDirigeant d&rsquo;Entreprise de Travaux Publics Michel CHAPOUTIERVigneron et N\u00e9gociant, Maison Chapoutier \u00e0 Tain l&rsquo;Hermitage &amp; Pr\u00e9sident d&rsquo;Inter-Rh\u00f4ne Philippe DAVISPr\u00e9sident de l&rsquo;Acad\u00e9mie Alphonse Allais Bertrand JARDINCommandant de la Base A\u00e9rienne 115 Orange &#8211; Caritat et D\u00e9l\u00e9gu\u00e9 Militaire D\u00e9partemental de Vaucluse Alain LACROIXPr\u00e9sident du Directoire Caisse d&rsquo;Epargne&hellip; Lire la suite\" \/>\n<meta property=\"og:url\" content=\"https:\/\/echansonneriedespapes.com\/index.php\/322eme-chapitre-confrerie-als-templeres-de-la-serra-vins-de-banuyls-samedi-05-decembre-2015\/\" \/>\n<meta property=\"og:site_name\" content=\"\u00c9chansonnerie des Papes\" \/>\n<meta property=\"article:modified_time\" content=\"2020-12-08T15:38:11+00:00\" \/>\n<meta property=\"og:image\" content=\"https:\/\/echansonneriedespapes.com\/wp-content\/uploads\/2020\/06\/Fichier-1-150x150.png\" \/>\n<meta name=\"twitter:card\" content=\"summary_large_image\" \/>\n<meta name=\"twitter:label1\" content=\"Dur\u00e9e de lecture estim\u00e9e\" \/>\n\t<meta name=\"twitter:data1\" content=\"1 minute\" \/>\n<script type=\"application\/ld+json\" class=\"yoast-schema-graph\">{\"@context\":\"https:\/\/schema.org\",\"@graph\":[{\"@type\":\"WebPage\",\"@id\":\"https:\/\/echansonneriedespapes.com\/index.php\/322eme-chapitre-confrerie-als-templeres-de-la-serra-vins-de-banuyls-samedi-05-decembre-2015\/\",\"url\":\"https:\/\/echansonneriedespapes.com\/index.php\/322eme-chapitre-confrerie-als-templeres-de-la-serra-vins-de-banuyls-samedi-05-decembre-2015\/\",\"name\":\"322\u00e8me chapitre - \u00c9chansonnerie des Papes\",\"isPartOf\":{\"@id\":\"https:\/\/echansonneriedespapes.com\/#website\"},\"primaryImageOfPage\":{\"@id\":\"https:\/\/echansonneriedespapes.com\/index.php\/322eme-chapitre-confrerie-als-templeres-de-la-serra-vins-de-banuyls-samedi-05-decembre-2015\/#primaryimage\"},\"image\":{\"@id\":\"https:\/\/echansonneriedespapes.com\/index.php\/322eme-chapitre-confrerie-als-templeres-de-la-serra-vins-de-banuyls-samedi-05-decembre-2015\/#primaryimage\"},\"thumbnailUrl\":\"https:\/\/echansonneriedespapes.com\/wp-content\/uploads\/2020\/06\/Fichier-1-150x150.png\",\"datePublished\":\"2020-12-03T13:04:58+00:00\",\"dateModified\":\"2020-12-08T15:38:11+00:00\",\"breadcrumb\":{\"@id\":\"https:\/\/echansonneriedespapes.com\/index.php\/322eme-chapitre-confrerie-als-templeres-de-la-serra-vins-de-banuyls-samedi-05-decembre-2015\/#breadcrumb\"},\"inLanguage\":\"fr-FR\",\"potentialAction\":[{\"@type\":\"ReadAction\",\"target\":[\"https:\/\/echansonneriedespapes.com\/index.php\/322eme-chapitre-confrerie-als-templeres-de-la-serra-vins-de-banuyls-samedi-05-decembre-2015\/\"]}]},{\"@type\":\"ImageObject\",\"inLanguage\":\"fr-FR\",\"@id\":\"https:\/\/echansonneriedespapes.com\/index.php\/322eme-chapitre-confrerie-als-templeres-de-la-serra-vins-de-banuyls-samedi-05-decembre-2015\/#primaryimage\",\"url\":\"https:\/\/echansonneriedespapes.com\/wp-content\/uploads\/2020\/06\/Fichier-1.png\",\"contentUrl\":\"https:\/\/echansonneriedespapes.com\/wp-content\/uploads\/2020\/06\/Fichier-1.png\",\"width\":350,\"height\":182},{\"@type\":\"BreadcrumbList\",\"@id\":\"https:\/\/echansonneriedespapes.com\/index.php\/322eme-chapitre-confrerie-als-templeres-de-la-serra-vins-de-banuyls-samedi-05-decembre-2015\/#breadcrumb\",\"itemListElement\":[{\"@type\":\"ListItem\",\"position\":1,\"name\":\"Accueil\",\"item\":\"https:\/\/echansonneriedespapes.com\/\"},{\"@type\":\"ListItem\",\"position\":2,\"name\":\"322\u00e8me chapitre\"}]},{\"@type\":\"WebSite\",\"@id\":\"https:\/\/echansonneriedespapes.com\/#website\",\"url\":\"https:\/\/echansonneriedespapes.com\/\",\"name\":\"\u00c9chansonnerie des Papes\",\"description\":\"La Confr\u00e9rie Bachique de Ch\u00e2teauneuf-du-Pape\",\"publisher\":{\"@id\":\"https:\/\/echansonneriedespapes.com\/#organization\"},\"potentialAction\":[{\"@type\":\"SearchAction\",\"target\":{\"@type\":\"EntryPoint\",\"urlTemplate\":\"https:\/\/echansonneriedespapes.com\/?s={search_term_string}\"},\"query-input\":{\"@type\":\"PropertyValueSpecification\",\"valueRequired\":true,\"valueName\":\"search_term_string\"}}],\"inLanguage\":\"fr-FR\"},{\"@type\":\"Organization\",\"@id\":\"https:\/\/echansonneriedespapes.com\/#organization\",\"name\":\"\u00c9chansonnerie des Papes\",\"url\":\"https:\/\/echansonneriedespapes.com\/\",\"logo\":{\"@type\":\"ImageObject\",\"inLanguage\":\"fr-FR\",\"@id\":\"https:\/\/echansonneriedespapes.com\/#\/schema\/logo\/image\/\",\"url\":\"https:\/\/echansonneriedespapes.com\/wp-content\/uploads\/2018\/08\/cropped-logo-echansonnerie-sans-fond-4.png\",\"contentUrl\":\"https:\/\/echansonneriedespapes.com\/wp-content\/uploads\/2018\/08\/cropped-logo-echansonnerie-sans-fond-4.png\",\"width\":508,\"height\":608,\"caption\":\"\u00c9chansonnerie des Papes\"},\"image\":{\"@id\":\"https:\/\/echansonneriedespapes.com\/#\/schema\/logo\/image\/\"}}]}<\/script>\n<!-- \/ Yoast SEO plugin. -->","yoast_head_json":{"title":"322\u00e8me chapitre - \u00c9chansonnerie des Papes","robots":{"index":"index","follow":"follow","max-snippet":"max-snippet:-1","max-image-preview":"max-image-preview:large","max-video-preview":"max-video-preview:-1"},"canonical":"https:\/\/echansonneriedespapes.com\/index.php\/322eme-chapitre-confrerie-als-templeres-de-la-serra-vins-de-banuyls-samedi-05-decembre-2015\/","og_locale":"fr_FR","og_type":"article","og_title":"322\u00e8me chapitre - \u00c9chansonnerie des Papes","og_description":"Grand Conseil d&rsquo;HiverSamedi 5 d\u00e9cembre 2015 Palais des PapesAvignon S\u00e9bastien BONNETDirigeant d&rsquo;Entreprise de Travaux Publics Michel CHAPOUTIERVigneron et N\u00e9gociant, Maison Chapoutier \u00e0 Tain l&rsquo;Hermitage &amp; Pr\u00e9sident d&rsquo;Inter-Rh\u00f4ne Philippe DAVISPr\u00e9sident de l&rsquo;Acad\u00e9mie Alphonse Allais Bertrand JARDINCommandant de la Base A\u00e9rienne 115 Orange &#8211; Caritat et D\u00e9l\u00e9gu\u00e9 Militaire D\u00e9partemental de Vaucluse Alain LACROIXPr\u00e9sident du Directoire Caisse d&rsquo;Epargne&hellip; Lire la suite","og_url":"https:\/\/echansonneriedespapes.com\/index.php\/322eme-chapitre-confrerie-als-templeres-de-la-serra-vins-de-banuyls-samedi-05-decembre-2015\/","og_site_name":"\u00c9chansonnerie des Papes","article_modified_time":"2020-12-08T15:38:11+00:00","og_image":[{"url":"https:\/\/echansonneriedespapes.com\/wp-content\/uploads\/2020\/06\/Fichier-1-150x150.png"}],"twitter_card":"summary_large_image","twitter_misc":{"Dur\u00e9e de lecture estim\u00e9e":"1 minute"},"schema":{"@context":"https:\/\/schema.org","@graph":[{"@type":"WebPage","@id":"https:\/\/echansonneriedespapes.com\/index.php\/322eme-chapitre-confrerie-als-templeres-de-la-serra-vins-de-banuyls-samedi-05-decembre-2015\/","url":"https:\/\/echansonneriedespapes.com\/index.php\/322eme-chapitre-confrerie-als-templeres-de-la-serra-vins-de-banuyls-samedi-05-decembre-2015\/","name":"322\u00e8me chapitre - \u00c9chansonnerie des Papes","isPartOf":{"@id":"https:\/\/echansonneriedespapes.com\/#website"},"primaryImageOfPage":{"@id":"https:\/\/echansonneriedespapes.com\/index.php\/322eme-chapitre-confrerie-als-templeres-de-la-serra-vins-de-banuyls-samedi-05-decembre-2015\/#primaryimage"},"image":{"@id":"https:\/\/echansonneriedespapes.com\/index.php\/322eme-chapitre-confrerie-als-templeres-de-la-serra-vins-de-banuyls-samedi-05-decembre-2015\/#primaryimage"},"thumbnailUrl":"https:\/\/echansonneriedespapes.com\/wp-content\/uploads\/2020\/06\/Fichier-1-150x150.png","datePublished":"2020-12-03T13:04:58+00:00","dateModified":"2020-12-08T15:38:11+00:00","breadcrumb":{"@id":"https:\/\/echansonneriedespapes.com\/index.php\/322eme-chapitre-confrerie-als-templeres-de-la-serra-vins-de-banuyls-samedi-05-decembre-2015\/#breadcrumb"},"inLanguage":"fr-FR","potentialAction":[{"@type":"ReadAction","target":["https:\/\/echansonneriedespapes.com\/index.php\/322eme-chapitre-confrerie-als-templeres-de-la-serra-vins-de-banuyls-samedi-05-decembre-2015\/"]}]},{"@type":"ImageObject","inLanguage":"fr-FR","@id":"https:\/\/echansonneriedespapes.com\/index.php\/322eme-chapitre-confrerie-als-templeres-de-la-serra-vins-de-banuyls-samedi-05-decembre-2015\/#primaryimage","url":"https:\/\/echansonneriedespapes.com\/wp-content\/uploads\/2020\/06\/Fichier-1.png","contentUrl":"https:\/\/echansonneriedespapes.com\/wp-content\/uploads\/2020\/06\/Fichier-1.png","width":350,"height":182},{"@type":"BreadcrumbList","@id":"https:\/\/echansonneriedespapes.com\/index.php\/322eme-chapitre-confrerie-als-templeres-de-la-serra-vins-de-banuyls-samedi-05-decembre-2015\/#breadcrumb","itemListElement":[{"@type":"ListItem","position":1,"name":"Accueil","item":"https:\/\/echansonneriedespapes.com\/"},{"@type":"ListItem","position":2,"name":"322\u00e8me chapitre"}]},{"@type":"WebSite","@id":"https:\/\/echansonneriedespapes.com\/#website","url":"https:\/\/echansonneriedespapes.com\/","name":"\u00c9chansonnerie des Papes","description":"La Confr\u00e9rie Bachique de Ch\u00e2teauneuf-du-Pape","publisher":{"@id":"https:\/\/echansonneriedespapes.com\/#organization"},"potentialAction":[{"@type":"SearchAction","target":{"@type":"EntryPoint","urlTemplate":"https:\/\/echansonneriedespapes.com\/?s={search_term_string}"},"query-input":{"@type":"PropertyValueSpecification","valueRequired":true,"valueName":"search_term_string"}}],"inLanguage":"fr-FR"},{"@type":"Organization","@id":"https:\/\/echansonneriedespapes.com\/#organization","name":"\u00c9chansonnerie des Papes","url":"https:\/\/echansonneriedespapes.com\/","logo":{"@type":"ImageObject","inLanguage":"fr-FR","@id":"https:\/\/echansonneriedespapes.com\/#\/schema\/logo\/image\/","url":"https:\/\/echansonneriedespapes.com\/wp-content\/uploads\/2018\/08\/cropped-logo-echansonnerie-sans-fond-4.png","contentUrl":"https:\/\/echansonneriedespapes.com\/wp-content\/uploads\/2018\/08\/cropped-logo-echansonnerie-sans-fond-4.png","width":508,"height":608,"caption":"\u00c9chansonnerie des Papes"},"image":{"@id":"https:\/\/echansonneriedespapes.com\/#\/schema\/logo\/image\/"}}]}},"jetpack_sharing_enabled":true,"_links":{"self":[{"href":"https:\/\/echansonneriedespapes.com\/index.php\/wp-json\/wp\/v2\/pages\/855"}],"collection":[{"href":"https:\/\/echansonneriedespapes.com\/index.php\/wp-json\/wp\/v2\/pages"}],"about":[{"href":"https:\/\/echansonneriedespapes.com\/index.php\/wp-json\/wp\/v2\/types\/page"}],"author":[{"embeddable":true,"href":"https:\/\/echansonneriedespapes.com\/index.php\/wp-json\/wp\/v2\/users\/1"}],"replies":[{"embeddable":true,"href":"https:\/\/echansonneriedespapes.com\/index.php\/wp-json\/wp\/v2\/comments?post=855"}],"version-history":[{"count":5,"href":"https:\/\/echansonneriedespapes.com\/index.php\/wp-json\/wp\/v2\/pages\/855\/revisions"}],"predecessor-version":[{"id":1219,"href":"https:\/\/echansonneriedespapes.com\/index.php\/wp-json\/wp\/v2\/pages\/855\/revisions\/1219"}],"wp:attachment":[{"href":"https:\/\/echansonneriedespapes.com\/index.php\/wp-json\/wp\/v2\/media?parent=855"}],"curies":[{"name":"wp","href":"https:\/\/api.w.org\/{rel}","templated":true}]}}