{"id":851,"date":"2020-12-03T14:03:29","date_gmt":"2020-12-03T13:03:29","guid":{"rendered":"https:\/\/echansonneriedespapes.com\/?page_id=851"},"modified":"2021-03-15T11:20:55","modified_gmt":"2021-03-15T10:20:55","slug":"323eme-chapitre-grand-conseil-exceptionnel-pour-sas-le-prince-albert-ii-de-monaco-vendredi-01-avril-2016","status":"publish","type":"page","link":"https:\/\/echansonneriedespapes.com\/index.php\/323eme-chapitre-grand-conseil-exceptionnel-pour-sas-le-prince-albert-ii-de-monaco-vendredi-01-avril-2016\/","title":{"rendered":"323\u00e8me chapitre"},"content":{"rendered":"\t\t<div data-elementor-type=\"wp-page\" data-elementor-id=\"851\" class=\"elementor elementor-851\">\n\t\t\t\t\t\t<section class=\"elementor-section elementor-top-section elementor-element elementor-element-1c39f6bb elementor-section-boxed elementor-section-height-default elementor-section-height-default\" data-id=\"1c39f6bb\" data-element_type=\"section\">\n\t\t\t\t\t\t<div class=\"elementor-container elementor-column-gap-default\">\n\t\t\t\t\t<div class=\"elementor-column elementor-col-100 elementor-top-column elementor-element elementor-element-3a6ebe7a\" data-id=\"3a6ebe7a\" data-element_type=\"column\">\n\t\t\t<div class=\"elementor-widget-wrap elementor-element-populated\">\n\t\t\t\t\t\t<div class=\"elementor-element elementor-element-472a2921 elementor-widget elementor-widget-heading\" data-id=\"472a2921\" data-element_type=\"widget\" data-widget_type=\"heading.default\">\n\t\t\t\t<div class=\"elementor-widget-container\">\n\t\t\t<h2 class=\"elementor-heading-title elementor-size-large\">Grand Conseil Exceptionnel<br><font size=\"6\"><I>Vendredi 1er avril 2016<\/i><\/font><\/h2>\t\t<\/div>\n\t\t\t\t<\/div>\n\t\t\t\t<div class=\"elementor-element elementor-element-60a203ca elementor-widget elementor-widget-heading\" data-id=\"60a203ca\" data-element_type=\"widget\" data-widget_type=\"heading.default\">\n\t\t\t\t<div class=\"elementor-widget-container\">\n\t\t\t<h2 class=\"elementor-heading-title elementor-size-large\">Palais des Papes<br>Avignon<\/h2>\t\t<\/div>\n\t\t\t\t<\/div>\n\t\t\t\t<div class=\"elementor-element elementor-element-532958b5 elementor-widget elementor-widget-image\" data-id=\"532958b5\" data-element_type=\"widget\" data-widget_type=\"image.default\">\n\t\t\t\t<div class=\"elementor-widget-container\">\n\t\t\t\t\t\t\t\t\t\t\t\t\t<img decoding=\"async\" width=\"150\" height=\"150\" src=\"https:\/\/echansonneriedespapes.com\/wp-content\/uploads\/2020\/06\/Fichier-1-150x150.png\" class=\"attachment-thumbnail size-thumbnail wp-image-415\" alt=\"\" \/>\t\t\t\t\t\t\t\t\t\t\t\t\t<\/div>\n\t\t\t\t<\/div>\n\t\t\t\t<div class=\"elementor-element elementor-element-782f34d9 elementor-widget elementor-widget-spacer\" data-id=\"782f34d9\" data-element_type=\"widget\" data-widget_type=\"spacer.default\">\n\t\t\t\t<div class=\"elementor-widget-container\">\n\t\t\t\t\t<div class=\"elementor-spacer\">\n\t\t\t<div class=\"elementor-spacer-inner\"><\/div>\n\t\t<\/div>\n\t\t\t\t<\/div>\n\t\t\t\t<\/div>\n\t\t\t\t\t<\/div>\n\t\t<\/div>\n\t\t\t\t\t<\/div>\n\t\t<\/section>\n\t\t\t\t<section class=\"elementor-section elementor-top-section elementor-element elementor-element-1bbd8e2e elementor-section-boxed elementor-section-height-default elementor-section-height-default\" data-id=\"1bbd8e2e\" data-element_type=\"section\">\n\t\t\t\t\t\t<div class=\"elementor-container elementor-column-gap-default\">\n\t\t\t\t\t<div class=\"elementor-column elementor-col-50 elementor-top-column elementor-element elementor-element-50f6f0c1\" data-id=\"50f6f0c1\" data-element_type=\"column\">\n\t\t\t<div class=\"elementor-widget-wrap elementor-element-populated\">\n\t\t\t\t\t\t<div class=\"elementor-element elementor-element-115dd08a elementor-position-top elementor-widget elementor-widget-image-box\" data-id=\"115dd08a\" data-element_type=\"widget\" data-widget_type=\"image-box.default\">\n\t\t\t\t<div class=\"elementor-widget-container\">\n\t\t\t<div class=\"elementor-image-box-wrapper\"><figure class=\"elementor-image-box-img\"><a href=\"https:\/\/www.palais.mc\/fr\/la-famille-princiere\/s-a-s-le-prince-albert-ii\/biographie-1-5.html\" tabindex=\"-1\"><img fetchpriority=\"high\" decoding=\"async\" width=\"2560\" height=\"1709\" src=\"https:\/\/echansonneriedespapes.com\/wp-content\/uploads\/2020\/12\/SAS-Albert-II-2-scaled.jpg\" class=\"attachment-full size-full wp-image-1129\" alt=\"\" srcset=\"https:\/\/echansonneriedespapes.com\/wp-content\/uploads\/2020\/12\/SAS-Albert-II-2-scaled.jpg 2560w, https:\/\/echansonneriedespapes.com\/wp-content\/uploads\/2020\/12\/SAS-Albert-II-2-300x200.jpg 300w, https:\/\/echansonneriedespapes.com\/wp-content\/uploads\/2020\/12\/SAS-Albert-II-2-1024x683.jpg 1024w, https:\/\/echansonneriedespapes.com\/wp-content\/uploads\/2020\/12\/SAS-Albert-II-2-768x513.jpg 768w, https:\/\/echansonneriedespapes.com\/wp-content\/uploads\/2020\/12\/SAS-Albert-II-2-1536x1025.jpg 1536w, https:\/\/echansonneriedespapes.com\/wp-content\/uploads\/2020\/12\/SAS-Albert-II-2-2048x1367.jpg 2048w, https:\/\/echansonneriedespapes.com\/wp-content\/uploads\/2020\/12\/SAS-Albert-II-2-1618x1080.jpg 1618w\" sizes=\"(max-width: 2560px) 100vw, 2560px\" \/><\/a><\/figure><div class=\"elementor-image-box-content\"><h3 class=\"elementor-image-box-title\"><a href=\"https:\/\/www.palais.mc\/fr\/la-famille-princiere\/s-a-s-le-prince-albert-ii\/biographie-1-5.html\">SAS le Prince Albert II<\/a><\/h3><p class=\"elementor-image-box-description\">Prince de Monaco<\/p><\/div><\/div>\t\t<\/div>\n\t\t\t\t<\/div>\n\t\t\t\t\t<\/div>\n\t\t<\/div>\n\t\t\t\t<div class=\"elementor-column elementor-col-50 elementor-top-column elementor-element elementor-element-5d698613\" data-id=\"5d698613\" data-element_type=\"column\">\n\t\t\t<div class=\"elementor-widget-wrap elementor-element-populated\">\n\t\t\t\t\t\t<div class=\"elementor-element elementor-element-645080a8 elementor-position-top elementor-widget elementor-widget-image-box\" data-id=\"645080a8\" data-element_type=\"widget\" data-widget_type=\"image-box.default\">\n\t\t\t\t<div class=\"elementor-widget-container\">\n\t\t\t<div class=\"elementor-image-box-wrapper\"><figure class=\"elementor-image-box-img\"><a href=\"https:\/\/fr.wikipedia.org\/wiki\/Mika_H\u00e4kkinen\" tabindex=\"-1\"><img decoding=\"async\" width=\"2560\" height=\"1709\" src=\"https:\/\/echansonneriedespapes.com\/wp-content\/uploads\/2020\/12\/H\u00c4KKINEN-Mika-scaled.jpg\" class=\"attachment-full size-full wp-image-1126\" alt=\"\" srcset=\"https:\/\/echansonneriedespapes.com\/wp-content\/uploads\/2020\/12\/H\u00c4KKINEN-Mika-scaled.jpg 2560w, https:\/\/echansonneriedespapes.com\/wp-content\/uploads\/2020\/12\/H\u00c4KKINEN-Mika-300x200.jpg 300w, https:\/\/echansonneriedespapes.com\/wp-content\/uploads\/2020\/12\/H\u00c4KKINEN-Mika-1024x683.jpg 1024w, https:\/\/echansonneriedespapes.com\/wp-content\/uploads\/2020\/12\/H\u00c4KKINEN-Mika-768x513.jpg 768w, https:\/\/echansonneriedespapes.com\/wp-content\/uploads\/2020\/12\/H\u00c4KKINEN-Mika-1536x1025.jpg 1536w, https:\/\/echansonneriedespapes.com\/wp-content\/uploads\/2020\/12\/H\u00c4KKINEN-Mika-2048x1367.jpg 2048w, https:\/\/echansonneriedespapes.com\/wp-content\/uploads\/2020\/12\/H\u00c4KKINEN-Mika-1618x1080.jpg 1618w\" sizes=\"(max-width: 2560px) 100vw, 2560px\" \/><\/a><\/figure><div class=\"elementor-image-box-content\"><h3 class=\"elementor-image-box-title\"><a href=\"https:\/\/fr.wikipedia.org\/wiki\/Mika_H\u00e4kkinen\">Mika H\u00c4KKINEN<\/a><\/h3><p class=\"elementor-image-box-description\">Pilote de Formule 1,\u00a0Champion du Monde en 1998 et 1999<\/p><\/div><\/div>\t\t<\/div>\n\t\t\t\t<\/div>\n\t\t\t\t\t<\/div>\n\t\t<\/div>\n\t\t\t\t\t<\/div>\n\t\t<\/section>\n\t\t\t\t<section class=\"elementor-section elementor-top-section elementor-element elementor-element-4043590f elementor-section-boxed elementor-section-height-default elementor-section-height-default\" data-id=\"4043590f\" data-element_type=\"section\">\n\t\t\t\t\t\t<div class=\"elementor-container elementor-column-gap-default\">\n\t\t\t\t\t<div class=\"elementor-column elementor-col-50 elementor-top-column elementor-element elementor-element-7ec2910\" data-id=\"7ec2910\" data-element_type=\"column\">\n\t\t\t<div class=\"elementor-widget-wrap elementor-element-populated\">\n\t\t\t\t\t\t<div class=\"elementor-element elementor-element-33dd34dd elementor-position-top elementor-widget elementor-widget-image-box\" data-id=\"33dd34dd\" data-element_type=\"widget\" data-widget_type=\"image-box.default\">\n\t\t\t\t<div class=\"elementor-widget-container\">\n\t\t\t<div class=\"elementor-image-box-wrapper\"><figure class=\"elementor-image-box-img\"><a href=\"http:\/\/www.academiedesvinsanciens.org\" tabindex=\"-1\"><img loading=\"lazy\" decoding=\"async\" width=\"2560\" height=\"1709\" src=\"https:\/\/echansonneriedespapes.com\/wp-content\/uploads\/2020\/12\/AUDOUZE-Fran\u00e7ois-scaled.jpg\" class=\"attachment-full size-full wp-image-1122\" alt=\"\" srcset=\"https:\/\/echansonneriedespapes.com\/wp-content\/uploads\/2020\/12\/AUDOUZE-Fran\u00e7ois-scaled.jpg 2560w, https:\/\/echansonneriedespapes.com\/wp-content\/uploads\/2020\/12\/AUDOUZE-Fran\u00e7ois-300x200.jpg 300w, https:\/\/echansonneriedespapes.com\/wp-content\/uploads\/2020\/12\/AUDOUZE-Fran\u00e7ois-1024x683.jpg 1024w, https:\/\/echansonneriedespapes.com\/wp-content\/uploads\/2020\/12\/AUDOUZE-Fran\u00e7ois-768x513.jpg 768w, https:\/\/echansonneriedespapes.com\/wp-content\/uploads\/2020\/12\/AUDOUZE-Fran\u00e7ois-1536x1025.jpg 1536w, https:\/\/echansonneriedespapes.com\/wp-content\/uploads\/2020\/12\/AUDOUZE-Fran\u00e7ois-2048x1367.jpg 2048w, https:\/\/echansonneriedespapes.com\/wp-content\/uploads\/2020\/12\/AUDOUZE-Fran\u00e7ois-1618x1080.jpg 1618w\" sizes=\"(max-width: 2560px) 100vw, 2560px\" \/><\/a><\/figure><div class=\"elementor-image-box-content\"><h3 class=\"elementor-image-box-title\"><a href=\"http:\/\/www.academiedesvinsanciens.org\">Fran\u00e7ois AUDOUZE<\/a><\/h3><p class=\"elementor-image-box-description\">Collectionneur de Vins Rares & Anciens<\/p><\/div><\/div>\t\t<\/div>\n\t\t\t\t<\/div>\n\t\t\t\t\t<\/div>\n\t\t<\/div>\n\t\t\t\t<div class=\"elementor-column elementor-col-50 elementor-top-column elementor-element elementor-element-1005e710\" data-id=\"1005e710\" data-element_type=\"column\">\n\t\t\t<div class=\"elementor-widget-wrap elementor-element-populated\">\n\t\t\t\t\t\t<div class=\"elementor-element elementor-element-2a17e43 elementor-position-top elementor-widget elementor-widget-image-box\" data-id=\"2a17e43\" data-element_type=\"widget\" data-widget_type=\"image-box.default\">\n\t\t\t\t<div class=\"elementor-widget-container\">\n\t\t\t<div class=\"elementor-image-box-wrapper\"><figure class=\"elementor-image-box-img\"><img loading=\"lazy\" decoding=\"async\" width=\"2560\" height=\"1709\" src=\"https:\/\/echansonneriedespapes.com\/wp-content\/uploads\/2020\/12\/CHAUSSEBOURG-Anne-scaled.jpg\" class=\"attachment-full size-full wp-image-1124\" alt=\"\" srcset=\"https:\/\/echansonneriedespapes.com\/wp-content\/uploads\/2020\/12\/CHAUSSEBOURG-Anne-scaled.jpg 2560w, https:\/\/echansonneriedespapes.com\/wp-content\/uploads\/2020\/12\/CHAUSSEBOURG-Anne-300x200.jpg 300w, https:\/\/echansonneriedespapes.com\/wp-content\/uploads\/2020\/12\/CHAUSSEBOURG-Anne-1024x683.jpg 1024w, https:\/\/echansonneriedespapes.com\/wp-content\/uploads\/2020\/12\/CHAUSSEBOURG-Anne-768x513.jpg 768w, https:\/\/echansonneriedespapes.com\/wp-content\/uploads\/2020\/12\/CHAUSSEBOURG-Anne-1536x1025.jpg 1536w, https:\/\/echansonneriedespapes.com\/wp-content\/uploads\/2020\/12\/CHAUSSEBOURG-Anne-2048x1367.jpg 2048w, https:\/\/echansonneriedespapes.com\/wp-content\/uploads\/2020\/12\/CHAUSSEBOURG-Anne-1618x1080.jpg 1618w\" sizes=\"(max-width: 2560px) 100vw, 2560px\" \/><\/figure><div class=\"elementor-image-box-content\"><h3 class=\"elementor-image-box-title\">Anne CHAUSSEBOURG<\/h3><p class=\"elementor-image-box-description\">Journaliste, ancienne Directrice du Groupe le Monde<\/p><\/div><\/div>\t\t<\/div>\n\t\t\t\t<\/div>\n\t\t\t\t\t<\/div>\n\t\t<\/div>\n\t\t\t\t\t<\/div>\n\t\t<\/section>\n\t\t\t\t<section class=\"elementor-section elementor-top-section elementor-element elementor-element-6036ca0e elementor-section-boxed elementor-section-height-default elementor-section-height-default\" data-id=\"6036ca0e\" data-element_type=\"section\">\n\t\t\t\t\t\t<div class=\"elementor-container elementor-column-gap-default\">\n\t\t\t\t\t<div class=\"elementor-column elementor-col-50 elementor-top-column elementor-element elementor-element-38e4267e\" data-id=\"38e4267e\" data-element_type=\"column\">\n\t\t\t<div class=\"elementor-widget-wrap elementor-element-populated\">\n\t\t\t\t\t\t<div class=\"elementor-element elementor-element-113c5b8a elementor-position-top elementor-widget elementor-widget-image-box\" data-id=\"113c5b8a\" data-element_type=\"widget\" data-widget_type=\"image-box.default\">\n\t\t\t\t<div class=\"elementor-widget-container\">\n\t\t\t<div class=\"elementor-image-box-wrapper\"><figure class=\"elementor-image-box-img\"><a href=\"https:\/\/www.fijev.org\/fr\/\" tabindex=\"-1\"><img loading=\"lazy\" decoding=\"async\" width=\"2560\" height=\"1709\" src=\"https:\/\/echansonneriedespapes.com\/wp-content\/uploads\/2020\/12\/HORNICKEL-Michael-scaled.jpg\" class=\"attachment-full size-full wp-image-1127\" alt=\"\" srcset=\"https:\/\/echansonneriedespapes.com\/wp-content\/uploads\/2020\/12\/HORNICKEL-Michael-scaled.jpg 2560w, https:\/\/echansonneriedespapes.com\/wp-content\/uploads\/2020\/12\/HORNICKEL-Michael-300x200.jpg 300w, https:\/\/echansonneriedespapes.com\/wp-content\/uploads\/2020\/12\/HORNICKEL-Michael-1024x683.jpg 1024w, https:\/\/echansonneriedespapes.com\/wp-content\/uploads\/2020\/12\/HORNICKEL-Michael-768x513.jpg 768w, https:\/\/echansonneriedespapes.com\/wp-content\/uploads\/2020\/12\/HORNICKEL-Michael-1536x1025.jpg 1536w, https:\/\/echansonneriedespapes.com\/wp-content\/uploads\/2020\/12\/HORNICKEL-Michael-2048x1367.jpg 2048w, https:\/\/echansonneriedespapes.com\/wp-content\/uploads\/2020\/12\/HORNICKEL-Michael-1618x1080.jpg 1618w\" sizes=\"(max-width: 2560px) 100vw, 2560px\" \/><\/a><\/figure><div class=\"elementor-image-box-content\"><h3 class=\"elementor-image-box-title\"><a href=\"https:\/\/www.fijev.org\/fr\/\">Michael HORNICKEL<\/a><\/h3><p class=\"elementor-image-box-description\">Pr\u00e9sident de la F\u00e9d\u00e9ration Internationale des Journalistes et Ecrivains du Vin (FIJEV)<\/p><\/div><\/div>\t\t<\/div>\n\t\t\t\t<\/div>\n\t\t\t\t\t<\/div>\n\t\t<\/div>\n\t\t\t\t<div class=\"elementor-column elementor-col-50 elementor-top-column elementor-element elementor-element-1f390e6d\" data-id=\"1f390e6d\" data-element_type=\"column\">\n\t\t\t<div class=\"elementor-widget-wrap elementor-element-populated\">\n\t\t\t\t\t\t<div class=\"elementor-element elementor-element-7e249b61 elementor-position-top elementor-widget elementor-widget-image-box\" data-id=\"7e249b61\" data-element_type=\"widget\" data-widget_type=\"image-box.default\">\n\t\t\t\t<div class=\"elementor-widget-container\">\n\t\t\t<div class=\"elementor-image-box-wrapper\"><figure class=\"elementor-image-box-img\"><img loading=\"lazy\" decoding=\"async\" width=\"2560\" height=\"1709\" src=\"https:\/\/echansonneriedespapes.com\/wp-content\/uploads\/2020\/12\/GONZALEZ-Bernard-scaled.jpg\" class=\"attachment-full size-full wp-image-1125\" alt=\"\" srcset=\"https:\/\/echansonneriedespapes.com\/wp-content\/uploads\/2020\/12\/GONZALEZ-Bernard-scaled.jpg 2560w, https:\/\/echansonneriedespapes.com\/wp-content\/uploads\/2020\/12\/GONZALEZ-Bernard-300x200.jpg 300w, https:\/\/echansonneriedespapes.com\/wp-content\/uploads\/2020\/12\/GONZALEZ-Bernard-1024x683.jpg 1024w, https:\/\/echansonneriedespapes.com\/wp-content\/uploads\/2020\/12\/GONZALEZ-Bernard-768x513.jpg 768w, https:\/\/echansonneriedespapes.com\/wp-content\/uploads\/2020\/12\/GONZALEZ-Bernard-1536x1025.jpg 1536w, https:\/\/echansonneriedespapes.com\/wp-content\/uploads\/2020\/12\/GONZALEZ-Bernard-2048x1367.jpg 2048w, https:\/\/echansonneriedespapes.com\/wp-content\/uploads\/2020\/12\/GONZALEZ-Bernard-1618x1080.jpg 1618w\" sizes=\"(max-width: 2560px) 100vw, 2560px\" \/><\/figure><div class=\"elementor-image-box-content\"><h3 class=\"elementor-image-box-title\">Bernard GONZALEZ<\/h3><p class=\"elementor-image-box-description\">Ancien Pr\u00e9fet de Vaucluse<\/p><\/div><\/div>\t\t<\/div>\n\t\t\t\t<\/div>\n\t\t\t\t\t<\/div>\n\t\t<\/div>\n\t\t\t\t\t<\/div>\n\t\t<\/section>\n\t\t\t\t<section class=\"elementor-section elementor-top-section elementor-element elementor-element-61cdecc6 elementor-section-boxed elementor-section-height-default elementor-section-height-default\" data-id=\"61cdecc6\" data-element_type=\"section\">\n\t\t\t\t\t\t<div class=\"elementor-container elementor-column-gap-default\">\n\t\t\t\t\t<div class=\"elementor-column elementor-col-50 elementor-top-column elementor-element elementor-element-879222e\" data-id=\"879222e\" data-element_type=\"column\">\n\t\t\t<div class=\"elementor-widget-wrap elementor-element-populated\">\n\t\t\t\t\t\t<div class=\"elementor-element elementor-element-4b2acc54 elementor-position-top elementor-widget elementor-widget-image-box\" data-id=\"4b2acc54\" data-element_type=\"widget\" data-widget_type=\"image-box.default\">\n\t\t\t\t<div class=\"elementor-widget-container\">\n\t\t\t<div class=\"elementor-image-box-wrapper\"><figure class=\"elementor-image-box-img\"><a href=\"https:\/\/fabricesommier.com\" tabindex=\"-1\"><img loading=\"lazy\" decoding=\"async\" width=\"2560\" height=\"1709\" src=\"https:\/\/echansonneriedespapes.com\/wp-content\/uploads\/2020\/12\/SOMMIER-Fabrice-scaled.jpg\" class=\"attachment-full size-full wp-image-1130\" alt=\"\" srcset=\"https:\/\/echansonneriedespapes.com\/wp-content\/uploads\/2020\/12\/SOMMIER-Fabrice-scaled.jpg 2560w, https:\/\/echansonneriedespapes.com\/wp-content\/uploads\/2020\/12\/SOMMIER-Fabrice-300x200.jpg 300w, https:\/\/echansonneriedespapes.com\/wp-content\/uploads\/2020\/12\/SOMMIER-Fabrice-1024x683.jpg 1024w, https:\/\/echansonneriedespapes.com\/wp-content\/uploads\/2020\/12\/SOMMIER-Fabrice-768x513.jpg 768w, https:\/\/echansonneriedespapes.com\/wp-content\/uploads\/2020\/12\/SOMMIER-Fabrice-1536x1025.jpg 1536w, https:\/\/echansonneriedespapes.com\/wp-content\/uploads\/2020\/12\/SOMMIER-Fabrice-2048x1367.jpg 2048w, https:\/\/echansonneriedespapes.com\/wp-content\/uploads\/2020\/12\/SOMMIER-Fabrice-1618x1080.jpg 1618w\" sizes=\"(max-width: 2560px) 100vw, 2560px\" \/><\/a><\/figure><div class=\"elementor-image-box-content\"><h3 class=\"elementor-image-box-title\"><a href=\"https:\/\/fabricesommier.com\">Fabrice SOMMIER<\/a><\/h3><p class=\"elementor-image-box-description\">Sommelier, Meilleur Ouvrier de France en Sommellerie en 2007<\/p><\/div><\/div>\t\t<\/div>\n\t\t\t\t<\/div>\n\t\t\t\t\t<\/div>\n\t\t<\/div>\n\t\t\t\t<div class=\"elementor-column elementor-col-50 elementor-top-column elementor-element elementor-element-589b8563\" data-id=\"589b8563\" data-element_type=\"column\">\n\t\t\t<div class=\"elementor-widget-wrap elementor-element-populated\">\n\t\t\t\t\t\t<div class=\"elementor-element elementor-element-253f0617 elementor-position-top elementor-widget elementor-widget-image-box\" data-id=\"253f0617\" data-element_type=\"widget\" data-widget_type=\"image-box.default\">\n\t\t\t\t<div class=\"elementor-widget-container\">\n\t\t\t<div class=\"elementor-image-box-wrapper\"><figure class=\"elementor-image-box-img\"><a href=\"https:\/\/www.ekibio.fr\" tabindex=\"-1\"><img loading=\"lazy\" decoding=\"async\" width=\"2560\" height=\"1709\" src=\"https:\/\/echansonneriedespapes.com\/wp-content\/uploads\/2020\/12\/PERREOL-Didier-scaled.jpg\" class=\"attachment-full size-full wp-image-1128\" alt=\"\" srcset=\"https:\/\/echansonneriedespapes.com\/wp-content\/uploads\/2020\/12\/PERREOL-Didier-scaled.jpg 2560w, https:\/\/echansonneriedespapes.com\/wp-content\/uploads\/2020\/12\/PERREOL-Didier-300x200.jpg 300w, https:\/\/echansonneriedespapes.com\/wp-content\/uploads\/2020\/12\/PERREOL-Didier-1024x683.jpg 1024w, https:\/\/echansonneriedespapes.com\/wp-content\/uploads\/2020\/12\/PERREOL-Didier-768x513.jpg 768w, https:\/\/echansonneriedespapes.com\/wp-content\/uploads\/2020\/12\/PERREOL-Didier-1536x1025.jpg 1536w, https:\/\/echansonneriedespapes.com\/wp-content\/uploads\/2020\/12\/PERREOL-Didier-2048x1367.jpg 2048w, https:\/\/echansonneriedespapes.com\/wp-content\/uploads\/2020\/12\/PERREOL-Didier-1618x1080.jpg 1618w\" sizes=\"(max-width: 2560px) 100vw, 2560px\" \/><\/a><\/figure><div class=\"elementor-image-box-content\"><h3 class=\"elementor-image-box-title\"><a href=\"https:\/\/www.ekibio.fr\">Didier PERREOL<\/a><\/h3><p class=\"elementor-image-box-description\">Fondateur et Pr\u00e9sident Directeur G\u00e9n\u00e9ral du Groupe Ekibio<\/p><\/div><\/div>\t\t<\/div>\n\t\t\t\t<\/div>\n\t\t\t\t\t<\/div>\n\t\t<\/div>\n\t\t\t\t\t<\/div>\n\t\t<\/section>\n\t\t\t\t<section class=\"elementor-section elementor-top-section elementor-element elementor-element-48c4634d elementor-section-boxed elementor-section-height-default elementor-section-height-default\" data-id=\"48c4634d\" data-element_type=\"section\">\n\t\t\t\t\t\t<div class=\"elementor-container elementor-column-gap-default\">\n\t\t\t\t\t<div class=\"elementor-column elementor-col-100 elementor-top-column elementor-element elementor-element-12a2c8c3\" data-id=\"12a2c8c3\" data-element_type=\"column\">\n\t\t\t<div class=\"elementor-widget-wrap elementor-element-populated\">\n\t\t\t\t\t\t<div class=\"elementor-element elementor-element-604d995b elementor-widget elementor-widget-spacer\" data-id=\"604d995b\" data-element_type=\"widget\" data-widget_type=\"spacer.default\">\n\t\t\t\t<div class=\"elementor-widget-container\">\n\t\t\t\t\t<div class=\"elementor-spacer\">\n\t\t\t<div class=\"elementor-spacer-inner\"><\/div>\n\t\t<\/div>\n\t\t\t\t<\/div>\n\t\t\t\t<\/div>\n\t\t\t\t<div class=\"elementor-element elementor-element-762b5ca elementor-widget elementor-widget-text-editor\" data-id=\"762b5ca\" data-element_type=\"widget\" data-widget_type=\"text-editor.default\">\n\t\t\t\t<div class=\"elementor-widget-container\">\n\t\t\t\t\t\t\t<p style=\"text-align: right;\"><em>Cr\u00e9dit photos : <a href=\"https:\/\/art-et-image.com\">Art et Image<\/a><\/em><\/p>\t\t\t\t\t\t<\/div>\n\t\t\t\t<\/div>\n\t\t\t\t\t<\/div>\n\t\t<\/div>\n\t\t\t\t\t<\/div>\n\t\t<\/section>\n\t\t\t\t<section class=\"elementor-section elementor-top-section elementor-element elementor-element-996ceae elementor-section-full_width elementor-section-height-min-height elementor-section-content-middle elementor-section-height-default elementor-section-items-middle\" data-id=\"996ceae\" data-element_type=\"section\" data-settings=\"{&quot;background_background&quot;:&quot;classic&quot;}\">\n\t\t\t\t\t\t<div class=\"elementor-container elementor-column-gap-no\">\n\t\t\t\t\t<div class=\"elementor-column elementor-col-100 elementor-top-column elementor-element elementor-element-66ab76\" data-id=\"66ab76\" data-element_type=\"column\">\n\t\t\t<div class=\"elementor-widget-wrap\">\n\t\t\t\t\t\t\t<\/div>\n\t\t<\/div>\n\t\t\t\t\t<\/div>\n\t\t<\/section>\n\t\t\t\t<section class=\"elementor-section elementor-top-section elementor-element elementor-element-2290d767 elementor-section-boxed elementor-section-height-default elementor-section-height-default\" data-id=\"2290d767\" data-element_type=\"section\">\n\t\t\t\t\t\t<div class=\"elementor-container elementor-column-gap-default\">\n\t\t\t\t\t<div class=\"elementor-column elementor-col-33 elementor-top-column elementor-element elementor-element-a17f817\" data-id=\"a17f817\" data-element_type=\"column\">\n\t\t\t<div class=\"elementor-widget-wrap elementor-element-populated\">\n\t\t\t\t\t\t<div class=\"elementor-element elementor-element-4cbcbaa0 elementor-align-left elementor-widget elementor-widget-button\" data-id=\"4cbcbaa0\" data-element_type=\"widget\" data-widget_type=\"button.default\">\n\t\t\t\t<div class=\"elementor-widget-container\">\n\t\t\t\t\t<div class=\"elementor-button-wrapper\">\n\t\t\t<a class=\"elementor-button elementor-button-link elementor-size-sm elementor-animation-grow\" href=\"https:\/\/echansonneriedespapes.com\/index.php\/322eme-chapitre-confrerie-als-templeres-de-la-serra-vins-de-banuyls-samedi-05-decembre-2015\/\">\n\t\t\t\t\t\t<span class=\"elementor-button-content-wrapper\">\n\t\t\t\t\t\t<span class=\"elementor-button-icon\">\n\t\t\t\t<i aria-hidden=\"true\" class=\"fas fa-arrow-alt-circle-left\"><\/i>\t\t\t<\/span>\n\t\t\t\t\t\t\t\t\t<span class=\"elementor-button-text\">Chapitre pr\u00e9c\u00e9dent<\/span>\n\t\t\t\t\t<\/span>\n\t\t\t\t\t<\/a>\n\t\t<\/div>\n\t\t\t\t<\/div>\n\t\t\t\t<\/div>\n\t\t\t\t\t<\/div>\n\t\t<\/div>\n\t\t\t\t<div class=\"elementor-column elementor-col-33 elementor-top-column elementor-element elementor-element-6d90b827\" data-id=\"6d90b827\" data-element_type=\"column\">\n\t\t\t<div class=\"elementor-widget-wrap\">\n\t\t\t\t\t\t\t<\/div>\n\t\t<\/div>\n\t\t\t\t<div class=\"elementor-column elementor-col-33 elementor-top-column elementor-element elementor-element-60531b53\" data-id=\"60531b53\" data-element_type=\"column\">\n\t\t\t<div class=\"elementor-widget-wrap elementor-element-populated\">\n\t\t\t\t\t\t<div class=\"elementor-element elementor-element-396c5039 elementor-align-right elementor-widget elementor-widget-button\" data-id=\"396c5039\" data-element_type=\"widget\" data-widget_type=\"button.default\">\n\t\t\t\t<div class=\"elementor-widget-container\">\n\t\t\t\t\t<div class=\"elementor-button-wrapper\">\n\t\t\t<a class=\"elementor-button elementor-button-link elementor-size-sm elementor-animation-grow\" href=\"https:\/\/echansonneriedespapes.com\/index.php\/324eme-chapitre-grand-conseil-de-la-fleur-samedi-04-juin-2016\/\">\n\t\t\t\t\t\t<span class=\"elementor-button-content-wrapper\">\n\t\t\t\t\t\t<span class=\"elementor-button-icon\">\n\t\t\t\t<i aria-hidden=\"true\" class=\"fas fa-arrow-alt-circle-right\"><\/i>\t\t\t<\/span>\n\t\t\t\t\t\t\t\t\t<span class=\"elementor-button-text\">Chapitre suivant<\/span>\n\t\t\t\t\t<\/span>\n\t\t\t\t\t<\/a>\n\t\t<\/div>\n\t\t\t\t<\/div>\n\t\t\t\t<\/div>\n\t\t\t\t\t<\/div>\n\t\t<\/div>\n\t\t\t\t\t<\/div>\n\t\t<\/section>\n\t\t\t\t<\/div>\n\t\t","protected":false},"excerpt":{"rendered":"<p>Grand Conseil ExceptionnelVendredi 1er avril 2016 Palais des PapesAvignon SAS le Prince Albert II Prince de Monaco Mika H\u00c4KKINEN Pilote de Formule 1,\u00a0Champion du Monde en 1998 et 1999 Fran\u00e7ois AUDOUZE Collectionneur de Vins Rares &#038; Anciens Anne CHAUSSEBOURG Journaliste, ancienne Directrice du Groupe le Monde Michael HORNICKEL Pr\u00e9sident de la F\u00e9d\u00e9ration Internationale des Journalistes&hellip; <br \/> <a class=\"read-more\" href=\"https:\/\/echansonneriedespapes.com\/index.php\/323eme-chapitre-grand-conseil-exceptionnel-pour-sas-le-prince-albert-ii-de-monaco-vendredi-01-avril-2016\/\">Lire la suite<\/a><\/p>\n","protected":false},"author":1,"featured_media":0,"parent":0,"menu_order":0,"comment_status":"closed","ping_status":"closed","template":"","meta":{"footnotes":""},"class_list":["post-851","page","type-page","status-publish","hentry"],"yoast_head":"<!-- This site is optimized with the Yoast SEO plugin v23.4 - https:\/\/yoast.com\/wordpress\/plugins\/seo\/ -->\n<title>323\u00e8me chapitre - \u00c9chansonnerie des Papes<\/title>\n<meta name=\"robots\" content=\"index, follow, max-snippet:-1, max-image-preview:large, max-video-preview:-1\" \/>\n<link rel=\"canonical\" href=\"https:\/\/echansonneriedespapes.com\/index.php\/323eme-chapitre-grand-conseil-exceptionnel-pour-sas-le-prince-albert-ii-de-monaco-vendredi-01-avril-2016\/\" \/>\n<meta property=\"og:locale\" content=\"fr_FR\" \/>\n<meta property=\"og:type\" content=\"article\" \/>\n<meta property=\"og:title\" content=\"323\u00e8me chapitre - \u00c9chansonnerie des Papes\" \/>\n<meta property=\"og:description\" content=\"Grand Conseil ExceptionnelVendredi 1er avril 2016 Palais des PapesAvignon SAS le Prince Albert II Prince de Monaco Mika H\u00c4KKINEN Pilote de Formule 1,\u00a0Champion du Monde en 1998 et 1999 Fran\u00e7ois AUDOUZE Collectionneur de Vins Rares &#038; Anciens Anne CHAUSSEBOURG Journaliste, ancienne Directrice du Groupe le Monde Michael HORNICKEL Pr\u00e9sident de la F\u00e9d\u00e9ration Internationale des Journalistes&hellip; Lire la suite\" \/>\n<meta property=\"og:url\" content=\"https:\/\/echansonneriedespapes.com\/index.php\/323eme-chapitre-grand-conseil-exceptionnel-pour-sas-le-prince-albert-ii-de-monaco-vendredi-01-avril-2016\/\" \/>\n<meta property=\"og:site_name\" content=\"\u00c9chansonnerie des Papes\" \/>\n<meta property=\"article:modified_time\" content=\"2021-03-15T10:20:55+00:00\" \/>\n<meta property=\"og:image\" content=\"https:\/\/echansonneriedespapes.com\/wp-content\/uploads\/2020\/06\/Fichier-1-150x150.png\" \/>\n<meta name=\"twitter:card\" content=\"summary_large_image\" \/>\n<script type=\"application\/ld+json\" class=\"yoast-schema-graph\">{\"@context\":\"https:\/\/schema.org\",\"@graph\":[{\"@type\":\"WebPage\",\"@id\":\"https:\/\/echansonneriedespapes.com\/index.php\/323eme-chapitre-grand-conseil-exceptionnel-pour-sas-le-prince-albert-ii-de-monaco-vendredi-01-avril-2016\/\",\"url\":\"https:\/\/echansonneriedespapes.com\/index.php\/323eme-chapitre-grand-conseil-exceptionnel-pour-sas-le-prince-albert-ii-de-monaco-vendredi-01-avril-2016\/\",\"name\":\"323\u00e8me chapitre - \u00c9chansonnerie des Papes\",\"isPartOf\":{\"@id\":\"https:\/\/echansonneriedespapes.com\/#website\"},\"primaryImageOfPage\":{\"@id\":\"https:\/\/echansonneriedespapes.com\/index.php\/323eme-chapitre-grand-conseil-exceptionnel-pour-sas-le-prince-albert-ii-de-monaco-vendredi-01-avril-2016\/#primaryimage\"},\"image\":{\"@id\":\"https:\/\/echansonneriedespapes.com\/index.php\/323eme-chapitre-grand-conseil-exceptionnel-pour-sas-le-prince-albert-ii-de-monaco-vendredi-01-avril-2016\/#primaryimage\"},\"thumbnailUrl\":\"https:\/\/echansonneriedespapes.com\/wp-content\/uploads\/2020\/06\/Fichier-1-150x150.png\",\"datePublished\":\"2020-12-03T13:03:29+00:00\",\"dateModified\":\"2021-03-15T10:20:55+00:00\",\"breadcrumb\":{\"@id\":\"https:\/\/echansonneriedespapes.com\/index.php\/323eme-chapitre-grand-conseil-exceptionnel-pour-sas-le-prince-albert-ii-de-monaco-vendredi-01-avril-2016\/#breadcrumb\"},\"inLanguage\":\"fr-FR\",\"potentialAction\":[{\"@type\":\"ReadAction\",\"target\":[\"https:\/\/echansonneriedespapes.com\/index.php\/323eme-chapitre-grand-conseil-exceptionnel-pour-sas-le-prince-albert-ii-de-monaco-vendredi-01-avril-2016\/\"]}]},{\"@type\":\"ImageObject\",\"inLanguage\":\"fr-FR\",\"@id\":\"https:\/\/echansonneriedespapes.com\/index.php\/323eme-chapitre-grand-conseil-exceptionnel-pour-sas-le-prince-albert-ii-de-monaco-vendredi-01-avril-2016\/#primaryimage\",\"url\":\"https:\/\/echansonneriedespapes.com\/wp-content\/uploads\/2020\/06\/Fichier-1.png\",\"contentUrl\":\"https:\/\/echansonneriedespapes.com\/wp-content\/uploads\/2020\/06\/Fichier-1.png\",\"width\":350,\"height\":182},{\"@type\":\"BreadcrumbList\",\"@id\":\"https:\/\/echansonneriedespapes.com\/index.php\/323eme-chapitre-grand-conseil-exceptionnel-pour-sas-le-prince-albert-ii-de-monaco-vendredi-01-avril-2016\/#breadcrumb\",\"itemListElement\":[{\"@type\":\"ListItem\",\"position\":1,\"name\":\"Accueil\",\"item\":\"https:\/\/echansonneriedespapes.com\/\"},{\"@type\":\"ListItem\",\"position\":2,\"name\":\"323\u00e8me chapitre\"}]},{\"@type\":\"WebSite\",\"@id\":\"https:\/\/echansonneriedespapes.com\/#website\",\"url\":\"https:\/\/echansonneriedespapes.com\/\",\"name\":\"\u00c9chansonnerie des Papes\",\"description\":\"La Confr\u00e9rie Bachique de Ch\u00e2teauneuf-du-Pape\",\"publisher\":{\"@id\":\"https:\/\/echansonneriedespapes.com\/#organization\"},\"potentialAction\":[{\"@type\":\"SearchAction\",\"target\":{\"@type\":\"EntryPoint\",\"urlTemplate\":\"https:\/\/echansonneriedespapes.com\/?s={search_term_string}\"},\"query-input\":{\"@type\":\"PropertyValueSpecification\",\"valueRequired\":true,\"valueName\":\"search_term_string\"}}],\"inLanguage\":\"fr-FR\"},{\"@type\":\"Organization\",\"@id\":\"https:\/\/echansonneriedespapes.com\/#organization\",\"name\":\"\u00c9chansonnerie des Papes\",\"url\":\"https:\/\/echansonneriedespapes.com\/\",\"logo\":{\"@type\":\"ImageObject\",\"inLanguage\":\"fr-FR\",\"@id\":\"https:\/\/echansonneriedespapes.com\/#\/schema\/logo\/image\/\",\"url\":\"https:\/\/echansonneriedespapes.com\/wp-content\/uploads\/2018\/08\/cropped-logo-echansonnerie-sans-fond-4.png\",\"contentUrl\":\"https:\/\/echansonneriedespapes.com\/wp-content\/uploads\/2018\/08\/cropped-logo-echansonnerie-sans-fond-4.png\",\"width\":508,\"height\":608,\"caption\":\"\u00c9chansonnerie des Papes\"},\"image\":{\"@id\":\"https:\/\/echansonneriedespapes.com\/#\/schema\/logo\/image\/\"}}]}<\/script>\n<!-- \/ Yoast SEO plugin. -->","yoast_head_json":{"title":"323\u00e8me chapitre - \u00c9chansonnerie des Papes","robots":{"index":"index","follow":"follow","max-snippet":"max-snippet:-1","max-image-preview":"max-image-preview:large","max-video-preview":"max-video-preview:-1"},"canonical":"https:\/\/echansonneriedespapes.com\/index.php\/323eme-chapitre-grand-conseil-exceptionnel-pour-sas-le-prince-albert-ii-de-monaco-vendredi-01-avril-2016\/","og_locale":"fr_FR","og_type":"article","og_title":"323\u00e8me chapitre - \u00c9chansonnerie des Papes","og_description":"Grand Conseil ExceptionnelVendredi 1er avril 2016 Palais des PapesAvignon SAS le Prince Albert II Prince de Monaco Mika H\u00c4KKINEN Pilote de Formule 1,\u00a0Champion du Monde en 1998 et 1999 Fran\u00e7ois AUDOUZE Collectionneur de Vins Rares &#038; Anciens Anne CHAUSSEBOURG Journaliste, ancienne Directrice du Groupe le Monde Michael HORNICKEL Pr\u00e9sident de la F\u00e9d\u00e9ration Internationale des Journalistes&hellip; Lire la suite","og_url":"https:\/\/echansonneriedespapes.com\/index.php\/323eme-chapitre-grand-conseil-exceptionnel-pour-sas-le-prince-albert-ii-de-monaco-vendredi-01-avril-2016\/","og_site_name":"\u00c9chansonnerie des Papes","article_modified_time":"2021-03-15T10:20:55+00:00","og_image":[{"url":"https:\/\/echansonneriedespapes.com\/wp-content\/uploads\/2020\/06\/Fichier-1-150x150.png"}],"twitter_card":"summary_large_image","schema":{"@context":"https:\/\/schema.org","@graph":[{"@type":"WebPage","@id":"https:\/\/echansonneriedespapes.com\/index.php\/323eme-chapitre-grand-conseil-exceptionnel-pour-sas-le-prince-albert-ii-de-monaco-vendredi-01-avril-2016\/","url":"https:\/\/echansonneriedespapes.com\/index.php\/323eme-chapitre-grand-conseil-exceptionnel-pour-sas-le-prince-albert-ii-de-monaco-vendredi-01-avril-2016\/","name":"323\u00e8me chapitre - \u00c9chansonnerie des Papes","isPartOf":{"@id":"https:\/\/echansonneriedespapes.com\/#website"},"primaryImageOfPage":{"@id":"https:\/\/echansonneriedespapes.com\/index.php\/323eme-chapitre-grand-conseil-exceptionnel-pour-sas-le-prince-albert-ii-de-monaco-vendredi-01-avril-2016\/#primaryimage"},"image":{"@id":"https:\/\/echansonneriedespapes.com\/index.php\/323eme-chapitre-grand-conseil-exceptionnel-pour-sas-le-prince-albert-ii-de-monaco-vendredi-01-avril-2016\/#primaryimage"},"thumbnailUrl":"https:\/\/echansonneriedespapes.com\/wp-content\/uploads\/2020\/06\/Fichier-1-150x150.png","datePublished":"2020-12-03T13:03:29+00:00","dateModified":"2021-03-15T10:20:55+00:00","breadcrumb":{"@id":"https:\/\/echansonneriedespapes.com\/index.php\/323eme-chapitre-grand-conseil-exceptionnel-pour-sas-le-prince-albert-ii-de-monaco-vendredi-01-avril-2016\/#breadcrumb"},"inLanguage":"fr-FR","potentialAction":[{"@type":"ReadAction","target":["https:\/\/echansonneriedespapes.com\/index.php\/323eme-chapitre-grand-conseil-exceptionnel-pour-sas-le-prince-albert-ii-de-monaco-vendredi-01-avril-2016\/"]}]},{"@type":"ImageObject","inLanguage":"fr-FR","@id":"https:\/\/echansonneriedespapes.com\/index.php\/323eme-chapitre-grand-conseil-exceptionnel-pour-sas-le-prince-albert-ii-de-monaco-vendredi-01-avril-2016\/#primaryimage","url":"https:\/\/echansonneriedespapes.com\/wp-content\/uploads\/2020\/06\/Fichier-1.png","contentUrl":"https:\/\/echansonneriedespapes.com\/wp-content\/uploads\/2020\/06\/Fichier-1.png","width":350,"height":182},{"@type":"BreadcrumbList","@id":"https:\/\/echansonneriedespapes.com\/index.php\/323eme-chapitre-grand-conseil-exceptionnel-pour-sas-le-prince-albert-ii-de-monaco-vendredi-01-avril-2016\/#breadcrumb","itemListElement":[{"@type":"ListItem","position":1,"name":"Accueil","item":"https:\/\/echansonneriedespapes.com\/"},{"@type":"ListItem","position":2,"name":"323\u00e8me chapitre"}]},{"@type":"WebSite","@id":"https:\/\/echansonneriedespapes.com\/#website","url":"https:\/\/echansonneriedespapes.com\/","name":"\u00c9chansonnerie des Papes","description":"La Confr\u00e9rie Bachique de Ch\u00e2teauneuf-du-Pape","publisher":{"@id":"https:\/\/echansonneriedespapes.com\/#organization"},"potentialAction":[{"@type":"SearchAction","target":{"@type":"EntryPoint","urlTemplate":"https:\/\/echansonneriedespapes.com\/?s={search_term_string}"},"query-input":{"@type":"PropertyValueSpecification","valueRequired":true,"valueName":"search_term_string"}}],"inLanguage":"fr-FR"},{"@type":"Organization","@id":"https:\/\/echansonneriedespapes.com\/#organization","name":"\u00c9chansonnerie des Papes","url":"https:\/\/echansonneriedespapes.com\/","logo":{"@type":"ImageObject","inLanguage":"fr-FR","@id":"https:\/\/echansonneriedespapes.com\/#\/schema\/logo\/image\/","url":"https:\/\/echansonneriedespapes.com\/wp-content\/uploads\/2018\/08\/cropped-logo-echansonnerie-sans-fond-4.png","contentUrl":"https:\/\/echansonneriedespapes.com\/wp-content\/uploads\/2018\/08\/cropped-logo-echansonnerie-sans-fond-4.png","width":508,"height":608,"caption":"\u00c9chansonnerie des Papes"},"image":{"@id":"https:\/\/echansonneriedespapes.com\/#\/schema\/logo\/image\/"}}]}},"jetpack_sharing_enabled":true,"_links":{"self":[{"href":"https:\/\/echansonneriedespapes.com\/index.php\/wp-json\/wp\/v2\/pages\/851"}],"collection":[{"href":"https:\/\/echansonneriedespapes.com\/index.php\/wp-json\/wp\/v2\/pages"}],"about":[{"href":"https:\/\/echansonneriedespapes.com\/index.php\/wp-json\/wp\/v2\/types\/page"}],"author":[{"embeddable":true,"href":"https:\/\/echansonneriedespapes.com\/index.php\/wp-json\/wp\/v2\/users\/1"}],"replies":[{"embeddable":true,"href":"https:\/\/echansonneriedespapes.com\/index.php\/wp-json\/wp\/v2\/comments?post=851"}],"version-history":[{"count":4,"href":"https:\/\/echansonneriedespapes.com\/index.php\/wp-json\/wp\/v2\/pages\/851\/revisions"}],"predecessor-version":[{"id":1350,"href":"https:\/\/echansonneriedespapes.com\/index.php\/wp-json\/wp\/v2\/pages\/851\/revisions\/1350"}],"wp:attachment":[{"href":"https:\/\/echansonneriedespapes.com\/index.php\/wp-json\/wp\/v2\/media?parent=851"}],"curies":[{"name":"wp","href":"https:\/\/api.w.org\/{rel}","templated":true}]}}