{"id":828,"date":"2020-12-03T14:00:19","date_gmt":"2020-12-03T13:00:19","guid":{"rendered":"https:\/\/echansonneriedespapes.com\/?page_id=828"},"modified":"2021-03-15T11:20:29","modified_gmt":"2021-03-15T10:20:29","slug":"330eme-chapitre-grand-conseil-dhiver-samedi-09-decembre-2017","status":"publish","type":"page","link":"https:\/\/echansonneriedespapes.com\/index.php\/330eme-chapitre-grand-conseil-dhiver-samedi-09-decembre-2017\/","title":{"rendered":"330\u00e8me chapitre"},"content":{"rendered":"\t\t<div data-elementor-type=\"wp-page\" data-elementor-id=\"828\" class=\"elementor elementor-828\">\n\t\t\t\t\t\t<section class=\"elementor-section elementor-top-section elementor-element elementor-element-70e2c382 elementor-section-boxed elementor-section-height-default elementor-section-height-default\" data-id=\"70e2c382\" data-element_type=\"section\">\n\t\t\t\t\t\t<div class=\"elementor-container elementor-column-gap-default\">\n\t\t\t\t\t<div class=\"elementor-column elementor-col-100 elementor-top-column elementor-element elementor-element-42c4e02e\" data-id=\"42c4e02e\" data-element_type=\"column\">\n\t\t\t<div class=\"elementor-widget-wrap elementor-element-populated\">\n\t\t\t\t\t\t<div class=\"elementor-element elementor-element-4c44c28a elementor-widget elementor-widget-heading\" data-id=\"4c44c28a\" data-element_type=\"widget\" data-widget_type=\"heading.default\">\n\t\t\t\t<div class=\"elementor-widget-container\">\n\t\t\t<h2 class=\"elementor-heading-title elementor-size-large\">Grand Conseil d'Hiver<br><font size=\"6\"><I>Samedi 9 d\u00e9cembre 2017<\/i><\/font><\/h2>\t\t<\/div>\n\t\t\t\t<\/div>\n\t\t\t\t<div class=\"elementor-element elementor-element-6512735c elementor-widget elementor-widget-heading\" data-id=\"6512735c\" data-element_type=\"widget\" data-widget_type=\"heading.default\">\n\t\t\t\t<div class=\"elementor-widget-container\">\n\t\t\t<h2 class=\"elementor-heading-title elementor-size-large\"><a href=\"https:\/\/www.palais-des-papes.com\/fr\">Palais des Papes<br>Avignon<\/a><\/h2>\t\t<\/div>\n\t\t\t\t<\/div>\n\t\t\t\t<div class=\"elementor-element elementor-element-47860ded elementor-widget elementor-widget-image\" data-id=\"47860ded\" data-element_type=\"widget\" data-widget_type=\"image.default\">\n\t\t\t\t<div class=\"elementor-widget-container\">\n\t\t\t\t\t\t\t\t\t\t\t\t\t<img decoding=\"async\" width=\"150\" height=\"150\" src=\"https:\/\/echansonneriedespapes.com\/wp-content\/uploads\/2020\/06\/Fichier-1-150x150.png\" class=\"attachment-thumbnail size-thumbnail wp-image-415\" alt=\"\" \/>\t\t\t\t\t\t\t\t\t\t\t\t\t<\/div>\n\t\t\t\t<\/div>\n\t\t\t\t<div class=\"elementor-element elementor-element-51e7c57f elementor-widget elementor-widget-spacer\" data-id=\"51e7c57f\" data-element_type=\"widget\" data-widget_type=\"spacer.default\">\n\t\t\t\t<div class=\"elementor-widget-container\">\n\t\t\t\t\t<div class=\"elementor-spacer\">\n\t\t\t<div class=\"elementor-spacer-inner\"><\/div>\n\t\t<\/div>\n\t\t\t\t<\/div>\n\t\t\t\t<\/div>\n\t\t\t\t\t<\/div>\n\t\t<\/div>\n\t\t\t\t\t<\/div>\n\t\t<\/section>\n\t\t\t\t<section class=\"elementor-section elementor-top-section elementor-element elementor-element-1936ca42 elementor-section-boxed elementor-section-height-default elementor-section-height-default\" data-id=\"1936ca42\" data-element_type=\"section\">\n\t\t\t\t\t\t<div class=\"elementor-container elementor-column-gap-default\">\n\t\t\t\t\t<div class=\"elementor-column elementor-col-50 elementor-top-column elementor-element elementor-element-42518bd6\" data-id=\"42518bd6\" data-element_type=\"column\">\n\t\t\t<div class=\"elementor-widget-wrap elementor-element-populated\">\n\t\t\t\t\t\t<div class=\"elementor-element elementor-element-299ee2c5 elementor-position-top elementor-widget elementor-widget-image-box\" data-id=\"299ee2c5\" data-element_type=\"widget\" data-widget_type=\"image-box.default\">\n\t\t\t\t<div class=\"elementor-widget-container\">\n\t\t\t<div class=\"elementor-image-box-wrapper\"><figure class=\"elementor-image-box-img\"><a href=\"https:\/\/www.crillonlebrave.com\/fr\/\" tabindex=\"-1\"><img fetchpriority=\"high\" decoding=\"async\" width=\"2480\" height=\"1655\" src=\"https:\/\/echansonneriedespapes.com\/wp-content\/uploads\/2020\/12\/BLANCHET-J\u00e9r\u00f4me.jpg\" class=\"attachment-full size-full wp-image-1035\" alt=\"\" srcset=\"https:\/\/echansonneriedespapes.com\/wp-content\/uploads\/2020\/12\/BLANCHET-J\u00e9r\u00f4me.jpg 2480w, https:\/\/echansonneriedespapes.com\/wp-content\/uploads\/2020\/12\/BLANCHET-J\u00e9r\u00f4me-300x200.jpg 300w, https:\/\/echansonneriedespapes.com\/wp-content\/uploads\/2020\/12\/BLANCHET-J\u00e9r\u00f4me-1024x683.jpg 1024w, https:\/\/echansonneriedespapes.com\/wp-content\/uploads\/2020\/12\/BLANCHET-J\u00e9r\u00f4me-768x513.jpg 768w, https:\/\/echansonneriedespapes.com\/wp-content\/uploads\/2020\/12\/BLANCHET-J\u00e9r\u00f4me-1536x1025.jpg 1536w, https:\/\/echansonneriedespapes.com\/wp-content\/uploads\/2020\/12\/BLANCHET-J\u00e9r\u00f4me-2048x1367.jpg 2048w, https:\/\/echansonneriedespapes.com\/wp-content\/uploads\/2020\/12\/BLANCHET-J\u00e9r\u00f4me-1618x1080.jpg 1618w\" sizes=\"(max-width: 2480px) 100vw, 2480px\" \/><\/a><\/figure><div class=\"elementor-image-box-content\"><h3 class=\"elementor-image-box-title\"><a href=\"https:\/\/www.crillonlebrave.com\/fr\/\">J\u00e9r\u00f4me BLANCHET<\/a><\/h3><p class=\"elementor-image-box-description\">Chef des Cuisines \u00e0 l'H\u00f4tel Crillon le Brave<\/p><\/div><\/div>\t\t<\/div>\n\t\t\t\t<\/div>\n\t\t\t\t\t<\/div>\n\t\t<\/div>\n\t\t\t\t<div class=\"elementor-column elementor-col-50 elementor-top-column elementor-element elementor-element-756d5f7f\" data-id=\"756d5f7f\" data-element_type=\"column\">\n\t\t\t<div class=\"elementor-widget-wrap elementor-element-populated\">\n\t\t\t\t\t\t<div class=\"elementor-element elementor-element-105478d elementor-position-top elementor-widget elementor-widget-image-box\" data-id=\"105478d\" data-element_type=\"widget\" data-widget_type=\"image-box.default\">\n\t\t\t\t<div class=\"elementor-widget-container\">\n\t\t\t<div class=\"elementor-image-box-wrapper\"><figure class=\"elementor-image-box-img\"><img decoding=\"async\" width=\"2480\" height=\"1655\" src=\"https:\/\/echansonneriedespapes.com\/wp-content\/uploads\/2020\/12\/CANARIE-G\u00e9rard.jpg\" class=\"attachment-full size-full wp-image-1036\" alt=\"\" srcset=\"https:\/\/echansonneriedespapes.com\/wp-content\/uploads\/2020\/12\/CANARIE-G\u00e9rard.jpg 2480w, https:\/\/echansonneriedespapes.com\/wp-content\/uploads\/2020\/12\/CANARIE-G\u00e9rard-300x200.jpg 300w, https:\/\/echansonneriedespapes.com\/wp-content\/uploads\/2020\/12\/CANARIE-G\u00e9rard-1024x683.jpg 1024w, https:\/\/echansonneriedespapes.com\/wp-content\/uploads\/2020\/12\/CANARIE-G\u00e9rard-768x513.jpg 768w, https:\/\/echansonneriedespapes.com\/wp-content\/uploads\/2020\/12\/CANARIE-G\u00e9rard-1536x1025.jpg 1536w, https:\/\/echansonneriedespapes.com\/wp-content\/uploads\/2020\/12\/CANARIE-G\u00e9rard-2048x1367.jpg 2048w, https:\/\/echansonneriedespapes.com\/wp-content\/uploads\/2020\/12\/CANARIE-G\u00e9rard-1618x1080.jpg 1618w\" sizes=\"(max-width: 2480px) 100vw, 2480px\" \/><\/figure><div class=\"elementor-image-box-content\"><h3 class=\"elementor-image-box-title\">G\u00e9rard CANARIE<\/h3><p class=\"elementor-image-box-description\">Conseiller Fiscal<\/p><\/div><\/div>\t\t<\/div>\n\t\t\t\t<\/div>\n\t\t\t\t\t<\/div>\n\t\t<\/div>\n\t\t\t\t\t<\/div>\n\t\t<\/section>\n\t\t\t\t<section class=\"elementor-section elementor-top-section elementor-element elementor-element-ab45788 elementor-section-boxed elementor-section-height-default elementor-section-height-default\" data-id=\"ab45788\" data-element_type=\"section\">\n\t\t\t\t\t\t<div class=\"elementor-container elementor-column-gap-default\">\n\t\t\t\t\t<div class=\"elementor-column elementor-col-50 elementor-top-column elementor-element elementor-element-2ce144aa\" data-id=\"2ce144aa\" data-element_type=\"column\">\n\t\t\t<div class=\"elementor-widget-wrap elementor-element-populated\">\n\t\t\t\t\t\t<div class=\"elementor-element elementor-element-3411cb19 elementor-position-top elementor-widget elementor-widget-image-box\" data-id=\"3411cb19\" data-element_type=\"widget\" data-widget_type=\"image-box.default\">\n\t\t\t\t<div class=\"elementor-widget-container\">\n\t\t\t<div class=\"elementor-image-box-wrapper\"><figure class=\"elementor-image-box-img\"><a href=\"https:\/\/fr.wikipedia.org\/wiki\/Jean-Fran\u00e7ois_Cesarini\" tabindex=\"-1\"><img loading=\"lazy\" decoding=\"async\" width=\"2480\" height=\"1655\" src=\"https:\/\/echansonneriedespapes.com\/wp-content\/uploads\/2020\/12\/CESARINI-Jean-Fran\u00e7ois.jpg\" class=\"attachment-full size-full wp-image-1037\" alt=\"\" srcset=\"https:\/\/echansonneriedespapes.com\/wp-content\/uploads\/2020\/12\/CESARINI-Jean-Fran\u00e7ois.jpg 2480w, https:\/\/echansonneriedespapes.com\/wp-content\/uploads\/2020\/12\/CESARINI-Jean-Fran\u00e7ois-300x200.jpg 300w, https:\/\/echansonneriedespapes.com\/wp-content\/uploads\/2020\/12\/CESARINI-Jean-Fran\u00e7ois-1024x683.jpg 1024w, https:\/\/echansonneriedespapes.com\/wp-content\/uploads\/2020\/12\/CESARINI-Jean-Fran\u00e7ois-768x513.jpg 768w, https:\/\/echansonneriedespapes.com\/wp-content\/uploads\/2020\/12\/CESARINI-Jean-Fran\u00e7ois-1536x1025.jpg 1536w, https:\/\/echansonneriedespapes.com\/wp-content\/uploads\/2020\/12\/CESARINI-Jean-Fran\u00e7ois-2048x1367.jpg 2048w, https:\/\/echansonneriedespapes.com\/wp-content\/uploads\/2020\/12\/CESARINI-Jean-Fran\u00e7ois-1618x1080.jpg 1618w\" sizes=\"(max-width: 2480px) 100vw, 2480px\" \/><\/a><\/figure><div class=\"elementor-image-box-content\"><h3 class=\"elementor-image-box-title\"><a href=\"https:\/\/fr.wikipedia.org\/wiki\/Jean-Fran\u00e7ois_Cesarini\">Jean-Fran\u00e7ois CESARINI<\/a><\/h3><p class=\"elementor-image-box-description\">Chef d'Entreprise et D\u00e9put\u00e9 Vaucluse de la 1\u00e8re Circonscription du Vaucluse<\/p><\/div><\/div>\t\t<\/div>\n\t\t\t\t<\/div>\n\t\t\t\t\t<\/div>\n\t\t<\/div>\n\t\t\t\t<div class=\"elementor-column elementor-col-50 elementor-top-column elementor-element elementor-element-17a9932b\" data-id=\"17a9932b\" data-element_type=\"column\">\n\t\t\t<div class=\"elementor-widget-wrap elementor-element-populated\">\n\t\t\t\t\t\t<div class=\"elementor-element elementor-element-5adc4d5 elementor-position-top elementor-widget elementor-widget-image-box\" data-id=\"5adc4d5\" data-element_type=\"widget\" data-widget_type=\"image-box.default\">\n\t\t\t\t<div class=\"elementor-widget-container\">\n\t\t\t<div class=\"elementor-image-box-wrapper\"><figure class=\"elementor-image-box-img\"><a href=\"http:\/\/www.jcchapuzet.com\/biographie.html\" tabindex=\"-1\"><img loading=\"lazy\" decoding=\"async\" width=\"2480\" height=\"1655\" src=\"https:\/\/echansonneriedespapes.com\/wp-content\/uploads\/2020\/12\/CHAPUZET-Jean-Charles.jpg\" class=\"attachment-full size-full wp-image-1038\" alt=\"\" srcset=\"https:\/\/echansonneriedespapes.com\/wp-content\/uploads\/2020\/12\/CHAPUZET-Jean-Charles.jpg 2480w, https:\/\/echansonneriedespapes.com\/wp-content\/uploads\/2020\/12\/CHAPUZET-Jean-Charles-300x200.jpg 300w, https:\/\/echansonneriedespapes.com\/wp-content\/uploads\/2020\/12\/CHAPUZET-Jean-Charles-1024x683.jpg 1024w, https:\/\/echansonneriedespapes.com\/wp-content\/uploads\/2020\/12\/CHAPUZET-Jean-Charles-768x513.jpg 768w, https:\/\/echansonneriedespapes.com\/wp-content\/uploads\/2020\/12\/CHAPUZET-Jean-Charles-1536x1025.jpg 1536w, https:\/\/echansonneriedespapes.com\/wp-content\/uploads\/2020\/12\/CHAPUZET-Jean-Charles-2048x1367.jpg 2048w, https:\/\/echansonneriedespapes.com\/wp-content\/uploads\/2020\/12\/CHAPUZET-Jean-Charles-1618x1080.jpg 1618w\" sizes=\"(max-width: 2480px) 100vw, 2480px\" \/><\/a><\/figure><div class=\"elementor-image-box-content\"><h3 class=\"elementor-image-box-title\"><a href=\"http:\/\/www.jcchapuzet.com\/biographie.html\">Jean-Charles CHAPUZET<\/a><\/h3><p class=\"elementor-image-box-description\">Journaliste<\/p><\/div><\/div>\t\t<\/div>\n\t\t\t\t<\/div>\n\t\t\t\t\t<\/div>\n\t\t<\/div>\n\t\t\t\t\t<\/div>\n\t\t<\/section>\n\t\t\t\t<section class=\"elementor-section elementor-top-section elementor-element elementor-element-3bd75690 elementor-section-boxed elementor-section-height-default elementor-section-height-default\" data-id=\"3bd75690\" data-element_type=\"section\">\n\t\t\t\t\t\t<div class=\"elementor-container elementor-column-gap-default\">\n\t\t\t\t\t<div class=\"elementor-column elementor-col-50 elementor-top-column elementor-element elementor-element-75a8228b\" data-id=\"75a8228b\" data-element_type=\"column\">\n\t\t\t<div class=\"elementor-widget-wrap elementor-element-populated\">\n\t\t\t\t\t\t<div class=\"elementor-element elementor-element-483f433 elementor-position-top elementor-widget elementor-widget-image-box\" data-id=\"483f433\" data-element_type=\"widget\" data-widget_type=\"image-box.default\">\n\t\t\t\t<div class=\"elementor-widget-container\">\n\t\t\t<div class=\"elementor-image-box-wrapper\"><figure class=\"elementor-image-box-img\"><img loading=\"lazy\" decoding=\"async\" width=\"2480\" height=\"1655\" src=\"https:\/\/echansonneriedespapes.com\/wp-content\/uploads\/2020\/12\/CLAPOT-Fran\u00e7ois.jpg\" class=\"attachment-full size-full wp-image-1039\" alt=\"\" srcset=\"https:\/\/echansonneriedespapes.com\/wp-content\/uploads\/2020\/12\/CLAPOT-Fran\u00e7ois.jpg 2480w, https:\/\/echansonneriedespapes.com\/wp-content\/uploads\/2020\/12\/CLAPOT-Fran\u00e7ois-300x200.jpg 300w, https:\/\/echansonneriedespapes.com\/wp-content\/uploads\/2020\/12\/CLAPOT-Fran\u00e7ois-1024x683.jpg 1024w, https:\/\/echansonneriedespapes.com\/wp-content\/uploads\/2020\/12\/CLAPOT-Fran\u00e7ois-768x513.jpg 768w, https:\/\/echansonneriedespapes.com\/wp-content\/uploads\/2020\/12\/CLAPOT-Fran\u00e7ois-1536x1025.jpg 1536w, https:\/\/echansonneriedespapes.com\/wp-content\/uploads\/2020\/12\/CLAPOT-Fran\u00e7ois-2048x1367.jpg 2048w, https:\/\/echansonneriedespapes.com\/wp-content\/uploads\/2020\/12\/CLAPOT-Fran\u00e7ois-1618x1080.jpg 1618w\" sizes=\"(max-width: 2480px) 100vw, 2480px\" \/><\/figure><div class=\"elementor-image-box-content\"><h3 class=\"elementor-image-box-title\">Fran\u00e7ois CLAPOT<\/h3><p class=\"elementor-image-box-description\">M\u00e9decin<\/p><\/div><\/div>\t\t<\/div>\n\t\t\t\t<\/div>\n\t\t\t\t\t<\/div>\n\t\t<\/div>\n\t\t\t\t<div class=\"elementor-column elementor-col-50 elementor-top-column elementor-element elementor-element-6c7ff001\" data-id=\"6c7ff001\" data-element_type=\"column\">\n\t\t\t<div class=\"elementor-widget-wrap elementor-element-populated\">\n\t\t\t\t\t\t<div class=\"elementor-element elementor-element-56ccf7d9 elementor-position-top elementor-widget elementor-widget-image-box\" data-id=\"56ccf7d9\" data-element_type=\"widget\" data-widget_type=\"image-box.default\">\n\t\t\t\t<div class=\"elementor-widget-container\">\n\t\t\t<div class=\"elementor-image-box-wrapper\"><figure class=\"elementor-image-box-img\"><img loading=\"lazy\" decoding=\"async\" width=\"2480\" height=\"1655\" src=\"https:\/\/echansonneriedespapes.com\/wp-content\/uploads\/2020\/12\/DOMIN-Olivier.jpg\" class=\"attachment-full size-full wp-image-1040\" alt=\"\" srcset=\"https:\/\/echansonneriedespapes.com\/wp-content\/uploads\/2020\/12\/DOMIN-Olivier.jpg 2480w, https:\/\/echansonneriedespapes.com\/wp-content\/uploads\/2020\/12\/DOMIN-Olivier-300x200.jpg 300w, https:\/\/echansonneriedespapes.com\/wp-content\/uploads\/2020\/12\/DOMIN-Olivier-1024x683.jpg 1024w, https:\/\/echansonneriedespapes.com\/wp-content\/uploads\/2020\/12\/DOMIN-Olivier-768x513.jpg 768w, https:\/\/echansonneriedespapes.com\/wp-content\/uploads\/2020\/12\/DOMIN-Olivier-1536x1025.jpg 1536w, https:\/\/echansonneriedespapes.com\/wp-content\/uploads\/2020\/12\/DOMIN-Olivier-2048x1367.jpg 2048w, https:\/\/echansonneriedespapes.com\/wp-content\/uploads\/2020\/12\/DOMIN-Olivier-1618x1080.jpg 1618w\" sizes=\"(max-width: 2480px) 100vw, 2480px\" \/><\/figure><div class=\"elementor-image-box-content\"><h3 class=\"elementor-image-box-title\">Olivier DOMIN - OLLL<\/h3><p class=\"elementor-image-box-description\">Artiste Peintre Surnom\u00e9 Olll<\/p><\/div><\/div>\t\t<\/div>\n\t\t\t\t<\/div>\n\t\t\t\t\t<\/div>\n\t\t<\/div>\n\t\t\t\t\t<\/div>\n\t\t<\/section>\n\t\t\t\t<section class=\"elementor-section elementor-top-section elementor-element elementor-element-7a69e44d elementor-section-boxed elementor-section-height-default elementor-section-height-default\" data-id=\"7a69e44d\" data-element_type=\"section\">\n\t\t\t\t\t\t<div class=\"elementor-container elementor-column-gap-default\">\n\t\t\t\t\t<div class=\"elementor-column elementor-col-50 elementor-top-column elementor-element elementor-element-68eb3b49\" data-id=\"68eb3b49\" data-element_type=\"column\">\n\t\t\t<div class=\"elementor-widget-wrap elementor-element-populated\">\n\t\t\t\t\t\t<div class=\"elementor-element elementor-element-ebc987b elementor-position-top elementor-widget elementor-widget-image-box\" data-id=\"ebc987b\" data-element_type=\"widget\" data-widget_type=\"image-box.default\">\n\t\t\t\t<div class=\"elementor-widget-container\">\n\t\t\t<div class=\"elementor-image-box-wrapper\"><figure class=\"elementor-image-box-img\"><img loading=\"lazy\" decoding=\"async\" width=\"2480\" height=\"1655\" src=\"https:\/\/echansonneriedespapes.com\/wp-content\/uploads\/2020\/12\/GALLART-G\u00e9rald.jpg\" class=\"attachment-full size-full wp-image-1041\" alt=\"\" srcset=\"https:\/\/echansonneriedespapes.com\/wp-content\/uploads\/2020\/12\/GALLART-G\u00e9rald.jpg 2480w, https:\/\/echansonneriedespapes.com\/wp-content\/uploads\/2020\/12\/GALLART-G\u00e9rald-300x200.jpg 300w, https:\/\/echansonneriedespapes.com\/wp-content\/uploads\/2020\/12\/GALLART-G\u00e9rald-1024x683.jpg 1024w, https:\/\/echansonneriedespapes.com\/wp-content\/uploads\/2020\/12\/GALLART-G\u00e9rald-768x513.jpg 768w, https:\/\/echansonneriedespapes.com\/wp-content\/uploads\/2020\/12\/GALLART-G\u00e9rald-1536x1025.jpg 1536w, https:\/\/echansonneriedespapes.com\/wp-content\/uploads\/2020\/12\/GALLART-G\u00e9rald-2048x1367.jpg 2048w, https:\/\/echansonneriedespapes.com\/wp-content\/uploads\/2020\/12\/GALLART-G\u00e9rald-1618x1080.jpg 1618w\" sizes=\"(max-width: 2480px) 100vw, 2480px\" \/><\/figure><div class=\"elementor-image-box-content\"><h3 class=\"elementor-image-box-title\">G\u00e9rald GALLART<\/h3><p class=\"elementor-image-box-description\">M\u00e9decin<\/p><\/div><\/div>\t\t<\/div>\n\t\t\t\t<\/div>\n\t\t\t\t\t<\/div>\n\t\t<\/div>\n\t\t\t\t<div class=\"elementor-column elementor-col-50 elementor-top-column elementor-element elementor-element-6fe36639\" data-id=\"6fe36639\" data-element_type=\"column\">\n\t\t\t<div class=\"elementor-widget-wrap elementor-element-populated\">\n\t\t\t\t\t\t<div class=\"elementor-element elementor-element-401d27a4 elementor-position-top elementor-widget elementor-widget-image-box\" data-id=\"401d27a4\" data-element_type=\"widget\" data-widget_type=\"image-box.default\">\n\t\t\t\t<div class=\"elementor-widget-container\">\n\t\t\t<div class=\"elementor-image-box-wrapper\"><figure class=\"elementor-image-box-img\"><img loading=\"lazy\" decoding=\"async\" width=\"2480\" height=\"1655\" src=\"https:\/\/echansonneriedespapes.com\/wp-content\/uploads\/2020\/12\/GELAT-Marcel.jpg\" class=\"attachment-full size-full wp-image-1042\" alt=\"\" srcset=\"https:\/\/echansonneriedespapes.com\/wp-content\/uploads\/2020\/12\/GELAT-Marcel.jpg 2480w, https:\/\/echansonneriedespapes.com\/wp-content\/uploads\/2020\/12\/GELAT-Marcel-300x200.jpg 300w, https:\/\/echansonneriedespapes.com\/wp-content\/uploads\/2020\/12\/GELAT-Marcel-1024x683.jpg 1024w, https:\/\/echansonneriedespapes.com\/wp-content\/uploads\/2020\/12\/GELAT-Marcel-768x513.jpg 768w, https:\/\/echansonneriedespapes.com\/wp-content\/uploads\/2020\/12\/GELAT-Marcel-1536x1025.jpg 1536w, https:\/\/echansonneriedespapes.com\/wp-content\/uploads\/2020\/12\/GELAT-Marcel-2048x1367.jpg 2048w, https:\/\/echansonneriedespapes.com\/wp-content\/uploads\/2020\/12\/GELAT-Marcel-1618x1080.jpg 1618w\" sizes=\"(max-width: 2480px) 100vw, 2480px\" \/><\/figure><div class=\"elementor-image-box-content\"><h3 class=\"elementor-image-box-title\">Marcel GELAT<\/h3><p class=\"elementor-image-box-description\">Fondateur de la Soci\u00e9t\u00e9 SOS Repro<\/p><\/div><\/div>\t\t<\/div>\n\t\t\t\t<\/div>\n\t\t\t\t\t<\/div>\n\t\t<\/div>\n\t\t\t\t\t<\/div>\n\t\t<\/section>\n\t\t\t\t<section class=\"elementor-section elementor-top-section elementor-element elementor-element-1f6c5dc4 elementor-section-boxed elementor-section-height-default elementor-section-height-default\" data-id=\"1f6c5dc4\" data-element_type=\"section\">\n\t\t\t\t\t\t<div class=\"elementor-container elementor-column-gap-default\">\n\t\t\t\t\t<div class=\"elementor-column elementor-col-50 elementor-top-column elementor-element elementor-element-56b73ab9\" data-id=\"56b73ab9\" data-element_type=\"column\">\n\t\t\t<div class=\"elementor-widget-wrap elementor-element-populated\">\n\t\t\t\t\t\t<div class=\"elementor-element elementor-element-70267ac2 elementor-position-top elementor-widget elementor-widget-image-box\" data-id=\"70267ac2\" data-element_type=\"widget\" data-widget_type=\"image-box.default\">\n\t\t\t\t<div class=\"elementor-widget-container\">\n\t\t\t<div class=\"elementor-image-box-wrapper\"><figure class=\"elementor-image-box-img\"><a href=\"http:\/\/www.dominiquemilardi.com\" tabindex=\"-1\"><img loading=\"lazy\" decoding=\"async\" width=\"2480\" height=\"1655\" src=\"https:\/\/echansonneriedespapes.com\/wp-content\/uploads\/2020\/12\/Dominique-MILARDI.jpg\" class=\"attachment-full size-full wp-image-1234\" alt=\"\" srcset=\"https:\/\/echansonneriedespapes.com\/wp-content\/uploads\/2020\/12\/Dominique-MILARDI.jpg 2480w, https:\/\/echansonneriedespapes.com\/wp-content\/uploads\/2020\/12\/Dominique-MILARDI-300x200.jpg 300w, https:\/\/echansonneriedespapes.com\/wp-content\/uploads\/2020\/12\/Dominique-MILARDI-1024x683.jpg 1024w, https:\/\/echansonneriedespapes.com\/wp-content\/uploads\/2020\/12\/Dominique-MILARDI-768x513.jpg 768w, https:\/\/echansonneriedespapes.com\/wp-content\/uploads\/2020\/12\/Dominique-MILARDI-1536x1025.jpg 1536w, https:\/\/echansonneriedespapes.com\/wp-content\/uploads\/2020\/12\/Dominique-MILARDI-2048x1367.jpg 2048w, https:\/\/echansonneriedespapes.com\/wp-content\/uploads\/2020\/12\/Dominique-MILARDI-1618x1080.jpg 1618w\" sizes=\"(max-width: 2480px) 100vw, 2480px\" \/><\/a><\/figure><div class=\"elementor-image-box-content\"><h3 class=\"elementor-image-box-title\"><a href=\"http:\/\/www.dominiquemilardi.com\">Dominique MILARDI<\/a><\/h3><p class=\"elementor-image-box-description\">Ma\u00eetre et Chef Sommelier \u00e0 Monaco<\/p><\/div><\/div>\t\t<\/div>\n\t\t\t\t<\/div>\n\t\t\t\t\t<\/div>\n\t\t<\/div>\n\t\t\t\t<div class=\"elementor-column elementor-col-50 elementor-top-column elementor-element elementor-element-6b484549\" data-id=\"6b484549\" data-element_type=\"column\">\n\t\t\t<div class=\"elementor-widget-wrap elementor-element-populated\">\n\t\t\t\t\t\t<div class=\"elementor-element elementor-element-6236717b elementor-position-top elementor-widget elementor-widget-image-box\" data-id=\"6236717b\" data-element_type=\"widget\" data-widget_type=\"image-box.default\">\n\t\t\t\t<div class=\"elementor-widget-container\">\n\t\t\t<div class=\"elementor-image-box-wrapper\"><figure class=\"elementor-image-box-img\"><img loading=\"lazy\" decoding=\"async\" width=\"2480\" height=\"1655\" src=\"https:\/\/echansonneriedespapes.com\/wp-content\/uploads\/2020\/12\/Bernard-NEVEU.jpg\" class=\"attachment-full size-full wp-image-1237\" alt=\"\" srcset=\"https:\/\/echansonneriedespapes.com\/wp-content\/uploads\/2020\/12\/Bernard-NEVEU.jpg 2480w, https:\/\/echansonneriedespapes.com\/wp-content\/uploads\/2020\/12\/Bernard-NEVEU-300x200.jpg 300w, https:\/\/echansonneriedespapes.com\/wp-content\/uploads\/2020\/12\/Bernard-NEVEU-1024x683.jpg 1024w, https:\/\/echansonneriedespapes.com\/wp-content\/uploads\/2020\/12\/Bernard-NEVEU-768x513.jpg 768w, https:\/\/echansonneriedespapes.com\/wp-content\/uploads\/2020\/12\/Bernard-NEVEU-1536x1025.jpg 1536w, https:\/\/echansonneriedespapes.com\/wp-content\/uploads\/2020\/12\/Bernard-NEVEU-2048x1367.jpg 2048w, https:\/\/echansonneriedespapes.com\/wp-content\/uploads\/2020\/12\/Bernard-NEVEU-1618x1080.jpg 1618w\" sizes=\"(max-width: 2480px) 100vw, 2480px\" \/><\/figure><div class=\"elementor-image-box-content\"><h3 class=\"elementor-image-box-title\">Bernard NEVEU<\/h3><p class=\"elementor-image-box-description\">Chef Sommelier de l'H\u00f4tel le Bristol \u00e0 Paris<\/p><\/div><\/div>\t\t<\/div>\n\t\t\t\t<\/div>\n\t\t\t\t\t<\/div>\n\t\t<\/div>\n\t\t\t\t\t<\/div>\n\t\t<\/section>\n\t\t\t\t<section class=\"elementor-section elementor-top-section elementor-element elementor-element-131f98d4 elementor-section-boxed elementor-section-height-default elementor-section-height-default\" data-id=\"131f98d4\" data-element_type=\"section\">\n\t\t\t\t\t\t<div class=\"elementor-container elementor-column-gap-default\">\n\t\t\t\t\t<div class=\"elementor-column elementor-col-50 elementor-top-column elementor-element elementor-element-505ab8a6\" data-id=\"505ab8a6\" data-element_type=\"column\">\n\t\t\t<div class=\"elementor-widget-wrap elementor-element-populated\">\n\t\t\t\t\t\t<div class=\"elementor-element elementor-element-2e7b3405 elementor-position-top elementor-widget elementor-widget-image-box\" data-id=\"2e7b3405\" data-element_type=\"widget\" data-widget_type=\"image-box.default\">\n\t\t\t\t<div class=\"elementor-widget-container\">\n\t\t\t<div class=\"elementor-image-box-wrapper\"><figure class=\"elementor-image-box-img\"><a href=\"https:\/\/www.hachette.com\/fr\/accueil\/\" tabindex=\"-1\"><img loading=\"lazy\" decoding=\"async\" width=\"2480\" height=\"1655\" src=\"https:\/\/echansonneriedespapes.com\/wp-content\/uploads\/2020\/12\/Arnaud-NOURRY.jpg\" class=\"attachment-full size-full wp-image-1238\" alt=\"\" srcset=\"https:\/\/echansonneriedespapes.com\/wp-content\/uploads\/2020\/12\/Arnaud-NOURRY.jpg 2480w, https:\/\/echansonneriedespapes.com\/wp-content\/uploads\/2020\/12\/Arnaud-NOURRY-300x200.jpg 300w, https:\/\/echansonneriedespapes.com\/wp-content\/uploads\/2020\/12\/Arnaud-NOURRY-1024x683.jpg 1024w, https:\/\/echansonneriedespapes.com\/wp-content\/uploads\/2020\/12\/Arnaud-NOURRY-768x513.jpg 768w, https:\/\/echansonneriedespapes.com\/wp-content\/uploads\/2020\/12\/Arnaud-NOURRY-1536x1025.jpg 1536w, https:\/\/echansonneriedespapes.com\/wp-content\/uploads\/2020\/12\/Arnaud-NOURRY-2048x1367.jpg 2048w, https:\/\/echansonneriedespapes.com\/wp-content\/uploads\/2020\/12\/Arnaud-NOURRY-1618x1080.jpg 1618w\" sizes=\"(max-width: 2480px) 100vw, 2480px\" \/><\/a><\/figure><div class=\"elementor-image-box-content\"><h3 class=\"elementor-image-box-title\"><a href=\"https:\/\/www.hachette.com\/fr\/accueil\/\">Arnaud NOURRY<\/a><\/h3><p class=\"elementor-image-box-description\">Pr\u00e9sident Directeur G\u00e9n\u00e9ral d'Hachette Livre et de Lagard\u00e8re Publishing<\/p><\/div><\/div>\t\t<\/div>\n\t\t\t\t<\/div>\n\t\t\t\t\t<\/div>\n\t\t<\/div>\n\t\t\t\t<div class=\"elementor-column elementor-col-50 elementor-top-column elementor-element elementor-element-62f984\" data-id=\"62f984\" data-element_type=\"column\">\n\t\t\t<div class=\"elementor-widget-wrap elementor-element-populated\">\n\t\t\t\t\t\t<div class=\"elementor-element elementor-element-66f26bb2 elementor-position-top elementor-widget elementor-widget-image-box\" data-id=\"66f26bb2\" data-element_type=\"widget\" data-widget_type=\"image-box.default\">\n\t\t\t\t<div class=\"elementor-widget-container\">\n\t\t\t<div class=\"elementor-image-box-wrapper\"><figure class=\"elementor-image-box-img\"><a href=\"https:\/\/www.roses-orard.com\" tabindex=\"-1\"><img loading=\"lazy\" decoding=\"async\" width=\"2480\" height=\"1655\" src=\"https:\/\/echansonneriedespapes.com\/wp-content\/uploads\/2020\/12\/Pierre-ORARD.jpg\" class=\"attachment-full size-full wp-image-1236\" alt=\"\" srcset=\"https:\/\/echansonneriedespapes.com\/wp-content\/uploads\/2020\/12\/Pierre-ORARD.jpg 2480w, https:\/\/echansonneriedespapes.com\/wp-content\/uploads\/2020\/12\/Pierre-ORARD-300x200.jpg 300w, https:\/\/echansonneriedespapes.com\/wp-content\/uploads\/2020\/12\/Pierre-ORARD-1024x683.jpg 1024w, https:\/\/echansonneriedespapes.com\/wp-content\/uploads\/2020\/12\/Pierre-ORARD-768x513.jpg 768w, https:\/\/echansonneriedespapes.com\/wp-content\/uploads\/2020\/12\/Pierre-ORARD-1536x1025.jpg 1536w, https:\/\/echansonneriedespapes.com\/wp-content\/uploads\/2020\/12\/Pierre-ORARD-2048x1367.jpg 2048w, https:\/\/echansonneriedespapes.com\/wp-content\/uploads\/2020\/12\/Pierre-ORARD-1618x1080.jpg 1618w\" sizes=\"(max-width: 2480px) 100vw, 2480px\" \/><\/a><\/figure><div class=\"elementor-image-box-content\"><h3 class=\"elementor-image-box-title\"><a href=\"https:\/\/www.roses-orard.com\">Pierre ORARD<\/a><\/h3><p class=\"elementor-image-box-description\">Rosi\u00e9riste<\/p><\/div><\/div>\t\t<\/div>\n\t\t\t\t<\/div>\n\t\t\t\t\t<\/div>\n\t\t<\/div>\n\t\t\t\t\t<\/div>\n\t\t<\/section>\n\t\t\t\t<section class=\"elementor-section elementor-top-section elementor-element elementor-element-1f6f3bc9 elementor-section-boxed elementor-section-height-default elementor-section-height-default\" data-id=\"1f6f3bc9\" data-element_type=\"section\">\n\t\t\t\t\t\t<div class=\"elementor-container elementor-column-gap-default\">\n\t\t\t\t\t<div class=\"elementor-column elementor-col-50 elementor-top-column elementor-element elementor-element-2a01dc49\" data-id=\"2a01dc49\" data-element_type=\"column\">\n\t\t\t<div class=\"elementor-widget-wrap elementor-element-populated\">\n\t\t\t\t\t\t<div class=\"elementor-element elementor-element-57d52f34 elementor-position-top elementor-widget elementor-widget-image-box\" data-id=\"57d52f34\" data-element_type=\"widget\" data-widget_type=\"image-box.default\">\n\t\t\t\t<div class=\"elementor-widget-container\">\n\t\t\t<div class=\"elementor-image-box-wrapper\"><figure class=\"elementor-image-box-img\"><img loading=\"lazy\" decoding=\"async\" width=\"2480\" height=\"1655\" src=\"https:\/\/echansonneriedespapes.com\/wp-content\/uploads\/2020\/12\/Olivier-SCOLA.jpg\" class=\"attachment-full size-full wp-image-1235\" alt=\"\" srcset=\"https:\/\/echansonneriedespapes.com\/wp-content\/uploads\/2020\/12\/Olivier-SCOLA.jpg 2480w, https:\/\/echansonneriedespapes.com\/wp-content\/uploads\/2020\/12\/Olivier-SCOLA-300x200.jpg 300w, https:\/\/echansonneriedespapes.com\/wp-content\/uploads\/2020\/12\/Olivier-SCOLA-1024x683.jpg 1024w, https:\/\/echansonneriedespapes.com\/wp-content\/uploads\/2020\/12\/Olivier-SCOLA-768x513.jpg 768w, https:\/\/echansonneriedespapes.com\/wp-content\/uploads\/2020\/12\/Olivier-SCOLA-1536x1025.jpg 1536w, https:\/\/echansonneriedespapes.com\/wp-content\/uploads\/2020\/12\/Olivier-SCOLA-2048x1367.jpg 2048w, https:\/\/echansonneriedespapes.com\/wp-content\/uploads\/2020\/12\/Olivier-SCOLA-1618x1080.jpg 1618w\" sizes=\"(max-width: 2480px) 100vw, 2480px\" \/><\/figure><div class=\"elementor-image-box-content\"><h3 class=\"elementor-image-box-title\">Olivier SCOLA<\/h3><p class=\"elementor-image-box-description\">Chef Cuisinier<\/p><\/div><\/div>\t\t<\/div>\n\t\t\t\t<\/div>\n\t\t\t\t\t<\/div>\n\t\t<\/div>\n\t\t\t\t<div class=\"elementor-column elementor-col-50 elementor-top-column elementor-element elementor-element-58da76c1\" data-id=\"58da76c1\" data-element_type=\"column\">\n\t\t\t<div class=\"elementor-widget-wrap\">\n\t\t\t\t\t\t\t<\/div>\n\t\t<\/div>\n\t\t\t\t\t<\/div>\n\t\t<\/section>\n\t\t\t\t<section class=\"elementor-section elementor-top-section elementor-element elementor-element-2ae52908 elementor-section-boxed elementor-section-height-default elementor-section-height-default\" data-id=\"2ae52908\" data-element_type=\"section\">\n\t\t\t\t\t\t<div class=\"elementor-container elementor-column-gap-default\">\n\t\t\t\t\t<div class=\"elementor-column elementor-col-100 elementor-top-column elementor-element elementor-element-3290943\" data-id=\"3290943\" data-element_type=\"column\">\n\t\t\t<div class=\"elementor-widget-wrap elementor-element-populated\">\n\t\t\t\t\t\t<div class=\"elementor-element elementor-element-48aeb78d elementor-widget elementor-widget-spacer\" data-id=\"48aeb78d\" data-element_type=\"widget\" data-widget_type=\"spacer.default\">\n\t\t\t\t<div class=\"elementor-widget-container\">\n\t\t\t\t\t<div class=\"elementor-spacer\">\n\t\t\t<div class=\"elementor-spacer-inner\"><\/div>\n\t\t<\/div>\n\t\t\t\t<\/div>\n\t\t\t\t<\/div>\n\t\t\t\t<div class=\"elementor-element elementor-element-658f088 elementor-widget elementor-widget-text-editor\" data-id=\"658f088\" data-element_type=\"widget\" data-widget_type=\"text-editor.default\">\n\t\t\t\t<div class=\"elementor-widget-container\">\n\t\t\t\t\t\t\t<p style=\"text-align: right;\"><em>Cr\u00e9dit photos : <a href=\"https:\/\/art-et-image.com\">Art et Image<\/a><\/em><\/p>\t\t\t\t\t\t<\/div>\n\t\t\t\t<\/div>\n\t\t\t\t\t<\/div>\n\t\t<\/div>\n\t\t\t\t\t<\/div>\n\t\t<\/section>\n\t\t\t\t<section class=\"elementor-section elementor-top-section elementor-element elementor-element-22956707 elementor-section-full_width elementor-section-height-min-height elementor-section-content-middle elementor-section-height-default elementor-section-items-middle\" data-id=\"22956707\" data-element_type=\"section\" data-settings=\"{&quot;background_background&quot;:&quot;classic&quot;}\">\n\t\t\t\t\t\t<div class=\"elementor-container elementor-column-gap-no\">\n\t\t\t\t\t<div class=\"elementor-column elementor-col-100 elementor-top-column elementor-element elementor-element-71a135d2\" data-id=\"71a135d2\" data-element_type=\"column\">\n\t\t\t<div class=\"elementor-widget-wrap\">\n\t\t\t\t\t\t\t<\/div>\n\t\t<\/div>\n\t\t\t\t\t<\/div>\n\t\t<\/section>\n\t\t\t\t<section class=\"elementor-section elementor-top-section elementor-element elementor-element-615d01ed elementor-section-boxed elementor-section-height-default elementor-section-height-default\" data-id=\"615d01ed\" data-element_type=\"section\">\n\t\t\t\t\t\t<div class=\"elementor-container elementor-column-gap-default\">\n\t\t\t\t\t<div class=\"elementor-column elementor-col-33 elementor-top-column elementor-element elementor-element-41fbee78\" data-id=\"41fbee78\" data-element_type=\"column\">\n\t\t\t<div class=\"elementor-widget-wrap elementor-element-populated\">\n\t\t\t\t\t\t<div class=\"elementor-element elementor-element-59605d0d elementor-align-left elementor-widget elementor-widget-button\" data-id=\"59605d0d\" data-element_type=\"widget\" data-widget_type=\"button.default\">\n\t\t\t\t<div class=\"elementor-widget-container\">\n\t\t\t\t\t<div class=\"elementor-button-wrapper\">\n\t\t\t<a class=\"elementor-button elementor-button-link elementor-size-sm elementor-animation-grow\" href=\"https:\/\/echansonneriedespapes.com\/index.php\/329eme-chapitre-ban-des-vendanges-vendredi-08-septembre-2017\/\">\n\t\t\t\t\t\t<span class=\"elementor-button-content-wrapper\">\n\t\t\t\t\t\t<span class=\"elementor-button-icon\">\n\t\t\t\t<i aria-hidden=\"true\" class=\"fas fa-arrow-alt-circle-left\"><\/i>\t\t\t<\/span>\n\t\t\t\t\t\t\t\t\t<span class=\"elementor-button-text\">Chapitre pr\u00e9c\u00e9dent<\/span>\n\t\t\t\t\t<\/span>\n\t\t\t\t\t<\/a>\n\t\t<\/div>\n\t\t\t\t<\/div>\n\t\t\t\t<\/div>\n\t\t\t\t\t<\/div>\n\t\t<\/div>\n\t\t\t\t<div class=\"elementor-column elementor-col-33 elementor-top-column elementor-element elementor-element-987d2b9\" data-id=\"987d2b9\" data-element_type=\"column\">\n\t\t\t<div class=\"elementor-widget-wrap\">\n\t\t\t\t\t\t\t<\/div>\n\t\t<\/div>\n\t\t\t\t<div class=\"elementor-column elementor-col-33 elementor-top-column elementor-element elementor-element-551b874c\" data-id=\"551b874c\" data-element_type=\"column\">\n\t\t\t<div class=\"elementor-widget-wrap elementor-element-populated\">\n\t\t\t\t\t\t<div class=\"elementor-element elementor-element-59c35691 elementor-align-right elementor-widget elementor-widget-button\" data-id=\"59c35691\" data-element_type=\"widget\" data-widget_type=\"button.default\">\n\t\t\t\t<div class=\"elementor-widget-container\">\n\t\t\t\t\t<div class=\"elementor-button-wrapper\">\n\t\t\t<a class=\"elementor-button elementor-button-link elementor-size-sm elementor-animation-grow\" href=\"https:\/\/echansonneriedespapes.com\/index.php\/331eme-chapitre-50eme-anniversaire-de-lechansonnerie-des-papes-samedi-26-mai-2018\/\">\n\t\t\t\t\t\t<span class=\"elementor-button-content-wrapper\">\n\t\t\t\t\t\t<span class=\"elementor-button-icon\">\n\t\t\t\t<i aria-hidden=\"true\" class=\"fas fa-arrow-alt-circle-right\"><\/i>\t\t\t<\/span>\n\t\t\t\t\t\t\t\t\t<span class=\"elementor-button-text\">Chapitre suivant<\/span>\n\t\t\t\t\t<\/span>\n\t\t\t\t\t<\/a>\n\t\t<\/div>\n\t\t\t\t<\/div>\n\t\t\t\t<\/div>\n\t\t\t\t\t<\/div>\n\t\t<\/div>\n\t\t\t\t\t<\/div>\n\t\t<\/section>\n\t\t\t\t<\/div>\n\t\t","protected":false},"excerpt":{"rendered":"<p>Grand Conseil d&rsquo;HiverSamedi 9 d\u00e9cembre 2017 Palais des PapesAvignon J\u00e9r\u00f4me BLANCHET Chef des Cuisines \u00e0 l&rsquo;H\u00f4tel Crillon le Brave G\u00e9rard CANARIE Conseiller Fiscal Jean-Fran\u00e7ois CESARINI Chef d&rsquo;Entreprise et D\u00e9put\u00e9 Vaucluse de la 1\u00e8re Circonscription du Vaucluse Jean-Charles CHAPUZET Journaliste Fran\u00e7ois CLAPOT M\u00e9decin Olivier DOMIN &#8211; OLLL Artiste Peintre Surnom\u00e9 Olll G\u00e9rald GALLART M\u00e9decin Marcel GELAT&hellip; <br \/> <a class=\"read-more\" href=\"https:\/\/echansonneriedespapes.com\/index.php\/330eme-chapitre-grand-conseil-dhiver-samedi-09-decembre-2017\/\">Lire la suite<\/a><\/p>\n","protected":false},"author":1,"featured_media":0,"parent":0,"menu_order":0,"comment_status":"closed","ping_status":"closed","template":"","meta":{"footnotes":""},"class_list":["post-828","page","type-page","status-publish","hentry"],"yoast_head":"<!-- This site is optimized with the Yoast SEO plugin v23.4 - https:\/\/yoast.com\/wordpress\/plugins\/seo\/ -->\n<title>330\u00e8me chapitre - \u00c9chansonnerie des Papes<\/title>\n<meta name=\"robots\" content=\"index, follow, max-snippet:-1, max-image-preview:large, max-video-preview:-1\" \/>\n<link rel=\"canonical\" href=\"https:\/\/echansonneriedespapes.com\/index.php\/330eme-chapitre-grand-conseil-dhiver-samedi-09-decembre-2017\/\" \/>\n<meta property=\"og:locale\" content=\"fr_FR\" \/>\n<meta property=\"og:type\" content=\"article\" \/>\n<meta property=\"og:title\" content=\"330\u00e8me chapitre - \u00c9chansonnerie des Papes\" \/>\n<meta property=\"og:description\" content=\"Grand Conseil d&rsquo;HiverSamedi 9 d\u00e9cembre 2017 Palais des PapesAvignon J\u00e9r\u00f4me BLANCHET Chef des Cuisines \u00e0 l&rsquo;H\u00f4tel Crillon le Brave G\u00e9rard CANARIE Conseiller Fiscal Jean-Fran\u00e7ois CESARINI Chef d&rsquo;Entreprise et D\u00e9put\u00e9 Vaucluse de la 1\u00e8re Circonscription du Vaucluse Jean-Charles CHAPUZET Journaliste Fran\u00e7ois CLAPOT M\u00e9decin Olivier DOMIN &#8211; OLLL Artiste Peintre Surnom\u00e9 Olll G\u00e9rald GALLART M\u00e9decin Marcel GELAT&hellip; Lire la suite\" \/>\n<meta property=\"og:url\" content=\"https:\/\/echansonneriedespapes.com\/index.php\/330eme-chapitre-grand-conseil-dhiver-samedi-09-decembre-2017\/\" \/>\n<meta property=\"og:site_name\" content=\"\u00c9chansonnerie des Papes\" \/>\n<meta property=\"article:modified_time\" content=\"2021-03-15T10:20:29+00:00\" \/>\n<meta property=\"og:image\" content=\"https:\/\/echansonneriedespapes.com\/wp-content\/uploads\/2020\/06\/Fichier-1-150x150.png\" \/>\n<meta name=\"twitter:card\" content=\"summary_large_image\" \/>\n<meta name=\"twitter:label1\" content=\"Dur\u00e9e de lecture estim\u00e9e\" \/>\n\t<meta name=\"twitter:data1\" content=\"1 minute\" \/>\n<script type=\"application\/ld+json\" class=\"yoast-schema-graph\">{\"@context\":\"https:\/\/schema.org\",\"@graph\":[{\"@type\":\"WebPage\",\"@id\":\"https:\/\/echansonneriedespapes.com\/index.php\/330eme-chapitre-grand-conseil-dhiver-samedi-09-decembre-2017\/\",\"url\":\"https:\/\/echansonneriedespapes.com\/index.php\/330eme-chapitre-grand-conseil-dhiver-samedi-09-decembre-2017\/\",\"name\":\"330\u00e8me chapitre - \u00c9chansonnerie des Papes\",\"isPartOf\":{\"@id\":\"https:\/\/echansonneriedespapes.com\/#website\"},\"primaryImageOfPage\":{\"@id\":\"https:\/\/echansonneriedespapes.com\/index.php\/330eme-chapitre-grand-conseil-dhiver-samedi-09-decembre-2017\/#primaryimage\"},\"image\":{\"@id\":\"https:\/\/echansonneriedespapes.com\/index.php\/330eme-chapitre-grand-conseil-dhiver-samedi-09-decembre-2017\/#primaryimage\"},\"thumbnailUrl\":\"https:\/\/echansonneriedespapes.com\/wp-content\/uploads\/2020\/06\/Fichier-1-150x150.png\",\"datePublished\":\"2020-12-03T13:00:19+00:00\",\"dateModified\":\"2021-03-15T10:20:29+00:00\",\"breadcrumb\":{\"@id\":\"https:\/\/echansonneriedespapes.com\/index.php\/330eme-chapitre-grand-conseil-dhiver-samedi-09-decembre-2017\/#breadcrumb\"},\"inLanguage\":\"fr-FR\",\"potentialAction\":[{\"@type\":\"ReadAction\",\"target\":[\"https:\/\/echansonneriedespapes.com\/index.php\/330eme-chapitre-grand-conseil-dhiver-samedi-09-decembre-2017\/\"]}]},{\"@type\":\"ImageObject\",\"inLanguage\":\"fr-FR\",\"@id\":\"https:\/\/echansonneriedespapes.com\/index.php\/330eme-chapitre-grand-conseil-dhiver-samedi-09-decembre-2017\/#primaryimage\",\"url\":\"https:\/\/echansonneriedespapes.com\/wp-content\/uploads\/2020\/06\/Fichier-1.png\",\"contentUrl\":\"https:\/\/echansonneriedespapes.com\/wp-content\/uploads\/2020\/06\/Fichier-1.png\",\"width\":350,\"height\":182},{\"@type\":\"BreadcrumbList\",\"@id\":\"https:\/\/echansonneriedespapes.com\/index.php\/330eme-chapitre-grand-conseil-dhiver-samedi-09-decembre-2017\/#breadcrumb\",\"itemListElement\":[{\"@type\":\"ListItem\",\"position\":1,\"name\":\"Accueil\",\"item\":\"https:\/\/echansonneriedespapes.com\/\"},{\"@type\":\"ListItem\",\"position\":2,\"name\":\"330\u00e8me chapitre\"}]},{\"@type\":\"WebSite\",\"@id\":\"https:\/\/echansonneriedespapes.com\/#website\",\"url\":\"https:\/\/echansonneriedespapes.com\/\",\"name\":\"\u00c9chansonnerie des Papes\",\"description\":\"La Confr\u00e9rie Bachique de Ch\u00e2teauneuf-du-Pape\",\"publisher\":{\"@id\":\"https:\/\/echansonneriedespapes.com\/#organization\"},\"potentialAction\":[{\"@type\":\"SearchAction\",\"target\":{\"@type\":\"EntryPoint\",\"urlTemplate\":\"https:\/\/echansonneriedespapes.com\/?s={search_term_string}\"},\"query-input\":{\"@type\":\"PropertyValueSpecification\",\"valueRequired\":true,\"valueName\":\"search_term_string\"}}],\"inLanguage\":\"fr-FR\"},{\"@type\":\"Organization\",\"@id\":\"https:\/\/echansonneriedespapes.com\/#organization\",\"name\":\"\u00c9chansonnerie des Papes\",\"url\":\"https:\/\/echansonneriedespapes.com\/\",\"logo\":{\"@type\":\"ImageObject\",\"inLanguage\":\"fr-FR\",\"@id\":\"https:\/\/echansonneriedespapes.com\/#\/schema\/logo\/image\/\",\"url\":\"https:\/\/echansonneriedespapes.com\/wp-content\/uploads\/2018\/08\/cropped-logo-echansonnerie-sans-fond-4.png\",\"contentUrl\":\"https:\/\/echansonneriedespapes.com\/wp-content\/uploads\/2018\/08\/cropped-logo-echansonnerie-sans-fond-4.png\",\"width\":508,\"height\":608,\"caption\":\"\u00c9chansonnerie des Papes\"},\"image\":{\"@id\":\"https:\/\/echansonneriedespapes.com\/#\/schema\/logo\/image\/\"}}]}<\/script>\n<!-- \/ Yoast SEO plugin. -->","yoast_head_json":{"title":"330\u00e8me chapitre - \u00c9chansonnerie des Papes","robots":{"index":"index","follow":"follow","max-snippet":"max-snippet:-1","max-image-preview":"max-image-preview:large","max-video-preview":"max-video-preview:-1"},"canonical":"https:\/\/echansonneriedespapes.com\/index.php\/330eme-chapitre-grand-conseil-dhiver-samedi-09-decembre-2017\/","og_locale":"fr_FR","og_type":"article","og_title":"330\u00e8me chapitre - \u00c9chansonnerie des Papes","og_description":"Grand Conseil d&rsquo;HiverSamedi 9 d\u00e9cembre 2017 Palais des PapesAvignon J\u00e9r\u00f4me BLANCHET Chef des Cuisines \u00e0 l&rsquo;H\u00f4tel Crillon le Brave G\u00e9rard CANARIE Conseiller Fiscal Jean-Fran\u00e7ois CESARINI Chef d&rsquo;Entreprise et D\u00e9put\u00e9 Vaucluse de la 1\u00e8re Circonscription du Vaucluse Jean-Charles CHAPUZET Journaliste Fran\u00e7ois CLAPOT M\u00e9decin Olivier DOMIN &#8211; OLLL Artiste Peintre Surnom\u00e9 Olll G\u00e9rald GALLART M\u00e9decin Marcel GELAT&hellip; Lire la suite","og_url":"https:\/\/echansonneriedespapes.com\/index.php\/330eme-chapitre-grand-conseil-dhiver-samedi-09-decembre-2017\/","og_site_name":"\u00c9chansonnerie des Papes","article_modified_time":"2021-03-15T10:20:29+00:00","og_image":[{"url":"https:\/\/echansonneriedespapes.com\/wp-content\/uploads\/2020\/06\/Fichier-1-150x150.png"}],"twitter_card":"summary_large_image","twitter_misc":{"Dur\u00e9e de lecture estim\u00e9e":"1 minute"},"schema":{"@context":"https:\/\/schema.org","@graph":[{"@type":"WebPage","@id":"https:\/\/echansonneriedespapes.com\/index.php\/330eme-chapitre-grand-conseil-dhiver-samedi-09-decembre-2017\/","url":"https:\/\/echansonneriedespapes.com\/index.php\/330eme-chapitre-grand-conseil-dhiver-samedi-09-decembre-2017\/","name":"330\u00e8me chapitre - \u00c9chansonnerie des Papes","isPartOf":{"@id":"https:\/\/echansonneriedespapes.com\/#website"},"primaryImageOfPage":{"@id":"https:\/\/echansonneriedespapes.com\/index.php\/330eme-chapitre-grand-conseil-dhiver-samedi-09-decembre-2017\/#primaryimage"},"image":{"@id":"https:\/\/echansonneriedespapes.com\/index.php\/330eme-chapitre-grand-conseil-dhiver-samedi-09-decembre-2017\/#primaryimage"},"thumbnailUrl":"https:\/\/echansonneriedespapes.com\/wp-content\/uploads\/2020\/06\/Fichier-1-150x150.png","datePublished":"2020-12-03T13:00:19+00:00","dateModified":"2021-03-15T10:20:29+00:00","breadcrumb":{"@id":"https:\/\/echansonneriedespapes.com\/index.php\/330eme-chapitre-grand-conseil-dhiver-samedi-09-decembre-2017\/#breadcrumb"},"inLanguage":"fr-FR","potentialAction":[{"@type":"ReadAction","target":["https:\/\/echansonneriedespapes.com\/index.php\/330eme-chapitre-grand-conseil-dhiver-samedi-09-decembre-2017\/"]}]},{"@type":"ImageObject","inLanguage":"fr-FR","@id":"https:\/\/echansonneriedespapes.com\/index.php\/330eme-chapitre-grand-conseil-dhiver-samedi-09-decembre-2017\/#primaryimage","url":"https:\/\/echansonneriedespapes.com\/wp-content\/uploads\/2020\/06\/Fichier-1.png","contentUrl":"https:\/\/echansonneriedespapes.com\/wp-content\/uploads\/2020\/06\/Fichier-1.png","width":350,"height":182},{"@type":"BreadcrumbList","@id":"https:\/\/echansonneriedespapes.com\/index.php\/330eme-chapitre-grand-conseil-dhiver-samedi-09-decembre-2017\/#breadcrumb","itemListElement":[{"@type":"ListItem","position":1,"name":"Accueil","item":"https:\/\/echansonneriedespapes.com\/"},{"@type":"ListItem","position":2,"name":"330\u00e8me chapitre"}]},{"@type":"WebSite","@id":"https:\/\/echansonneriedespapes.com\/#website","url":"https:\/\/echansonneriedespapes.com\/","name":"\u00c9chansonnerie des Papes","description":"La Confr\u00e9rie Bachique de Ch\u00e2teauneuf-du-Pape","publisher":{"@id":"https:\/\/echansonneriedespapes.com\/#organization"},"potentialAction":[{"@type":"SearchAction","target":{"@type":"EntryPoint","urlTemplate":"https:\/\/echansonneriedespapes.com\/?s={search_term_string}"},"query-input":{"@type":"PropertyValueSpecification","valueRequired":true,"valueName":"search_term_string"}}],"inLanguage":"fr-FR"},{"@type":"Organization","@id":"https:\/\/echansonneriedespapes.com\/#organization","name":"\u00c9chansonnerie des Papes","url":"https:\/\/echansonneriedespapes.com\/","logo":{"@type":"ImageObject","inLanguage":"fr-FR","@id":"https:\/\/echansonneriedespapes.com\/#\/schema\/logo\/image\/","url":"https:\/\/echansonneriedespapes.com\/wp-content\/uploads\/2018\/08\/cropped-logo-echansonnerie-sans-fond-4.png","contentUrl":"https:\/\/echansonneriedespapes.com\/wp-content\/uploads\/2018\/08\/cropped-logo-echansonnerie-sans-fond-4.png","width":508,"height":608,"caption":"\u00c9chansonnerie des Papes"},"image":{"@id":"https:\/\/echansonneriedespapes.com\/#\/schema\/logo\/image\/"}}]}},"jetpack_sharing_enabled":true,"_links":{"self":[{"href":"https:\/\/echansonneriedespapes.com\/index.php\/wp-json\/wp\/v2\/pages\/828"}],"collection":[{"href":"https:\/\/echansonneriedespapes.com\/index.php\/wp-json\/wp\/v2\/pages"}],"about":[{"href":"https:\/\/echansonneriedespapes.com\/index.php\/wp-json\/wp\/v2\/types\/page"}],"author":[{"embeddable":true,"href":"https:\/\/echansonneriedespapes.com\/index.php\/wp-json\/wp\/v2\/users\/1"}],"replies":[{"embeddable":true,"href":"https:\/\/echansonneriedespapes.com\/index.php\/wp-json\/wp\/v2\/comments?post=828"}],"version-history":[{"count":7,"href":"https:\/\/echansonneriedespapes.com\/index.php\/wp-json\/wp\/v2\/pages\/828\/revisions"}],"predecessor-version":[{"id":1349,"href":"https:\/\/echansonneriedespapes.com\/index.php\/wp-json\/wp\/v2\/pages\/828\/revisions\/1349"}],"wp:attachment":[{"href":"https:\/\/echansonneriedespapes.com\/index.php\/wp-json\/wp\/v2\/media?parent=828"}],"curies":[{"name":"wp","href":"https:\/\/api.w.org\/{rel}","templated":true}]}}