{"id":817,"date":"2020-12-03T13:55:43","date_gmt":"2020-12-03T12:55:43","guid":{"rendered":"https:\/\/echansonneriedespapes.com\/?page_id=817"},"modified":"2021-03-15T11:19:54","modified_gmt":"2021-03-15T10:19:54","slug":"334eme-chapitre-grand-conseil-de-la-fleur-samedi-15-juin-2019","status":"publish","type":"page","link":"https:\/\/echansonneriedespapes.com\/index.php\/334eme-chapitre-grand-conseil-de-la-fleur-samedi-15-juin-2019\/","title":{"rendered":"334\u00e8me chapitre"},"content":{"rendered":"\t\t<div data-elementor-type=\"wp-page\" data-elementor-id=\"817\" class=\"elementor elementor-817\">\n\t\t\t\t\t\t<section class=\"elementor-section elementor-top-section elementor-element elementor-element-1d471750 elementor-section-boxed elementor-section-height-default elementor-section-height-default\" data-id=\"1d471750\" data-element_type=\"section\">\n\t\t\t\t\t\t<div class=\"elementor-container elementor-column-gap-default\">\n\t\t\t\t\t<div class=\"elementor-column elementor-col-100 elementor-top-column elementor-element elementor-element-111ad698\" data-id=\"111ad698\" data-element_type=\"column\">\n\t\t\t<div class=\"elementor-widget-wrap elementor-element-populated\">\n\t\t\t\t\t\t<div class=\"elementor-element elementor-element-41f73c03 elementor-widget elementor-widget-heading\" data-id=\"41f73c03\" data-element_type=\"widget\" data-widget_type=\"heading.default\">\n\t\t\t\t<div class=\"elementor-widget-container\">\n\t\t\t<h2 class=\"elementor-heading-title elementor-size-large\">Grand Conseil de la Fleur<br><font size=\"6\"><i>Samedi 15 juin 2019<\/i><\/font><\/h2>\t\t<\/div>\n\t\t\t\t<\/div>\n\t\t\t\t<div class=\"elementor-element elementor-element-2bf7132d elementor-widget elementor-widget-heading\" data-id=\"2bf7132d\" data-element_type=\"widget\" data-widget_type=\"heading.default\">\n\t\t\t\t<div class=\"elementor-widget-container\">\n\t\t\t<h2 class=\"elementor-heading-title elementor-size-large\">Celliers Pontificaux<br>Ch\u00e2teauneuf-du-Pape<\/h2>\t\t<\/div>\n\t\t\t\t<\/div>\n\t\t\t\t<div class=\"elementor-element elementor-element-5e1f27a7 elementor-widget elementor-widget-image\" data-id=\"5e1f27a7\" data-element_type=\"widget\" data-widget_type=\"image.default\">\n\t\t\t\t<div class=\"elementor-widget-container\">\n\t\t\t\t\t\t\t\t\t\t\t\t\t<img decoding=\"async\" width=\"150\" height=\"150\" src=\"https:\/\/echansonneriedespapes.com\/wp-content\/uploads\/2020\/06\/Fichier-1-150x150.png\" class=\"attachment-thumbnail size-thumbnail wp-image-415\" alt=\"\" \/>\t\t\t\t\t\t\t\t\t\t\t\t\t<\/div>\n\t\t\t\t<\/div>\n\t\t\t\t<div class=\"elementor-element elementor-element-455f49c8 elementor-widget elementor-widget-spacer\" data-id=\"455f49c8\" data-element_type=\"widget\" data-widget_type=\"spacer.default\">\n\t\t\t\t<div class=\"elementor-widget-container\">\n\t\t\t\t\t<div class=\"elementor-spacer\">\n\t\t\t<div class=\"elementor-spacer-inner\"><\/div>\n\t\t<\/div>\n\t\t\t\t<\/div>\n\t\t\t\t<\/div>\n\t\t\t\t\t<\/div>\n\t\t<\/div>\n\t\t\t\t\t<\/div>\n\t\t<\/section>\n\t\t\t\t<section class=\"elementor-section elementor-top-section elementor-element elementor-element-2709ba3f elementor-section-boxed elementor-section-height-default elementor-section-height-default\" data-id=\"2709ba3f\" data-element_type=\"section\">\n\t\t\t\t\t\t<div class=\"elementor-container elementor-column-gap-default\">\n\t\t\t\t\t<div class=\"elementor-column elementor-col-50 elementor-top-column elementor-element elementor-element-5a8db4a0\" data-id=\"5a8db4a0\" data-element_type=\"column\">\n\t\t\t<div class=\"elementor-widget-wrap elementor-element-populated\">\n\t\t\t\t\t\t<div class=\"elementor-element elementor-element-49a820cf elementor-position-top elementor-widget elementor-widget-image-box\" data-id=\"49a820cf\" data-element_type=\"widget\" data-widget_type=\"image-box.default\">\n\t\t\t\t<div class=\"elementor-widget-container\">\n\t\t\t<div class=\"elementor-image-box-wrapper\"><figure class=\"elementor-image-box-img\"><a href=\"https:\/\/fr.wikipedia.org\/wiki\/Patrick_Timsit\" tabindex=\"-1\"><img fetchpriority=\"high\" decoding=\"async\" width=\"2560\" height=\"1709\" src=\"https:\/\/echansonneriedespapes.com\/wp-content\/uploads\/2020\/12\/TIMSIT-Patrick-scaled.jpg\" class=\"attachment-full size-full wp-image-998\" alt=\"\" srcset=\"https:\/\/echansonneriedespapes.com\/wp-content\/uploads\/2020\/12\/TIMSIT-Patrick-scaled.jpg 2560w, https:\/\/echansonneriedespapes.com\/wp-content\/uploads\/2020\/12\/TIMSIT-Patrick-300x200.jpg 300w, https:\/\/echansonneriedespapes.com\/wp-content\/uploads\/2020\/12\/TIMSIT-Patrick-1024x684.jpg 1024w, https:\/\/echansonneriedespapes.com\/wp-content\/uploads\/2020\/12\/TIMSIT-Patrick-768x513.jpg 768w, https:\/\/echansonneriedespapes.com\/wp-content\/uploads\/2020\/12\/TIMSIT-Patrick-1536x1025.jpg 1536w, https:\/\/echansonneriedespapes.com\/wp-content\/uploads\/2020\/12\/TIMSIT-Patrick-2048x1367.jpg 2048w, https:\/\/echansonneriedespapes.com\/wp-content\/uploads\/2020\/12\/TIMSIT-Patrick-1618x1080.jpg 1618w\" sizes=\"(max-width: 2560px) 100vw, 2560px\" \/><\/a><\/figure><div class=\"elementor-image-box-content\"><h3 class=\"elementor-image-box-title\"><a href=\"https:\/\/fr.wikipedia.org\/wiki\/Patrick_Timsit\">Patrick TIMSIT<\/a><\/h3><p class=\"elementor-image-box-description\">Acteur, R\u00e9alisateur et Humoriste Fran\u00e7ais<\/p><\/div><\/div>\t\t<\/div>\n\t\t\t\t<\/div>\n\t\t\t\t\t<\/div>\n\t\t<\/div>\n\t\t\t\t<div class=\"elementor-column elementor-col-50 elementor-top-column elementor-element elementor-element-40ff7180\" data-id=\"40ff7180\" data-element_type=\"column\">\n\t\t\t<div class=\"elementor-widget-wrap elementor-element-populated\">\n\t\t\t\t\t\t<div class=\"elementor-element elementor-element-25b9ec63 elementor-position-top elementor-widget elementor-widget-image-box\" data-id=\"25b9ec63\" data-element_type=\"widget\" data-widget_type=\"image-box.default\">\n\t\t\t\t<div class=\"elementor-widget-container\">\n\t\t\t<div class=\"elementor-image-box-wrapper\"><figure class=\"elementor-image-box-img\"><img decoding=\"async\" width=\"2560\" height=\"1709\" src=\"https:\/\/echansonneriedespapes.com\/wp-content\/uploads\/2020\/12\/ALVAREZ-PETERS-Annette-scaled.jpg\" class=\"attachment-full size-full wp-image-984\" alt=\"\" srcset=\"https:\/\/echansonneriedespapes.com\/wp-content\/uploads\/2020\/12\/ALVAREZ-PETERS-Annette-scaled.jpg 2560w, https:\/\/echansonneriedespapes.com\/wp-content\/uploads\/2020\/12\/ALVAREZ-PETERS-Annette-300x200.jpg 300w, https:\/\/echansonneriedespapes.com\/wp-content\/uploads\/2020\/12\/ALVAREZ-PETERS-Annette-1024x684.jpg 1024w, https:\/\/echansonneriedespapes.com\/wp-content\/uploads\/2020\/12\/ALVAREZ-PETERS-Annette-768x513.jpg 768w, https:\/\/echansonneriedespapes.com\/wp-content\/uploads\/2020\/12\/ALVAREZ-PETERS-Annette-1536x1025.jpg 1536w, https:\/\/echansonneriedespapes.com\/wp-content\/uploads\/2020\/12\/ALVAREZ-PETERS-Annette-2048x1367.jpg 2048w, https:\/\/echansonneriedespapes.com\/wp-content\/uploads\/2020\/12\/ALVAREZ-PETERS-Annette-1618x1080.jpg 1618w\" sizes=\"(max-width: 2560px) 100vw, 2560px\" \/><\/figure><div class=\"elementor-image-box-content\"><h3 class=\"elementor-image-box-title\">Annette ALVAREZ PETERS<\/h3><p class=\"elementor-image-box-description\">Directrice des Achats de Vin pour Costco, Grand D\u00e9taillant de Vin<\/p><\/div><\/div>\t\t<\/div>\n\t\t\t\t<\/div>\n\t\t\t\t\t<\/div>\n\t\t<\/div>\n\t\t\t\t\t<\/div>\n\t\t<\/section>\n\t\t\t\t<section class=\"elementor-section elementor-top-section elementor-element elementor-element-769ad572 elementor-section-boxed elementor-section-height-default elementor-section-height-default\" data-id=\"769ad572\" data-element_type=\"section\">\n\t\t\t\t\t\t<div class=\"elementor-container elementor-column-gap-default\">\n\t\t\t\t\t<div class=\"elementor-column elementor-col-50 elementor-top-column elementor-element elementor-element-3f821df0\" data-id=\"3f821df0\" data-element_type=\"column\">\n\t\t\t<div class=\"elementor-widget-wrap elementor-element-populated\">\n\t\t\t\t\t\t<div class=\"elementor-element elementor-element-48a046b7 elementor-position-top elementor-widget elementor-widget-image-box\" data-id=\"48a046b7\" data-element_type=\"widget\" data-widget_type=\"image-box.default\">\n\t\t\t\t<div class=\"elementor-widget-container\">\n\t\t\t<div class=\"elementor-image-box-wrapper\"><figure class=\"elementor-image-box-img\"><img loading=\"lazy\" decoding=\"async\" width=\"2560\" height=\"1709\" src=\"https:\/\/echansonneriedespapes.com\/wp-content\/uploads\/2020\/12\/BENZECRIT-Meyer-scaled.jpg\" class=\"attachment-full size-full wp-image-985\" alt=\"\" srcset=\"https:\/\/echansonneriedespapes.com\/wp-content\/uploads\/2020\/12\/BENZECRIT-Meyer-scaled.jpg 2560w, https:\/\/echansonneriedespapes.com\/wp-content\/uploads\/2020\/12\/BENZECRIT-Meyer-300x200.jpg 300w, https:\/\/echansonneriedespapes.com\/wp-content\/uploads\/2020\/12\/BENZECRIT-Meyer-1024x684.jpg 1024w, https:\/\/echansonneriedespapes.com\/wp-content\/uploads\/2020\/12\/BENZECRIT-Meyer-768x513.jpg 768w, https:\/\/echansonneriedespapes.com\/wp-content\/uploads\/2020\/12\/BENZECRIT-Meyer-1536x1025.jpg 1536w, https:\/\/echansonneriedespapes.com\/wp-content\/uploads\/2020\/12\/BENZECRIT-Meyer-2048x1367.jpg 2048w, https:\/\/echansonneriedespapes.com\/wp-content\/uploads\/2020\/12\/BENZECRIT-Meyer-1618x1080.jpg 1618w\" sizes=\"(max-width: 2560px) 100vw, 2560px\" \/><\/figure><div class=\"elementor-image-box-content\"><h3 class=\"elementor-image-box-title\">Meyer BENZECRIT<\/h3><p class=\"elementor-image-box-description\">Chirurgien Dentiste<\/p><\/div><\/div>\t\t<\/div>\n\t\t\t\t<\/div>\n\t\t\t\t\t<\/div>\n\t\t<\/div>\n\t\t\t\t<div class=\"elementor-column elementor-col-50 elementor-top-column elementor-element elementor-element-239116f2\" data-id=\"239116f2\" data-element_type=\"column\">\n\t\t\t<div class=\"elementor-widget-wrap elementor-element-populated\">\n\t\t\t\t\t\t<div class=\"elementor-element elementor-element-3cb28707 elementor-position-top elementor-widget elementor-widget-image-box\" data-id=\"3cb28707\" data-element_type=\"widget\" data-widget_type=\"image-box.default\">\n\t\t\t\t<div class=\"elementor-widget-container\">\n\t\t\t<div class=\"elementor-image-box-wrapper\"><figure class=\"elementor-image-box-img\"><img loading=\"lazy\" decoding=\"async\" width=\"2560\" height=\"1709\" src=\"https:\/\/echansonneriedespapes.com\/wp-content\/uploads\/2020\/12\/BERILLON-Lilian-scaled.jpg\" class=\"attachment-full size-full wp-image-986\" alt=\"\" srcset=\"https:\/\/echansonneriedespapes.com\/wp-content\/uploads\/2020\/12\/BERILLON-Lilian-scaled.jpg 2560w, https:\/\/echansonneriedespapes.com\/wp-content\/uploads\/2020\/12\/BERILLON-Lilian-300x200.jpg 300w, https:\/\/echansonneriedespapes.com\/wp-content\/uploads\/2020\/12\/BERILLON-Lilian-1024x684.jpg 1024w, https:\/\/echansonneriedespapes.com\/wp-content\/uploads\/2020\/12\/BERILLON-Lilian-768x513.jpg 768w, https:\/\/echansonneriedespapes.com\/wp-content\/uploads\/2020\/12\/BERILLON-Lilian-1536x1025.jpg 1536w, https:\/\/echansonneriedespapes.com\/wp-content\/uploads\/2020\/12\/BERILLON-Lilian-2048x1367.jpg 2048w, https:\/\/echansonneriedespapes.com\/wp-content\/uploads\/2020\/12\/BERILLON-Lilian-1618x1080.jpg 1618w\" sizes=\"(max-width: 2560px) 100vw, 2560px\" \/><\/figure><div class=\"elementor-image-box-content\"><h3 class=\"elementor-image-box-title\">Lilian BERILLON<\/h3><p class=\"elementor-image-box-description\">P\u00e9pini\u00e8riste Viticole \u00e0 Jonqui\u00e8res<\/p><\/div><\/div>\t\t<\/div>\n\t\t\t\t<\/div>\n\t\t\t\t\t<\/div>\n\t\t<\/div>\n\t\t\t\t\t<\/div>\n\t\t<\/section>\n\t\t\t\t<section class=\"elementor-section elementor-top-section elementor-element elementor-element-25ea1e97 elementor-section-boxed elementor-section-height-default elementor-section-height-default\" data-id=\"25ea1e97\" data-element_type=\"section\">\n\t\t\t\t\t\t<div class=\"elementor-container elementor-column-gap-default\">\n\t\t\t\t\t<div class=\"elementor-column elementor-col-50 elementor-top-column elementor-element elementor-element-29a4f9be\" data-id=\"29a4f9be\" data-element_type=\"column\">\n\t\t\t<div class=\"elementor-widget-wrap elementor-element-populated\">\n\t\t\t\t\t\t<div class=\"elementor-element elementor-element-4a329b98 elementor-position-top elementor-widget elementor-widget-image-box\" data-id=\"4a329b98\" data-element_type=\"widget\" data-widget_type=\"image-box.default\">\n\t\t\t\t<div class=\"elementor-widget-container\">\n\t\t\t<div class=\"elementor-image-box-wrapper\"><figure class=\"elementor-image-box-img\"><a href=\"https:\/\/www.lamaisouneta.fr\" tabindex=\"-1\"><img loading=\"lazy\" decoding=\"async\" width=\"2560\" height=\"1709\" src=\"https:\/\/echansonneriedespapes.com\/wp-content\/uploads\/2020\/12\/BIMET-V\u00e9rnonique-et-Maxime-scaled.jpg\" class=\"attachment-full size-full wp-image-987\" alt=\"\" srcset=\"https:\/\/echansonneriedespapes.com\/wp-content\/uploads\/2020\/12\/BIMET-V\u00e9rnonique-et-Maxime-scaled.jpg 2560w, https:\/\/echansonneriedespapes.com\/wp-content\/uploads\/2020\/12\/BIMET-V\u00e9rnonique-et-Maxime-300x200.jpg 300w, https:\/\/echansonneriedespapes.com\/wp-content\/uploads\/2020\/12\/BIMET-V\u00e9rnonique-et-Maxime-1024x684.jpg 1024w, https:\/\/echansonneriedespapes.com\/wp-content\/uploads\/2020\/12\/BIMET-V\u00e9rnonique-et-Maxime-768x513.jpg 768w, https:\/\/echansonneriedespapes.com\/wp-content\/uploads\/2020\/12\/BIMET-V\u00e9rnonique-et-Maxime-1536x1025.jpg 1536w, https:\/\/echansonneriedespapes.com\/wp-content\/uploads\/2020\/12\/BIMET-V\u00e9rnonique-et-Maxime-2048x1367.jpg 2048w, https:\/\/echansonneriedespapes.com\/wp-content\/uploads\/2020\/12\/BIMET-V\u00e9rnonique-et-Maxime-1618x1080.jpg 1618w\" sizes=\"(max-width: 2560px) 100vw, 2560px\" \/><\/a><\/figure><div class=\"elementor-image-box-content\"><h3 class=\"elementor-image-box-title\"><a href=\"https:\/\/www.lamaisouneta.fr\">V\u00e9ronique et Maxime BIMET<\/a><\/h3><p class=\"elementor-image-box-description\">Restaurateurs \u00e0 la Maisouneta, Ch\u00e2teauneuf-du-Pape<\/p><\/div><\/div>\t\t<\/div>\n\t\t\t\t<\/div>\n\t\t\t\t\t<\/div>\n\t\t<\/div>\n\t\t\t\t<div class=\"elementor-column elementor-col-50 elementor-top-column elementor-element elementor-element-42de291c\" data-id=\"42de291c\" data-element_type=\"column\">\n\t\t\t<div class=\"elementor-widget-wrap elementor-element-populated\">\n\t\t\t\t\t\t<div class=\"elementor-element elementor-element-5cc3ce52 elementor-position-top elementor-widget elementor-widget-image-box\" data-id=\"5cc3ce52\" data-element_type=\"widget\" data-widget_type=\"image-box.default\">\n\t\t\t\t<div class=\"elementor-widget-container\">\n\t\t\t<div class=\"elementor-image-box-wrapper\"><figure class=\"elementor-image-box-img\"><a href=\"https:\/\/www.touratech.com\/fr\/vue-densemble\/article\/touratech-produits-pour-de-nombreux-modeles-de-moto-1.html\" tabindex=\"-1\"><img loading=\"lazy\" decoding=\"async\" width=\"2560\" height=\"1709\" src=\"https:\/\/echansonneriedespapes.com\/wp-content\/uploads\/2020\/12\/BODELOT-Yvon-scaled.jpg\" class=\"attachment-full size-full wp-image-989\" alt=\"\" srcset=\"https:\/\/echansonneriedespapes.com\/wp-content\/uploads\/2020\/12\/BODELOT-Yvon-scaled.jpg 2560w, https:\/\/echansonneriedespapes.com\/wp-content\/uploads\/2020\/12\/BODELOT-Yvon-300x200.jpg 300w, https:\/\/echansonneriedespapes.com\/wp-content\/uploads\/2020\/12\/BODELOT-Yvon-1024x684.jpg 1024w, https:\/\/echansonneriedespapes.com\/wp-content\/uploads\/2020\/12\/BODELOT-Yvon-768x513.jpg 768w, https:\/\/echansonneriedespapes.com\/wp-content\/uploads\/2020\/12\/BODELOT-Yvon-1536x1025.jpg 1536w, https:\/\/echansonneriedespapes.com\/wp-content\/uploads\/2020\/12\/BODELOT-Yvon-2048x1367.jpg 2048w, https:\/\/echansonneriedespapes.com\/wp-content\/uploads\/2020\/12\/BODELOT-Yvon-1618x1080.jpg 1618w\" sizes=\"(max-width: 2560px) 100vw, 2560px\" \/><\/a><\/figure><div class=\"elementor-image-box-content\"><h3 class=\"elementor-image-box-title\"><a href=\"https:\/\/www.touratech.com\/fr\/vue-densemble\/article\/touratech-produits-pour-de-nombreux-modeles-de-moto-1.html\">Yvon BODELOT<\/a><\/h3><p class=\"elementor-image-box-description\">Pr\u00e9sident de l'Entreprise Touratech France<\/p><\/div><\/div>\t\t<\/div>\n\t\t\t\t<\/div>\n\t\t\t\t\t<\/div>\n\t\t<\/div>\n\t\t\t\t\t<\/div>\n\t\t<\/section>\n\t\t\t\t<section class=\"elementor-section elementor-top-section elementor-element elementor-element-1ff27a06 elementor-section-boxed elementor-section-height-default elementor-section-height-default\" data-id=\"1ff27a06\" data-element_type=\"section\">\n\t\t\t\t\t\t<div class=\"elementor-container elementor-column-gap-default\">\n\t\t\t\t\t<div class=\"elementor-column elementor-col-50 elementor-top-column elementor-element elementor-element-15c28920\" data-id=\"15c28920\" data-element_type=\"column\">\n\t\t\t<div class=\"elementor-widget-wrap elementor-element-populated\">\n\t\t\t\t\t\t<div class=\"elementor-element elementor-element-a907204 elementor-position-top elementor-widget elementor-widget-image-box\" data-id=\"a907204\" data-element_type=\"widget\" data-widget_type=\"image-box.default\">\n\t\t\t\t<div class=\"elementor-widget-container\">\n\t\t\t<div class=\"elementor-image-box-wrapper\"><figure class=\"elementor-image-box-img\"><a href=\"https:\/\/domaine-les-cailloux.fr\" tabindex=\"-1\"><img loading=\"lazy\" decoding=\"async\" width=\"2560\" height=\"1709\" src=\"https:\/\/echansonneriedespapes.com\/wp-content\/uploads\/2020\/12\/BRUNEL-Fabrice-scaled.jpg\" class=\"attachment-full size-full wp-image-990\" alt=\"\" srcset=\"https:\/\/echansonneriedespapes.com\/wp-content\/uploads\/2020\/12\/BRUNEL-Fabrice-scaled.jpg 2560w, https:\/\/echansonneriedespapes.com\/wp-content\/uploads\/2020\/12\/BRUNEL-Fabrice-300x200.jpg 300w, https:\/\/echansonneriedespapes.com\/wp-content\/uploads\/2020\/12\/BRUNEL-Fabrice-1024x684.jpg 1024w, https:\/\/echansonneriedespapes.com\/wp-content\/uploads\/2020\/12\/BRUNEL-Fabrice-768x513.jpg 768w, https:\/\/echansonneriedespapes.com\/wp-content\/uploads\/2020\/12\/BRUNEL-Fabrice-1536x1025.jpg 1536w, https:\/\/echansonneriedespapes.com\/wp-content\/uploads\/2020\/12\/BRUNEL-Fabrice-2048x1367.jpg 2048w, https:\/\/echansonneriedespapes.com\/wp-content\/uploads\/2020\/12\/BRUNEL-Fabrice-1618x1080.jpg 1618w\" sizes=\"(max-width: 2560px) 100vw, 2560px\" \/><\/a><\/figure><div class=\"elementor-image-box-content\"><h3 class=\"elementor-image-box-title\"><a href=\"https:\/\/domaine-les-cailloux.fr\">Fabrice Brunel<\/a><\/h3><p class=\"elementor-image-box-description\">Vigneron, Domaine les Cailloux, Ch\u00e2teauneuf-Du-Pape<\/p><\/div><\/div>\t\t<\/div>\n\t\t\t\t<\/div>\n\t\t\t\t\t<\/div>\n\t\t<\/div>\n\t\t\t\t<div class=\"elementor-column elementor-col-50 elementor-top-column elementor-element elementor-element-53979db4\" data-id=\"53979db4\" data-element_type=\"column\">\n\t\t\t<div class=\"elementor-widget-wrap elementor-element-populated\">\n\t\t\t\t\t\t<div class=\"elementor-element elementor-element-79ee0371 elementor-position-top elementor-widget elementor-widget-image-box\" data-id=\"79ee0371\" data-element_type=\"widget\" data-widget_type=\"image-box.default\">\n\t\t\t\t<div class=\"elementor-widget-container\">\n\t\t\t<div class=\"elementor-image-box-wrapper\"><figure class=\"elementor-image-box-img\"><img loading=\"lazy\" decoding=\"async\" width=\"2560\" height=\"1709\" src=\"https:\/\/echansonneriedespapes.com\/wp-content\/uploads\/2020\/12\/CZERWINSKI-Joe-scaled.jpg\" class=\"attachment-full size-full wp-image-991\" alt=\"\" srcset=\"https:\/\/echansonneriedespapes.com\/wp-content\/uploads\/2020\/12\/CZERWINSKI-Joe-scaled.jpg 2560w, https:\/\/echansonneriedespapes.com\/wp-content\/uploads\/2020\/12\/CZERWINSKI-Joe-300x200.jpg 300w, https:\/\/echansonneriedespapes.com\/wp-content\/uploads\/2020\/12\/CZERWINSKI-Joe-1024x684.jpg 1024w, https:\/\/echansonneriedespapes.com\/wp-content\/uploads\/2020\/12\/CZERWINSKI-Joe-768x513.jpg 768w, https:\/\/echansonneriedespapes.com\/wp-content\/uploads\/2020\/12\/CZERWINSKI-Joe-1536x1025.jpg 1536w, https:\/\/echansonneriedespapes.com\/wp-content\/uploads\/2020\/12\/CZERWINSKI-Joe-2048x1367.jpg 2048w, https:\/\/echansonneriedespapes.com\/wp-content\/uploads\/2020\/12\/CZERWINSKI-Joe-1618x1080.jpg 1618w\" sizes=\"(max-width: 2560px) 100vw, 2560px\" \/><\/figure><div class=\"elementor-image-box-content\"><h3 class=\"elementor-image-box-title\">Joe CZERWINSKI<\/h3><p class=\"elementor-image-box-description\">D\u00e9gustateur pour Robert Parker Wine Advocate<\/p><\/div><\/div>\t\t<\/div>\n\t\t\t\t<\/div>\n\t\t\t\t\t<\/div>\n\t\t<\/div>\n\t\t\t\t\t<\/div>\n\t\t<\/section>\n\t\t\t\t<section class=\"elementor-section elementor-top-section elementor-element elementor-element-37de491 elementor-section-boxed elementor-section-height-default elementor-section-height-default\" data-id=\"37de491\" data-element_type=\"section\">\n\t\t\t\t\t\t<div class=\"elementor-container elementor-column-gap-default\">\n\t\t\t\t\t<div class=\"elementor-column elementor-col-50 elementor-top-column elementor-element elementor-element-744b8d9e\" data-id=\"744b8d9e\" data-element_type=\"column\">\n\t\t\t<div class=\"elementor-widget-wrap elementor-element-populated\">\n\t\t\t\t\t\t<div class=\"elementor-element elementor-element-280cdf4f elementor-position-top elementor-widget elementor-widget-image-box\" data-id=\"280cdf4f\" data-element_type=\"widget\" data-widget_type=\"image-box.default\">\n\t\t\t\t<div class=\"elementor-widget-container\">\n\t\t\t<div class=\"elementor-image-box-wrapper\"><figure class=\"elementor-image-box-img\"><a href=\"https:\/\/www.domaine-des-chanssaud.com\" tabindex=\"-1\"><img loading=\"lazy\" decoding=\"async\" width=\"2560\" height=\"1709\" src=\"https:\/\/echansonneriedespapes.com\/wp-content\/uploads\/2020\/12\/JAUME-Elodie-scaled.jpg\" class=\"attachment-full size-full wp-image-994\" alt=\"\" srcset=\"https:\/\/echansonneriedespapes.com\/wp-content\/uploads\/2020\/12\/JAUME-Elodie-scaled.jpg 2560w, https:\/\/echansonneriedespapes.com\/wp-content\/uploads\/2020\/12\/JAUME-Elodie-300x200.jpg 300w, https:\/\/echansonneriedespapes.com\/wp-content\/uploads\/2020\/12\/JAUME-Elodie-1024x684.jpg 1024w, https:\/\/echansonneriedespapes.com\/wp-content\/uploads\/2020\/12\/JAUME-Elodie-768x513.jpg 768w, https:\/\/echansonneriedespapes.com\/wp-content\/uploads\/2020\/12\/JAUME-Elodie-1536x1025.jpg 1536w, https:\/\/echansonneriedespapes.com\/wp-content\/uploads\/2020\/12\/JAUME-Elodie-2048x1367.jpg 2048w, https:\/\/echansonneriedespapes.com\/wp-content\/uploads\/2020\/12\/JAUME-Elodie-1618x1080.jpg 1618w\" sizes=\"(max-width: 2560px) 100vw, 2560px\" \/><\/a><\/figure><div class=\"elementor-image-box-content\"><h3 class=\"elementor-image-box-title\"><a href=\"https:\/\/www.domaine-des-chanssaud.com\">Elodie JAUME<\/a><\/h3><p class=\"elementor-image-box-description\">Vigneronne, Domaine des Chanssaud, Ch\u00e2teauneuf-Du-Pape<\/p><\/div><\/div>\t\t<\/div>\n\t\t\t\t<\/div>\n\t\t\t\t\t<\/div>\n\t\t<\/div>\n\t\t\t\t<div class=\"elementor-column elementor-col-50 elementor-top-column elementor-element elementor-element-5619948f\" data-id=\"5619948f\" data-element_type=\"column\">\n\t\t\t<div class=\"elementor-widget-wrap elementor-element-populated\">\n\t\t\t\t\t\t<div class=\"elementor-element elementor-element-4a2cfb15 elementor-position-top elementor-widget elementor-widget-image-box\" data-id=\"4a2cfb15\" data-element_type=\"widget\" data-widget_type=\"image-box.default\">\n\t\t\t\t<div class=\"elementor-widget-container\">\n\t\t\t<div class=\"elementor-image-box-wrapper\"><figure class=\"elementor-image-box-img\"><a href=\"https:\/\/fr.wikipedia.org\/wiki\/Thibault_de_Montbrial\" tabindex=\"-1\"><img loading=\"lazy\" decoding=\"async\" width=\"2560\" height=\"1709\" src=\"https:\/\/echansonneriedespapes.com\/wp-content\/uploads\/2020\/12\/DE-MONTBRIAL-Thibault-scaled.jpg\" class=\"attachment-full size-full wp-image-992\" alt=\"\" srcset=\"https:\/\/echansonneriedespapes.com\/wp-content\/uploads\/2020\/12\/DE-MONTBRIAL-Thibault-scaled.jpg 2560w, https:\/\/echansonneriedespapes.com\/wp-content\/uploads\/2020\/12\/DE-MONTBRIAL-Thibault-300x200.jpg 300w, https:\/\/echansonneriedespapes.com\/wp-content\/uploads\/2020\/12\/DE-MONTBRIAL-Thibault-1024x684.jpg 1024w, https:\/\/echansonneriedespapes.com\/wp-content\/uploads\/2020\/12\/DE-MONTBRIAL-Thibault-768x513.jpg 768w, https:\/\/echansonneriedespapes.com\/wp-content\/uploads\/2020\/12\/DE-MONTBRIAL-Thibault-1536x1025.jpg 1536w, https:\/\/echansonneriedespapes.com\/wp-content\/uploads\/2020\/12\/DE-MONTBRIAL-Thibault-2048x1367.jpg 2048w, https:\/\/echansonneriedespapes.com\/wp-content\/uploads\/2020\/12\/DE-MONTBRIAL-Thibault-1618x1080.jpg 1618w\" sizes=\"(max-width: 2560px) 100vw, 2560px\" \/><\/a><\/figure><div class=\"elementor-image-box-content\"><h3 class=\"elementor-image-box-title\"><a href=\"https:\/\/fr.wikipedia.org\/wiki\/Thibault_de_Montbrial\">Thibault de MONTBRIAL<\/a><\/h3><p class=\"elementor-image-box-description\">Avocat Fran\u00e7ais et Pr\u00e9sident du CRSI<\/p><\/div><\/div>\t\t<\/div>\n\t\t\t\t<\/div>\n\t\t\t\t\t<\/div>\n\t\t<\/div>\n\t\t\t\t\t<\/div>\n\t\t<\/section>\n\t\t\t\t<section class=\"elementor-section elementor-top-section elementor-element elementor-element-434e02c7 elementor-section-boxed elementor-section-height-default elementor-section-height-default\" data-id=\"434e02c7\" data-element_type=\"section\">\n\t\t\t\t\t\t<div class=\"elementor-container elementor-column-gap-default\">\n\t\t\t\t\t<div class=\"elementor-column elementor-col-50 elementor-top-column elementor-element elementor-element-5acf478c\" data-id=\"5acf478c\" data-element_type=\"column\">\n\t\t\t<div class=\"elementor-widget-wrap elementor-element-populated\">\n\t\t\t\t\t\t<div class=\"elementor-element elementor-element-7869f62d elementor-position-top elementor-widget elementor-widget-image-box\" data-id=\"7869f62d\" data-element_type=\"widget\" data-widget_type=\"image-box.default\">\n\t\t\t\t<div class=\"elementor-widget-container\">\n\t\t\t<div class=\"elementor-image-box-wrapper\"><figure class=\"elementor-image-box-img\"><img loading=\"lazy\" decoding=\"async\" width=\"2560\" height=\"1709\" src=\"https:\/\/echansonneriedespapes.com\/wp-content\/uploads\/2020\/12\/PIRARD-Simon-scaled.jpg\" class=\"attachment-full size-full wp-image-995\" alt=\"\" srcset=\"https:\/\/echansonneriedespapes.com\/wp-content\/uploads\/2020\/12\/PIRARD-Simon-scaled.jpg 2560w, https:\/\/echansonneriedespapes.com\/wp-content\/uploads\/2020\/12\/PIRARD-Simon-300x200.jpg 300w, https:\/\/echansonneriedespapes.com\/wp-content\/uploads\/2020\/12\/PIRARD-Simon-1024x684.jpg 1024w, https:\/\/echansonneriedespapes.com\/wp-content\/uploads\/2020\/12\/PIRARD-Simon-768x513.jpg 768w, https:\/\/echansonneriedespapes.com\/wp-content\/uploads\/2020\/12\/PIRARD-Simon-1536x1025.jpg 1536w, https:\/\/echansonneriedespapes.com\/wp-content\/uploads\/2020\/12\/PIRARD-Simon-2048x1367.jpg 2048w, https:\/\/echansonneriedespapes.com\/wp-content\/uploads\/2020\/12\/PIRARD-Simon-1618x1080.jpg 1618w\" sizes=\"(max-width: 2560px) 100vw, 2560px\" \/><\/figure><div class=\"elementor-image-box-content\"><h3 class=\"elementor-image-box-title\">Simon PIRARD<\/h3><p class=\"elementor-image-box-description\">Importateur et Caviste Belge<\/p><\/div><\/div>\t\t<\/div>\n\t\t\t\t<\/div>\n\t\t\t\t\t<\/div>\n\t\t<\/div>\n\t\t\t\t<div class=\"elementor-column elementor-col-50 elementor-top-column elementor-element elementor-element-79b37707\" data-id=\"79b37707\" data-element_type=\"column\">\n\t\t\t<div class=\"elementor-widget-wrap elementor-element-populated\">\n\t\t\t\t\t\t<div class=\"elementor-element elementor-element-83ea873 elementor-position-top elementor-widget elementor-widget-image-box\" data-id=\"83ea873\" data-element_type=\"widget\" data-widget_type=\"image-box.default\">\n\t\t\t\t<div class=\"elementor-widget-container\">\n\t\t\t<div class=\"elementor-image-box-wrapper\"><figure class=\"elementor-image-box-img\"><img loading=\"lazy\" decoding=\"async\" width=\"2560\" height=\"1709\" src=\"https:\/\/echansonneriedespapes.com\/wp-content\/uploads\/2020\/12\/SANTIN-Magali-scaled.jpg\" class=\"attachment-full size-full wp-image-996\" alt=\"\" srcset=\"https:\/\/echansonneriedespapes.com\/wp-content\/uploads\/2020\/12\/SANTIN-Magali-scaled.jpg 2560w, https:\/\/echansonneriedespapes.com\/wp-content\/uploads\/2020\/12\/SANTIN-Magali-300x200.jpg 300w, https:\/\/echansonneriedespapes.com\/wp-content\/uploads\/2020\/12\/SANTIN-Magali-1024x684.jpg 1024w, https:\/\/echansonneriedespapes.com\/wp-content\/uploads\/2020\/12\/SANTIN-Magali-768x513.jpg 768w, https:\/\/echansonneriedespapes.com\/wp-content\/uploads\/2020\/12\/SANTIN-Magali-1536x1025.jpg 1536w, https:\/\/echansonneriedespapes.com\/wp-content\/uploads\/2020\/12\/SANTIN-Magali-2048x1367.jpg 2048w, https:\/\/echansonneriedespapes.com\/wp-content\/uploads\/2020\/12\/SANTIN-Magali-1618x1080.jpg 1618w\" sizes=\"(max-width: 2560px) 100vw, 2560px\" \/><\/figure><div class=\"elementor-image-box-content\"><h3 class=\"elementor-image-box-title\">Magali SANTIN<\/h3><p class=\"elementor-image-box-description\">Infirmi\u00e8re en Bloc Op\u00e9ratoire<\/p><\/div><\/div>\t\t<\/div>\n\t\t\t\t<\/div>\n\t\t\t\t\t<\/div>\n\t\t<\/div>\n\t\t\t\t\t<\/div>\n\t\t<\/section>\n\t\t\t\t<section class=\"elementor-section elementor-top-section elementor-element elementor-element-18b9f1d9 elementor-section-boxed elementor-section-height-default elementor-section-height-default\" data-id=\"18b9f1d9\" data-element_type=\"section\">\n\t\t\t\t\t\t<div class=\"elementor-container elementor-column-gap-default\">\n\t\t\t\t\t<div class=\"elementor-column elementor-col-50 elementor-top-column elementor-element elementor-element-6e0b748\" data-id=\"6e0b748\" data-element_type=\"column\">\n\t\t\t<div class=\"elementor-widget-wrap elementor-element-populated\">\n\t\t\t\t\t\t<div class=\"elementor-element elementor-element-5a7e688c elementor-position-top elementor-widget elementor-widget-image-box\" data-id=\"5a7e688c\" data-element_type=\"widget\" data-widget_type=\"image-box.default\">\n\t\t\t\t<div class=\"elementor-widget-container\">\n\t\t\t<div class=\"elementor-image-box-wrapper\"><figure class=\"elementor-image-box-img\"><a href=\"https:\/\/herbertschwarz.com\" tabindex=\"-1\"><img loading=\"lazy\" decoding=\"async\" width=\"2560\" height=\"1709\" src=\"https:\/\/echansonneriedespapes.com\/wp-content\/uploads\/2020\/12\/SCHWARZ-Herbert-scaled.jpg\" class=\"attachment-full size-full wp-image-997\" alt=\"\" srcset=\"https:\/\/echansonneriedespapes.com\/wp-content\/uploads\/2020\/12\/SCHWARZ-Herbert-scaled.jpg 2560w, https:\/\/echansonneriedespapes.com\/wp-content\/uploads\/2020\/12\/SCHWARZ-Herbert-300x200.jpg 300w, https:\/\/echansonneriedespapes.com\/wp-content\/uploads\/2020\/12\/SCHWARZ-Herbert-1024x684.jpg 1024w, https:\/\/echansonneriedespapes.com\/wp-content\/uploads\/2020\/12\/SCHWARZ-Herbert-768x513.jpg 768w, https:\/\/echansonneriedespapes.com\/wp-content\/uploads\/2020\/12\/SCHWARZ-Herbert-1536x1025.jpg 1536w, https:\/\/echansonneriedespapes.com\/wp-content\/uploads\/2020\/12\/SCHWARZ-Herbert-2048x1367.jpg 2048w, https:\/\/echansonneriedespapes.com\/wp-content\/uploads\/2020\/12\/SCHWARZ-Herbert-1618x1080.jpg 1618w\" sizes=\"(max-width: 2560px) 100vw, 2560px\" \/><\/a><\/figure><div class=\"elementor-image-box-content\"><h3 class=\"elementor-image-box-title\"><a href=\"https:\/\/herbertschwarz.com\">Herbert SCHWARZ<\/a><\/h3><p class=\"elementor-image-box-description\">R\u00e9dacteur en Chef et Gestionnaire d'Objets pour le M\u00e9dia Moto<\/p><\/div><\/div>\t\t<\/div>\n\t\t\t\t<\/div>\n\t\t\t\t\t<\/div>\n\t\t<\/div>\n\t\t\t\t<div class=\"elementor-column elementor-col-50 elementor-top-column elementor-element elementor-element-5d900b3c\" data-id=\"5d900b3c\" data-element_type=\"column\">\n\t\t\t<div class=\"elementor-widget-wrap elementor-element-populated\">\n\t\t\t\t\t\t<div class=\"elementor-element elementor-element-46021189 elementor-position-top elementor-widget elementor-widget-image-box\" data-id=\"46021189\" data-element_type=\"widget\" data-widget_type=\"image-box.default\">\n\t\t\t\t<div class=\"elementor-widget-container\">\n\t\t\t<div class=\"elementor-image-box-wrapper\"><figure class=\"elementor-image-box-img\"><img loading=\"lazy\" decoding=\"async\" width=\"2560\" height=\"1709\" src=\"https:\/\/echansonneriedespapes.com\/wp-content\/uploads\/2020\/12\/G\u00e9n\u00e9ral-STRIEBIG-Damien-scaled.jpg\" class=\"attachment-full size-full wp-image-993\" alt=\"\" srcset=\"https:\/\/echansonneriedespapes.com\/wp-content\/uploads\/2020\/12\/G\u00e9n\u00e9ral-STRIEBIG-Damien-scaled.jpg 2560w, https:\/\/echansonneriedespapes.com\/wp-content\/uploads\/2020\/12\/G\u00e9n\u00e9ral-STRIEBIG-Damien-300x200.jpg 300w, https:\/\/echansonneriedespapes.com\/wp-content\/uploads\/2020\/12\/G\u00e9n\u00e9ral-STRIEBIG-Damien-1024x684.jpg 1024w, https:\/\/echansonneriedespapes.com\/wp-content\/uploads\/2020\/12\/G\u00e9n\u00e9ral-STRIEBIG-Damien-768x513.jpg 768w, https:\/\/echansonneriedespapes.com\/wp-content\/uploads\/2020\/12\/G\u00e9n\u00e9ral-STRIEBIG-Damien-1536x1025.jpg 1536w, https:\/\/echansonneriedespapes.com\/wp-content\/uploads\/2020\/12\/G\u00e9n\u00e9ral-STRIEBIG-Damien-2048x1367.jpg 2048w, https:\/\/echansonneriedespapes.com\/wp-content\/uploads\/2020\/12\/G\u00e9n\u00e9ral-STRIEBIG-Damien-1618x1080.jpg 1618w\" sizes=\"(max-width: 2560px) 100vw, 2560px\" \/><\/figure><div class=\"elementor-image-box-content\"><h3 class=\"elementor-image-box-title\">G\u00e9n\u00e9ral Damien STRIEBIG<\/h3><p class=\"elementor-image-box-description\">G\u00e9n\u00e9ral de Division Commandant la Garde R\u00e9publicaine<\/p><\/div><\/div>\t\t<\/div>\n\t\t\t\t<\/div>\n\t\t\t\t\t<\/div>\n\t\t<\/div>\n\t\t\t\t\t<\/div>\n\t\t<\/section>\n\t\t\t\t<section class=\"elementor-section elementor-top-section elementor-element elementor-element-4cc59269 elementor-section-boxed elementor-section-height-default elementor-section-height-default\" data-id=\"4cc59269\" data-element_type=\"section\">\n\t\t\t\t\t\t<div class=\"elementor-container elementor-column-gap-default\">\n\t\t\t\t\t<div class=\"elementor-column elementor-col-100 elementor-top-column elementor-element elementor-element-5cd7ce1b\" data-id=\"5cd7ce1b\" data-element_type=\"column\">\n\t\t\t<div class=\"elementor-widget-wrap elementor-element-populated\">\n\t\t\t\t\t\t<div class=\"elementor-element elementor-element-784761bb elementor-widget elementor-widget-spacer\" data-id=\"784761bb\" data-element_type=\"widget\" data-widget_type=\"spacer.default\">\n\t\t\t\t<div class=\"elementor-widget-container\">\n\t\t\t\t\t<div class=\"elementor-spacer\">\n\t\t\t<div class=\"elementor-spacer-inner\"><\/div>\n\t\t<\/div>\n\t\t\t\t<\/div>\n\t\t\t\t<\/div>\n\t\t\t\t<div class=\"elementor-element elementor-element-4a91c881 elementor-widget elementor-widget-text-editor\" data-id=\"4a91c881\" data-element_type=\"widget\" data-widget_type=\"text-editor.default\">\n\t\t\t\t<div class=\"elementor-widget-container\">\n\t\t\t\t\t\t\t<p style=\"text-align: right;\"><em>Cr\u00e9dit photos : <a href=\"https:\/\/art-et-image.com\">Art et Image<\/a><\/em><\/p>\t\t\t\t\t\t<\/div>\n\t\t\t\t<\/div>\n\t\t\t\t\t<\/div>\n\t\t<\/div>\n\t\t\t\t\t<\/div>\n\t\t<\/section>\n\t\t\t\t<section class=\"elementor-section elementor-top-section elementor-element elementor-element-1b86a45e elementor-section-full_width elementor-section-height-min-height elementor-section-content-middle elementor-section-height-default elementor-section-items-middle\" data-id=\"1b86a45e\" data-element_type=\"section\" data-settings=\"{&quot;background_background&quot;:&quot;classic&quot;}\">\n\t\t\t\t\t\t<div class=\"elementor-container elementor-column-gap-no\">\n\t\t\t\t\t<div class=\"elementor-column elementor-col-100 elementor-top-column elementor-element elementor-element-127bde51\" data-id=\"127bde51\" data-element_type=\"column\">\n\t\t\t<div class=\"elementor-widget-wrap\">\n\t\t\t\t\t\t\t<\/div>\n\t\t<\/div>\n\t\t\t\t\t<\/div>\n\t\t<\/section>\n\t\t\t\t<section class=\"elementor-section elementor-top-section elementor-element elementor-element-566a062b elementor-section-boxed elementor-section-height-default elementor-section-height-default\" data-id=\"566a062b\" data-element_type=\"section\">\n\t\t\t\t\t\t<div class=\"elementor-container elementor-column-gap-default\">\n\t\t\t\t\t<div class=\"elementor-column elementor-col-33 elementor-top-column elementor-element elementor-element-3abf063d\" data-id=\"3abf063d\" data-element_type=\"column\">\n\t\t\t<div class=\"elementor-widget-wrap elementor-element-populated\">\n\t\t\t\t\t\t<div class=\"elementor-element elementor-element-c3befe1 elementor-align-left elementor-widget elementor-widget-button\" data-id=\"c3befe1\" data-element_type=\"widget\" data-widget_type=\"button.default\">\n\t\t\t\t<div class=\"elementor-widget-container\">\n\t\t\t\t\t<div class=\"elementor-button-wrapper\">\n\t\t\t<a class=\"elementor-button elementor-button-link elementor-size-sm elementor-animation-grow\" href=\"https:\/\/echansonneriedespapes.com\/index.php\/332eme-chapitre-ban-des-vendanges-vendredi-07-septembre-2018\/\">\n\t\t\t\t\t\t<span class=\"elementor-button-content-wrapper\">\n\t\t\t\t\t\t<span class=\"elementor-button-icon\">\n\t\t\t\t<i aria-hidden=\"true\" class=\"fas fa-arrow-alt-circle-left\"><\/i>\t\t\t<\/span>\n\t\t\t\t\t\t\t\t\t<span class=\"elementor-button-text\">Chapitre pr\u00e9c\u00e9dent<\/span>\n\t\t\t\t\t<\/span>\n\t\t\t\t\t<\/a>\n\t\t<\/div>\n\t\t\t\t<\/div>\n\t\t\t\t<\/div>\n\t\t\t\t\t<\/div>\n\t\t<\/div>\n\t\t\t\t<div class=\"elementor-column elementor-col-33 elementor-top-column elementor-element elementor-element-5dc70e0b\" data-id=\"5dc70e0b\" data-element_type=\"column\">\n\t\t\t<div class=\"elementor-widget-wrap\">\n\t\t\t\t\t\t\t<\/div>\n\t\t<\/div>\n\t\t\t\t<div class=\"elementor-column elementor-col-33 elementor-top-column elementor-element elementor-element-37e3deb5\" data-id=\"37e3deb5\" data-element_type=\"column\">\n\t\t\t<div class=\"elementor-widget-wrap elementor-element-populated\">\n\t\t\t\t\t\t<div class=\"elementor-element elementor-element-bd6a5ed elementor-align-right elementor-widget elementor-widget-button\" data-id=\"bd6a5ed\" data-element_type=\"widget\" data-widget_type=\"button.default\">\n\t\t\t\t<div class=\"elementor-widget-container\">\n\t\t\t\t\t<div class=\"elementor-button-wrapper\">\n\t\t\t<a class=\"elementor-button elementor-button-link elementor-size-sm elementor-animation-grow\" href=\"https:\/\/echansonneriedespapes.com\/index.php\/335eme-chapitre-ban-des-vendanges-vendredi-06-septembre-2019\/\">\n\t\t\t\t\t\t<span class=\"elementor-button-content-wrapper\">\n\t\t\t\t\t\t<span class=\"elementor-button-icon\">\n\t\t\t\t<i aria-hidden=\"true\" class=\"fas fa-arrow-alt-circle-right\"><\/i>\t\t\t<\/span>\n\t\t\t\t\t\t\t\t\t<span class=\"elementor-button-text\">Chapitre suivant<\/span>\n\t\t\t\t\t<\/span>\n\t\t\t\t\t<\/a>\n\t\t<\/div>\n\t\t\t\t<\/div>\n\t\t\t\t<\/div>\n\t\t\t\t\t<\/div>\n\t\t<\/div>\n\t\t\t\t\t<\/div>\n\t\t<\/section>\n\t\t\t\t<\/div>\n\t\t","protected":false},"excerpt":{"rendered":"<p>Grand Conseil de la FleurSamedi 15 juin 2019 Celliers PontificauxCh\u00e2teauneuf-du-Pape Patrick TIMSIT Acteur, R\u00e9alisateur et Humoriste Fran\u00e7ais Annette ALVAREZ PETERS Directrice des Achats de Vin pour Costco, Grand D\u00e9taillant de Vin Meyer BENZECRIT Chirurgien Dentiste Lilian BERILLON P\u00e9pini\u00e8riste Viticole \u00e0 Jonqui\u00e8res V\u00e9ronique et Maxime BIMET Restaurateurs \u00e0 la Maisouneta, Ch\u00e2teauneuf-du-Pape Yvon BODELOT Pr\u00e9sident de l&rsquo;Entreprise&hellip; <br \/> <a class=\"read-more\" href=\"https:\/\/echansonneriedespapes.com\/index.php\/334eme-chapitre-grand-conseil-de-la-fleur-samedi-15-juin-2019\/\">Lire la suite<\/a><\/p>\n","protected":false},"author":1,"featured_media":0,"parent":0,"menu_order":0,"comment_status":"closed","ping_status":"closed","template":"","meta":{"footnotes":""},"class_list":["post-817","page","type-page","status-publish","hentry"],"yoast_head":"<!-- This site is optimized with the Yoast SEO plugin v23.4 - https:\/\/yoast.com\/wordpress\/plugins\/seo\/ -->\n<title>334\u00e8me chapitre - \u00c9chansonnerie des Papes<\/title>\n<meta name=\"robots\" content=\"index, follow, max-snippet:-1, max-image-preview:large, max-video-preview:-1\" \/>\n<link rel=\"canonical\" href=\"https:\/\/echansonneriedespapes.com\/index.php\/334eme-chapitre-grand-conseil-de-la-fleur-samedi-15-juin-2019\/\" \/>\n<meta property=\"og:locale\" content=\"fr_FR\" \/>\n<meta property=\"og:type\" content=\"article\" \/>\n<meta property=\"og:title\" content=\"334\u00e8me chapitre - \u00c9chansonnerie des Papes\" \/>\n<meta property=\"og:description\" content=\"Grand Conseil de la FleurSamedi 15 juin 2019 Celliers PontificauxCh\u00e2teauneuf-du-Pape Patrick TIMSIT Acteur, R\u00e9alisateur et Humoriste Fran\u00e7ais Annette ALVAREZ PETERS Directrice des Achats de Vin pour Costco, Grand D\u00e9taillant de Vin Meyer BENZECRIT Chirurgien Dentiste Lilian BERILLON P\u00e9pini\u00e8riste Viticole \u00e0 Jonqui\u00e8res V\u00e9ronique et Maxime BIMET Restaurateurs \u00e0 la Maisouneta, Ch\u00e2teauneuf-du-Pape Yvon BODELOT Pr\u00e9sident de l&rsquo;Entreprise&hellip; Lire la suite\" \/>\n<meta property=\"og:url\" content=\"https:\/\/echansonneriedespapes.com\/index.php\/334eme-chapitre-grand-conseil-de-la-fleur-samedi-15-juin-2019\/\" \/>\n<meta property=\"og:site_name\" content=\"\u00c9chansonnerie des Papes\" \/>\n<meta property=\"article:modified_time\" content=\"2021-03-15T10:19:54+00:00\" \/>\n<meta property=\"og:image\" content=\"https:\/\/echansonneriedespapes.com\/wp-content\/uploads\/2020\/06\/Fichier-1-150x150.png\" \/>\n<meta name=\"twitter:card\" content=\"summary_large_image\" \/>\n<meta name=\"twitter:label1\" content=\"Dur\u00e9e de lecture estim\u00e9e\" \/>\n\t<meta name=\"twitter:data1\" content=\"1 minute\" \/>\n<script type=\"application\/ld+json\" class=\"yoast-schema-graph\">{\"@context\":\"https:\/\/schema.org\",\"@graph\":[{\"@type\":\"WebPage\",\"@id\":\"https:\/\/echansonneriedespapes.com\/index.php\/334eme-chapitre-grand-conseil-de-la-fleur-samedi-15-juin-2019\/\",\"url\":\"https:\/\/echansonneriedespapes.com\/index.php\/334eme-chapitre-grand-conseil-de-la-fleur-samedi-15-juin-2019\/\",\"name\":\"334\u00e8me chapitre - \u00c9chansonnerie des Papes\",\"isPartOf\":{\"@id\":\"https:\/\/echansonneriedespapes.com\/#website\"},\"primaryImageOfPage\":{\"@id\":\"https:\/\/echansonneriedespapes.com\/index.php\/334eme-chapitre-grand-conseil-de-la-fleur-samedi-15-juin-2019\/#primaryimage\"},\"image\":{\"@id\":\"https:\/\/echansonneriedespapes.com\/index.php\/334eme-chapitre-grand-conseil-de-la-fleur-samedi-15-juin-2019\/#primaryimage\"},\"thumbnailUrl\":\"https:\/\/echansonneriedespapes.com\/wp-content\/uploads\/2020\/06\/Fichier-1-150x150.png\",\"datePublished\":\"2020-12-03T12:55:43+00:00\",\"dateModified\":\"2021-03-15T10:19:54+00:00\",\"breadcrumb\":{\"@id\":\"https:\/\/echansonneriedespapes.com\/index.php\/334eme-chapitre-grand-conseil-de-la-fleur-samedi-15-juin-2019\/#breadcrumb\"},\"inLanguage\":\"fr-FR\",\"potentialAction\":[{\"@type\":\"ReadAction\",\"target\":[\"https:\/\/echansonneriedespapes.com\/index.php\/334eme-chapitre-grand-conseil-de-la-fleur-samedi-15-juin-2019\/\"]}]},{\"@type\":\"ImageObject\",\"inLanguage\":\"fr-FR\",\"@id\":\"https:\/\/echansonneriedespapes.com\/index.php\/334eme-chapitre-grand-conseil-de-la-fleur-samedi-15-juin-2019\/#primaryimage\",\"url\":\"https:\/\/echansonneriedespapes.com\/wp-content\/uploads\/2020\/06\/Fichier-1.png\",\"contentUrl\":\"https:\/\/echansonneriedespapes.com\/wp-content\/uploads\/2020\/06\/Fichier-1.png\",\"width\":350,\"height\":182},{\"@type\":\"BreadcrumbList\",\"@id\":\"https:\/\/echansonneriedespapes.com\/index.php\/334eme-chapitre-grand-conseil-de-la-fleur-samedi-15-juin-2019\/#breadcrumb\",\"itemListElement\":[{\"@type\":\"ListItem\",\"position\":1,\"name\":\"Accueil\",\"item\":\"https:\/\/echansonneriedespapes.com\/\"},{\"@type\":\"ListItem\",\"position\":2,\"name\":\"334\u00e8me chapitre\"}]},{\"@type\":\"WebSite\",\"@id\":\"https:\/\/echansonneriedespapes.com\/#website\",\"url\":\"https:\/\/echansonneriedespapes.com\/\",\"name\":\"\u00c9chansonnerie des Papes\",\"description\":\"La Confr\u00e9rie Bachique de Ch\u00e2teauneuf-du-Pape\",\"publisher\":{\"@id\":\"https:\/\/echansonneriedespapes.com\/#organization\"},\"potentialAction\":[{\"@type\":\"SearchAction\",\"target\":{\"@type\":\"EntryPoint\",\"urlTemplate\":\"https:\/\/echansonneriedespapes.com\/?s={search_term_string}\"},\"query-input\":{\"@type\":\"PropertyValueSpecification\",\"valueRequired\":true,\"valueName\":\"search_term_string\"}}],\"inLanguage\":\"fr-FR\"},{\"@type\":\"Organization\",\"@id\":\"https:\/\/echansonneriedespapes.com\/#organization\",\"name\":\"\u00c9chansonnerie des Papes\",\"url\":\"https:\/\/echansonneriedespapes.com\/\",\"logo\":{\"@type\":\"ImageObject\",\"inLanguage\":\"fr-FR\",\"@id\":\"https:\/\/echansonneriedespapes.com\/#\/schema\/logo\/image\/\",\"url\":\"https:\/\/echansonneriedespapes.com\/wp-content\/uploads\/2018\/08\/cropped-logo-echansonnerie-sans-fond-4.png\",\"contentUrl\":\"https:\/\/echansonneriedespapes.com\/wp-content\/uploads\/2018\/08\/cropped-logo-echansonnerie-sans-fond-4.png\",\"width\":508,\"height\":608,\"caption\":\"\u00c9chansonnerie des Papes\"},\"image\":{\"@id\":\"https:\/\/echansonneriedespapes.com\/#\/schema\/logo\/image\/\"}}]}<\/script>\n<!-- \/ Yoast SEO plugin. -->","yoast_head_json":{"title":"334\u00e8me chapitre - \u00c9chansonnerie des Papes","robots":{"index":"index","follow":"follow","max-snippet":"max-snippet:-1","max-image-preview":"max-image-preview:large","max-video-preview":"max-video-preview:-1"},"canonical":"https:\/\/echansonneriedespapes.com\/index.php\/334eme-chapitre-grand-conseil-de-la-fleur-samedi-15-juin-2019\/","og_locale":"fr_FR","og_type":"article","og_title":"334\u00e8me chapitre - \u00c9chansonnerie des Papes","og_description":"Grand Conseil de la FleurSamedi 15 juin 2019 Celliers PontificauxCh\u00e2teauneuf-du-Pape Patrick TIMSIT Acteur, R\u00e9alisateur et Humoriste Fran\u00e7ais Annette ALVAREZ PETERS Directrice des Achats de Vin pour Costco, Grand D\u00e9taillant de Vin Meyer BENZECRIT Chirurgien Dentiste Lilian BERILLON P\u00e9pini\u00e8riste Viticole \u00e0 Jonqui\u00e8res V\u00e9ronique et Maxime BIMET Restaurateurs \u00e0 la Maisouneta, Ch\u00e2teauneuf-du-Pape Yvon BODELOT Pr\u00e9sident de l&rsquo;Entreprise&hellip; Lire la suite","og_url":"https:\/\/echansonneriedespapes.com\/index.php\/334eme-chapitre-grand-conseil-de-la-fleur-samedi-15-juin-2019\/","og_site_name":"\u00c9chansonnerie des Papes","article_modified_time":"2021-03-15T10:19:54+00:00","og_image":[{"url":"https:\/\/echansonneriedespapes.com\/wp-content\/uploads\/2020\/06\/Fichier-1-150x150.png"}],"twitter_card":"summary_large_image","twitter_misc":{"Dur\u00e9e de lecture estim\u00e9e":"1 minute"},"schema":{"@context":"https:\/\/schema.org","@graph":[{"@type":"WebPage","@id":"https:\/\/echansonneriedespapes.com\/index.php\/334eme-chapitre-grand-conseil-de-la-fleur-samedi-15-juin-2019\/","url":"https:\/\/echansonneriedespapes.com\/index.php\/334eme-chapitre-grand-conseil-de-la-fleur-samedi-15-juin-2019\/","name":"334\u00e8me chapitre - \u00c9chansonnerie des Papes","isPartOf":{"@id":"https:\/\/echansonneriedespapes.com\/#website"},"primaryImageOfPage":{"@id":"https:\/\/echansonneriedespapes.com\/index.php\/334eme-chapitre-grand-conseil-de-la-fleur-samedi-15-juin-2019\/#primaryimage"},"image":{"@id":"https:\/\/echansonneriedespapes.com\/index.php\/334eme-chapitre-grand-conseil-de-la-fleur-samedi-15-juin-2019\/#primaryimage"},"thumbnailUrl":"https:\/\/echansonneriedespapes.com\/wp-content\/uploads\/2020\/06\/Fichier-1-150x150.png","datePublished":"2020-12-03T12:55:43+00:00","dateModified":"2021-03-15T10:19:54+00:00","breadcrumb":{"@id":"https:\/\/echansonneriedespapes.com\/index.php\/334eme-chapitre-grand-conseil-de-la-fleur-samedi-15-juin-2019\/#breadcrumb"},"inLanguage":"fr-FR","potentialAction":[{"@type":"ReadAction","target":["https:\/\/echansonneriedespapes.com\/index.php\/334eme-chapitre-grand-conseil-de-la-fleur-samedi-15-juin-2019\/"]}]},{"@type":"ImageObject","inLanguage":"fr-FR","@id":"https:\/\/echansonneriedespapes.com\/index.php\/334eme-chapitre-grand-conseil-de-la-fleur-samedi-15-juin-2019\/#primaryimage","url":"https:\/\/echansonneriedespapes.com\/wp-content\/uploads\/2020\/06\/Fichier-1.png","contentUrl":"https:\/\/echansonneriedespapes.com\/wp-content\/uploads\/2020\/06\/Fichier-1.png","width":350,"height":182},{"@type":"BreadcrumbList","@id":"https:\/\/echansonneriedespapes.com\/index.php\/334eme-chapitre-grand-conseil-de-la-fleur-samedi-15-juin-2019\/#breadcrumb","itemListElement":[{"@type":"ListItem","position":1,"name":"Accueil","item":"https:\/\/echansonneriedespapes.com\/"},{"@type":"ListItem","position":2,"name":"334\u00e8me chapitre"}]},{"@type":"WebSite","@id":"https:\/\/echansonneriedespapes.com\/#website","url":"https:\/\/echansonneriedespapes.com\/","name":"\u00c9chansonnerie des Papes","description":"La Confr\u00e9rie Bachique de Ch\u00e2teauneuf-du-Pape","publisher":{"@id":"https:\/\/echansonneriedespapes.com\/#organization"},"potentialAction":[{"@type":"SearchAction","target":{"@type":"EntryPoint","urlTemplate":"https:\/\/echansonneriedespapes.com\/?s={search_term_string}"},"query-input":{"@type":"PropertyValueSpecification","valueRequired":true,"valueName":"search_term_string"}}],"inLanguage":"fr-FR"},{"@type":"Organization","@id":"https:\/\/echansonneriedespapes.com\/#organization","name":"\u00c9chansonnerie des Papes","url":"https:\/\/echansonneriedespapes.com\/","logo":{"@type":"ImageObject","inLanguage":"fr-FR","@id":"https:\/\/echansonneriedespapes.com\/#\/schema\/logo\/image\/","url":"https:\/\/echansonneriedespapes.com\/wp-content\/uploads\/2018\/08\/cropped-logo-echansonnerie-sans-fond-4.png","contentUrl":"https:\/\/echansonneriedespapes.com\/wp-content\/uploads\/2018\/08\/cropped-logo-echansonnerie-sans-fond-4.png","width":508,"height":608,"caption":"\u00c9chansonnerie des Papes"},"image":{"@id":"https:\/\/echansonneriedespapes.com\/#\/schema\/logo\/image\/"}}]}},"jetpack_sharing_enabled":true,"_links":{"self":[{"href":"https:\/\/echansonneriedespapes.com\/index.php\/wp-json\/wp\/v2\/pages\/817"}],"collection":[{"href":"https:\/\/echansonneriedespapes.com\/index.php\/wp-json\/wp\/v2\/pages"}],"about":[{"href":"https:\/\/echansonneriedespapes.com\/index.php\/wp-json\/wp\/v2\/types\/page"}],"author":[{"embeddable":true,"href":"https:\/\/echansonneriedespapes.com\/index.php\/wp-json\/wp\/v2\/users\/1"}],"replies":[{"embeddable":true,"href":"https:\/\/echansonneriedespapes.com\/index.php\/wp-json\/wp\/v2\/comments?post=817"}],"version-history":[{"count":5,"href":"https:\/\/echansonneriedespapes.com\/index.php\/wp-json\/wp\/v2\/pages\/817\/revisions"}],"predecessor-version":[{"id":1346,"href":"https:\/\/echansonneriedespapes.com\/index.php\/wp-json\/wp\/v2\/pages\/817\/revisions\/1346"}],"wp:attachment":[{"href":"https:\/\/echansonneriedespapes.com\/index.php\/wp-json\/wp\/v2\/media?parent=817"}],"curies":[{"name":"wp","href":"https:\/\/api.w.org\/{rel}","templated":true}]}}