{"id":669,"date":"2020-10-13T14:08:38","date_gmt":"2020-10-13T12:08:38","guid":{"rendered":"https:\/\/echansonneriedespapes.com\/?page_id=669"},"modified":"2020-12-03T12:10:07","modified_gmt":"2020-12-03T11:10:07","slug":"000eme-chapitre-conseil-dhiver","status":"publish","type":"page","link":"https:\/\/echansonneriedespapes.com\/index.php\/000eme-chapitre-conseil-dhiver\/","title":{"rendered":"000\u00e8me chapitre : Conseil d&rsquo;Hiver"},"content":{"rendered":"\t\t<div data-elementor-type=\"wp-page\" data-elementor-id=\"669\" class=\"elementor elementor-669\">\n\t\t\t\t\t\t<section class=\"elementor-section elementor-top-section elementor-element elementor-element-e3dfb3e elementor-section-boxed elementor-section-height-default elementor-section-height-default\" data-id=\"e3dfb3e\" data-element_type=\"section\">\n\t\t\t\t\t\t<div class=\"elementor-container elementor-column-gap-default\">\n\t\t\t\t\t<div class=\"elementor-column elementor-col-100 elementor-top-column elementor-element elementor-element-2cf8f76\" data-id=\"2cf8f76\" data-element_type=\"column\">\n\t\t\t<div class=\"elementor-widget-wrap elementor-element-populated\">\n\t\t\t\t\t\t<div class=\"elementor-element elementor-element-0c74bb8 elementor-widget elementor-widget-heading\" data-id=\"0c74bb8\" data-element_type=\"widget\" data-widget_type=\"heading.default\">\n\t\t\t\t<div class=\"elementor-widget-container\">\n\t\t\t<h2 class=\"elementor-heading-title elementor-size-large\">Grand Conseil d'Hiver <br><font size=\"6\"><i>000\u00e8me Chapitre<\/i><\/font><\/h2>\t\t<\/div>\n\t\t\t\t<\/div>\n\t\t\t\t<div class=\"elementor-element elementor-element-dbe8ebf elementor-widget elementor-widget-heading\" data-id=\"dbe8ebf\" data-element_type=\"widget\" data-widget_type=\"heading.default\">\n\t\t\t\t<div class=\"elementor-widget-container\">\n\t\t\t<h2 class=\"elementor-heading-title elementor-size-large\">Samedi 7 d\u00e9cembre 2019<br>Palais des Papes d'Avignon<\/h2>\t\t<\/div>\n\t\t\t\t<\/div>\n\t\t\t\t<div class=\"elementor-element elementor-element-5dd2eb1 elementor-widget elementor-widget-image\" data-id=\"5dd2eb1\" data-element_type=\"widget\" data-widget_type=\"image.default\">\n\t\t\t\t<div class=\"elementor-widget-container\">\n\t\t\t\t\t\t\t\t\t\t\t\t\t<img decoding=\"async\" width=\"150\" height=\"150\" src=\"https:\/\/echansonneriedespapes.com\/wp-content\/uploads\/2020\/06\/Fichier-1-150x150.png\" class=\"attachment-thumbnail size-thumbnail wp-image-415\" alt=\"\" \/>\t\t\t\t\t\t\t\t\t\t\t\t\t<\/div>\n\t\t\t\t<\/div>\n\t\t\t\t<div class=\"elementor-element elementor-element-26d5034 elementor-widget elementor-widget-spacer\" data-id=\"26d5034\" data-element_type=\"widget\" data-widget_type=\"spacer.default\">\n\t\t\t\t<div class=\"elementor-widget-container\">\n\t\t\t\t\t<div class=\"elementor-spacer\">\n\t\t\t<div class=\"elementor-spacer-inner\"><\/div>\n\t\t<\/div>\n\t\t\t\t<\/div>\n\t\t\t\t<\/div>\n\t\t\t\t\t<\/div>\n\t\t<\/div>\n\t\t\t\t\t<\/div>\n\t\t<\/section>\n\t\t\t\t<section class=\"elementor-section elementor-top-section elementor-element elementor-element-59bff0e9 elementor-section-boxed elementor-section-height-default elementor-section-height-default\" data-id=\"59bff0e9\" data-element_type=\"section\">\n\t\t\t\t\t\t<div class=\"elementor-container elementor-column-gap-default\">\n\t\t\t\t\t<div class=\"elementor-column elementor-col-50 elementor-top-column elementor-element elementor-element-2b928c5c\" data-id=\"2b928c5c\" data-element_type=\"column\">\n\t\t\t<div class=\"elementor-widget-wrap elementor-element-populated\">\n\t\t\t\t\t\t<div class=\"elementor-element elementor-element-130547dc elementor-position-top elementor-widget elementor-widget-image-box\" data-id=\"130547dc\" data-element_type=\"widget\" data-widget_type=\"image-box.default\">\n\t\t\t\t<div class=\"elementor-widget-container\">\n\t\t\t<div class=\"elementor-image-box-wrapper\"><figure class=\"elementor-image-box-img\"><img fetchpriority=\"high\" decoding=\"async\" width=\"2480\" height=\"1656\" src=\"https:\/\/echansonneriedespapes.com\/wp-content\/uploads\/2020\/10\/AURIOL-Hubert.jpg\" class=\"attachment-full size-full wp-image-682\" alt=\"\" srcset=\"https:\/\/echansonneriedespapes.com\/wp-content\/uploads\/2020\/10\/AURIOL-Hubert.jpg 2480w, https:\/\/echansonneriedespapes.com\/wp-content\/uploads\/2020\/10\/AURIOL-Hubert-300x200.jpg 300w, https:\/\/echansonneriedespapes.com\/wp-content\/uploads\/2020\/10\/AURIOL-Hubert-1024x684.jpg 1024w, https:\/\/echansonneriedespapes.com\/wp-content\/uploads\/2020\/10\/AURIOL-Hubert-768x513.jpg 768w, https:\/\/echansonneriedespapes.com\/wp-content\/uploads\/2020\/10\/AURIOL-Hubert-1536x1026.jpg 1536w, https:\/\/echansonneriedespapes.com\/wp-content\/uploads\/2020\/10\/AURIOL-Hubert-2048x1368.jpg 2048w, https:\/\/echansonneriedespapes.com\/wp-content\/uploads\/2020\/10\/AURIOL-Hubert-1617x1080.jpg 1617w\" sizes=\"(max-width: 2480px) 100vw, 2480px\" \/><\/figure><div class=\"elementor-image-box-content\"><h3 class=\"elementor-image-box-title\">Monsieur Hubert AURIOL <\/h3><p class=\"elementor-image-box-description\">Pilote de moto, triple vainqueur du Paris Dakar Auto\/Moto, Paris<\/p><\/div><\/div>\t\t<\/div>\n\t\t\t\t<\/div>\n\t\t\t\t\t<\/div>\n\t\t<\/div>\n\t\t\t\t<div class=\"elementor-column elementor-col-50 elementor-top-column elementor-element elementor-element-3025081d\" data-id=\"3025081d\" data-element_type=\"column\">\n\t\t\t<div class=\"elementor-widget-wrap elementor-element-populated\">\n\t\t\t\t\t\t<div class=\"elementor-element elementor-element-6b603e5c elementor-position-top elementor-widget elementor-widget-image-box\" data-id=\"6b603e5c\" data-element_type=\"widget\" data-widget_type=\"image-box.default\">\n\t\t\t\t<div class=\"elementor-widget-container\">\n\t\t\t<div class=\"elementor-image-box-wrapper\"><figure class=\"elementor-image-box-img\"><img decoding=\"async\" width=\"2480\" height=\"1656\" src=\"https:\/\/echansonneriedespapes.com\/wp-content\/uploads\/2020\/10\/CHAPUSOT-Thierry.jpg\" class=\"attachment-full size-full wp-image-683\" alt=\"\" srcset=\"https:\/\/echansonneriedespapes.com\/wp-content\/uploads\/2020\/10\/CHAPUSOT-Thierry.jpg 2480w, https:\/\/echansonneriedespapes.com\/wp-content\/uploads\/2020\/10\/CHAPUSOT-Thierry-300x200.jpg 300w, https:\/\/echansonneriedespapes.com\/wp-content\/uploads\/2020\/10\/CHAPUSOT-Thierry-1024x684.jpg 1024w, https:\/\/echansonneriedespapes.com\/wp-content\/uploads\/2020\/10\/CHAPUSOT-Thierry-768x513.jpg 768w, https:\/\/echansonneriedespapes.com\/wp-content\/uploads\/2020\/10\/CHAPUSOT-Thierry-1536x1026.jpg 1536w, https:\/\/echansonneriedespapes.com\/wp-content\/uploads\/2020\/10\/CHAPUSOT-Thierry-2048x1368.jpg 2048w, https:\/\/echansonneriedespapes.com\/wp-content\/uploads\/2020\/10\/CHAPUSOT-Thierry-1617x1080.jpg 1617w\" sizes=\"(max-width: 2480px) 100vw, 2480px\" \/><\/figure><div class=\"elementor-image-box-content\"><h3 class=\"elementor-image-box-title\">Monsieur Thierry CHAPUSOT<\/h3><p class=\"elementor-image-box-description\">Pr\u00e9sident du Directoire de groupe WELCOOP et Marque Verte Sant\u00e9, Pr\u00e9sident du Conseil d\u2019Administration de Pharmagest Interactive<\/p><\/div><\/div>\t\t<\/div>\n\t\t\t\t<\/div>\n\t\t\t\t\t<\/div>\n\t\t<\/div>\n\t\t\t\t\t<\/div>\n\t\t<\/section>\n\t\t\t\t<section class=\"elementor-section elementor-top-section elementor-element elementor-element-a4fc41d elementor-section-boxed elementor-section-height-default elementor-section-height-default\" data-id=\"a4fc41d\" data-element_type=\"section\">\n\t\t\t\t\t\t<div class=\"elementor-container elementor-column-gap-default\">\n\t\t\t\t\t<div class=\"elementor-column elementor-col-50 elementor-top-column elementor-element elementor-element-30817b0\" data-id=\"30817b0\" data-element_type=\"column\">\n\t\t\t<div class=\"elementor-widget-wrap elementor-element-populated\">\n\t\t\t\t\t\t<div class=\"elementor-element elementor-element-b1a7dc4 elementor-position-top elementor-widget elementor-widget-image-box\" data-id=\"b1a7dc4\" data-element_type=\"widget\" data-widget_type=\"image-box.default\">\n\t\t\t\t<div class=\"elementor-widget-container\">\n\t\t\t<div class=\"elementor-image-box-wrapper\"><figure class=\"elementor-image-box-img\"><img loading=\"lazy\" decoding=\"async\" width=\"2480\" height=\"1656\" src=\"https:\/\/echansonneriedespapes.com\/wp-content\/uploads\/2020\/10\/DOUILLET-Joe\u0308l.jpg\" class=\"attachment-full size-full wp-image-684\" alt=\"\" srcset=\"https:\/\/echansonneriedespapes.com\/wp-content\/uploads\/2020\/10\/DOUILLET-Joe\u0308l.jpg 2480w, https:\/\/echansonneriedespapes.com\/wp-content\/uploads\/2020\/10\/DOUILLET-Joe\u0308l-300x200.jpg 300w, https:\/\/echansonneriedespapes.com\/wp-content\/uploads\/2020\/10\/DOUILLET-Joe\u0308l-1024x684.jpg 1024w, https:\/\/echansonneriedespapes.com\/wp-content\/uploads\/2020\/10\/DOUILLET-Joe\u0308l-768x513.jpg 768w, https:\/\/echansonneriedespapes.com\/wp-content\/uploads\/2020\/10\/DOUILLET-Joe\u0308l-1536x1026.jpg 1536w, https:\/\/echansonneriedespapes.com\/wp-content\/uploads\/2020\/10\/DOUILLET-Joe\u0308l-2048x1368.jpg 2048w, https:\/\/echansonneriedespapes.com\/wp-content\/uploads\/2020\/10\/DOUILLET-Joe\u0308l-1617x1080.jpg 1617w\" sizes=\"(max-width: 2480px) 100vw, 2480px\" \/><\/figure><div class=\"elementor-image-box-content\"><h3 class=\"elementor-image-box-title\">Monsieur Jo\u00ebl DOUILLET<\/h3><p class=\"elementor-image-box-description\">G\u00e9rant de l'Imprimerie JD2, Tullins<\/p><\/div><\/div>\t\t<\/div>\n\t\t\t\t<\/div>\n\t\t\t\t\t<\/div>\n\t\t<\/div>\n\t\t\t\t<div class=\"elementor-column elementor-col-50 elementor-top-column elementor-element elementor-element-1adf033\" data-id=\"1adf033\" data-element_type=\"column\">\n\t\t\t<div class=\"elementor-widget-wrap elementor-element-populated\">\n\t\t\t\t\t\t<div class=\"elementor-element elementor-element-1d46936 elementor-position-top elementor-widget elementor-widget-image-box\" data-id=\"1d46936\" data-element_type=\"widget\" data-widget_type=\"image-box.default\">\n\t\t\t\t<div class=\"elementor-widget-container\">\n\t\t\t<div class=\"elementor-image-box-wrapper\"><figure class=\"elementor-image-box-img\"><img loading=\"lazy\" decoding=\"async\" width=\"2480\" height=\"1656\" src=\"https:\/\/echansonneriedespapes.com\/wp-content\/uploads\/2020\/10\/GASPAROTTO-Laure.jpg\" class=\"attachment-full size-full wp-image-685\" alt=\"\" srcset=\"https:\/\/echansonneriedespapes.com\/wp-content\/uploads\/2020\/10\/GASPAROTTO-Laure.jpg 2480w, https:\/\/echansonneriedespapes.com\/wp-content\/uploads\/2020\/10\/GASPAROTTO-Laure-300x200.jpg 300w, https:\/\/echansonneriedespapes.com\/wp-content\/uploads\/2020\/10\/GASPAROTTO-Laure-1024x684.jpg 1024w, https:\/\/echansonneriedespapes.com\/wp-content\/uploads\/2020\/10\/GASPAROTTO-Laure-768x513.jpg 768w, https:\/\/echansonneriedespapes.com\/wp-content\/uploads\/2020\/10\/GASPAROTTO-Laure-1536x1026.jpg 1536w, https:\/\/echansonneriedespapes.com\/wp-content\/uploads\/2020\/10\/GASPAROTTO-Laure-2048x1368.jpg 2048w, https:\/\/echansonneriedespapes.com\/wp-content\/uploads\/2020\/10\/GASPAROTTO-Laure-1617x1080.jpg 1617w\" sizes=\"(max-width: 2480px) 100vw, 2480px\" \/><\/figure><div class=\"elementor-image-box-content\"><h3 class=\"elementor-image-box-title\">Madame Laure GASPAROTTO<\/h3><p class=\"elementor-image-box-description\">Journaliste et Historienne du vin, Paris<\/p><\/div><\/div>\t\t<\/div>\n\t\t\t\t<\/div>\n\t\t\t\t\t<\/div>\n\t\t<\/div>\n\t\t\t\t\t<\/div>\n\t\t<\/section>\n\t\t\t\t<section class=\"elementor-section elementor-top-section elementor-element elementor-element-1323aa8 elementor-section-boxed elementor-section-height-default elementor-section-height-default\" data-id=\"1323aa8\" data-element_type=\"section\">\n\t\t\t\t\t\t<div class=\"elementor-container elementor-column-gap-default\">\n\t\t\t\t\t<div class=\"elementor-column elementor-col-50 elementor-top-column elementor-element elementor-element-1c21824\" data-id=\"1c21824\" data-element_type=\"column\">\n\t\t\t<div class=\"elementor-widget-wrap elementor-element-populated\">\n\t\t\t\t\t\t<div class=\"elementor-element elementor-element-17bdd03 elementor-position-top elementor-widget elementor-widget-image-box\" data-id=\"17bdd03\" data-element_type=\"widget\" data-widget_type=\"image-box.default\">\n\t\t\t\t<div class=\"elementor-widget-container\">\n\t\t\t<div class=\"elementor-image-box-wrapper\"><figure class=\"elementor-image-box-img\"><img loading=\"lazy\" decoding=\"async\" width=\"2480\" height=\"1656\" src=\"https:\/\/echansonneriedespapes.com\/wp-content\/uploads\/2020\/10\/GAUME-Bertrand.jpg\" class=\"attachment-full size-full wp-image-686\" alt=\"\" srcset=\"https:\/\/echansonneriedespapes.com\/wp-content\/uploads\/2020\/10\/GAUME-Bertrand.jpg 2480w, https:\/\/echansonneriedespapes.com\/wp-content\/uploads\/2020\/10\/GAUME-Bertrand-300x200.jpg 300w, https:\/\/echansonneriedespapes.com\/wp-content\/uploads\/2020\/10\/GAUME-Bertrand-1024x684.jpg 1024w, https:\/\/echansonneriedespapes.com\/wp-content\/uploads\/2020\/10\/GAUME-Bertrand-768x513.jpg 768w, https:\/\/echansonneriedespapes.com\/wp-content\/uploads\/2020\/10\/GAUME-Bertrand-1536x1026.jpg 1536w, https:\/\/echansonneriedespapes.com\/wp-content\/uploads\/2020\/10\/GAUME-Bertrand-2048x1368.jpg 2048w, https:\/\/echansonneriedespapes.com\/wp-content\/uploads\/2020\/10\/GAUME-Bertrand-1617x1080.jpg 1617w\" sizes=\"(max-width: 2480px) 100vw, 2480px\" \/><\/figure><div class=\"elementor-image-box-content\"><h3 class=\"elementor-image-box-title\">Monsieur Bertrand GAUME<\/h3><p class=\"elementor-image-box-description\">Pr\u00e9fet de Vaucluse, Avignon<\/p><\/div><\/div>\t\t<\/div>\n\t\t\t\t<\/div>\n\t\t\t\t\t<\/div>\n\t\t<\/div>\n\t\t\t\t<div class=\"elementor-column elementor-col-50 elementor-top-column elementor-element elementor-element-77ae0ef\" data-id=\"77ae0ef\" data-element_type=\"column\">\n\t\t\t<div class=\"elementor-widget-wrap elementor-element-populated\">\n\t\t\t\t\t\t<div class=\"elementor-element elementor-element-5b7bfe7 elementor-position-top elementor-widget elementor-widget-image-box\" data-id=\"5b7bfe7\" data-element_type=\"widget\" data-widget_type=\"image-box.default\">\n\t\t\t\t<div class=\"elementor-widget-container\">\n\t\t\t<div class=\"elementor-image-box-wrapper\"><figure class=\"elementor-image-box-img\"><img loading=\"lazy\" decoding=\"async\" width=\"2480\" height=\"1656\" src=\"https:\/\/echansonneriedespapes.com\/wp-content\/uploads\/2020\/10\/JI-Michel.jpg\" class=\"attachment-full size-full wp-image-687\" alt=\"\" srcset=\"https:\/\/echansonneriedespapes.com\/wp-content\/uploads\/2020\/10\/JI-Michel.jpg 2480w, https:\/\/echansonneriedespapes.com\/wp-content\/uploads\/2020\/10\/JI-Michel-300x200.jpg 300w, https:\/\/echansonneriedespapes.com\/wp-content\/uploads\/2020\/10\/JI-Michel-1024x684.jpg 1024w, https:\/\/echansonneriedespapes.com\/wp-content\/uploads\/2020\/10\/JI-Michel-768x513.jpg 768w, https:\/\/echansonneriedespapes.com\/wp-content\/uploads\/2020\/10\/JI-Michel-1536x1026.jpg 1536w, https:\/\/echansonneriedespapes.com\/wp-content\/uploads\/2020\/10\/JI-Michel-2048x1368.jpg 2048w, https:\/\/echansonneriedespapes.com\/wp-content\/uploads\/2020\/10\/JI-Michel-1617x1080.jpg 1617w\" sizes=\"(max-width: 2480px) 100vw, 2480px\" \/><\/figure><div class=\"elementor-image-box-content\"><h3 class=\"elementor-image-box-title\">Monsieur Michel JI <\/h3><p class=\"elementor-image-box-description\">CEO des Chargeurs R\u00e9unis branche textile pour la Chine et Pr\u00e9sident du syndicat des producteurs de laine pour la Chine, Chine<\/p><\/div><\/div>\t\t<\/div>\n\t\t\t\t<\/div>\n\t\t\t\t\t<\/div>\n\t\t<\/div>\n\t\t\t\t\t<\/div>\n\t\t<\/section>\n\t\t\t\t<section class=\"elementor-section elementor-top-section elementor-element elementor-element-fe8be2c elementor-section-boxed elementor-section-height-default elementor-section-height-default\" data-id=\"fe8be2c\" data-element_type=\"section\">\n\t\t\t\t\t\t<div class=\"elementor-container elementor-column-gap-default\">\n\t\t\t\t\t<div class=\"elementor-column elementor-col-50 elementor-top-column elementor-element elementor-element-ea9dca7\" data-id=\"ea9dca7\" data-element_type=\"column\">\n\t\t\t<div class=\"elementor-widget-wrap elementor-element-populated\">\n\t\t\t\t\t\t<div class=\"elementor-element elementor-element-b0a4774 elementor-position-top elementor-widget elementor-widget-image-box\" data-id=\"b0a4774\" data-element_type=\"widget\" data-widget_type=\"image-box.default\">\n\t\t\t\t<div class=\"elementor-widget-container\">\n\t\t\t<div class=\"elementor-image-box-wrapper\"><figure class=\"elementor-image-box-img\"><img loading=\"lazy\" decoding=\"async\" width=\"2480\" height=\"1656\" src=\"https:\/\/echansonneriedespapes.com\/wp-content\/uploads\/2020\/10\/LISNARD-David.jpg\" class=\"attachment-full size-full wp-image-688\" alt=\"\" srcset=\"https:\/\/echansonneriedespapes.com\/wp-content\/uploads\/2020\/10\/LISNARD-David.jpg 2480w, https:\/\/echansonneriedespapes.com\/wp-content\/uploads\/2020\/10\/LISNARD-David-300x200.jpg 300w, https:\/\/echansonneriedespapes.com\/wp-content\/uploads\/2020\/10\/LISNARD-David-1024x684.jpg 1024w, https:\/\/echansonneriedespapes.com\/wp-content\/uploads\/2020\/10\/LISNARD-David-768x513.jpg 768w, https:\/\/echansonneriedespapes.com\/wp-content\/uploads\/2020\/10\/LISNARD-David-1536x1026.jpg 1536w, https:\/\/echansonneriedespapes.com\/wp-content\/uploads\/2020\/10\/LISNARD-David-2048x1368.jpg 2048w, https:\/\/echansonneriedespapes.com\/wp-content\/uploads\/2020\/10\/LISNARD-David-1617x1080.jpg 1617w\" sizes=\"(max-width: 2480px) 100vw, 2480px\" \/><\/figure><div class=\"elementor-image-box-content\"><h3 class=\"elementor-image-box-title\">Monsieur David LISNARD <\/h3><p class=\"elementor-image-box-description\">Maire de Cannes, Cannes<\/p><\/div><\/div>\t\t<\/div>\n\t\t\t\t<\/div>\n\t\t\t\t\t<\/div>\n\t\t<\/div>\n\t\t\t\t<div class=\"elementor-column elementor-col-50 elementor-top-column elementor-element elementor-element-70b3d85\" data-id=\"70b3d85\" data-element_type=\"column\">\n\t\t\t<div class=\"elementor-widget-wrap elementor-element-populated\">\n\t\t\t\t\t\t<div class=\"elementor-element elementor-element-7b172b7 elementor-position-top elementor-widget elementor-widget-image-box\" data-id=\"7b172b7\" data-element_type=\"widget\" data-widget_type=\"image-box.default\">\n\t\t\t\t<div class=\"elementor-widget-container\">\n\t\t\t<div class=\"elementor-image-box-wrapper\"><figure class=\"elementor-image-box-img\"><img loading=\"lazy\" decoding=\"async\" width=\"2480\" height=\"1656\" src=\"https:\/\/echansonneriedespapes.com\/wp-content\/uploads\/2020\/10\/McCOURT-Jamie.jpg\" class=\"attachment-full size-full wp-image-689\" alt=\"\" srcset=\"https:\/\/echansonneriedespapes.com\/wp-content\/uploads\/2020\/10\/McCOURT-Jamie.jpg 2480w, https:\/\/echansonneriedespapes.com\/wp-content\/uploads\/2020\/10\/McCOURT-Jamie-300x200.jpg 300w, https:\/\/echansonneriedespapes.com\/wp-content\/uploads\/2020\/10\/McCOURT-Jamie-1024x684.jpg 1024w, https:\/\/echansonneriedespapes.com\/wp-content\/uploads\/2020\/10\/McCOURT-Jamie-768x513.jpg 768w, https:\/\/echansonneriedespapes.com\/wp-content\/uploads\/2020\/10\/McCOURT-Jamie-1536x1026.jpg 1536w, https:\/\/echansonneriedespapes.com\/wp-content\/uploads\/2020\/10\/McCOURT-Jamie-2048x1368.jpg 2048w, https:\/\/echansonneriedespapes.com\/wp-content\/uploads\/2020\/10\/McCOURT-Jamie-1617x1080.jpg 1617w\" sizes=\"(max-width: 2480px) 100vw, 2480px\" \/><\/figure><div class=\"elementor-image-box-content\"><h3 class=\"elementor-image-box-title\">Son Excellence Madame Jamie D. McCOURT<\/h3><p class=\"elementor-image-box-description\">Ambassadeur des Etats-Unis d'Am\u00e9rique en France et \u00e0 Monaco, Paris<\/p><\/div><\/div>\t\t<\/div>\n\t\t\t\t<\/div>\n\t\t\t\t\t<\/div>\n\t\t<\/div>\n\t\t\t\t\t<\/div>\n\t\t<\/section>\n\t\t\t\t<section class=\"elementor-section elementor-top-section elementor-element elementor-element-ac12a59 elementor-section-boxed elementor-section-height-default elementor-section-height-default\" data-id=\"ac12a59\" data-element_type=\"section\">\n\t\t\t\t\t\t<div class=\"elementor-container elementor-column-gap-default\">\n\t\t\t\t\t<div class=\"elementor-column elementor-col-50 elementor-top-column elementor-element elementor-element-c03b4a1\" data-id=\"c03b4a1\" data-element_type=\"column\">\n\t\t\t<div class=\"elementor-widget-wrap elementor-element-populated\">\n\t\t\t\t\t\t<div class=\"elementor-element elementor-element-9244d5f elementor-position-top elementor-widget elementor-widget-image-box\" data-id=\"9244d5f\" data-element_type=\"widget\" data-widget_type=\"image-box.default\">\n\t\t\t\t<div class=\"elementor-widget-container\">\n\t\t\t<div class=\"elementor-image-box-wrapper\"><figure class=\"elementor-image-box-img\"><img loading=\"lazy\" decoding=\"async\" width=\"1428\" height=\"952\" src=\"https:\/\/echansonneriedespapes.com\/wp-content\/uploads\/2020\/10\/Capture-d\u2019e\u0301cran-2020-10-13-a\u0300-14.40.21.png\" class=\"attachment-full size-full wp-image-694\" alt=\"\" srcset=\"https:\/\/echansonneriedespapes.com\/wp-content\/uploads\/2020\/10\/Capture-d\u2019e\u0301cran-2020-10-13-a\u0300-14.40.21.png 1428w, https:\/\/echansonneriedespapes.com\/wp-content\/uploads\/2020\/10\/Capture-d\u2019e\u0301cran-2020-10-13-a\u0300-14.40.21-300x200.png 300w, https:\/\/echansonneriedespapes.com\/wp-content\/uploads\/2020\/10\/Capture-d\u2019e\u0301cran-2020-10-13-a\u0300-14.40.21-1024x683.png 1024w, https:\/\/echansonneriedespapes.com\/wp-content\/uploads\/2020\/10\/Capture-d\u2019e\u0301cran-2020-10-13-a\u0300-14.40.21-768x512.png 768w\" sizes=\"(max-width: 1428px) 100vw, 1428px\" \/><\/figure><div class=\"elementor-image-box-content\"><h3 class=\"elementor-image-box-title\">Monsieur Christian PARIS<\/h3><p class=\"elementor-image-box-description\">Commandant de Bord Instructeur retrait\u00e9 puis membre du Conseil d'Administration, du Comit\u00e9 de strat\u00e9gie et du Comit\u00e9 d'Audit de la Holding Air France-KLM, La Varenne\n<\/p><\/div><\/div>\t\t<\/div>\n\t\t\t\t<\/div>\n\t\t\t\t\t<\/div>\n\t\t<\/div>\n\t\t\t\t<div class=\"elementor-column elementor-col-50 elementor-top-column elementor-element elementor-element-1104528\" data-id=\"1104528\" data-element_type=\"column\">\n\t\t\t<div class=\"elementor-widget-wrap elementor-element-populated\">\n\t\t\t\t\t\t<div class=\"elementor-element elementor-element-1606932 elementor-position-top elementor-widget elementor-widget-image-box\" data-id=\"1606932\" data-element_type=\"widget\" data-widget_type=\"image-box.default\">\n\t\t\t\t<div class=\"elementor-widget-container\">\n\t\t\t<div class=\"elementor-image-box-wrapper\"><figure class=\"elementor-image-box-img\"><img loading=\"lazy\" decoding=\"async\" width=\"2480\" height=\"1656\" src=\"https:\/\/echansonneriedespapes.com\/wp-content\/uploads\/2020\/10\/PELLEGRINI-Gilles.jpg\" class=\"attachment-full size-full wp-image-690\" alt=\"\" srcset=\"https:\/\/echansonneriedespapes.com\/wp-content\/uploads\/2020\/10\/PELLEGRINI-Gilles.jpg 2480w, https:\/\/echansonneriedespapes.com\/wp-content\/uploads\/2020\/10\/PELLEGRINI-Gilles-300x200.jpg 300w, https:\/\/echansonneriedespapes.com\/wp-content\/uploads\/2020\/10\/PELLEGRINI-Gilles-1024x684.jpg 1024w, https:\/\/echansonneriedespapes.com\/wp-content\/uploads\/2020\/10\/PELLEGRINI-Gilles-768x513.jpg 768w, https:\/\/echansonneriedespapes.com\/wp-content\/uploads\/2020\/10\/PELLEGRINI-Gilles-1536x1026.jpg 1536w, https:\/\/echansonneriedespapes.com\/wp-content\/uploads\/2020\/10\/PELLEGRINI-Gilles-2048x1368.jpg 2048w, https:\/\/echansonneriedespapes.com\/wp-content\/uploads\/2020\/10\/PELLEGRINI-Gilles-1617x1080.jpg 1617w\" sizes=\"(max-width: 2480px) 100vw, 2480px\" \/><\/figure><div class=\"elementor-image-box-content\"><h3 class=\"elementor-image-box-title\">Monsieur Gilles PELLEGRINI<\/h3><p class=\"elementor-image-box-description\">Chef d'Orchestre, Trompettiste Soliste, Auteur, Compositeur, Editeur, Saint-\u00c9gr\u00e8ve<\/p><\/div><\/div>\t\t<\/div>\n\t\t\t\t<\/div>\n\t\t\t\t\t<\/div>\n\t\t<\/div>\n\t\t\t\t\t<\/div>\n\t\t<\/section>\n\t\t\t\t<section class=\"elementor-section elementor-top-section elementor-element elementor-element-8608c1f elementor-section-boxed elementor-section-height-default elementor-section-height-default\" data-id=\"8608c1f\" data-element_type=\"section\">\n\t\t\t\t\t\t<div class=\"elementor-container elementor-column-gap-default\">\n\t\t\t\t\t<div class=\"elementor-column elementor-col-50 elementor-top-column elementor-element elementor-element-1e2c9fe\" data-id=\"1e2c9fe\" data-element_type=\"column\">\n\t\t\t<div class=\"elementor-widget-wrap elementor-element-populated\">\n\t\t\t\t\t\t<div class=\"elementor-element elementor-element-ea9e12e elementor-position-top elementor-widget elementor-widget-image-box\" data-id=\"ea9e12e\" data-element_type=\"widget\" data-widget_type=\"image-box.default\">\n\t\t\t\t<div class=\"elementor-widget-container\">\n\t\t\t<div class=\"elementor-image-box-wrapper\"><figure class=\"elementor-image-box-img\"><img loading=\"lazy\" decoding=\"async\" width=\"2480\" height=\"1656\" src=\"https:\/\/echansonneriedespapes.com\/wp-content\/uploads\/2020\/10\/TOMSONS-Raimonds.jpg\" class=\"attachment-full size-full wp-image-691\" alt=\"\" srcset=\"https:\/\/echansonneriedespapes.com\/wp-content\/uploads\/2020\/10\/TOMSONS-Raimonds.jpg 2480w, https:\/\/echansonneriedespapes.com\/wp-content\/uploads\/2020\/10\/TOMSONS-Raimonds-300x200.jpg 300w, https:\/\/echansonneriedespapes.com\/wp-content\/uploads\/2020\/10\/TOMSONS-Raimonds-1024x684.jpg 1024w, https:\/\/echansonneriedespapes.com\/wp-content\/uploads\/2020\/10\/TOMSONS-Raimonds-768x513.jpg 768w, https:\/\/echansonneriedespapes.com\/wp-content\/uploads\/2020\/10\/TOMSONS-Raimonds-1536x1026.jpg 1536w, https:\/\/echansonneriedespapes.com\/wp-content\/uploads\/2020\/10\/TOMSONS-Raimonds-2048x1368.jpg 2048w, https:\/\/echansonneriedespapes.com\/wp-content\/uploads\/2020\/10\/TOMSONS-Raimonds-1617x1080.jpg 1617w\" sizes=\"(max-width: 2480px) 100vw, 2480px\" \/><\/figure><div class=\"elementor-image-box-content\"><h3 class=\"elementor-image-box-title\">Monsieur Raimonds TOMSONS<\/h3><p class=\"elementor-image-box-description\">Meilleur sommelier d'Europe et d'Afrique 2017 et 3\u00e8me meilleur sommelier du monde 2019, Lettonie<\/p><\/div><\/div>\t\t<\/div>\n\t\t\t\t<\/div>\n\t\t\t\t\t<\/div>\n\t\t<\/div>\n\t\t\t\t<div class=\"elementor-column elementor-col-50 elementor-top-column elementor-element elementor-element-6c00494\" data-id=\"6c00494\" data-element_type=\"column\">\n\t\t\t<div class=\"elementor-widget-wrap elementor-element-populated\">\n\t\t\t\t\t\t<div class=\"elementor-element elementor-element-3927218 elementor-position-top elementor-widget elementor-widget-image-box\" data-id=\"3927218\" data-element_type=\"widget\" data-widget_type=\"image-box.default\">\n\t\t\t\t<div class=\"elementor-widget-container\">\n\t\t\t<div class=\"elementor-image-box-wrapper\"><figure class=\"elementor-image-box-img\"><img loading=\"lazy\" decoding=\"async\" width=\"2480\" height=\"1656\" src=\"https:\/\/echansonneriedespapes.com\/wp-content\/uploads\/2020\/10\/TRE\u0301VIDIC-Marc.jpg\" class=\"attachment-full size-full wp-image-692\" alt=\"\" srcset=\"https:\/\/echansonneriedespapes.com\/wp-content\/uploads\/2020\/10\/TRE\u0301VIDIC-Marc.jpg 2480w, https:\/\/echansonneriedespapes.com\/wp-content\/uploads\/2020\/10\/TRE\u0301VIDIC-Marc-300x200.jpg 300w, https:\/\/echansonneriedespapes.com\/wp-content\/uploads\/2020\/10\/TRE\u0301VIDIC-Marc-1024x684.jpg 1024w, https:\/\/echansonneriedespapes.com\/wp-content\/uploads\/2020\/10\/TRE\u0301VIDIC-Marc-768x513.jpg 768w, https:\/\/echansonneriedespapes.com\/wp-content\/uploads\/2020\/10\/TRE\u0301VIDIC-Marc-1536x1026.jpg 1536w, https:\/\/echansonneriedespapes.com\/wp-content\/uploads\/2020\/10\/TRE\u0301VIDIC-Marc-2048x1368.jpg 2048w, https:\/\/echansonneriedespapes.com\/wp-content\/uploads\/2020\/10\/TRE\u0301VIDIC-Marc-1617x1080.jpg 1617w\" sizes=\"(max-width: 2480px) 100vw, 2480px\" \/><\/figure><div class=\"elementor-image-box-content\"><h3 class=\"elementor-image-box-title\">Monsieur Marc TR\u00c9VIDIC<\/h3><p class=\"elementor-image-box-description\">Pr\u00e9sident de chambre \u00e0 la cour d'appel de Versailles, ancien juge d'instruction au tribunal de grande instance de Paris au p\u00f4le antiterrorisme, S\u00e8vres<\/p><\/div><\/div>\t\t<\/div>\n\t\t\t\t<\/div>\n\t\t\t\t\t<\/div>\n\t\t<\/div>\n\t\t\t\t\t<\/div>\n\t\t<\/section>\n\t\t\t\t<section class=\"elementor-section elementor-top-section elementor-element elementor-element-315efc9 elementor-section-boxed elementor-section-height-default elementor-section-height-default\" data-id=\"315efc9\" data-element_type=\"section\">\n\t\t\t\t\t\t<div class=\"elementor-container elementor-column-gap-default\">\n\t\t\t\t\t<div class=\"elementor-column elementor-col-100 elementor-top-column elementor-element elementor-element-5063983\" data-id=\"5063983\" data-element_type=\"column\">\n\t\t\t<div class=\"elementor-widget-wrap elementor-element-populated\">\n\t\t\t\t\t\t<div class=\"elementor-element elementor-element-7b5bef9 elementor-widget elementor-widget-spacer\" data-id=\"7b5bef9\" data-element_type=\"widget\" data-widget_type=\"spacer.default\">\n\t\t\t\t<div class=\"elementor-widget-container\">\n\t\t\t\t\t<div class=\"elementor-spacer\">\n\t\t\t<div class=\"elementor-spacer-inner\"><\/div>\n\t\t<\/div>\n\t\t\t\t<\/div>\n\t\t\t\t<\/div>\n\t\t\t\t<div class=\"elementor-element elementor-element-e4b7490 elementor-widget elementor-widget-text-editor\" data-id=\"e4b7490\" data-element_type=\"widget\" data-widget_type=\"text-editor.default\">\n\t\t\t\t<div class=\"elementor-widget-container\">\n\t\t\t\t\t\t\t<p style=\"text-align: right;\"><em>Cr\u00e9dit photos : Art et Image<\/em><\/p>\t\t\t\t\t\t<\/div>\n\t\t\t\t<\/div>\n\t\t\t\t\t<\/div>\n\t\t<\/div>\n\t\t\t\t\t<\/div>\n\t\t<\/section>\n\t\t\t\t<\/div>\n\t\t","protected":false},"excerpt":{"rendered":"<p>Grand Conseil d&rsquo;Hiver 000\u00e8me Chapitre Samedi 7 d\u00e9cembre 2019 Palais des Papes d&rsquo;Avignon Monsieur Hubert AURIOL Pilote de moto, triple vainqueur du Paris Dakar Auto\/Moto, Paris Monsieur Thierry CHAPUSOT Pr\u00e9sident du Directoire de groupe WELCOOP et Marque Verte Sant\u00e9, Pr\u00e9sident du Conseil d\u2019Administration de Pharmagest Interactive Monsieur Jo\u00ebl DOUILLET G\u00e9rant de l&rsquo;Imprimerie JD2, Tullins Madame&hellip; <br \/> <a class=\"read-more\" href=\"https:\/\/echansonneriedespapes.com\/index.php\/000eme-chapitre-conseil-dhiver\/\">Lire la suite<\/a><\/p>\n","protected":false},"author":1,"featured_media":0,"parent":0,"menu_order":0,"comment_status":"closed","ping_status":"closed","template":"","meta":{"footnotes":""},"class_list":["post-669","page","type-page","status-publish","hentry"],"yoast_head":"<!-- This site is optimized with the Yoast SEO plugin v23.4 - https:\/\/yoast.com\/wordpress\/plugins\/seo\/ -->\n<title>000\u00e8me chapitre : Conseil d&#039;Hiver - \u00c9chansonnerie des Papes<\/title>\n<meta name=\"robots\" content=\"index, follow, max-snippet:-1, max-image-preview:large, max-video-preview:-1\" \/>\n<link rel=\"canonical\" href=\"https:\/\/echansonneriedespapes.com\/index.php\/000eme-chapitre-conseil-dhiver\/\" \/>\n<meta property=\"og:locale\" content=\"fr_FR\" \/>\n<meta property=\"og:type\" content=\"article\" \/>\n<meta property=\"og:title\" content=\"000\u00e8me chapitre : Conseil d&#039;Hiver - \u00c9chansonnerie des Papes\" \/>\n<meta property=\"og:description\" content=\"Grand Conseil d&rsquo;Hiver 000\u00e8me Chapitre Samedi 7 d\u00e9cembre 2019 Palais des Papes d&rsquo;Avignon Monsieur Hubert AURIOL Pilote de moto, triple vainqueur du Paris Dakar Auto\/Moto, Paris Monsieur Thierry CHAPUSOT Pr\u00e9sident du Directoire de groupe WELCOOP et Marque Verte Sant\u00e9, Pr\u00e9sident du Conseil d\u2019Administration de Pharmagest Interactive Monsieur Jo\u00ebl DOUILLET G\u00e9rant de l&rsquo;Imprimerie JD2, Tullins Madame&hellip; Lire la suite\" \/>\n<meta property=\"og:url\" content=\"https:\/\/echansonneriedespapes.com\/index.php\/000eme-chapitre-conseil-dhiver\/\" \/>\n<meta property=\"og:site_name\" content=\"\u00c9chansonnerie des Papes\" \/>\n<meta property=\"article:modified_time\" content=\"2020-12-03T11:10:07+00:00\" \/>\n<meta property=\"og:image\" content=\"https:\/\/echansonneriedespapes.com\/wp-content\/uploads\/2020\/06\/Fichier-1-150x150.png\" \/>\n<meta name=\"twitter:card\" content=\"summary_large_image\" \/>\n<meta name=\"twitter:label1\" content=\"Dur\u00e9e de lecture estim\u00e9e\" \/>\n\t<meta name=\"twitter:data1\" content=\"1 minute\" \/>\n<script type=\"application\/ld+json\" class=\"yoast-schema-graph\">{\"@context\":\"https:\/\/schema.org\",\"@graph\":[{\"@type\":\"WebPage\",\"@id\":\"https:\/\/echansonneriedespapes.com\/index.php\/000eme-chapitre-conseil-dhiver\/\",\"url\":\"https:\/\/echansonneriedespapes.com\/index.php\/000eme-chapitre-conseil-dhiver\/\",\"name\":\"000\u00e8me chapitre : Conseil d'Hiver - \u00c9chansonnerie des Papes\",\"isPartOf\":{\"@id\":\"https:\/\/echansonneriedespapes.com\/#website\"},\"primaryImageOfPage\":{\"@id\":\"https:\/\/echansonneriedespapes.com\/index.php\/000eme-chapitre-conseil-dhiver\/#primaryimage\"},\"image\":{\"@id\":\"https:\/\/echansonneriedespapes.com\/index.php\/000eme-chapitre-conseil-dhiver\/#primaryimage\"},\"thumbnailUrl\":\"https:\/\/echansonneriedespapes.com\/wp-content\/uploads\/2020\/06\/Fichier-1-150x150.png\",\"datePublished\":\"2020-10-13T12:08:38+00:00\",\"dateModified\":\"2020-12-03T11:10:07+00:00\",\"breadcrumb\":{\"@id\":\"https:\/\/echansonneriedespapes.com\/index.php\/000eme-chapitre-conseil-dhiver\/#breadcrumb\"},\"inLanguage\":\"fr-FR\",\"potentialAction\":[{\"@type\":\"ReadAction\",\"target\":[\"https:\/\/echansonneriedespapes.com\/index.php\/000eme-chapitre-conseil-dhiver\/\"]}]},{\"@type\":\"ImageObject\",\"inLanguage\":\"fr-FR\",\"@id\":\"https:\/\/echansonneriedespapes.com\/index.php\/000eme-chapitre-conseil-dhiver\/#primaryimage\",\"url\":\"https:\/\/echansonneriedespapes.com\/wp-content\/uploads\/2020\/06\/Fichier-1.png\",\"contentUrl\":\"https:\/\/echansonneriedespapes.com\/wp-content\/uploads\/2020\/06\/Fichier-1.png\",\"width\":350,\"height\":182},{\"@type\":\"BreadcrumbList\",\"@id\":\"https:\/\/echansonneriedespapes.com\/index.php\/000eme-chapitre-conseil-dhiver\/#breadcrumb\",\"itemListElement\":[{\"@type\":\"ListItem\",\"position\":1,\"name\":\"Accueil\",\"item\":\"https:\/\/echansonneriedespapes.com\/\"},{\"@type\":\"ListItem\",\"position\":2,\"name\":\"000\u00e8me chapitre : Conseil d&rsquo;Hiver\"}]},{\"@type\":\"WebSite\",\"@id\":\"https:\/\/echansonneriedespapes.com\/#website\",\"url\":\"https:\/\/echansonneriedespapes.com\/\",\"name\":\"\u00c9chansonnerie des Papes\",\"description\":\"La Confr\u00e9rie Bachique de Ch\u00e2teauneuf-du-Pape\",\"publisher\":{\"@id\":\"https:\/\/echansonneriedespapes.com\/#organization\"},\"potentialAction\":[{\"@type\":\"SearchAction\",\"target\":{\"@type\":\"EntryPoint\",\"urlTemplate\":\"https:\/\/echansonneriedespapes.com\/?s={search_term_string}\"},\"query-input\":{\"@type\":\"PropertyValueSpecification\",\"valueRequired\":true,\"valueName\":\"search_term_string\"}}],\"inLanguage\":\"fr-FR\"},{\"@type\":\"Organization\",\"@id\":\"https:\/\/echansonneriedespapes.com\/#organization\",\"name\":\"\u00c9chansonnerie des Papes\",\"url\":\"https:\/\/echansonneriedespapes.com\/\",\"logo\":{\"@type\":\"ImageObject\",\"inLanguage\":\"fr-FR\",\"@id\":\"https:\/\/echansonneriedespapes.com\/#\/schema\/logo\/image\/\",\"url\":\"https:\/\/echansonneriedespapes.com\/wp-content\/uploads\/2018\/08\/cropped-logo-echansonnerie-sans-fond-4.png\",\"contentUrl\":\"https:\/\/echansonneriedespapes.com\/wp-content\/uploads\/2018\/08\/cropped-logo-echansonnerie-sans-fond-4.png\",\"width\":508,\"height\":608,\"caption\":\"\u00c9chansonnerie des Papes\"},\"image\":{\"@id\":\"https:\/\/echansonneriedespapes.com\/#\/schema\/logo\/image\/\"}}]}<\/script>\n<!-- \/ Yoast SEO plugin. -->","yoast_head_json":{"title":"000\u00e8me chapitre : Conseil d'Hiver - \u00c9chansonnerie des Papes","robots":{"index":"index","follow":"follow","max-snippet":"max-snippet:-1","max-image-preview":"max-image-preview:large","max-video-preview":"max-video-preview:-1"},"canonical":"https:\/\/echansonneriedespapes.com\/index.php\/000eme-chapitre-conseil-dhiver\/","og_locale":"fr_FR","og_type":"article","og_title":"000\u00e8me chapitre : Conseil d'Hiver - \u00c9chansonnerie des Papes","og_description":"Grand Conseil d&rsquo;Hiver 000\u00e8me Chapitre Samedi 7 d\u00e9cembre 2019 Palais des Papes d&rsquo;Avignon Monsieur Hubert AURIOL Pilote de moto, triple vainqueur du Paris Dakar Auto\/Moto, Paris Monsieur Thierry CHAPUSOT Pr\u00e9sident du Directoire de groupe WELCOOP et Marque Verte Sant\u00e9, Pr\u00e9sident du Conseil d\u2019Administration de Pharmagest Interactive Monsieur Jo\u00ebl DOUILLET G\u00e9rant de l&rsquo;Imprimerie JD2, Tullins Madame&hellip; Lire la suite","og_url":"https:\/\/echansonneriedespapes.com\/index.php\/000eme-chapitre-conseil-dhiver\/","og_site_name":"\u00c9chansonnerie des Papes","article_modified_time":"2020-12-03T11:10:07+00:00","og_image":[{"url":"https:\/\/echansonneriedespapes.com\/wp-content\/uploads\/2020\/06\/Fichier-1-150x150.png"}],"twitter_card":"summary_large_image","twitter_misc":{"Dur\u00e9e de lecture estim\u00e9e":"1 minute"},"schema":{"@context":"https:\/\/schema.org","@graph":[{"@type":"WebPage","@id":"https:\/\/echansonneriedespapes.com\/index.php\/000eme-chapitre-conseil-dhiver\/","url":"https:\/\/echansonneriedespapes.com\/index.php\/000eme-chapitre-conseil-dhiver\/","name":"000\u00e8me chapitre : Conseil d'Hiver - \u00c9chansonnerie des Papes","isPartOf":{"@id":"https:\/\/echansonneriedespapes.com\/#website"},"primaryImageOfPage":{"@id":"https:\/\/echansonneriedespapes.com\/index.php\/000eme-chapitre-conseil-dhiver\/#primaryimage"},"image":{"@id":"https:\/\/echansonneriedespapes.com\/index.php\/000eme-chapitre-conseil-dhiver\/#primaryimage"},"thumbnailUrl":"https:\/\/echansonneriedespapes.com\/wp-content\/uploads\/2020\/06\/Fichier-1-150x150.png","datePublished":"2020-10-13T12:08:38+00:00","dateModified":"2020-12-03T11:10:07+00:00","breadcrumb":{"@id":"https:\/\/echansonneriedespapes.com\/index.php\/000eme-chapitre-conseil-dhiver\/#breadcrumb"},"inLanguage":"fr-FR","potentialAction":[{"@type":"ReadAction","target":["https:\/\/echansonneriedespapes.com\/index.php\/000eme-chapitre-conseil-dhiver\/"]}]},{"@type":"ImageObject","inLanguage":"fr-FR","@id":"https:\/\/echansonneriedespapes.com\/index.php\/000eme-chapitre-conseil-dhiver\/#primaryimage","url":"https:\/\/echansonneriedespapes.com\/wp-content\/uploads\/2020\/06\/Fichier-1.png","contentUrl":"https:\/\/echansonneriedespapes.com\/wp-content\/uploads\/2020\/06\/Fichier-1.png","width":350,"height":182},{"@type":"BreadcrumbList","@id":"https:\/\/echansonneriedespapes.com\/index.php\/000eme-chapitre-conseil-dhiver\/#breadcrumb","itemListElement":[{"@type":"ListItem","position":1,"name":"Accueil","item":"https:\/\/echansonneriedespapes.com\/"},{"@type":"ListItem","position":2,"name":"000\u00e8me chapitre : Conseil d&rsquo;Hiver"}]},{"@type":"WebSite","@id":"https:\/\/echansonneriedespapes.com\/#website","url":"https:\/\/echansonneriedespapes.com\/","name":"\u00c9chansonnerie des Papes","description":"La Confr\u00e9rie Bachique de Ch\u00e2teauneuf-du-Pape","publisher":{"@id":"https:\/\/echansonneriedespapes.com\/#organization"},"potentialAction":[{"@type":"SearchAction","target":{"@type":"EntryPoint","urlTemplate":"https:\/\/echansonneriedespapes.com\/?s={search_term_string}"},"query-input":{"@type":"PropertyValueSpecification","valueRequired":true,"valueName":"search_term_string"}}],"inLanguage":"fr-FR"},{"@type":"Organization","@id":"https:\/\/echansonneriedespapes.com\/#organization","name":"\u00c9chansonnerie des Papes","url":"https:\/\/echansonneriedespapes.com\/","logo":{"@type":"ImageObject","inLanguage":"fr-FR","@id":"https:\/\/echansonneriedespapes.com\/#\/schema\/logo\/image\/","url":"https:\/\/echansonneriedespapes.com\/wp-content\/uploads\/2018\/08\/cropped-logo-echansonnerie-sans-fond-4.png","contentUrl":"https:\/\/echansonneriedespapes.com\/wp-content\/uploads\/2018\/08\/cropped-logo-echansonnerie-sans-fond-4.png","width":508,"height":608,"caption":"\u00c9chansonnerie des Papes"},"image":{"@id":"https:\/\/echansonneriedespapes.com\/#\/schema\/logo\/image\/"}}]}},"jetpack_sharing_enabled":true,"_links":{"self":[{"href":"https:\/\/echansonneriedespapes.com\/index.php\/wp-json\/wp\/v2\/pages\/669"}],"collection":[{"href":"https:\/\/echansonneriedespapes.com\/index.php\/wp-json\/wp\/v2\/pages"}],"about":[{"href":"https:\/\/echansonneriedespapes.com\/index.php\/wp-json\/wp\/v2\/types\/page"}],"author":[{"embeddable":true,"href":"https:\/\/echansonneriedespapes.com\/index.php\/wp-json\/wp\/v2\/users\/1"}],"replies":[{"embeddable":true,"href":"https:\/\/echansonneriedespapes.com\/index.php\/wp-json\/wp\/v2\/comments?post=669"}],"version-history":[{"count":5,"href":"https:\/\/echansonneriedespapes.com\/index.php\/wp-json\/wp\/v2\/pages\/669\/revisions"}],"predecessor-version":[{"id":934,"href":"https:\/\/echansonneriedespapes.com\/index.php\/wp-json\/wp\/v2\/pages\/669\/revisions\/934"}],"wp:attachment":[{"href":"https:\/\/echansonneriedespapes.com\/index.php\/wp-json\/wp\/v2\/media?parent=669"}],"curies":[{"name":"wp","href":"https:\/\/api.w.org\/{rel}","templated":true}]}}