{"id":347,"date":"2020-05-12T14:59:48","date_gmt":"2020-05-12T12:59:48","guid":{"rendered":"https:\/\/echansonneriedespapes.com\/?page_id=347"},"modified":"2025-09-12T16:00:30","modified_gmt":"2025-09-12T14:00:30","slug":"celebrites","status":"publish","type":"page","link":"https:\/\/echansonneriedespapes.com\/index.php\/celebrites\/","title":{"rendered":"C\u00e9l\u00e9brit\u00e9s"},"content":{"rendered":"\t\t<div data-elementor-type=\"wp-page\" data-elementor-id=\"347\" class=\"elementor elementor-347\">\n\t\t\t\t\t\t<section class=\"elementor-section elementor-top-section elementor-element elementor-element-46200473 elementor-section-boxed elementor-section-height-default elementor-section-height-default\" data-id=\"46200473\" data-element_type=\"section\">\n\t\t\t\t\t\t<div class=\"elementor-container elementor-column-gap-default\">\n\t\t\t\t\t<div class=\"elementor-column elementor-col-100 elementor-top-column elementor-element elementor-element-1a0f57d3\" data-id=\"1a0f57d3\" data-element_type=\"column\">\n\t\t\t<div class=\"elementor-widget-wrap elementor-element-populated\">\n\t\t\t\t\t\t<div class=\"elementor-element elementor-element-766fc523 elementor-widget elementor-widget-heading\" data-id=\"766fc523\" data-element_type=\"widget\" data-widget_type=\"heading.default\">\n\t\t\t\t<div class=\"elementor-widget-container\">\n\t\t\t<h2 class=\"elementor-heading-title elementor-size-large\">\u00e0 travers le temps<\/h2>\t\t<\/div>\n\t\t\t\t<\/div>\n\t\t\t\t<div class=\"elementor-element elementor-element-5b926e3b elementor-widget elementor-widget-image\" data-id=\"5b926e3b\" data-element_type=\"widget\" data-widget_type=\"image.default\">\n\t\t\t\t<div class=\"elementor-widget-container\">\n\t\t\t\t\t\t\t\t\t\t\t\t\t<img decoding=\"async\" width=\"150\" height=\"150\" src=\"https:\/\/echansonneriedespapes.com\/wp-content\/uploads\/2020\/06\/Fichier-1-150x150.png\" class=\"attachment-thumbnail size-thumbnail wp-image-415\" alt=\"\" \/>\t\t\t\t\t\t\t\t\t\t\t\t\t<\/div>\n\t\t\t\t<\/div>\n\t\t\t\t<div class=\"elementor-element elementor-element-5380846b elementor-widget elementor-widget-spacer\" data-id=\"5380846b\" data-element_type=\"widget\" data-widget_type=\"spacer.default\">\n\t\t\t\t<div class=\"elementor-widget-container\">\n\t\t\t\t\t<div class=\"elementor-spacer\">\n\t\t\t<div class=\"elementor-spacer-inner\"><\/div>\n\t\t<\/div>\n\t\t\t\t<\/div>\n\t\t\t\t<\/div>\n\t\t\t\t\t<\/div>\n\t\t<\/div>\n\t\t\t\t\t<\/div>\n\t\t<\/section>\n\t\t\t\t<section class=\"elementor-section elementor-top-section elementor-element elementor-element-1eab0e57 elementor-section-boxed elementor-section-height-default elementor-section-height-default\" data-id=\"1eab0e57\" data-element_type=\"section\">\n\t\t\t\t\t\t<div class=\"elementor-container elementor-column-gap-default\">\n\t\t\t\t\t<div class=\"elementor-column elementor-col-50 elementor-top-column elementor-element elementor-element-4d2a03ce\" data-id=\"4d2a03ce\" data-element_type=\"column\">\n\t\t\t<div class=\"elementor-widget-wrap elementor-element-populated\">\n\t\t\t\t\t\t<div class=\"elementor-element elementor-element-3a994759 elementor-position-top elementor-widget elementor-widget-image-box\" data-id=\"3a994759\" data-element_type=\"widget\" data-widget_type=\"image-box.default\">\n\t\t\t\t<div class=\"elementor-widget-container\">\n\t\t\t<div class=\"elementor-image-box-wrapper\"><figure class=\"elementor-image-box-img\"><img fetchpriority=\"high\" decoding=\"async\" width=\"2480\" height=\"1650\" src=\"https:\/\/echansonneriedespapes.com\/wp-content\/uploads\/2025\/05\/210-copie.jpg\" class=\"attachment-full size-full wp-image-2078\" alt=\"\" srcset=\"https:\/\/echansonneriedespapes.com\/wp-content\/uploads\/2025\/05\/210-copie.jpg 2480w, https:\/\/echansonneriedespapes.com\/wp-content\/uploads\/2025\/05\/210-copie-300x200.jpg 300w, https:\/\/echansonneriedespapes.com\/wp-content\/uploads\/2025\/05\/210-copie-1024x681.jpg 1024w, https:\/\/echansonneriedespapes.com\/wp-content\/uploads\/2025\/05\/210-copie-768x511.jpg 768w, https:\/\/echansonneriedespapes.com\/wp-content\/uploads\/2025\/05\/210-copie-1536x1022.jpg 1536w, https:\/\/echansonneriedespapes.com\/wp-content\/uploads\/2025\/05\/210-copie-2048x1363.jpg 2048w, https:\/\/echansonneriedespapes.com\/wp-content\/uploads\/2025\/05\/210-copie-1623x1080.jpg 1623w\" sizes=\"(max-width: 2480px) 100vw, 2480px\" \/><\/figure><div class=\"elementor-image-box-content\"><h3 class=\"elementor-image-box-title\">Monsieur Andr\u00e9 COMTE-SPONVILLE<\/h3><p class=\"elementor-image-box-description\">Philosophe, PARIS<\/p><\/div><\/div>\t\t<\/div>\n\t\t\t\t<\/div>\n\t\t\t\t<div class=\"elementor-element elementor-element-85d64d1 elementor-position-top elementor-widget elementor-widget-image-box\" data-id=\"85d64d1\" data-element_type=\"widget\" data-widget_type=\"image-box.default\">\n\t\t\t\t<div class=\"elementor-widget-container\">\n\t\t\t<div class=\"elementor-image-box-wrapper\"><figure class=\"elementor-image-box-img\"><img decoding=\"async\" width=\"2560\" height=\"1703\" src=\"https:\/\/echansonneriedespapes.com\/wp-content\/uploads\/2022\/07\/Kristen-GRAUER-scaled.jpg\" class=\"attachment-full size-full wp-image-1575\" alt=\"\" srcset=\"https:\/\/echansonneriedespapes.com\/wp-content\/uploads\/2022\/07\/Kristen-GRAUER-scaled.jpg 2560w, https:\/\/echansonneriedespapes.com\/wp-content\/uploads\/2022\/07\/Kristen-GRAUER-300x200.jpg 300w, https:\/\/echansonneriedespapes.com\/wp-content\/uploads\/2022\/07\/Kristen-GRAUER-1024x681.jpg 1024w, https:\/\/echansonneriedespapes.com\/wp-content\/uploads\/2022\/07\/Kristen-GRAUER-768x511.jpg 768w, https:\/\/echansonneriedespapes.com\/wp-content\/uploads\/2022\/07\/Kristen-GRAUER-1536x1022.jpg 1536w, https:\/\/echansonneriedespapes.com\/wp-content\/uploads\/2022\/07\/Kristen-GRAUER-2048x1362.jpg 2048w, https:\/\/echansonneriedespapes.com\/wp-content\/uploads\/2022\/07\/Kristen-GRAUER-1623x1080.jpg 1623w\" sizes=\"(max-width: 2560px) 100vw, 2560px\" \/><\/figure><div class=\"elementor-image-box-content\"><h3 class=\"elementor-image-box-title\">Madame la Consule G\u00e9n\u00e9rale Kristen GRAUER<\/h3><p class=\"elementor-image-box-description\">Consul G\u00e9n\u00e9ral des Etats-Unis \u00e0 Marseille<\/p><\/div><\/div>\t\t<\/div>\n\t\t\t\t<\/div>\n\t\t\t\t<div class=\"elementor-element elementor-element-75e870e elementor-position-top elementor-widget elementor-widget-image-box\" data-id=\"75e870e\" data-element_type=\"widget\" data-widget_type=\"image-box.default\">\n\t\t\t\t<div class=\"elementor-widget-container\">\n\t\t\t<div class=\"elementor-image-box-wrapper\"><figure class=\"elementor-image-box-img\"><img loading=\"lazy\" decoding=\"async\" width=\"2480\" height=\"1650\" src=\"https:\/\/echansonneriedespapes.com\/wp-content\/uploads\/2021\/12\/211127-366.jpg\" class=\"attachment-full size-full wp-image-1505\" alt=\"\" srcset=\"https:\/\/echansonneriedespapes.com\/wp-content\/uploads\/2021\/12\/211127-366.jpg 2480w, https:\/\/echansonneriedespapes.com\/wp-content\/uploads\/2021\/12\/211127-366-300x200.jpg 300w, https:\/\/echansonneriedespapes.com\/wp-content\/uploads\/2021\/12\/211127-366-1024x681.jpg 1024w, https:\/\/echansonneriedespapes.com\/wp-content\/uploads\/2021\/12\/211127-366-768x511.jpg 768w, https:\/\/echansonneriedespapes.com\/wp-content\/uploads\/2021\/12\/211127-366-1536x1022.jpg 1536w, https:\/\/echansonneriedespapes.com\/wp-content\/uploads\/2021\/12\/211127-366-2048x1363.jpg 2048w, https:\/\/echansonneriedespapes.com\/wp-content\/uploads\/2021\/12\/211127-366-1623x1080.jpg 1623w\" sizes=\"(max-width: 2480px) 100vw, 2480px\" \/><\/figure><div class=\"elementor-image-box-content\"><h3 class=\"elementor-image-box-title\">Monsieur Edouard LOUBET<\/h3><p class=\"elementor-image-box-description\">Chef de cuisine<\/p><\/div><\/div>\t\t<\/div>\n\t\t\t\t<\/div>\n\t\t\t\t\t<\/div>\n\t\t<\/div>\n\t\t\t\t<div class=\"elementor-column elementor-col-50 elementor-top-column elementor-element elementor-element-1f08e50\" data-id=\"1f08e50\" data-element_type=\"column\">\n\t\t\t<div class=\"elementor-widget-wrap elementor-element-populated\">\n\t\t\t\t\t\t<div class=\"elementor-element elementor-element-4f0c2311 elementor-position-top elementor-widget elementor-widget-image-box\" data-id=\"4f0c2311\" data-element_type=\"widget\" data-widget_type=\"image-box.default\">\n\t\t\t\t<div class=\"elementor-widget-container\">\n\t\t\t<div class=\"elementor-image-box-wrapper\"><figure class=\"elementor-image-box-img\"><img loading=\"lazy\" decoding=\"async\" width=\"2480\" height=\"1650\" src=\"https:\/\/echansonneriedespapes.com\/wp-content\/uploads\/2025\/05\/211-copie.jpg\" class=\"attachment-full size-full wp-image-2079\" alt=\"\" srcset=\"https:\/\/echansonneriedespapes.com\/wp-content\/uploads\/2025\/05\/211-copie.jpg 2480w, https:\/\/echansonneriedespapes.com\/wp-content\/uploads\/2025\/05\/211-copie-300x200.jpg 300w, https:\/\/echansonneriedespapes.com\/wp-content\/uploads\/2025\/05\/211-copie-1024x681.jpg 1024w, https:\/\/echansonneriedespapes.com\/wp-content\/uploads\/2025\/05\/211-copie-768x511.jpg 768w, https:\/\/echansonneriedespapes.com\/wp-content\/uploads\/2025\/05\/211-copie-1536x1022.jpg 1536w, https:\/\/echansonneriedespapes.com\/wp-content\/uploads\/2025\/05\/211-copie-2048x1363.jpg 2048w, https:\/\/echansonneriedespapes.com\/wp-content\/uploads\/2025\/05\/211-copie-1623x1080.jpg 1623w\" sizes=\"(max-width: 2480px) 100vw, 2480px\" \/><\/figure><div class=\"elementor-image-box-content\"><h3 class=\"elementor-image-box-title\">Madame Mathilde DOUDOUX<\/h3><p class=\"elementor-image-box-description\">Sportive de haut niveau en BMX Racing et polici\u00e8re adjointe \u00e0 la Police Nationale, SARRIANS<\/p><\/div><\/div>\t\t<\/div>\n\t\t\t\t<\/div>\n\t\t\t\t<div class=\"elementor-element elementor-element-9884c0a elementor-position-top elementor-widget elementor-widget-image-box\" data-id=\"9884c0a\" data-element_type=\"widget\" data-widget_type=\"image-box.default\">\n\t\t\t\t<div class=\"elementor-widget-container\">\n\t\t\t<div class=\"elementor-image-box-wrapper\"><figure class=\"elementor-image-box-img\"><img loading=\"lazy\" decoding=\"async\" width=\"2560\" height=\"1703\" src=\"https:\/\/echansonneriedespapes.com\/wp-content\/uploads\/2022\/07\/Astrid-VAYSON-DE-PRADENNE-scaled.jpg\" class=\"attachment-full size-full wp-image-1567\" alt=\"\" srcset=\"https:\/\/echansonneriedespapes.com\/wp-content\/uploads\/2022\/07\/Astrid-VAYSON-DE-PRADENNE-scaled.jpg 2560w, https:\/\/echansonneriedespapes.com\/wp-content\/uploads\/2022\/07\/Astrid-VAYSON-DE-PRADENNE-300x200.jpg 300w, https:\/\/echansonneriedespapes.com\/wp-content\/uploads\/2022\/07\/Astrid-VAYSON-DE-PRADENNE-1024x681.jpg 1024w, https:\/\/echansonneriedespapes.com\/wp-content\/uploads\/2022\/07\/Astrid-VAYSON-DE-PRADENNE-768x511.jpg 768w, https:\/\/echansonneriedespapes.com\/wp-content\/uploads\/2022\/07\/Astrid-VAYSON-DE-PRADENNE-1536x1022.jpg 1536w, https:\/\/echansonneriedespapes.com\/wp-content\/uploads\/2022\/07\/Astrid-VAYSON-DE-PRADENNE-2048x1362.jpg 2048w, https:\/\/echansonneriedespapes.com\/wp-content\/uploads\/2022\/07\/Astrid-VAYSON-DE-PRADENNE-1623x1080.jpg 1623w\" sizes=\"(max-width: 2560px) 100vw, 2560px\" \/><\/figure><div class=\"elementor-image-box-content\"><h3 class=\"elementor-image-box-title\">Madame Astrid VAYSON de PRADENNE<\/h3><p class=\"elementor-image-box-description\">Golfeuse professionnelle, kin\u00e9sith\u00e9rapeute<\/p><\/div><\/div>\t\t<\/div>\n\t\t\t\t<\/div>\n\t\t\t\t<div class=\"elementor-element elementor-element-b73c68a elementor-position-top elementor-widget elementor-widget-image-box\" data-id=\"b73c68a\" data-element_type=\"widget\" data-widget_type=\"image-box.default\">\n\t\t\t\t<div class=\"elementor-widget-container\">\n\t\t\t<div class=\"elementor-image-box-wrapper\"><figure class=\"elementor-image-box-img\"><img loading=\"lazy\" decoding=\"async\" width=\"2480\" height=\"1650\" src=\"https:\/\/echansonneriedespapes.com\/wp-content\/uploads\/2021\/12\/211127-337.jpg\" class=\"attachment-full size-full wp-image-1502\" alt=\"\" srcset=\"https:\/\/echansonneriedespapes.com\/wp-content\/uploads\/2021\/12\/211127-337.jpg 2480w, https:\/\/echansonneriedespapes.com\/wp-content\/uploads\/2021\/12\/211127-337-300x200.jpg 300w, https:\/\/echansonneriedespapes.com\/wp-content\/uploads\/2021\/12\/211127-337-1024x681.jpg 1024w, https:\/\/echansonneriedespapes.com\/wp-content\/uploads\/2021\/12\/211127-337-768x511.jpg 768w, https:\/\/echansonneriedespapes.com\/wp-content\/uploads\/2021\/12\/211127-337-1536x1022.jpg 1536w, https:\/\/echansonneriedespapes.com\/wp-content\/uploads\/2021\/12\/211127-337-2048x1363.jpg 2048w, https:\/\/echansonneriedespapes.com\/wp-content\/uploads\/2021\/12\/211127-337-1623x1080.jpg 1623w\" sizes=\"(max-width: 2480px) 100vw, 2480px\" \/><\/figure><div class=\"elementor-image-box-content\"><h3 class=\"elementor-image-box-title\">Monsieur Philippe VILLENEUVE<\/h3><p class=\"elementor-image-box-description\">Architecte en Chef des Monuments Historiques<\/p><\/div><\/div>\t\t<\/div>\n\t\t\t\t<\/div>\n\t\t\t\t\t<\/div>\n\t\t<\/div>\n\t\t\t\t\t<\/div>\n\t\t<\/section>\n\t\t\t\t<section class=\"elementor-section elementor-top-section elementor-element elementor-element-26fd754a elementor-section-boxed elementor-section-height-default elementor-section-height-default\" data-id=\"26fd754a\" data-element_type=\"section\">\n\t\t\t\t\t\t<div class=\"elementor-container elementor-column-gap-default\">\n\t\t\t\t\t<div class=\"elementor-column elementor-col-50 elementor-top-column elementor-element elementor-element-372d5c22\" data-id=\"372d5c22\" data-element_type=\"column\">\n\t\t\t<div class=\"elementor-widget-wrap elementor-element-populated\">\n\t\t\t\t\t\t<div class=\"elementor-element elementor-element-52ae6457 elementor-position-top elementor-widget elementor-widget-image-box\" data-id=\"52ae6457\" data-element_type=\"widget\" data-widget_type=\"image-box.default\">\n\t\t\t\t<div class=\"elementor-widget-container\">\n\t\t\t<div class=\"elementor-image-box-wrapper\"><figure class=\"elementor-image-box-img\"><img loading=\"lazy\" decoding=\"async\" width=\"2480\" height=\"1650\" src=\"https:\/\/echansonneriedespapes.com\/wp-content\/uploads\/2021\/12\/211127-285.jpg\" class=\"attachment-full size-full wp-image-1499\" alt=\"\" srcset=\"https:\/\/echansonneriedespapes.com\/wp-content\/uploads\/2021\/12\/211127-285.jpg 2480w, https:\/\/echansonneriedespapes.com\/wp-content\/uploads\/2021\/12\/211127-285-300x200.jpg 300w, https:\/\/echansonneriedespapes.com\/wp-content\/uploads\/2021\/12\/211127-285-1024x681.jpg 1024w, https:\/\/echansonneriedespapes.com\/wp-content\/uploads\/2021\/12\/211127-285-768x511.jpg 768w, https:\/\/echansonneriedespapes.com\/wp-content\/uploads\/2021\/12\/211127-285-1536x1022.jpg 1536w, https:\/\/echansonneriedespapes.com\/wp-content\/uploads\/2021\/12\/211127-285-2048x1363.jpg 2048w, https:\/\/echansonneriedespapes.com\/wp-content\/uploads\/2021\/12\/211127-285-1623x1080.jpg 1623w\" sizes=\"(max-width: 2480px) 100vw, 2480px\" \/><\/figure><div class=\"elementor-image-box-content\"><h3 class=\"elementor-image-box-title\">Monsieur Julius BALTAZAR<\/h3><p class=\"elementor-image-box-description\">Peintre, graveur, graphiste, lithographe, illustrateur<\/p><\/div><\/div>\t\t<\/div>\n\t\t\t\t<\/div>\n\t\t\t\t\t<\/div>\n\t\t<\/div>\n\t\t\t\t<div class=\"elementor-column elementor-col-50 elementor-top-column elementor-element elementor-element-1cdc2206\" data-id=\"1cdc2206\" data-element_type=\"column\">\n\t\t\t<div class=\"elementor-widget-wrap elementor-element-populated\">\n\t\t\t\t\t\t<div class=\"elementor-element elementor-element-6ef7b7d1 elementor-position-top elementor-widget elementor-widget-image-box\" data-id=\"6ef7b7d1\" data-element_type=\"widget\" data-widget_type=\"image-box.default\">\n\t\t\t\t<div class=\"elementor-widget-container\">\n\t\t\t<div class=\"elementor-image-box-wrapper\"><figure class=\"elementor-image-box-img\"><img loading=\"lazy\" decoding=\"async\" width=\"2480\" height=\"1656\" src=\"https:\/\/echansonneriedespapes.com\/wp-content\/uploads\/2021\/12\/211127-387.jpg\" class=\"attachment-full size-full wp-image-1486\" alt=\"\" srcset=\"https:\/\/echansonneriedespapes.com\/wp-content\/uploads\/2021\/12\/211127-387.jpg 2480w, https:\/\/echansonneriedespapes.com\/wp-content\/uploads\/2021\/12\/211127-387-300x200.jpg 300w, https:\/\/echansonneriedespapes.com\/wp-content\/uploads\/2021\/12\/211127-387-1024x684.jpg 1024w, https:\/\/echansonneriedespapes.com\/wp-content\/uploads\/2021\/12\/211127-387-768x513.jpg 768w, https:\/\/echansonneriedespapes.com\/wp-content\/uploads\/2021\/12\/211127-387-1536x1026.jpg 1536w, https:\/\/echansonneriedespapes.com\/wp-content\/uploads\/2021\/12\/211127-387-2048x1368.jpg 2048w, https:\/\/echansonneriedespapes.com\/wp-content\/uploads\/2021\/12\/211127-387-1617x1080.jpg 1617w\" sizes=\"(max-width: 2480px) 100vw, 2480px\" \/><\/figure><div class=\"elementor-image-box-content\"><h3 class=\"elementor-image-box-title\">Madame Birte JANTZEN<\/h3><p class=\"elementor-image-box-description\">Journaliste ind\u00e9pendante, Critique vin Bettane & Desseauve, Conf\u00e9renci\u00e8re<\/p><\/div><\/div>\t\t<\/div>\n\t\t\t\t<\/div>\n\t\t\t\t\t<\/div>\n\t\t<\/div>\n\t\t\t\t\t<\/div>\n\t\t<\/section>\n\t\t\t\t<section class=\"elementor-section elementor-top-section elementor-element elementor-element-2c37352a elementor-section-boxed elementor-section-height-default elementor-section-height-default\" data-id=\"2c37352a\" data-element_type=\"section\">\n\t\t\t\t\t\t<div class=\"elementor-container elementor-column-gap-default\">\n\t\t\t\t\t<div class=\"elementor-column elementor-col-50 elementor-top-column elementor-element elementor-element-69c298ae\" data-id=\"69c298ae\" data-element_type=\"column\">\n\t\t\t<div class=\"elementor-widget-wrap elementor-element-populated\">\n\t\t\t\t\t\t<div class=\"elementor-element elementor-element-7d06ebd7 elementor-position-top elementor-widget elementor-widget-image-box\" data-id=\"7d06ebd7\" data-element_type=\"widget\" data-widget_type=\"image-box.default\">\n\t\t\t\t<div class=\"elementor-widget-container\">\n\t\t\t<div class=\"elementor-image-box-wrapper\"><figure class=\"elementor-image-box-img\"><img loading=\"lazy\" decoding=\"async\" width=\"2480\" height=\"1656\" src=\"https:\/\/echansonneriedespapes.com\/wp-content\/uploads\/2020\/12\/Raimonds-TOMSONS.jpg\" class=\"attachment-full size-full wp-image-1246\" alt=\"\" srcset=\"https:\/\/echansonneriedespapes.com\/wp-content\/uploads\/2020\/12\/Raimonds-TOMSONS.jpg 2480w, https:\/\/echansonneriedespapes.com\/wp-content\/uploads\/2020\/12\/Raimonds-TOMSONS-300x200.jpg 300w, https:\/\/echansonneriedespapes.com\/wp-content\/uploads\/2020\/12\/Raimonds-TOMSONS-1024x684.jpg 1024w, https:\/\/echansonneriedespapes.com\/wp-content\/uploads\/2020\/12\/Raimonds-TOMSONS-768x513.jpg 768w, https:\/\/echansonneriedespapes.com\/wp-content\/uploads\/2020\/12\/Raimonds-TOMSONS-1536x1026.jpg 1536w, https:\/\/echansonneriedespapes.com\/wp-content\/uploads\/2020\/12\/Raimonds-TOMSONS-2048x1368.jpg 2048w, https:\/\/echansonneriedespapes.com\/wp-content\/uploads\/2020\/12\/Raimonds-TOMSONS-1617x1080.jpg 1617w\" sizes=\"(max-width: 2480px) 100vw, 2480px\" \/><\/figure><div class=\"elementor-image-box-content\"><h3 class=\"elementor-image-box-title\">Raimonds TOMSONS<\/h3><p class=\"elementor-image-box-description\">Meilleur Sommelier d'Europe en 2017 et 3\u00e8me Meilleur Sommelier du Monde en 2019<\/p><\/div><\/div>\t\t<\/div>\n\t\t\t\t<\/div>\n\t\t\t\t\t<\/div>\n\t\t<\/div>\n\t\t\t\t<div class=\"elementor-column elementor-col-50 elementor-top-column elementor-element elementor-element-4f5cd6e2\" data-id=\"4f5cd6e2\" data-element_type=\"column\">\n\t\t\t<div class=\"elementor-widget-wrap elementor-element-populated\">\n\t\t\t\t\t\t<div class=\"elementor-element elementor-element-6c257f9c elementor-position-top elementor-widget elementor-widget-image-box\" data-id=\"6c257f9c\" data-element_type=\"widget\" data-widget_type=\"image-box.default\">\n\t\t\t\t<div class=\"elementor-widget-container\">\n\t\t\t<div class=\"elementor-image-box-wrapper\"><figure class=\"elementor-image-box-img\"><img loading=\"lazy\" decoding=\"async\" width=\"2480\" height=\"1656\" src=\"https:\/\/echansonneriedespapes.com\/wp-content\/uploads\/2020\/12\/Gilles-PELLEGRINI.jpg\" class=\"attachment-full size-full wp-image-1244\" alt=\"\" srcset=\"https:\/\/echansonneriedespapes.com\/wp-content\/uploads\/2020\/12\/Gilles-PELLEGRINI.jpg 2480w, https:\/\/echansonneriedespapes.com\/wp-content\/uploads\/2020\/12\/Gilles-PELLEGRINI-300x200.jpg 300w, https:\/\/echansonneriedespapes.com\/wp-content\/uploads\/2020\/12\/Gilles-PELLEGRINI-1024x684.jpg 1024w, https:\/\/echansonneriedespapes.com\/wp-content\/uploads\/2020\/12\/Gilles-PELLEGRINI-768x513.jpg 768w, https:\/\/echansonneriedespapes.com\/wp-content\/uploads\/2020\/12\/Gilles-PELLEGRINI-1536x1026.jpg 1536w, https:\/\/echansonneriedespapes.com\/wp-content\/uploads\/2020\/12\/Gilles-PELLEGRINI-2048x1368.jpg 2048w, https:\/\/echansonneriedespapes.com\/wp-content\/uploads\/2020\/12\/Gilles-PELLEGRINI-1617x1080.jpg 1617w\" sizes=\"(max-width: 2480px) 100vw, 2480px\" \/><\/figure><div class=\"elementor-image-box-content\"><h3 class=\"elementor-image-box-title\">Gilles PELLEGRINI<\/h3><p class=\"elementor-image-box-description\">Chef d'Orchestre, Trompettiste Soliste, Auteur, Compositeur, \u00c9diteur<\/p><\/div><\/div>\t\t<\/div>\n\t\t\t\t<\/div>\n\t\t\t\t\t<\/div>\n\t\t<\/div>\n\t\t\t\t\t<\/div>\n\t\t<\/section>\n\t\t\t\t<section class=\"elementor-section elementor-top-section elementor-element elementor-element-3d07db23 elementor-section-boxed elementor-section-height-default elementor-section-height-default\" data-id=\"3d07db23\" data-element_type=\"section\">\n\t\t\t\t\t\t<div class=\"elementor-container elementor-column-gap-default\">\n\t\t\t\t\t<div class=\"elementor-column elementor-col-50 elementor-top-column elementor-element elementor-element-722cb86b\" data-id=\"722cb86b\" data-element_type=\"column\">\n\t\t\t<div class=\"elementor-widget-wrap elementor-element-populated\">\n\t\t\t\t\t\t<div class=\"elementor-element elementor-element-21ca6694 elementor-position-top elementor-widget elementor-widget-image-box\" data-id=\"21ca6694\" data-element_type=\"widget\" data-widget_type=\"image-box.default\">\n\t\t\t\t<div class=\"elementor-widget-container\">\n\t\t\t<div class=\"elementor-image-box-wrapper\"><figure class=\"elementor-image-box-img\"><img loading=\"lazy\" decoding=\"async\" width=\"2480\" height=\"1656\" src=\"https:\/\/echansonneriedespapes.com\/wp-content\/uploads\/2020\/12\/Jamie-D.-Mc-Court.jpg\" class=\"attachment-full size-full wp-image-1245\" alt=\"\" srcset=\"https:\/\/echansonneriedespapes.com\/wp-content\/uploads\/2020\/12\/Jamie-D.-Mc-Court.jpg 2480w, https:\/\/echansonneriedespapes.com\/wp-content\/uploads\/2020\/12\/Jamie-D.-Mc-Court-300x200.jpg 300w, https:\/\/echansonneriedespapes.com\/wp-content\/uploads\/2020\/12\/Jamie-D.-Mc-Court-1024x684.jpg 1024w, https:\/\/echansonneriedespapes.com\/wp-content\/uploads\/2020\/12\/Jamie-D.-Mc-Court-768x513.jpg 768w, https:\/\/echansonneriedespapes.com\/wp-content\/uploads\/2020\/12\/Jamie-D.-Mc-Court-1536x1026.jpg 1536w, https:\/\/echansonneriedespapes.com\/wp-content\/uploads\/2020\/12\/Jamie-D.-Mc-Court-2048x1368.jpg 2048w, https:\/\/echansonneriedespapes.com\/wp-content\/uploads\/2020\/12\/Jamie-D.-Mc-Court-1617x1080.jpg 1617w\" sizes=\"(max-width: 2480px) 100vw, 2480px\" \/><\/figure><div class=\"elementor-image-box-content\"><h3 class=\"elementor-image-box-title\">Jamie D. McCOURT<\/h3><p class=\"elementor-image-box-description\">Ambassadeur des \u00c9tats-Unis d'Am\u00e9rique en France et \u00e0 Monaco<\/p><\/div><\/div>\t\t<\/div>\n\t\t\t\t<\/div>\n\t\t\t\t\t<\/div>\n\t\t<\/div>\n\t\t\t\t<div class=\"elementor-column elementor-col-50 elementor-top-column elementor-element elementor-element-3386b3f\" data-id=\"3386b3f\" data-element_type=\"column\">\n\t\t\t<div class=\"elementor-widget-wrap elementor-element-populated\">\n\t\t\t\t\t\t<div class=\"elementor-element elementor-element-5f5da3b6 elementor-position-top elementor-widget elementor-widget-image-box\" data-id=\"5f5da3b6\" data-element_type=\"widget\" data-widget_type=\"image-box.default\">\n\t\t\t\t<div class=\"elementor-widget-container\">\n\t\t\t<div class=\"elementor-image-box-wrapper\"><figure class=\"elementor-image-box-img\"><img loading=\"lazy\" decoding=\"async\" width=\"2134\" height=\"1425\" src=\"https:\/\/echansonneriedespapes.com\/wp-content\/uploads\/2020\/12\/Hubert-Auriol-posant-devant-sa-moto-recadr\u00e9e.jpg\" class=\"attachment-full size-full wp-image-1247\" alt=\"\" srcset=\"https:\/\/echansonneriedespapes.com\/wp-content\/uploads\/2020\/12\/Hubert-Auriol-posant-devant-sa-moto-recadr\u00e9e.jpg 2134w, https:\/\/echansonneriedespapes.com\/wp-content\/uploads\/2020\/12\/Hubert-Auriol-posant-devant-sa-moto-recadr\u00e9e-300x200.jpg 300w, https:\/\/echansonneriedespapes.com\/wp-content\/uploads\/2020\/12\/Hubert-Auriol-posant-devant-sa-moto-recadr\u00e9e-1024x684.jpg 1024w, https:\/\/echansonneriedespapes.com\/wp-content\/uploads\/2020\/12\/Hubert-Auriol-posant-devant-sa-moto-recadr\u00e9e-768x513.jpg 768w, https:\/\/echansonneriedespapes.com\/wp-content\/uploads\/2020\/12\/Hubert-Auriol-posant-devant-sa-moto-recadr\u00e9e-1536x1026.jpg 1536w, https:\/\/echansonneriedespapes.com\/wp-content\/uploads\/2020\/12\/Hubert-Auriol-posant-devant-sa-moto-recadr\u00e9e-2048x1368.jpg 2048w, https:\/\/echansonneriedespapes.com\/wp-content\/uploads\/2020\/12\/Hubert-Auriol-posant-devant-sa-moto-recadr\u00e9e-1617x1080.jpg 1617w\" sizes=\"(max-width: 2134px) 100vw, 2134px\" \/><\/figure><div class=\"elementor-image-box-content\"><h3 class=\"elementor-image-box-title\">Hubert AURIOL<\/h3><p class=\"elementor-image-box-description\">Pilote de Moto, Triple Vainqueur du Paris Dakar Auto\/Moto, Animateur de T\u00e9l\u00e9vision<\/p><\/div><\/div>\t\t<\/div>\n\t\t\t\t<\/div>\n\t\t\t\t\t<\/div>\n\t\t<\/div>\n\t\t\t\t\t<\/div>\n\t\t<\/section>\n\t\t\t\t<section class=\"elementor-section elementor-top-section elementor-element elementor-element-22e86760 elementor-section-boxed elementor-section-height-default elementor-section-height-default\" data-id=\"22e86760\" data-element_type=\"section\">\n\t\t\t\t\t\t<div class=\"elementor-container elementor-column-gap-default\">\n\t\t\t\t\t<div class=\"elementor-column elementor-col-50 elementor-top-column elementor-element elementor-element-87e3936\" data-id=\"87e3936\" data-element_type=\"column\">\n\t\t\t<div class=\"elementor-widget-wrap elementor-element-populated\">\n\t\t\t\t\t\t<div class=\"elementor-element elementor-element-4bafb38e elementor-position-top elementor-widget elementor-widget-image-box\" data-id=\"4bafb38e\" data-element_type=\"widget\" data-widget_type=\"image-box.default\">\n\t\t\t\t<div class=\"elementor-widget-container\">\n\t\t\t<div class=\"elementor-image-box-wrapper\"><figure class=\"elementor-image-box-img\"><img loading=\"lazy\" decoding=\"async\" width=\"2560\" height=\"1702\" src=\"https:\/\/echansonneriedespapes.com\/wp-content\/uploads\/2020\/12\/Nahtalie-SIMON-3-scaled.jpg\" class=\"attachment-full size-full wp-image-979\" alt=\"\" srcset=\"https:\/\/echansonneriedespapes.com\/wp-content\/uploads\/2020\/12\/Nahtalie-SIMON-3-scaled.jpg 2560w, https:\/\/echansonneriedespapes.com\/wp-content\/uploads\/2020\/12\/Nahtalie-SIMON-3-300x199.jpg 300w, https:\/\/echansonneriedespapes.com\/wp-content\/uploads\/2020\/12\/Nahtalie-SIMON-3-1024x681.jpg 1024w, https:\/\/echansonneriedespapes.com\/wp-content\/uploads\/2020\/12\/Nahtalie-SIMON-3-768x511.jpg 768w, https:\/\/echansonneriedespapes.com\/wp-content\/uploads\/2020\/12\/Nahtalie-SIMON-3-1536x1021.jpg 1536w, https:\/\/echansonneriedespapes.com\/wp-content\/uploads\/2020\/12\/Nahtalie-SIMON-3-2048x1362.jpg 2048w, https:\/\/echansonneriedespapes.com\/wp-content\/uploads\/2020\/12\/Nahtalie-SIMON-3-1624x1080.jpg 1624w\" sizes=\"(max-width: 2560px) 100vw, 2560px\" \/><\/figure><div class=\"elementor-image-box-content\"><h3 class=\"elementor-image-box-title\">Nathalie SIMON<\/h3><p class=\"elementor-image-box-description\">Sportive Fran\u00e7aise Devenue Animatrice de T\u00e9l\u00e9vision et de Radio<\/p><\/div><\/div>\t\t<\/div>\n\t\t\t\t<\/div>\n\t\t\t\t\t<\/div>\n\t\t<\/div>\n\t\t\t\t<div class=\"elementor-column elementor-col-50 elementor-top-column elementor-element elementor-element-22fd1f94\" data-id=\"22fd1f94\" data-element_type=\"column\">\n\t\t\t<div class=\"elementor-widget-wrap elementor-element-populated\">\n\t\t\t\t\t\t<div class=\"elementor-element elementor-element-163dd289 elementor-position-top elementor-widget elementor-widget-image-box\" data-id=\"163dd289\" data-element_type=\"widget\" data-widget_type=\"image-box.default\">\n\t\t\t\t<div class=\"elementor-widget-container\">\n\t\t\t<div class=\"elementor-image-box-wrapper\"><figure class=\"elementor-image-box-img\"><img loading=\"lazy\" decoding=\"async\" width=\"2560\" height=\"1709\" src=\"https:\/\/echansonneriedespapes.com\/wp-content\/uploads\/2020\/12\/Fabrice-GUY-scaled.jpg\" class=\"attachment-full size-full wp-image-1249\" alt=\"\" srcset=\"https:\/\/echansonneriedespapes.com\/wp-content\/uploads\/2020\/12\/Fabrice-GUY-scaled.jpg 2560w, https:\/\/echansonneriedespapes.com\/wp-content\/uploads\/2020\/12\/Fabrice-GUY-300x200.jpg 300w, https:\/\/echansonneriedespapes.com\/wp-content\/uploads\/2020\/12\/Fabrice-GUY-1024x684.jpg 1024w, https:\/\/echansonneriedespapes.com\/wp-content\/uploads\/2020\/12\/Fabrice-GUY-768x513.jpg 768w, https:\/\/echansonneriedespapes.com\/wp-content\/uploads\/2020\/12\/Fabrice-GUY-1536x1025.jpg 1536w, https:\/\/echansonneriedespapes.com\/wp-content\/uploads\/2020\/12\/Fabrice-GUY-2048x1367.jpg 2048w, https:\/\/echansonneriedespapes.com\/wp-content\/uploads\/2020\/12\/Fabrice-GUY-1618x1080.jpg 1618w\" sizes=\"(max-width: 2560px) 100vw, 2560px\" \/><\/figure><div class=\"elementor-image-box-content\"><h3 class=\"elementor-image-box-title\">Fabrice GUY<\/h3><p class=\"elementor-image-box-description\">Sportif de Haut Niveau, Champion Olympique de Combin\u00e9 Nordique<\/p><\/div><\/div>\t\t<\/div>\n\t\t\t\t<\/div>\n\t\t\t\t\t<\/div>\n\t\t<\/div>\n\t\t\t\t\t<\/div>\n\t\t<\/section>\n\t\t\t\t<section class=\"elementor-section elementor-top-section elementor-element elementor-element-686e5a16 elementor-section-boxed elementor-section-height-default elementor-section-height-default\" data-id=\"686e5a16\" data-element_type=\"section\">\n\t\t\t\t\t\t<div class=\"elementor-container elementor-column-gap-default\">\n\t\t\t\t\t<div class=\"elementor-column elementor-col-50 elementor-top-column elementor-element elementor-element-1b57e1e1\" data-id=\"1b57e1e1\" data-element_type=\"column\">\n\t\t\t<div class=\"elementor-widget-wrap elementor-element-populated\">\n\t\t\t\t\t\t<div class=\"elementor-element elementor-element-f3d2966 elementor-position-top elementor-widget elementor-widget-image-box\" data-id=\"f3d2966\" data-element_type=\"widget\" data-widget_type=\"image-box.default\">\n\t\t\t\t<div class=\"elementor-widget-container\">\n\t\t\t<div class=\"elementor-image-box-wrapper\"><figure class=\"elementor-image-box-img\"><img loading=\"lazy\" decoding=\"async\" width=\"2560\" height=\"1709\" src=\"https:\/\/echansonneriedespapes.com\/wp-content\/uploads\/2020\/12\/Eric-CARRIERE-scaled.jpg\" class=\"attachment-full size-full wp-image-1248\" alt=\"\" srcset=\"https:\/\/echansonneriedespapes.com\/wp-content\/uploads\/2020\/12\/Eric-CARRIERE-scaled.jpg 2560w, https:\/\/echansonneriedespapes.com\/wp-content\/uploads\/2020\/12\/Eric-CARRIERE-300x200.jpg 300w, https:\/\/echansonneriedespapes.com\/wp-content\/uploads\/2020\/12\/Eric-CARRIERE-1024x684.jpg 1024w, https:\/\/echansonneriedespapes.com\/wp-content\/uploads\/2020\/12\/Eric-CARRIERE-768x513.jpg 768w, https:\/\/echansonneriedespapes.com\/wp-content\/uploads\/2020\/12\/Eric-CARRIERE-1536x1025.jpg 1536w, https:\/\/echansonneriedespapes.com\/wp-content\/uploads\/2020\/12\/Eric-CARRIERE-2048x1367.jpg 2048w, https:\/\/echansonneriedespapes.com\/wp-content\/uploads\/2020\/12\/Eric-CARRIERE-1618x1080.jpg 1618w\" sizes=\"(max-width: 2560px) 100vw, 2560px\" \/><\/figure><div class=\"elementor-image-box-content\"><h3 class=\"elementor-image-box-title\">\u00c9ric CARRI\u00c8RE<\/h3><p class=\"elementor-image-box-description\">Footballeur International Fran\u00e7ais et Chroniqueur Sportif<\/p><\/div><\/div>\t\t<\/div>\n\t\t\t\t<\/div>\n\t\t\t\t\t<\/div>\n\t\t<\/div>\n\t\t\t\t<div class=\"elementor-column elementor-col-50 elementor-top-column elementor-element elementor-element-ef62735\" data-id=\"ef62735\" data-element_type=\"column\">\n\t\t\t<div class=\"elementor-widget-wrap elementor-element-populated\">\n\t\t\t\t\t\t<div class=\"elementor-element elementor-element-b34cb99 elementor-position-top elementor-widget elementor-widget-image-box\" data-id=\"b34cb99\" data-element_type=\"widget\" data-widget_type=\"image-box.default\">\n\t\t\t\t<div class=\"elementor-widget-container\">\n\t\t\t<div class=\"elementor-image-box-wrapper\"><figure class=\"elementor-image-box-img\"><img loading=\"lazy\" decoding=\"async\" width=\"2560\" height=\"1709\" src=\"https:\/\/echansonneriedespapes.com\/wp-content\/uploads\/2020\/12\/TIMSIT-Patrick-scaled.jpg\" class=\"attachment-full size-full wp-image-998\" alt=\"\" srcset=\"https:\/\/echansonneriedespapes.com\/wp-content\/uploads\/2020\/12\/TIMSIT-Patrick-scaled.jpg 2560w, https:\/\/echansonneriedespapes.com\/wp-content\/uploads\/2020\/12\/TIMSIT-Patrick-300x200.jpg 300w, https:\/\/echansonneriedespapes.com\/wp-content\/uploads\/2020\/12\/TIMSIT-Patrick-1024x684.jpg 1024w, https:\/\/echansonneriedespapes.com\/wp-content\/uploads\/2020\/12\/TIMSIT-Patrick-768x513.jpg 768w, https:\/\/echansonneriedespapes.com\/wp-content\/uploads\/2020\/12\/TIMSIT-Patrick-1536x1025.jpg 1536w, https:\/\/echansonneriedespapes.com\/wp-content\/uploads\/2020\/12\/TIMSIT-Patrick-2048x1367.jpg 2048w, https:\/\/echansonneriedespapes.com\/wp-content\/uploads\/2020\/12\/TIMSIT-Patrick-1618x1080.jpg 1618w\" sizes=\"(max-width: 2560px) 100vw, 2560px\" \/><\/figure><div class=\"elementor-image-box-content\"><h3 class=\"elementor-image-box-title\">Patrick TIMSIT<\/h3><p class=\"elementor-image-box-description\">Acteur, R\u00e9alisateur et Humoriste Fran\u00e7ais<\/p><\/div><\/div>\t\t<\/div>\n\t\t\t\t<\/div>\n\t\t\t\t\t<\/div>\n\t\t<\/div>\n\t\t\t\t\t<\/div>\n\t\t<\/section>\n\t\t\t\t<section class=\"elementor-section elementor-top-section elementor-element elementor-element-40c2d23c elementor-section-boxed elementor-section-height-default elementor-section-height-default\" data-id=\"40c2d23c\" data-element_type=\"section\">\n\t\t\t\t\t\t<div class=\"elementor-container elementor-column-gap-default\">\n\t\t\t\t\t<div class=\"elementor-column elementor-col-50 elementor-top-column elementor-element elementor-element-586fb2e6\" data-id=\"586fb2e6\" data-element_type=\"column\">\n\t\t\t<div class=\"elementor-widget-wrap elementor-element-populated\">\n\t\t\t\t\t\t<div class=\"elementor-element elementor-element-338d7aa2 elementor-position-top elementor-widget elementor-widget-image-box\" data-id=\"338d7aa2\" data-element_type=\"widget\" data-widget_type=\"image-box.default\">\n\t\t\t\t<div class=\"elementor-widget-container\">\n\t\t\t<div class=\"elementor-image-box-wrapper\"><figure class=\"elementor-image-box-img\"><img loading=\"lazy\" decoding=\"async\" width=\"1769\" height=\"1181\" src=\"https:\/\/echansonneriedespapes.com\/wp-content\/uploads\/2020\/12\/HURTIS-Muriel.jpg\" class=\"attachment-full size-full wp-image-1019\" alt=\"\" srcset=\"https:\/\/echansonneriedespapes.com\/wp-content\/uploads\/2020\/12\/HURTIS-Muriel.jpg 1769w, https:\/\/echansonneriedespapes.com\/wp-content\/uploads\/2020\/12\/HURTIS-Muriel-300x200.jpg 300w, https:\/\/echansonneriedespapes.com\/wp-content\/uploads\/2020\/12\/HURTIS-Muriel-1024x684.jpg 1024w, https:\/\/echansonneriedespapes.com\/wp-content\/uploads\/2020\/12\/HURTIS-Muriel-768x513.jpg 768w, https:\/\/echansonneriedespapes.com\/wp-content\/uploads\/2020\/12\/HURTIS-Muriel-1536x1025.jpg 1536w, https:\/\/echansonneriedespapes.com\/wp-content\/uploads\/2020\/12\/HURTIS-Muriel-1618x1080.jpg 1618w\" sizes=\"(max-width: 1769px) 100vw, 1769px\" \/><\/figure><div class=\"elementor-image-box-content\"><h3 class=\"elementor-image-box-title\">Muriel HURTIS<\/h3><p class=\"elementor-image-box-description\">Athl\u00e8te Fran\u00e7aise Sp\u00e9cialiste du Sprint, Championne du Monde du Relais 4 \u00d7 100 M\u00e8tres en 2003<\/p><\/div><\/div>\t\t<\/div>\n\t\t\t\t<\/div>\n\t\t\t\t\t<\/div>\n\t\t<\/div>\n\t\t\t\t<div class=\"elementor-column elementor-col-50 elementor-top-column elementor-element elementor-element-5d4457e0\" data-id=\"5d4457e0\" data-element_type=\"column\">\n\t\t\t<div class=\"elementor-widget-wrap elementor-element-populated\">\n\t\t\t\t\t\t<div class=\"elementor-element elementor-element-2dabb1ba elementor-position-top elementor-widget elementor-widget-image-box\" data-id=\"2dabb1ba\" data-element_type=\"widget\" data-widget_type=\"image-box.default\">\n\t\t\t\t<div class=\"elementor-widget-container\">\n\t\t\t<div class=\"elementor-image-box-wrapper\"><figure class=\"elementor-image-box-img\"><img loading=\"lazy\" decoding=\"async\" width=\"1769\" height=\"1181\" src=\"https:\/\/echansonneriedespapes.com\/wp-content\/uploads\/2020\/12\/PARISI-Vincent.jpg\" class=\"attachment-full size-full wp-image-1023\" alt=\"\" srcset=\"https:\/\/echansonneriedespapes.com\/wp-content\/uploads\/2020\/12\/PARISI-Vincent.jpg 1769w, https:\/\/echansonneriedespapes.com\/wp-content\/uploads\/2020\/12\/PARISI-Vincent-300x200.jpg 300w, https:\/\/echansonneriedespapes.com\/wp-content\/uploads\/2020\/12\/PARISI-Vincent-1024x684.jpg 1024w, https:\/\/echansonneriedespapes.com\/wp-content\/uploads\/2020\/12\/PARISI-Vincent-768x513.jpg 768w, https:\/\/echansonneriedespapes.com\/wp-content\/uploads\/2020\/12\/PARISI-Vincent-1536x1025.jpg 1536w, https:\/\/echansonneriedespapes.com\/wp-content\/uploads\/2020\/12\/PARISI-Vincent-1618x1080.jpg 1618w\" sizes=\"(max-width: 1769px) 100vw, 1769px\" \/><\/figure><div class=\"elementor-image-box-content\"><h3 class=\"elementor-image-box-title\">Vincent PARISI<\/h3><p class=\"elementor-image-box-description\">Champion du Monde de Ju-Jitsu Combat, Consultant Sportif et Chroniqueur<\/p><\/div><\/div>\t\t<\/div>\n\t\t\t\t<\/div>\n\t\t\t\t\t<\/div>\n\t\t<\/div>\n\t\t\t\t\t<\/div>\n\t\t<\/section>\n\t\t\t\t<section class=\"elementor-section elementor-top-section elementor-element elementor-element-5e54c144 elementor-section-boxed elementor-section-height-default elementor-section-height-default\" data-id=\"5e54c144\" data-element_type=\"section\">\n\t\t\t\t\t\t<div class=\"elementor-container elementor-column-gap-default\">\n\t\t\t\t\t<div class=\"elementor-column elementor-col-50 elementor-top-column elementor-element elementor-element-3e0cca8e\" data-id=\"3e0cca8e\" data-element_type=\"column\">\n\t\t\t<div class=\"elementor-widget-wrap elementor-element-populated\">\n\t\t\t\t\t\t<div class=\"elementor-element elementor-element-7372dfbc elementor-position-top elementor-widget elementor-widget-image-box\" data-id=\"7372dfbc\" data-element_type=\"widget\" data-widget_type=\"image-box.default\">\n\t\t\t\t<div class=\"elementor-widget-container\">\n\t\t\t<div class=\"elementor-image-box-wrapper\"><figure class=\"elementor-image-box-img\"><img loading=\"lazy\" decoding=\"async\" width=\"1769\" height=\"1181\" src=\"https:\/\/echansonneriedespapes.com\/wp-content\/uploads\/2020\/12\/CASTANER-Christophe.jpg\" class=\"attachment-full size-full wp-image-1011\" alt=\"\" srcset=\"https:\/\/echansonneriedespapes.com\/wp-content\/uploads\/2020\/12\/CASTANER-Christophe.jpg 1769w, https:\/\/echansonneriedespapes.com\/wp-content\/uploads\/2020\/12\/CASTANER-Christophe-300x200.jpg 300w, https:\/\/echansonneriedespapes.com\/wp-content\/uploads\/2020\/12\/CASTANER-Christophe-1024x684.jpg 1024w, https:\/\/echansonneriedespapes.com\/wp-content\/uploads\/2020\/12\/CASTANER-Christophe-768x513.jpg 768w, https:\/\/echansonneriedespapes.com\/wp-content\/uploads\/2020\/12\/CASTANER-Christophe-1536x1025.jpg 1536w, https:\/\/echansonneriedespapes.com\/wp-content\/uploads\/2020\/12\/CASTANER-Christophe-1618x1080.jpg 1618w\" sizes=\"(max-width: 1769px) 100vw, 1769px\" \/><\/figure><div class=\"elementor-image-box-content\"><h3 class=\"elementor-image-box-title\">Christophe CASTANER<\/h3><p class=\"elementor-image-box-description\">Homme Politique Fran\u00e7ais<\/p><\/div><\/div>\t\t<\/div>\n\t\t\t\t<\/div>\n\t\t\t\t\t<\/div>\n\t\t<\/div>\n\t\t\t\t<div class=\"elementor-column elementor-col-50 elementor-top-column elementor-element elementor-element-70931093\" data-id=\"70931093\" data-element_type=\"column\">\n\t\t\t<div class=\"elementor-widget-wrap elementor-element-populated\">\n\t\t\t\t\t\t<div class=\"elementor-element elementor-element-410b6a22 elementor-position-top elementor-widget elementor-widget-image-box\" data-id=\"410b6a22\" data-element_type=\"widget\" data-widget_type=\"image-box.default\">\n\t\t\t\t<div class=\"elementor-widget-container\">\n\t\t\t<div class=\"elementor-image-box-wrapper\"><figure class=\"elementor-image-box-img\"><img loading=\"lazy\" decoding=\"async\" width=\"2480\" height=\"1655\" src=\"https:\/\/echansonneriedespapes.com\/wp-content\/uploads\/2020\/12\/Arnaud-NOURRY.jpg\" class=\"attachment-full size-full wp-image-1238\" alt=\"\" srcset=\"https:\/\/echansonneriedespapes.com\/wp-content\/uploads\/2020\/12\/Arnaud-NOURRY.jpg 2480w, https:\/\/echansonneriedespapes.com\/wp-content\/uploads\/2020\/12\/Arnaud-NOURRY-300x200.jpg 300w, https:\/\/echansonneriedespapes.com\/wp-content\/uploads\/2020\/12\/Arnaud-NOURRY-1024x683.jpg 1024w, https:\/\/echansonneriedespapes.com\/wp-content\/uploads\/2020\/12\/Arnaud-NOURRY-768x513.jpg 768w, https:\/\/echansonneriedespapes.com\/wp-content\/uploads\/2020\/12\/Arnaud-NOURRY-1536x1025.jpg 1536w, https:\/\/echansonneriedespapes.com\/wp-content\/uploads\/2020\/12\/Arnaud-NOURRY-2048x1367.jpg 2048w, https:\/\/echansonneriedespapes.com\/wp-content\/uploads\/2020\/12\/Arnaud-NOURRY-1618x1080.jpg 1618w\" sizes=\"(max-width: 2480px) 100vw, 2480px\" \/><\/figure><div class=\"elementor-image-box-content\"><h3 class=\"elementor-image-box-title\">Arnaud NOURRY<\/h3><p class=\"elementor-image-box-description\">Pr\u00e9sident Directeur G\u00e9n\u00e9ral d'Hachette Livre et de Lagard\u00e8re Publishing<\/p><\/div><\/div>\t\t<\/div>\n\t\t\t\t<\/div>\n\t\t\t\t\t<\/div>\n\t\t<\/div>\n\t\t\t\t\t<\/div>\n\t\t<\/section>\n\t\t\t\t<section class=\"elementor-section elementor-top-section elementor-element elementor-element-3cf6d34d elementor-section-boxed elementor-section-height-default elementor-section-height-default\" data-id=\"3cf6d34d\" data-element_type=\"section\">\n\t\t\t\t\t\t<div class=\"elementor-container elementor-column-gap-default\">\n\t\t\t\t\t<div class=\"elementor-column elementor-col-50 elementor-top-column elementor-element elementor-element-6d99fc6b\" data-id=\"6d99fc6b\" data-element_type=\"column\">\n\t\t\t<div class=\"elementor-widget-wrap elementor-element-populated\">\n\t\t\t\t\t\t<div class=\"elementor-element elementor-element-367141ce elementor-position-top elementor-widget elementor-widget-image-box\" data-id=\"367141ce\" data-element_type=\"widget\" data-widget_type=\"image-box.default\">\n\t\t\t\t<div class=\"elementor-widget-container\">\n\t\t\t<div class=\"elementor-image-box-wrapper\"><figure class=\"elementor-image-box-img\"><img loading=\"lazy\" decoding=\"async\" width=\"1770\" height=\"1181\" src=\"https:\/\/echansonneriedespapes.com\/wp-content\/uploads\/2020\/12\/DAHAN-G\u00e9rald.jpg\" class=\"attachment-full size-full wp-image-1110\" alt=\"\" srcset=\"https:\/\/echansonneriedespapes.com\/wp-content\/uploads\/2020\/12\/DAHAN-G\u00e9rald.jpg 1770w, https:\/\/echansonneriedespapes.com\/wp-content\/uploads\/2020\/12\/DAHAN-G\u00e9rald-300x200.jpg 300w, https:\/\/echansonneriedespapes.com\/wp-content\/uploads\/2020\/12\/DAHAN-G\u00e9rald-1024x683.jpg 1024w, https:\/\/echansonneriedespapes.com\/wp-content\/uploads\/2020\/12\/DAHAN-G\u00e9rald-768x512.jpg 768w, https:\/\/echansonneriedespapes.com\/wp-content\/uploads\/2020\/12\/DAHAN-G\u00e9rald-1536x1025.jpg 1536w, https:\/\/echansonneriedespapes.com\/wp-content\/uploads\/2020\/12\/DAHAN-G\u00e9rald-1619x1080.jpg 1619w\" sizes=\"(max-width: 1770px) 100vw, 1770px\" \/><\/figure><div class=\"elementor-image-box-content\"><h3 class=\"elementor-image-box-title\">G\u00e9rald DAHAN<\/h3><p class=\"elementor-image-box-description\">Humoriste, Imitateur, Animateur de Radio et Acteur Fran\u00e7ais<\/p><\/div><\/div>\t\t<\/div>\n\t\t\t\t<\/div>\n\t\t\t\t\t<\/div>\n\t\t<\/div>\n\t\t\t\t<div class=\"elementor-column elementor-col-50 elementor-top-column elementor-element elementor-element-2296c16a\" data-id=\"2296c16a\" data-element_type=\"column\">\n\t\t\t<div class=\"elementor-widget-wrap elementor-element-populated\">\n\t\t\t\t\t\t<div class=\"elementor-element elementor-element-481759f3 elementor-position-top elementor-widget elementor-widget-image-box\" data-id=\"481759f3\" data-element_type=\"widget\" data-widget_type=\"image-box.default\">\n\t\t\t\t<div class=\"elementor-widget-container\">\n\t\t\t<div class=\"elementor-image-box-wrapper\"><figure class=\"elementor-image-box-img\"><img loading=\"lazy\" decoding=\"async\" width=\"2480\" height=\"1655\" src=\"https:\/\/echansonneriedespapes.com\/wp-content\/uploads\/2020\/12\/Sma\u00efn-FAIROUZE.jpg\" class=\"attachment-full size-full wp-image-1250\" alt=\"\" srcset=\"https:\/\/echansonneriedespapes.com\/wp-content\/uploads\/2020\/12\/Sma\u00efn-FAIROUZE.jpg 2480w, https:\/\/echansonneriedespapes.com\/wp-content\/uploads\/2020\/12\/Sma\u00efn-FAIROUZE-300x200.jpg 300w, https:\/\/echansonneriedespapes.com\/wp-content\/uploads\/2020\/12\/Sma\u00efn-FAIROUZE-1024x683.jpg 1024w, https:\/\/echansonneriedespapes.com\/wp-content\/uploads\/2020\/12\/Sma\u00efn-FAIROUZE-768x513.jpg 768w, https:\/\/echansonneriedespapes.com\/wp-content\/uploads\/2020\/12\/Sma\u00efn-FAIROUZE-1536x1025.jpg 1536w, https:\/\/echansonneriedespapes.com\/wp-content\/uploads\/2020\/12\/Sma\u00efn-FAIROUZE-2048x1367.jpg 2048w, https:\/\/echansonneriedespapes.com\/wp-content\/uploads\/2020\/12\/Sma\u00efn-FAIROUZE-1618x1080.jpg 1618w\" sizes=\"(max-width: 2480px) 100vw, 2480px\" \/><\/figure><div class=\"elementor-image-box-content\"><h3 class=\"elementor-image-box-title\">Sma\u00efn FAIROUZE<\/h3><p class=\"elementor-image-box-description\">Acteur et Humoriste Fran\u00e7ais<\/p><\/div><\/div>\t\t<\/div>\n\t\t\t\t<\/div>\n\t\t\t\t\t<\/div>\n\t\t<\/div>\n\t\t\t\t\t<\/div>\n\t\t<\/section>\n\t\t\t\t<section class=\"elementor-section elementor-top-section elementor-element elementor-element-4799933e elementor-section-boxed elementor-section-height-default elementor-section-height-default\" data-id=\"4799933e\" data-element_type=\"section\">\n\t\t\t\t\t\t<div class=\"elementor-container elementor-column-gap-default\">\n\t\t\t\t\t<div class=\"elementor-column elementor-col-50 elementor-top-column elementor-element elementor-element-446127fe\" data-id=\"446127fe\" data-element_type=\"column\">\n\t\t\t<div class=\"elementor-widget-wrap elementor-element-populated\">\n\t\t\t\t\t\t<div class=\"elementor-element elementor-element-744e8f1d elementor-position-top elementor-widget elementor-widget-image-box\" data-id=\"744e8f1d\" data-element_type=\"widget\" data-widget_type=\"image-box.default\">\n\t\t\t\t<div class=\"elementor-widget-container\">\n\t\t\t<div class=\"elementor-image-box-wrapper\"><figure class=\"elementor-image-box-img\"><img loading=\"lazy\" decoding=\"async\" width=\"2480\" height=\"1655\" src=\"https:\/\/echansonneriedespapes.com\/wp-content\/uploads\/2020\/12\/MARTIN-R\u00e9my.jpg\" class=\"attachment-full size-full wp-image-1068\" alt=\"\" srcset=\"https:\/\/echansonneriedespapes.com\/wp-content\/uploads\/2020\/12\/MARTIN-R\u00e9my.jpg 2480w, https:\/\/echansonneriedespapes.com\/wp-content\/uploads\/2020\/12\/MARTIN-R\u00e9my-300x200.jpg 300w, https:\/\/echansonneriedespapes.com\/wp-content\/uploads\/2020\/12\/MARTIN-R\u00e9my-1024x683.jpg 1024w, https:\/\/echansonneriedespapes.com\/wp-content\/uploads\/2020\/12\/MARTIN-R\u00e9my-768x513.jpg 768w, https:\/\/echansonneriedespapes.com\/wp-content\/uploads\/2020\/12\/MARTIN-R\u00e9my-1536x1025.jpg 1536w, https:\/\/echansonneriedespapes.com\/wp-content\/uploads\/2020\/12\/MARTIN-R\u00e9my-2048x1367.jpg 2048w, https:\/\/echansonneriedespapes.com\/wp-content\/uploads\/2020\/12\/MARTIN-R\u00e9my-1618x1080.jpg 1618w\" sizes=\"(max-width: 2480px) 100vw, 2480px\" \/><\/figure><div class=\"elementor-image-box-content\"><h3 class=\"elementor-image-box-title\">R\u00e9my MARTIN<\/h3><p class=\"elementor-image-box-description\">Joueur International de Rugby<\/p><\/div><\/div>\t\t<\/div>\n\t\t\t\t<\/div>\n\t\t\t\t\t<\/div>\n\t\t<\/div>\n\t\t\t\t<div class=\"elementor-column elementor-col-50 elementor-top-column elementor-element elementor-element-53ac32d3\" data-id=\"53ac32d3\" data-element_type=\"column\">\n\t\t\t<div class=\"elementor-widget-wrap elementor-element-populated\">\n\t\t\t\t\t\t<div class=\"elementor-element elementor-element-2f238bb9 elementor-position-top elementor-widget elementor-widget-image-box\" data-id=\"2f238bb9\" data-element_type=\"widget\" data-widget_type=\"image-box.default\">\n\t\t\t\t<div class=\"elementor-widget-container\">\n\t\t\t<div class=\"elementor-image-box-wrapper\"><figure class=\"elementor-image-box-img\"><img loading=\"lazy\" decoding=\"async\" width=\"2480\" height=\"1655\" src=\"https:\/\/echansonneriedespapes.com\/wp-content\/uploads\/2020\/12\/Bismarck-et-Jannie-du-PLESSIS.jpg\" class=\"attachment-full size-full wp-image-1251\" alt=\"\" srcset=\"https:\/\/echansonneriedespapes.com\/wp-content\/uploads\/2020\/12\/Bismarck-et-Jannie-du-PLESSIS.jpg 2480w, https:\/\/echansonneriedespapes.com\/wp-content\/uploads\/2020\/12\/Bismarck-et-Jannie-du-PLESSIS-300x200.jpg 300w, https:\/\/echansonneriedespapes.com\/wp-content\/uploads\/2020\/12\/Bismarck-et-Jannie-du-PLESSIS-1024x683.jpg 1024w, https:\/\/echansonneriedespapes.com\/wp-content\/uploads\/2020\/12\/Bismarck-et-Jannie-du-PLESSIS-768x513.jpg 768w, https:\/\/echansonneriedespapes.com\/wp-content\/uploads\/2020\/12\/Bismarck-et-Jannie-du-PLESSIS-1536x1025.jpg 1536w, https:\/\/echansonneriedespapes.com\/wp-content\/uploads\/2020\/12\/Bismarck-et-Jannie-du-PLESSIS-2048x1367.jpg 2048w, https:\/\/echansonneriedespapes.com\/wp-content\/uploads\/2020\/12\/Bismarck-et-Jannie-du-PLESSIS-1618x1080.jpg 1618w\" sizes=\"(max-width: 2480px) 100vw, 2480px\" \/><\/figure><div class=\"elementor-image-box-content\"><h3 class=\"elementor-image-box-title\">Bismarck & Jannie du PLESSIS<\/h3><p class=\"elementor-image-box-description\">Joueurs de Rugby Internationaux<\/p><\/div><\/div>\t\t<\/div>\n\t\t\t\t<\/div>\n\t\t\t\t\t<\/div>\n\t\t<\/div>\n\t\t\t\t\t<\/div>\n\t\t<\/section>\n\t\t\t\t<section class=\"elementor-section elementor-top-section elementor-element elementor-element-425905f5 elementor-section-boxed elementor-section-height-default elementor-section-height-default\" data-id=\"425905f5\" data-element_type=\"section\">\n\t\t\t\t\t\t<div class=\"elementor-container elementor-column-gap-default\">\n\t\t\t\t\t<div class=\"elementor-column elementor-col-50 elementor-top-column elementor-element elementor-element-1f5be661\" data-id=\"1f5be661\" data-element_type=\"column\">\n\t\t\t<div class=\"elementor-widget-wrap elementor-element-populated\">\n\t\t\t\t\t\t<div class=\"elementor-element elementor-element-6c2b66dc elementor-position-top elementor-widget elementor-widget-image-box\" data-id=\"6c2b66dc\" data-element_type=\"widget\" data-widget_type=\"image-box.default\">\n\t\t\t\t<div class=\"elementor-widget-container\">\n\t\t\t<div class=\"elementor-image-box-wrapper\"><figure class=\"elementor-image-box-img\"><img loading=\"lazy\" decoding=\"async\" width=\"2560\" height=\"1709\" src=\"https:\/\/echansonneriedespapes.com\/wp-content\/uploads\/2020\/12\/SAS-Albert-II-2-scaled.jpg\" class=\"attachment-full size-full wp-image-1129\" alt=\"\" srcset=\"https:\/\/echansonneriedespapes.com\/wp-content\/uploads\/2020\/12\/SAS-Albert-II-2-scaled.jpg 2560w, https:\/\/echansonneriedespapes.com\/wp-content\/uploads\/2020\/12\/SAS-Albert-II-2-300x200.jpg 300w, https:\/\/echansonneriedespapes.com\/wp-content\/uploads\/2020\/12\/SAS-Albert-II-2-1024x683.jpg 1024w, https:\/\/echansonneriedespapes.com\/wp-content\/uploads\/2020\/12\/SAS-Albert-II-2-768x513.jpg 768w, https:\/\/echansonneriedespapes.com\/wp-content\/uploads\/2020\/12\/SAS-Albert-II-2-1536x1025.jpg 1536w, https:\/\/echansonneriedespapes.com\/wp-content\/uploads\/2020\/12\/SAS-Albert-II-2-2048x1367.jpg 2048w, https:\/\/echansonneriedespapes.com\/wp-content\/uploads\/2020\/12\/SAS-Albert-II-2-1618x1080.jpg 1618w\" sizes=\"(max-width: 2560px) 100vw, 2560px\" \/><\/figure><div class=\"elementor-image-box-content\"><h3 class=\"elementor-image-box-title\">SAS le Prince Albert II<\/h3><p class=\"elementor-image-box-description\">Prince de Monaco<\/p><\/div><\/div>\t\t<\/div>\n\t\t\t\t<\/div>\n\t\t\t\t\t<\/div>\n\t\t<\/div>\n\t\t\t\t<div class=\"elementor-column elementor-col-50 elementor-top-column elementor-element elementor-element-2693965\" data-id=\"2693965\" data-element_type=\"column\">\n\t\t\t<div class=\"elementor-widget-wrap elementor-element-populated\">\n\t\t\t\t\t\t<div class=\"elementor-element elementor-element-5017cc74 elementor-position-top elementor-widget elementor-widget-image-box\" data-id=\"5017cc74\" data-element_type=\"widget\" data-widget_type=\"image-box.default\">\n\t\t\t\t<div class=\"elementor-widget-container\">\n\t\t\t<div class=\"elementor-image-box-wrapper\"><figure class=\"elementor-image-box-img\"><img loading=\"lazy\" decoding=\"async\" width=\"2560\" height=\"1709\" src=\"https:\/\/echansonneriedespapes.com\/wp-content\/uploads\/2020\/12\/H\u00c4KKINEN-Mika-1-scaled.jpg\" class=\"attachment-full size-full wp-image-1253\" alt=\"\" srcset=\"https:\/\/echansonneriedespapes.com\/wp-content\/uploads\/2020\/12\/H\u00c4KKINEN-Mika-1-scaled.jpg 2560w, https:\/\/echansonneriedespapes.com\/wp-content\/uploads\/2020\/12\/H\u00c4KKINEN-Mika-1-300x200.jpg 300w, https:\/\/echansonneriedespapes.com\/wp-content\/uploads\/2020\/12\/H\u00c4KKINEN-Mika-1-1024x683.jpg 1024w, https:\/\/echansonneriedespapes.com\/wp-content\/uploads\/2020\/12\/H\u00c4KKINEN-Mika-1-768x513.jpg 768w, https:\/\/echansonneriedespapes.com\/wp-content\/uploads\/2020\/12\/H\u00c4KKINEN-Mika-1-1536x1025.jpg 1536w, https:\/\/echansonneriedespapes.com\/wp-content\/uploads\/2020\/12\/H\u00c4KKINEN-Mika-1-2048x1367.jpg 2048w, https:\/\/echansonneriedespapes.com\/wp-content\/uploads\/2020\/12\/H\u00c4KKINEN-Mika-1-1618x1080.jpg 1618w\" sizes=\"(max-width: 2560px) 100vw, 2560px\" \/><\/figure><div class=\"elementor-image-box-content\"><h3 class=\"elementor-image-box-title\">Mika H\u00c4KKINEN<\/h3><p class=\"elementor-image-box-description\">Pilote de Formule 1,\u00a0Champion du Monde en 1998 et 1999<\/p><\/div><\/div>\t\t<\/div>\n\t\t\t\t<\/div>\n\t\t\t\t\t<\/div>\n\t\t<\/div>\n\t\t\t\t\t<\/div>\n\t\t<\/section>\n\t\t\t\t<section class=\"elementor-section elementor-top-section elementor-element elementor-element-209c8a00 elementor-section-boxed elementor-section-height-default elementor-section-height-default\" data-id=\"209c8a00\" data-element_type=\"section\">\n\t\t\t\t\t\t<div class=\"elementor-container elementor-column-gap-default\">\n\t\t\t\t\t<div class=\"elementor-column elementor-col-50 elementor-top-column elementor-element elementor-element-11a662cb\" data-id=\"11a662cb\" data-element_type=\"column\">\n\t\t\t<div class=\"elementor-widget-wrap elementor-element-populated\">\n\t\t\t\t\t\t<div class=\"elementor-element elementor-element-730033d4 elementor-position-top elementor-widget elementor-widget-image-box\" data-id=\"730033d4\" data-element_type=\"widget\" data-widget_type=\"image-box.default\">\n\t\t\t\t<div class=\"elementor-widget-container\">\n\t\t\t<div class=\"elementor-image-box-wrapper\"><figure class=\"elementor-image-box-img\"><img loading=\"lazy\" decoding=\"async\" width=\"2560\" height=\"1709\" src=\"https:\/\/echansonneriedespapes.com\/wp-content\/uploads\/2020\/12\/Ari-VATANEN-scaled.jpg\" class=\"attachment-full size-full wp-image-1252\" alt=\"\" srcset=\"https:\/\/echansonneriedespapes.com\/wp-content\/uploads\/2020\/12\/Ari-VATANEN-scaled.jpg 2560w, https:\/\/echansonneriedespapes.com\/wp-content\/uploads\/2020\/12\/Ari-VATANEN-300x200.jpg 300w, https:\/\/echansonneriedespapes.com\/wp-content\/uploads\/2020\/12\/Ari-VATANEN-1024x683.jpg 1024w, https:\/\/echansonneriedespapes.com\/wp-content\/uploads\/2020\/12\/Ari-VATANEN-768x513.jpg 768w, https:\/\/echansonneriedespapes.com\/wp-content\/uploads\/2020\/12\/Ari-VATANEN-1536x1025.jpg 1536w, https:\/\/echansonneriedespapes.com\/wp-content\/uploads\/2020\/12\/Ari-VATANEN-2048x1367.jpg 2048w, https:\/\/echansonneriedespapes.com\/wp-content\/uploads\/2020\/12\/Ari-VATANEN-1618x1080.jpg 1618w\" sizes=\"(max-width: 2560px) 100vw, 2560px\" \/><\/figure><div class=\"elementor-image-box-content\"><h3 class=\"elementor-image-box-title\">Ari VATANEN<\/h3><p class=\"elementor-image-box-description\">Champion du Monde des Rallyes et Vainqueur du Paris-Dakar<\/p><\/div><\/div>\t\t<\/div>\n\t\t\t\t<\/div>\n\t\t\t\t\t<\/div>\n\t\t<\/div>\n\t\t\t\t<div class=\"elementor-column elementor-col-50 elementor-top-column elementor-element elementor-element-7e34ff6e\" data-id=\"7e34ff6e\" data-element_type=\"column\">\n\t\t\t<div class=\"elementor-widget-wrap elementor-element-populated\">\n\t\t\t\t\t\t<div class=\"elementor-element elementor-element-5db0e7d7 elementor-position-top elementor-widget elementor-widget-image-box\" data-id=\"5db0e7d7\" data-element_type=\"widget\" data-widget_type=\"image-box.default\">\n\t\t\t\t<div class=\"elementor-widget-container\">\n\t\t\t<div class=\"elementor-image-box-wrapper\"><figure class=\"elementor-image-box-img\"><img loading=\"lazy\" decoding=\"async\" width=\"1772\" height=\"1183\" src=\"https:\/\/echansonneriedespapes.com\/wp-content\/uploads\/2020\/12\/Jean-ALESI-1.jpg\" class=\"attachment-full size-full wp-image-1257\" alt=\"\" srcset=\"https:\/\/echansonneriedespapes.com\/wp-content\/uploads\/2020\/12\/Jean-ALESI-1.jpg 1772w, https:\/\/echansonneriedespapes.com\/wp-content\/uploads\/2020\/12\/Jean-ALESI-1-300x200.jpg 300w, https:\/\/echansonneriedespapes.com\/wp-content\/uploads\/2020\/12\/Jean-ALESI-1-1024x684.jpg 1024w, https:\/\/echansonneriedespapes.com\/wp-content\/uploads\/2020\/12\/Jean-ALESI-1-768x513.jpg 768w, https:\/\/echansonneriedespapes.com\/wp-content\/uploads\/2020\/12\/Jean-ALESI-1-1536x1025.jpg 1536w, https:\/\/echansonneriedespapes.com\/wp-content\/uploads\/2020\/12\/Jean-ALESI-1-1618x1080.jpg 1618w\" sizes=\"(max-width: 1772px) 100vw, 1772px\" \/><\/figure><div class=\"elementor-image-box-content\"><h3 class=\"elementor-image-box-title\">Jean ALESI et Kumiko GOTO<\/h3><p class=\"elementor-image-box-description\">Pilote Automobile Fran\u00e7ais \/ actrice et chanteuse japonaise.<\/p><\/div><\/div>\t\t<\/div>\n\t\t\t\t<\/div>\n\t\t\t\t\t<\/div>\n\t\t<\/div>\n\t\t\t\t\t<\/div>\n\t\t<\/section>\n\t\t\t\t<section class=\"elementor-section elementor-top-section elementor-element elementor-element-3f5f3572 elementor-section-boxed elementor-section-height-default elementor-section-height-default\" data-id=\"3f5f3572\" data-element_type=\"section\">\n\t\t\t\t\t\t<div class=\"elementor-container elementor-column-gap-default\">\n\t\t\t\t\t<div class=\"elementor-column elementor-col-50 elementor-top-column elementor-element elementor-element-50f18bda\" data-id=\"50f18bda\" data-element_type=\"column\">\n\t\t\t<div class=\"elementor-widget-wrap elementor-element-populated\">\n\t\t\t\t\t\t<div class=\"elementor-element elementor-element-64683880 elementor-position-top elementor-widget elementor-widget-image-box\" data-id=\"64683880\" data-element_type=\"widget\" data-widget_type=\"image-box.default\">\n\t\t\t\t<div class=\"elementor-widget-container\">\n\t\t\t<div class=\"elementor-image-box-wrapper\"><figure class=\"elementor-image-box-img\"><img loading=\"lazy\" decoding=\"async\" width=\"2560\" height=\"1709\" src=\"https:\/\/echansonneriedespapes.com\/wp-content\/uploads\/2021\/03\/Andrew-SHERIDAN-scaled.jpg\" class=\"attachment-full size-full wp-image-1331\" alt=\"\" srcset=\"https:\/\/echansonneriedespapes.com\/wp-content\/uploads\/2021\/03\/Andrew-SHERIDAN-scaled.jpg 2560w, https:\/\/echansonneriedespapes.com\/wp-content\/uploads\/2021\/03\/Andrew-SHERIDAN-300x200.jpg 300w, https:\/\/echansonneriedespapes.com\/wp-content\/uploads\/2021\/03\/Andrew-SHERIDAN-1024x683.jpg 1024w, https:\/\/echansonneriedespapes.com\/wp-content\/uploads\/2021\/03\/Andrew-SHERIDAN-768x513.jpg 768w, https:\/\/echansonneriedespapes.com\/wp-content\/uploads\/2021\/03\/Andrew-SHERIDAN-1536x1025.jpg 1536w, https:\/\/echansonneriedespapes.com\/wp-content\/uploads\/2021\/03\/Andrew-SHERIDAN-2048x1367.jpg 2048w, https:\/\/echansonneriedespapes.com\/wp-content\/uploads\/2021\/03\/Andrew-SHERIDAN-1618x1080.jpg 1618w\" sizes=\"(max-width: 2560px) 100vw, 2560px\" \/><\/figure><div class=\"elementor-image-box-content\"><h3 class=\"elementor-image-box-title\">Andrew SHERIDAN<\/h3><p class=\"elementor-image-box-description\">Joueur de rugby \u00e0 XV anglais<\/p><\/div><\/div>\t\t<\/div>\n\t\t\t\t<\/div>\n\t\t\t\t\t<\/div>\n\t\t<\/div>\n\t\t\t\t<div class=\"elementor-column elementor-col-50 elementor-top-column elementor-element elementor-element-172af1f0\" data-id=\"172af1f0\" data-element_type=\"column\">\n\t\t\t<div class=\"elementor-widget-wrap elementor-element-populated\">\n\t\t\t\t\t\t<div class=\"elementor-element elementor-element-54b075d2 elementor-position-top elementor-widget elementor-widget-image-box\" data-id=\"54b075d2\" data-element_type=\"widget\" data-widget_type=\"image-box.default\">\n\t\t\t\t<div class=\"elementor-widget-container\">\n\t\t\t<div class=\"elementor-image-box-wrapper\"><figure class=\"elementor-image-box-img\"><img loading=\"lazy\" decoding=\"async\" width=\"1600\" height=\"1064\" src=\"https:\/\/echansonneriedespapes.com\/wp-content\/uploads\/2021\/03\/Vinent-FERNIOT.jpg\" class=\"attachment-full size-full wp-image-1332\" alt=\"\" srcset=\"https:\/\/echansonneriedespapes.com\/wp-content\/uploads\/2021\/03\/Vinent-FERNIOT.jpg 1600w, https:\/\/echansonneriedespapes.com\/wp-content\/uploads\/2021\/03\/Vinent-FERNIOT-300x200.jpg 300w, https:\/\/echansonneriedespapes.com\/wp-content\/uploads\/2021\/03\/Vinent-FERNIOT-1024x681.jpg 1024w, https:\/\/echansonneriedespapes.com\/wp-content\/uploads\/2021\/03\/Vinent-FERNIOT-768x511.jpg 768w, https:\/\/echansonneriedespapes.com\/wp-content\/uploads\/2021\/03\/Vinent-FERNIOT-1536x1021.jpg 1536w\" sizes=\"(max-width: 1600px) 100vw, 1600px\" \/><\/figure><div class=\"elementor-image-box-content\"><h3 class=\"elementor-image-box-title\">Vincent Ferniot<\/h3><p class=\"elementor-image-box-description\">Journaliste gastronomique, com\u00e9dien, musicien et pr\u00e9sentateur de Midi en France sur France 3<\/p><\/div><\/div>\t\t<\/div>\n\t\t\t\t<\/div>\n\t\t\t\t\t<\/div>\n\t\t<\/div>\n\t\t\t\t\t<\/div>\n\t\t<\/section>\n\t\t\t\t<section class=\"elementor-section elementor-top-section elementor-element elementor-element-627e8bde elementor-section-boxed elementor-section-height-default elementor-section-height-default\" data-id=\"627e8bde\" data-element_type=\"section\">\n\t\t\t\t\t\t<div class=\"elementor-container elementor-column-gap-default\">\n\t\t\t\t\t<div class=\"elementor-column elementor-col-50 elementor-top-column elementor-element elementor-element-584fb944\" data-id=\"584fb944\" data-element_type=\"column\">\n\t\t\t<div class=\"elementor-widget-wrap elementor-element-populated\">\n\t\t\t\t\t\t<div class=\"elementor-element elementor-element-949c3ab elementor-position-top elementor-widget elementor-widget-image-box\" data-id=\"949c3ab\" data-element_type=\"widget\" data-widget_type=\"image-box.default\">\n\t\t\t\t<div class=\"elementor-widget-container\">\n\t\t\t<div class=\"elementor-image-box-wrapper\"><figure class=\"elementor-image-box-img\"><img loading=\"lazy\" decoding=\"async\" width=\"1600\" height=\"1064\" src=\"https:\/\/echansonneriedespapes.com\/wp-content\/uploads\/2021\/03\/Cyril-LIGNAC.jpg\" class=\"attachment-full size-full wp-image-1330\" alt=\"\" srcset=\"https:\/\/echansonneriedespapes.com\/wp-content\/uploads\/2021\/03\/Cyril-LIGNAC.jpg 1600w, https:\/\/echansonneriedespapes.com\/wp-content\/uploads\/2021\/03\/Cyril-LIGNAC-300x200.jpg 300w, https:\/\/echansonneriedespapes.com\/wp-content\/uploads\/2021\/03\/Cyril-LIGNAC-1024x681.jpg 1024w, https:\/\/echansonneriedespapes.com\/wp-content\/uploads\/2021\/03\/Cyril-LIGNAC-768x511.jpg 768w, https:\/\/echansonneriedespapes.com\/wp-content\/uploads\/2021\/03\/Cyril-LIGNAC-1536x1021.jpg 1536w\" sizes=\"(max-width: 1600px) 100vw, 1600px\" \/><\/figure><div class=\"elementor-image-box-content\"><h3 class=\"elementor-image-box-title\">Cyril LIGNAC<\/h3><p class=\"elementor-image-box-description\">Chef Cuisinier Fran\u00e7ais et Animateur de T\u00e9l\u00e9vision<\/p><\/div><\/div>\t\t<\/div>\n\t\t\t\t<\/div>\n\t\t\t\t\t<\/div>\n\t\t<\/div>\n\t\t\t\t<div class=\"elementor-column elementor-col-50 elementor-top-column elementor-element elementor-element-380b4f9a\" data-id=\"380b4f9a\" data-element_type=\"column\">\n\t\t\t<div class=\"elementor-widget-wrap elementor-element-populated\">\n\t\t\t\t\t\t<div class=\"elementor-element elementor-element-54364c23 elementor-position-top elementor-widget elementor-widget-image-box\" data-id=\"54364c23\" data-element_type=\"widget\" data-widget_type=\"image-box.default\">\n\t\t\t\t<div class=\"elementor-widget-container\">\n\t\t\t<div class=\"elementor-image-box-wrapper\"><figure class=\"elementor-image-box-img\"><img loading=\"lazy\" decoding=\"async\" width=\"1772\" height=\"1183\" src=\"https:\/\/echansonneriedespapes.com\/wp-content\/uploads\/2020\/12\/Gaspard-PROUST.jpg\" class=\"attachment-full size-full wp-image-1259\" alt=\"\" srcset=\"https:\/\/echansonneriedespapes.com\/wp-content\/uploads\/2020\/12\/Gaspard-PROUST.jpg 1772w, https:\/\/echansonneriedespapes.com\/wp-content\/uploads\/2020\/12\/Gaspard-PROUST-300x200.jpg 300w, https:\/\/echansonneriedespapes.com\/wp-content\/uploads\/2020\/12\/Gaspard-PROUST-1024x684.jpg 1024w, https:\/\/echansonneriedespapes.com\/wp-content\/uploads\/2020\/12\/Gaspard-PROUST-768x513.jpg 768w, https:\/\/echansonneriedespapes.com\/wp-content\/uploads\/2020\/12\/Gaspard-PROUST-1536x1025.jpg 1536w, https:\/\/echansonneriedespapes.com\/wp-content\/uploads\/2020\/12\/Gaspard-PROUST-1618x1080.jpg 1618w\" sizes=\"(max-width: 1772px) 100vw, 1772px\" \/><\/figure><div class=\"elementor-image-box-content\"><h3 class=\"elementor-image-box-title\">Gaspard PROUST<\/h3><p class=\"elementor-image-box-description\">Acteur et Humoriste Slov\u00e9no-Suisse<\/p><\/div><\/div>\t\t<\/div>\n\t\t\t\t<\/div>\n\t\t\t\t\t<\/div>\n\t\t<\/div>\n\t\t\t\t\t<\/div>\n\t\t<\/section>\n\t\t\t\t<section class=\"elementor-section elementor-top-section elementor-element elementor-element-3a8aab81 elementor-section-boxed elementor-section-height-default elementor-section-height-default\" data-id=\"3a8aab81\" data-element_type=\"section\">\n\t\t\t\t\t\t<div class=\"elementor-container elementor-column-gap-default\">\n\t\t\t\t\t<div class=\"elementor-column elementor-col-100 elementor-top-column elementor-element elementor-element-682c59ce\" data-id=\"682c59ce\" data-element_type=\"column\">\n\t\t\t<div class=\"elementor-widget-wrap elementor-element-populated\">\n\t\t\t\t\t\t<div class=\"elementor-element elementor-element-6a67969d elementor-widget elementor-widget-text-editor\" data-id=\"6a67969d\" data-element_type=\"widget\" data-widget_type=\"text-editor.default\">\n\t\t\t\t<div class=\"elementor-widget-container\">\n\t\t\t\t\t\t\t<p style=\"text-align: center;\"><span style=\"color: #000000;\">Edouard LOUBET<br \/><em>Chef de cuisine<\/em><\/span><\/p><p style=\"text-align: center;\"><span style=\"color: #000000;\">Philippe VILLENEUVE<br \/><\/span><em><span style=\"color: #000000;\">Architecte en Chef des Monuments Historiques<\/span><\/em><\/p><p style=\"text-align: center;\"><span style=\"color: #000000;\">Birte JANTZEN<br \/><em>Journaliste ind\u00e9pendante, Critique vin Bettane &amp; Desseauve, Conf\u00e9renci\u00e8re<\/em><\/span><\/p><p style=\"text-align: center;\"><span style=\"color: #000000;\">Julius BALTAZAR<br \/><\/span><em><span style=\"color: #000000;\">Peintre, graveur, graphiste, lithographe, illustrateur<\/span><\/em><\/p><p style=\"text-align: center;\"><span style=\"color: #000000;\">Raimonds TOMSONS<br \/><em>Meilleur sommelier d&rsquo;Europe en 2017 et 3\u00e8me meilleur sommelier du Monde en 2019<\/em><\/span><\/p><p style=\"text-align: center;\"><span style=\"color: #000000;\">Gilles PELLEGRINI<br \/><\/span><em><span style=\"color: #000000;\">Chef d&rsquo;orchestre, trompettiste soliste, auteur, compositeur, \u00e9diteur<\/span><\/em><\/p><p style=\"text-align: center;\"><span style=\"color: #000000;\">Jamie D. McCOURT<br \/><em>Ambassadeur des \u00c9tats-Unis d&rsquo;Am\u00e9rique en France et \u00e0 Monaco<\/em><\/span><\/p><p style=\"text-align: center;\"><span style=\"color: #000000;\">Hubert AURIOL<br \/><\/span><em><span style=\"color: #000000;\">Pilote de moto, triple vainqueur du Paris-Dakar auto\/moto, animateur de t\u00e9l\u00e9vision<\/span><\/em><\/p><p style=\"text-align: center;\"><span style=\"color: #000000;\">Nathalie SIMON<br \/><em>Sportive fran\u00e7aise devenue animatrice de t\u00e9l\u00e9vision et de radio<\/em><\/span><\/p><p style=\"text-align: center;\"><span style=\"color: #000000;\">Fabrice GUY<br \/><\/span><em><span style=\"color: #000000;\">Sportif de haut niveau, champion olympique de combin\u00e9 nordique<\/span><\/em><\/p><p style=\"text-align: center;\"><span style=\"color: #000000;\">\u00c9ric CARRI\u00c8RE<br \/><em>Footballeur international fran\u00e7ais et chroniqueur sportif<\/em><\/span><\/p><p style=\"text-align: center;\"><span style=\"color: #000000;\">Subhash ARORA<br \/><\/span><em><span style=\"color: #000000;\">Wine guy india, fondateur de l&rsquo;Indian Wine Day et pr\u00e9sident de l&rsquo;Indian Wine Academy<\/span><\/em><\/p><p style=\"text-align: center;\"><span style=\"color: #000000;\">Patrick TIMSIT<br \/><em>Acteur, r\u00e9alisateur et humoriste fran\u00e7ais<\/em><\/span><\/p><p style=\"text-align: center;\"><span style=\"color: #000000;\">Vincent PARISI<br \/><\/span><em><span style=\"color: #000000;\">Champion du Monde de ju-jitsu combat, consultant sportif et chroniqueur<\/span><\/em><\/p><p style=\"text-align: center;\"><span style=\"color: #000000;\">Muriel HURTIS<br \/><em>Athl\u00e8te fran\u00e7aise sp\u00e9cialiste du sprint, championne du Monde du relais 4\u00d7100 m\u00e8tres en 2003<\/em><\/span><\/p><p style=\"text-align: center;\"><span style=\"color: #000000;\">Jacques GLENAT<br \/><\/span><em><span style=\"color: #000000;\">\u00c9diteur fran\u00e7ais, fondateur de la maison d&rsquo;\u00e9dition Gl\u00e9nat<\/span><\/em><\/p><p style=\"text-align: center;\"><span style=\"color: #000000;\">Christophe CASTANER<br \/><em>Homme politique fran\u00e7ais<\/em><\/span><\/p><p style=\"text-align: center;\"><span style=\"color: #000000;\">Arnaud NOURRY<br \/><\/span><em><span style=\"color: #000000;\">Pr\u00e9sident directeur g\u00e9n\u00e9ral d&rsquo;Hachette livre et de Lagard\u00e8re Publishing<\/span><\/em><\/p><p style=\"text-align: center;\"><span style=\"color: #000000;\">Bernard NEVEU<br \/><em>Chef sommelier de l&rsquo;h\u00f4tel le Bristol \u00e0 Paris<\/em><\/span><\/p><p style=\"text-align: center;\"><span style=\"color: #000000;\">Dominique MILARDI<br \/><\/span><em><span style=\"color: #000000;\">Ma\u00eetre et chef sommelier \u00e0 Monaco<\/span><\/em><\/p><p style=\"text-align: center;\"><span style=\"color: #000000;\">Olivier DOMIN<br \/><em>Artiste peintre surnom\u00e9 OLLL<\/em><\/span><\/p><p style=\"text-align: center;\"><span style=\"color: #000000;\">Sebastian PEREZ<br \/><\/span><em><span style=\"color: #000000;\">Journaliste<\/span><\/em><\/p><p style=\"text-align: center;\"><span style=\"color: #000000;\">R\u00e9my MARTIN<br \/><em>Joueur international de rugby<\/em><\/span><\/p><p style=\"text-align: center;\"><span style=\"color: #000000;\">Cyril FRESSAC<br \/><\/span><em><span style=\"color: #000000;\">Chef cuisinier fran\u00e7ais<\/span><\/em><\/p><p style=\"text-align: center;\"><span style=\"color: #000000;\">Arnaud FAYE<br \/><em>Chef cuisinier fran\u00e7ais, restaurant la Ch\u00e8vre d&rsquo;Or, 2 \u00e9toiles au guide Michelin<\/em><\/span><\/p><p style=\"text-align: center;\"><span style=\"color: #000000;\">Sma\u00efn FAIROUZE<br \/><\/span><em><span style=\"color: #000000;\">Acteur et humoriste fran\u00e7ais<\/span><\/em><\/p><p style=\"text-align: center;\"><span style=\"color: #000000;\">Jannie du PLESSIS<br \/><em>Joueur international de rugby, membre de l&rsquo;\u00e9quipe de rugby de Montpellier<\/em><\/span><\/p><p style=\"text-align: center;\"><span style=\"color: #000000;\">Bismarck du PLESSIS<br \/><\/span><em><span style=\"color: #000000;\">Joueur international de rugby, membre de l&rsquo;\u00e9quipe de rugby de Montpellier<\/span><\/em><\/p><p style=\"text-align: center;\"><span style=\"color: #000000;\">G\u00e9rald DAHAN<br \/><em>Humoriste, imitateur, animateur de radio et acteur fran\u00e7ais<\/em><\/span><\/p><p style=\"text-align: center;\"><span style=\"color: #000000;\">S.A.S. le Prince Albert II<br \/><\/span><em><span style=\"color: #000000;\">Prince de Monaco<\/span><\/em><\/p><p style=\"text-align: center;\"><span style=\"color: #000000;\">Mika H\u00c4KKINEN<br \/><em>Pilote de formule 1,\u00a0champion du Monde en 1998 et 1999<\/em><\/span><\/p><p style=\"text-align: center;\"><span style=\"color: #000000;\">Fabrice SOMMIER<br \/><\/span><em><span style=\"color: #000000;\">Sommelier, meilleur ouvrier de France en sommellerie en 2007<\/span><\/em><\/p><p style=\"text-align: center;\"><span style=\"color: #000000;\">G\u00e9rald PASSEDAT<br \/><em>Chef cuisinier fran\u00e7ais<\/em><\/span><\/p><p style=\"text-align: center;\"><span style=\"color: #000000;\">Julia SCAVO<br \/><\/span><em><span style=\"color: #000000;\">Meilleur sommelier de roumanie en 2018, 3\u00e8me meilleur sommelier d&rsquo;europe en 2017 et 5\u00e8me meilleur sommelier du Monde en 2013<\/span><\/em><\/p><p style=\"text-align: center;\"><span style=\"color: #000000;\">Rudy RICCIOTTI<br \/><em>Architecte fran\u00e7ais, laur\u00e9at du grand prix national de l&rsquo;architecture en 2006<\/em><\/span><\/p><p style=\"text-align: center;\"><span style=\"color: #000000;\">Ari VATANEN<br \/><\/span><em><span style=\"color: #000000;\">Champion du Monde des rallyes et vainqueur du Paris-Dakar<\/span><\/em><\/p><p style=\"text-align: center;\"><span style=\"color: #000000;\">Andrew SHERIDAN<br \/><em>Joueur de rugby \u00e0 XV anglais<\/em><\/span><\/p><p style=\"text-align: center;\"><span style=\"color: #000000;\">Sandy SCORDO<br \/><\/span><em><span style=\"color: #000000;\">Karat\u00e9ka fran\u00e7aise, sp\u00e9cialiste du kata, plusieurs fois m\u00e9daill\u00e9e<\/span><\/em><\/p><p style=\"text-align: center;\"><span style=\"color: #000000;\">Thierry DESSEAUVE<br \/><em>Co-fondateur du guide\u00a0Bettane\u00a0+\u00a0Desseauve8<\/em><\/span><\/p><p style=\"text-align: center;\"><span style=\"color: #000000;\">Antoine PETRUS<br \/><\/span><span style=\"color: #000000;\"><em>Meilleur ouvrier de France sommellerie en 2011 et meilleur ouvrier de France ma\u00eetre d&rsquo;h\u00f4tel et arts de la table en 2018<\/em><\/span><\/p><p style=\"text-align: center;\"><span style=\"color: #000000;\">Michel BETTANE<br \/><em>Co-fondateur du guide\u00a0Bettane\u00a0+\u00a0Desseauve<\/em><\/span><\/p><p style=\"text-align: center;\"><span style=\"color: #000000;\">Michel TROISGROS<br \/><\/span><em><span style=\"color: #000000;\">Chef cuisinier fran\u00e7ais<\/span><\/em><\/p><p style=\"text-align: center;\"><span style=\"color: #000000;\">Gaspard PROUST<br \/><em>Acteur et humoriste slov\u00e9no-suisse<\/em><\/span><\/p><p style=\"text-align: center;\"><span style=\"color: #000000;\">Kumiko GOTO<br \/><\/span><em><span style=\"color: #000000;\">Actrice et chanteuse japonaise<\/span><\/em><\/p><p style=\"text-align: center;\"><span style=\"color: #000000;\">Jean ALESI<br \/><em>Pilote automobile fran\u00e7ais<\/em><\/span><\/p><p style=\"text-align: center;\"><span style=\"color: #000000;\">Christian PRUDHOMME<br \/><\/span><em><span style=\"color: #000000;\">Directeur du tour de France et ancien journaliste sportif<\/span><\/em><\/p><p style=\"text-align: center;\"><span style=\"color: #000000;\">Bernard HINAULT<br \/><em>Coureur cycliste fran\u00e7ais, plusieurs fois vainqueur du Tour de France<\/em><\/span><\/p><p style=\"text-align: center;\"><span style=\"color: #000000;\">Gilbert DUCLOS LASSALE<br \/><\/span><em><span style=\"color: #000000;\">Coureur cycliste fran\u00e7ais, vainqueur notamment du Paris-Roubaix et du Paris-Nice<\/span><\/em><\/p><p style=\"text-align: center;\"><span style=\"color: #000000;\">Catherine VELLE<br \/><em>Romanci\u00e8re<\/em><\/span><\/p><p style=\"text-align: center;\"><span style=\"color: #000000;\">Cyril LIGNAC<br \/><\/span><em><span style=\"color: #000000;\">Chef cuisinier fran\u00e7ais et animateur de t\u00e9l\u00e9vision<\/span><\/em><\/p><p style=\"text-align: center;\"><span style=\"color: #000000;\">Vincent FERNIOT<br \/><em>Journaliste gastronomique, com\u00e9dien, musicien et pr\u00e9sentateur de Midi en France sur France 3<\/em><\/span><\/p><p style=\"text-align: center;\"><span style=\"color: #000000;\">Jean-Marie COLOMBANI<br \/><\/span><em><span style=\"color: #000000;\">Journaliste et essayiste fran\u00e7ais, cofondateur et directeur de publication du magazine en ligne slate.fr<\/span><\/em><\/p><p style=\"text-align: center;\"><span style=\"color: #000000;\">Benoit CARANOBE<br \/><em>Gymnaste fran\u00e7ais m\u00e9daill\u00e9 aux Jeux Olympiques<\/em><\/span><\/p><p style=\"text-align: center;\"><span style=\"color: #000000;\">Laurent AIELLO<br \/><\/span><em><span style=\"color: #000000;\">Pilote de course fran\u00e7ais<\/span><\/em><\/p><p style=\"text-align: center;\"><span style=\"color: #000000;\">St\u00e9phane DIAGANA<br \/><em>Athl\u00e8te fran\u00e7ais, sp\u00e9cialiste du 400 m\u00e8tres haies, premier champion du Monde d&rsquo;athl\u00e9tisme masculin fran\u00e7ais<\/em><\/span><\/p><p style=\"text-align: center;\"><span style=\"color: #000000;\">Lambert WILSON<br \/><\/span><em><span style=\"color: #000000;\">Acteur, metteur en sc\u00e8ne et chanteur fran\u00e7ais<\/span><\/em><\/p><p style=\"text-align: center;\"><span style=\"color: #000000;\">Philippe ETCHEBEST<br \/><\/span><em><span style=\"color: #000000;\">Chef cuisinier et un animateur de t\u00e9l\u00e9vision fran\u00e7ais<\/span><\/em><\/p><p style=\"text-align: center;\"><span style=\"color: #000000;\">Richard DACOURY<br \/><\/span><em><span style=\"color: #000000;\">Joueur fran\u00e7ais de basket-ball. Il est parmi les sportifs fran\u00e7ais les plus titr\u00e9s avec quatre coupes d&rsquo;europe, dont la coupe des clubs champions en 1993<\/span><\/em><\/p><p style=\"text-align: center;\"><span style=\"color: #000000;\">Jo MASO<br \/><em>Joueur fran\u00e7ais de rugby \u00e0 XV et \u00e0 XIII puis entra\u00eeneur<\/em><\/span><\/p><p style=\"text-align: center;\"><span style=\"color: #000000;\">Andreas LARSSON<br \/><\/span><em><span style=\"color: #000000;\">Sommelier su\u00e9dois, meilleur sommelier du Monde en 2007<\/span><\/em><\/p><p style=\"text-align: center;\"><span style=\"color: #000000;\">St\u00e9phane HEAUME<br \/><em>Romancier fran\u00e7ais<\/em><\/span><\/p><p style=\"text-align: center;\"><span style=\"color: #000000;\">Walter WELLS<br \/><\/span><em><span style=\"color: #000000;\">Journaliste et r\u00e9dacteur en chef \u00e0 l&rsquo;International Herald Tribune de 1980 \u00e0 2005<\/span><\/em><\/p><p style=\"text-align: center;\"><span style=\"color: #000000;\">Patricia WELLS<br \/><em>Auteur de livres culinaires, journaliste, critique culinaire et professeur de cuisine<\/em><\/span><\/p><p style=\"text-align: center;\"><span style=\"color: #000000;\">Laurent POURCEL<br \/><\/span><em><span style=\"color: #000000;\">Chef cuisinier et fondateur du restaurant le Jardin des Sens \u00e0 Montpellier<\/span><\/em><\/p><p style=\"text-align: center;\"><span style=\"color: #000000;\">Jacques POURCEL<br \/><em>Chef cuisinier et fondateur du restaurant le Jardin des Sens \u00e0 Montpellier<\/em><\/span><\/p><p style=\"text-align: center;\"><span style=\"color: #000000;\">St\u00e9phane K\u00c9LOGLANIAN<br \/><\/span><em><span style=\"color: #000000;\">Fondateur de la marque de chaussure de luxe St\u00e9phane K\u00e9lian<\/span><\/em><\/p><p style=\"text-align: center;\"><span style=\"color: #000000;\">St\u00e9phane DUFRAISSE<br \/><em>Artiste peintre avignonais<\/em><\/span><\/p><p style=\"text-align: center;\"><span style=\"color: #000000;\">Barbara HENDRICKS<br \/><\/span><em><span style=\"color: #000000;\">Cantatrice<\/span><\/em><\/p><p style=\"text-align: center;\"><span style=\"color: #000000;\">Dominique LAPORTE<br \/><em>Meilleur sommelier de France, meileur ouvrier de France<\/em><\/span><\/p><p style=\"text-align: center;\"><span style=\"color: #000000;\">Jerry YANG<br \/><\/span><em><span style=\"color: #000000;\">Cofondateur de Yahoo<\/span><\/em><\/p><p style=\"text-align: center;\"><span style=\"color: #000000;\">Anne-Sophie PIC<br \/><em>Chef cuisini\u00e8re et ma\u00eetre restauratrice, fondatrice du restaurant gastronomique la Maison Pic \u00e0 Valence<\/em><\/span><\/p><p style=\"text-align: center;\"><span style=\"color: #000000;\">Hugues AUFRAY<br \/><\/span><em><span style=\"color: #000000;\">Auteur-compositeur-interpr\u00e8te, guitariste et sculpteur fran\u00e7ais<\/span><\/em><\/p><p style=\"text-align: center;\"><span style=\"color: #000000;\">Chantal MAUDUIT<br \/><em>Alpiniste fran\u00e7aise, notamment connue pour avoir atteint six sommets de plus de 8 000 m\u00e8tres sans apport d&rsquo;oxyg\u00e8ne<\/em><\/span><\/p><p style=\"text-align: center;\"><span style=\"color: #000000;\">V\u00e9ronique SANSON<br \/><\/span><em><span style=\"color: #000000;\">Auteure-compositrice-interpr\u00e8te et pianiste fran\u00e7aise<\/span><\/em><\/p><p style=\"text-align: center;\"><span style=\"color: #000000;\">Pierre PALMADE<br \/><em>Humoriste et acteur fran\u00e7ais<\/em><\/span><\/p><p style=\"text-align: center;\"><span style=\"color: #000000;\">Patrick CHENE<br \/><\/span><em><span style=\"color: #000000;\">Journaliste fran\u00e7ais, commentateur du Tour de France de 1989 \u00e0 2000<\/span><\/em><\/p><p style=\"text-align: center;\"><span style=\"color: #000000;\">Jean-Jacques VANIER<br \/><em>Acteur et humoriste fran\u00e7ais<\/em><\/span><\/p><p style=\"text-align: center;\"><span style=\"color: #000000;\">Val\u00e9rie DUCHATEAU<br \/><\/span><em><span style=\"color: #000000;\">Guitariste classique et fingerstyle, \u00e9ditrice magazines de guitare, \u00e0 compos\u00e9 14 albums et assur\u00e9 plus de 1000 concerts et vendu plusieurs millions de titres<\/span><\/em><\/p><p style=\"text-align: center;\"><span style=\"color: #000000;\">Eric CHARDEN<br \/><em>Auteur-compositeur et chanteur fran\u00e7ais<\/em><\/span><\/p><p style=\"text-align: center;\"><span style=\"color: #000000;\">Guy TREJAN<br \/><\/span><em><span style=\"color: #000000;\">Acteur fran\u00e7ais<\/span><\/em><\/p><p style=\"text-align: center;\"><span style=\"color: #000000;\">Jean-Marc THIBAULT<br \/><em>Acteur, r\u00e9alisateur et sc\u00e9nariste fran\u00e7ais<\/em><\/span><\/p><p style=\"text-align: center;\"><span style=\"color: #000000;\">Daniel PREVOST<br \/><\/span><em><span style=\"color: #000000;\">Com\u00e9dien et humoriste fran\u00e7ais<\/span><\/em><\/p><p style=\"text-align: center;\"><span style=\"color: #000000;\">Mimie MATHY<br \/><em>Humoriste et actrice fran\u00e7aise<\/em><\/span><\/p><p style=\"text-align: center;\"><span style=\"color: #000000;\">Christian BRENDEL<br \/><\/span><em><span style=\"color: #000000;\">Acteur fran\u00e7ais<\/span><\/em><\/p><p style=\"text-align: center;\"><span style=\"color: #000000;\">Fran\u00e7ois VELLE<br \/><em>Sc\u00e9nariste et r\u00e9alisateur fran\u00e7ais<\/em><\/span><\/p><p style=\"text-align: center;\"><span style=\"color: #000000;\">Jean-Claude CHERMANN<br \/><\/span><em><span style=\"color: #000000;\">Chercheur fran\u00e7ais en virologie<\/span><\/em><\/p><p style=\"text-align: center;\"><span style=\"color: #000000;\">Philippe de BROCA<br \/><em>R\u00e9alisateur, sc\u00e9nariste, acteur fran\u00e7ais<\/em><\/span><\/p><p style=\"text-align: center;\"><span style=\"color: #000000;\">Philippe ETCHEBEST<br \/><\/span><em><span style=\"color: #000000;\">Chef cuisinier et animateur de t\u00e9l\u00e9vision<\/span><\/em><\/p><p style=\"text-align: center;\"><span style=\"color: #000000;\">Brigitte FOSSEY<br \/><em>Actrice fran\u00e7aise<\/em><\/span><\/p><p style=\"text-align: center;\"><span style=\"color: #000000;\">Fran\u00e7ois-Henri de VIRIEU<br \/><\/span><em><span style=\"color: #000000;\">Journaliste fran\u00e7ais<\/span><\/em><\/p><p style=\"text-align: center;\"><span style=\"color: #000000;\">Jean VERAME<br \/><em>Artiste peintre<\/em><\/span><\/p><p style=\"text-align: center;\"><span style=\"color: #000000;\">Pierre MAZEAUD<br \/><\/span><em><span style=\"color: #000000;\">Juriste, homme politique et alpiniste fran\u00e7ais. Il dirigea la premi\u00e8re exp\u00e9dition fran\u00e7aise qui r\u00e9ussit \u00e0 gravir l&rsquo;Everest en 1978. Pr\u00e9sident du Conseil Constitutionnel jusqu&rsquo;en 2007<\/span><\/em><\/p><p style=\"text-align: center;\"><span style=\"color: #000000;\">Angelo BRANDUARDI<br \/><em>Auteur-compositeur-interpr\u00e8te italien<\/em><\/span><\/p><p style=\"text-align: center;\"><span style=\"color: #000000;\">Patrick BAUDRY<br \/><\/span><em><span style=\"color: #000000;\">Deuxi\u00e8me spationaute fran\u00e7ais<\/span><\/em><\/p><p style=\"text-align: center;\"><span style=\"color: #000000;\">Michel le ROYER<br \/><em>Acteur fran\u00e7ais<\/em><\/span><\/p><p style=\"text-align: center;\"><span style=\"color: #000000;\">Mauricette COLAVITO<br \/><\/span><em><span style=\"color: #000000;\">Ancienne tireur sportif fran\u00e7aise. Elle est la plus titr\u00e9e des tireurs fran\u00e7aises, gr\u00e2ce \u00e0 sa discipline de ball-trap sur fosse olympique et universelle et am\u00e9ricaine<\/span><\/em><\/p><p style=\"text-align: center;\"><span style=\"color: #000000;\">Jean-Pierre DARRAS<br \/><em>Acteur et metteur en sc\u00e8ne de th\u00e9\u00e2tre fran\u00e7ais<\/em><\/span><\/p><p style=\"text-align: center;\"><span style=\"color: #000000;\">Annie FAMOSE BREMOND<br \/><\/span><em><span style=\"color: #000000;\">Skieuse alpine fran\u00e7aise plusieurs fois m\u00e9daill\u00e9e<\/span><\/em><\/p><p style=\"text-align: center;\"><span style=\"color: #000000;\">Pierre DOUGLAS<br \/><em>Journaliste, chansonnier et acteur fran\u00e7ais<\/em><\/span><\/p><p style=\"text-align: center;\"><span style=\"color: #000000;\">Lambert WILSON<br \/><\/span><em><span style=\"color: #000000;\">Acteur, metteur en sc\u00e8ne et chanteur fran\u00e7ais<\/span><\/em><\/p><p style=\"text-align: center;\"><span style=\"color: #000000;\">Juliette MILLS<br \/><em>Actrice et peintre fran\u00e7aise<\/em><\/span><\/p><p style=\"text-align: center;\"><span style=\"color: #000000;\">Jean FERNIOT<br \/><\/span><em><span style=\"color: #000000;\">Journaliste et \u00e9crivain fran\u00e7ais<\/span><\/em><\/p><p style=\"text-align: center;\"><span style=\"color: #000000;\">Marie-Paule BELLE<br \/><em>Chanteuse et pianiste fran\u00e7aise<\/em><\/span><\/p><p style=\"text-align: center;\"><span style=\"color: #000000;\">Laurence BADIE<br \/><\/span><em><span style=\"color: #000000;\">Actrice fran\u00e7aise<\/span><\/em><\/p><p style=\"text-align: center;\"><span style=\"color: #000000;\">Philippe FAURE-BRAC<br \/><em>Meilleur sommelier du Monde 1992 \u00e0 RIo de Janeiro. Il est pr\u00e9sident de l&rsquo;Union de la Sommellerie Fran\u00e7aise depuis 2016<\/em><\/span><\/p><p style=\"text-align: center;\"><span style=\"color: #000000;\">Jean-Luc POUTEAU<br \/><\/span><em><span style=\"color: #000000;\">Meilleur sommelier du Monde en 1983<\/span><\/em><\/p><p style=\"text-align: center;\"><span style=\"color: #000000;\">Raymond KOPA<br \/><em>Footballeur international fran\u00e7ais<\/em><\/span><\/p><p style=\"text-align: center;\"><span style=\"color: #000000;\">Jacques MAILHOT<br \/><\/span><em><span style=\"color: #000000;\">Chansonnier, homme de radio et journaliste fran\u00e7ais<\/span><\/em><\/p><p style=\"text-align: center;\"><span style=\"color: #000000;\">Georges DESCRIERES<br \/><em>Acteur fran\u00e7ais<\/em><\/span><\/p><p style=\"text-align: center;\"><span style=\"color: #000000;\">Maurice HORGUES<br \/><\/span><em><span style=\"color: #000000;\">Chansonnier fran\u00e7ais<\/span><\/em><\/p><p style=\"text-align: center;\"><span style=\"color: #000000;\">Lionel POIL\u00c2NE<br \/><em>Boulanger fran\u00e7ais de renomm\u00e9e internationale<\/em><\/span><\/p><p style=\"text-align: center;\"><span style=\"color: #000000;\">Georges MATHIEU<br \/><\/span><em><span style=\"color: #000000;\">Peintre fran\u00e7ais consid\u00e9r\u00e9 comme un des p\u00e8res de l&rsquo;abstraction lyrique<\/span><\/em><\/p><p style=\"text-align: center;\"><span style=\"color: #000000;\">Andr\u00e9a FERREOL<br \/><em>Actrice fran\u00e7aise<\/em><\/span><\/p><p style=\"text-align: center;\"><span style=\"color: #000000;\">Daniel GUICHARD<br \/><\/span><em><span style=\"color: #000000;\">Auteur-compositeur-interpr\u00e8te et producteur fran\u00e7ais<\/span><\/em><\/p><p style=\"text-align: center;\"><span style=\"color: #000000;\">Michelle COTTA<br \/><em>Journaliste et \u00e9crivain fran\u00e7aise<\/em><\/span><\/p><p style=\"text-align: center;\"><span style=\"color: #000000;\">Michel de SAINT PIERRE<br \/><\/span><em><span style=\"color: #000000;\">Ecrivain et journaliste fran\u00e7ais<\/span><\/em><\/p><p style=\"text-align: center;\"><span style=\"color: #000000;\">Patrick TOPALOFF<br \/><em>Animateur, acteur et chanteur fran\u00e7ais<\/em><\/span><\/p><p style=\"text-align: center;\"><span style=\"color: #000000;\">Alain POHER<br \/><\/span><em><span style=\"color: #000000;\">Homme d&rsquo;\u00e9tat fran\u00e7ais<\/span><\/em><\/p><p style=\"text-align: center;\"><span style=\"color: #000000;\">Maria MONTSERRAT CABALL\u00c9<br \/><em>Cantatrice espagnole<\/em><\/span><\/p><p style=\"text-align: center;\"><span style=\"color: #000000;\">Henri FLAMMARION<br \/><\/span><em><span style=\"color: #000000;\">\u00c9diteur fran\u00e7ais, dirigea la maison d&rsquo;\u00e9dition Flammarion<\/span><\/em><\/p><p style=\"text-align: center;\"><span style=\"color: #000000;\">Yves BRAYER<br \/><em>Peintre, graveur, illustrateur et d\u00e9corateur de th\u00e9\u00e2tre fran\u00e7ais <\/em><\/span><\/p><p style=\"text-align: center;\"><span style=\"color: #000000;\">Mireille MATHIEU<br \/><\/span><em><span style=\"color: #000000;\">Chanteuse fran\u00e7aise de vari\u00e9t\u00e9s <\/span><\/em><\/p><p style=\"text-align: center;\"><span style=\"color: #000000;\">Jean-Paul ROULAND<br \/><em>Homme de radio, de t\u00e9l\u00e9vision, \u00e9crivain, auteur dramatique et peintre fran\u00e7ais<\/em><\/span><\/p><p style=\"text-align: center;\"><span style=\"color: #000000;\">Pierre BELLEMARE<br \/><\/span><em><span style=\"color: #000000;\">\u00c9crivain, homme de radio, chanteur, conteur, animateur et producteur de t\u00e9l\u00e9vision fran\u00e7ais<\/span><\/em><\/p><p style=\"text-align: center;\"><span style=\"color: #000000;\">Alexandre DE PARIS<br \/><em>Ma\u00eetre-coiffeur, Alexandre de Paris, de son vrai Louis Alexandre Raimon, l&rsquo;un des fondateurs de la \u00ab\u00a0Haute Coiffure\u00a0\u00bb<\/em><\/span><\/p><p style=\"text-align: center;\"><span style=\"color: #000000;\">Jean-Pierre FOUCAULT<br \/><\/span><em><span style=\"color: #000000;\">Animateur de radio et de t\u00e9l\u00e9vision fran\u00e7ais<\/span><\/em><\/p><p style=\"text-align: center;\"><span style=\"color: #000000;\">Yves SAINT MARTIN<br \/><em>Cavalier professionnel, consid\u00e9r\u00e9 comme le plus grand jockey fran\u00e7ais<\/em><\/span><\/p><p style=\"text-align: center;\"><span style=\"color: #000000;\">Eric TABARLY<br \/><\/span><em><span style=\"color: #000000;\">Navigateur fran\u00e7ais<\/span><\/em><\/p><p style=\"text-align: center;\"><span style=\"color: #000000;\">Haroun TAZIEFF<br \/><em>Ing\u00e9nieur agronome, ing\u00e9nieur g\u00e9ologue, ing\u00e9nieur des mines, volcanologue et \u00e9crivain de nationalit\u00e9 russe naturalis\u00e9 successivement belge puis fran\u00e7ais<\/em><\/span><\/p><p style=\"text-align: center;\"><span style=\"color: #000000;\">Jean LACOUTURE<br \/><\/span><em><span style=\"color: #000000;\">Journaliste et \u00e9crivain fran\u00e7ais<\/span><\/em><\/p><p style=\"text-align: center;\"><span style=\"color: #000000;\">Robert SABATIER<br \/><em>\u00c9crivain et po\u00e8te fran\u00e7ais<\/em><\/span><\/p><p style=\"text-align: center;\"><span style=\"color: #000000;\">Andr\u00e9 VRINAT<br \/><\/span><em><span style=\"color: #000000;\">Fondateur du restaurant gastronomique le Taillevent \u00e0 Paris<\/span><\/em><\/p><p style=\"text-align: center;\"><span style=\"color: #000000;\">Paul BOCUSE<br \/><em>Chef cuisinier fran\u00e7ais<\/em><\/span><\/p><p style=\"text-align: center;\"><span style=\"color: #000000;\">Jean TROISGROS<br \/><\/span><em><span style=\"color: #000000;\">Chef cuisinier fran\u00e7ais<\/span><\/em><\/p><p style=\"text-align: center;\"><span style=\"color: #000000;\">Claude ZIDI<br \/><em>R\u00e9alisateur, sc\u00e9nariste et producteur fran\u00e7ais<\/em><\/span><\/p><p style=\"text-align: center;\"><span style=\"color: #000000;\">G\u00e9rard RINALDI<br \/><\/span><em><span style=\"color: #000000;\">Acteur, chanteur, parolier et musicien fran\u00e7ais<\/span><\/em><\/p><p style=\"text-align: center;\"><span style=\"color: #000000;\">Louis VELLE<br \/><em>Acteur fran\u00e7ais<\/em><\/span><\/p><p style=\"text-align: center;\"><span style=\"color: #000000;\">Fr\u00e9d\u00e9rique H\u00c9BRARD<br \/><\/span><em><span style=\"color: #000000;\">Actrice et \u00e9crivaine fran\u00e7aise<\/span><\/em><\/p><p style=\"text-align: center;\"><span style=\"color: #000000;\">Raymond THUILLIER<br \/><em>Peintre et fondateur du restaurant gastronomique l&rsquo;Oustau de Baumani\u00e8re, aux Baux de Provence<\/em><\/span><\/p><p style=\"text-align: center;\"><span style=\"color: #000000;\">Maurice DRUON<br \/><\/span><em><span style=\"color: #000000;\">\u00c9crivain et homme politique fran\u00e7ais<\/span><\/em><\/p><p style=\"text-align: center;\"><span style=\"color: #000000;\">Pierre ANDROU\u00cbT<br \/><em>Cr\u00e9mier r\u00e9put\u00e9, chroniqueur et auteur de plusieurs ouvrages gastronomiques, longtemps dirigeant d&rsquo;une affaire familiale parisienne de renomm\u00e9e nationale, membre de l&rsquo;Institut Fran\u00e7ais du Go\u00fbt<\/em><\/span><\/p><p style=\"text-align: center;\"><span style=\"color: #000000;\">Jean-Marie SPANGHERO<br \/><\/span><em><span style=\"color: #000000;\">Joueur fran\u00e7ais de rugby \u00e0 XV<\/span><\/em><\/p><p style=\"text-align: center;\"><span style=\"color: #000000;\">Walter SPANGHERO<br \/><em>Joueur international fran\u00e7ais de rugby \u00e0 XV<\/em><\/span><\/p><p style=\"text-align: center;\"><span style=\"color: #000000;\">Emmanuel VITRIA<br \/><\/span><em><span style=\"color: #000000;\">Un des premiers hommes \u00e0 b\u00e9n\u00e9ficier d&rsquo;une transplantation cardiaque. Il d\u00e9tient pendant de nombreuses ann\u00e9es le record de long\u00e9vit\u00e9 avec 6 738 jours (18 ans 5 mois et 13 jours)<\/span><\/em><\/p><p style=\"text-align: center;\"><span style=\"color: #000000;\">Pierre JONQUERES D&rsquo;ORIOLA<br \/><em>Cavalier fran\u00e7ais le plus titr\u00e9 aux Jeux Olympiques, en saut d&rsquo;obstacles<\/em><\/span><\/p><p style=\"text-align: center;\"><span style=\"color: #000000;\">Marcel JULLIAN<br \/><\/span><em><span style=\"color: #000000;\">Dialoguiste, \u00e9crivain, r\u00e9alisateur sc\u00e9nariste et homme de t\u00e9l\u00e9vision fran\u00e7ais. Il fut l&rsquo;un des fondateurs de la chaine de t\u00e9l\u00e9vision antenne 2<\/span><\/em><\/p><p style=\"text-align: center;\"><span style=\"color: #000000;\">C\u00e9sar BALDACCINI<br \/><em>Sculpteur fran\u00e7ais<\/em><\/span><\/p><p style=\"text-align: center;\"><span style=\"color: #000000;\">Mario PRASSINOS<br \/><\/span><em><span style=\"color: #000000;\">Peintre non figuratif fran\u00e7ais d&rsquo;origine grecque de la nouvelle \u00e9cole de Paris<\/span><\/em><\/p><p style=\"text-align: center;\"><span style=\"color: #000000;\">Alain BOMBARD<br \/><em>Docteur en biologie humaine, connu pour sa travers\u00e9e en solitaire de l&rsquo;oc\u00e9an Atlantique \u00e0 bord d&rsquo;un canot pneumatique, d&rsquo;une dur\u00e9e de 65 jours, en 1952<\/em><\/span><\/p><p style=\"text-align: center;\"><span style=\"color: #000000;\">Bernard CLAVEL<br \/><\/span><em><span style=\"color: #000000;\">Ecrivain fran\u00e7ais principalement connu pour ses romans, mais qui s&rsquo;est aussi adonn\u00e9 \u00e0 l&rsquo;\u00e9criture d&rsquo;essais, de po\u00e8mes et de nombreux contes pour la jeunesse<\/span><\/em><\/p><p style=\"text-align: center;\"><span style=\"color: #000000;\">Raymond PEYNET<br \/><em>Dessinateur humoristique fran\u00e7ais<\/em><\/span><\/p><p style=\"text-align: center;\"><span style=\"color: #000000;\">Maurice TRINTIGNANT<br \/><\/span><em><span style=\"color: #000000;\">Pilote automobile fran\u00e7ais. Il est le premier fran\u00e7ais de l&rsquo;histoire de la formule 1 \u00e0 gagner un grand prix comptant pour le championnat du Monde<\/span><\/em><\/p><p style=\"text-align: center;\"><span style=\"color: #000000;\">Henri le ROY de BOISEAUMARIE<br \/><em>Premier Grand Echanson des Papes<\/em><\/span><\/p>\t\t\t\t\t\t<\/div>\n\t\t\t\t<\/div>\n\t\t\t\t<div class=\"elementor-element elementor-element-36cbb997 elementor-widget elementor-widget-spacer\" data-id=\"36cbb997\" data-element_type=\"widget\" data-widget_type=\"spacer.default\">\n\t\t\t\t<div class=\"elementor-widget-container\">\n\t\t\t\t\t<div class=\"elementor-spacer\">\n\t\t\t<div class=\"elementor-spacer-inner\"><\/div>\n\t\t<\/div>\n\t\t\t\t<\/div>\n\t\t\t\t<\/div>\n\t\t\t\t<div class=\"elementor-element elementor-element-1b014436 elementor-widget elementor-widget-text-editor\" data-id=\"1b014436\" data-element_type=\"widget\" data-widget_type=\"text-editor.default\">\n\t\t\t\t<div class=\"elementor-widget-container\">\n\t\t\t\t\t\t\t<p style=\"text-align: right;\"><em>Cr\u00e9dit photos : <a href=\"https:\/\/art-et-image.com\">Art &amp; Image<\/a>, Echansonnerie des Papes<\/em><\/p>\t\t\t\t\t\t<\/div>\n\t\t\t\t<\/div>\n\t\t\t\t\t<\/div>\n\t\t<\/div>\n\t\t\t\t\t<\/div>\n\t\t<\/section>\n\t\t\t\t<\/div>\n\t\t","protected":false},"excerpt":{"rendered":"<p>\u00e0 travers le temps Monsieur Andr\u00e9 COMTE-SPONVILLE Philosophe, PARIS Madame la Consule G\u00e9n\u00e9rale Kristen GRAUER Consul G\u00e9n\u00e9ral des Etats-Unis \u00e0 Marseille Monsieur Edouard LOUBET Chef de cuisine Madame Mathilde DOUDOUX Sportive de haut niveau en BMX Racing et polici\u00e8re adjointe \u00e0 la Police Nationale, SARRIANS Madame Astrid VAYSON de PRADENNE Golfeuse professionnelle, kin\u00e9sith\u00e9rapeute Monsieur Philippe&hellip; <br \/> <a class=\"read-more\" href=\"https:\/\/echansonneriedespapes.com\/index.php\/celebrites\/\">Lire la suite<\/a><\/p>\n","protected":false},"author":1,"featured_media":0,"parent":0,"menu_order":0,"comment_status":"closed","ping_status":"closed","template":"","meta":{"footnotes":""},"class_list":["post-347","page","type-page","status-publish","hentry"],"yoast_head":"<!-- This site is optimized with the Yoast SEO plugin v23.4 - https:\/\/yoast.com\/wordpress\/plugins\/seo\/ -->\n<title>C\u00e9l\u00e9brit\u00e9s - \u00c9chansonnerie des Papes<\/title>\n<meta name=\"robots\" content=\"index, follow, max-snippet:-1, max-image-preview:large, max-video-preview:-1\" \/>\n<link rel=\"canonical\" href=\"https:\/\/echansonneriedespapes.com\/index.php\/celebrites\/\" \/>\n<meta property=\"og:locale\" content=\"fr_FR\" \/>\n<meta property=\"og:type\" content=\"article\" \/>\n<meta property=\"og:title\" content=\"C\u00e9l\u00e9brit\u00e9s - \u00c9chansonnerie des Papes\" \/>\n<meta property=\"og:description\" content=\"\u00e0 travers le temps Monsieur Andr\u00e9 COMTE-SPONVILLE Philosophe, PARIS Madame la Consule G\u00e9n\u00e9rale Kristen GRAUER Consul G\u00e9n\u00e9ral des Etats-Unis \u00e0 Marseille Monsieur Edouard LOUBET Chef de cuisine Madame Mathilde DOUDOUX Sportive de haut niveau en BMX Racing et polici\u00e8re adjointe \u00e0 la Police Nationale, SARRIANS Madame Astrid VAYSON de PRADENNE Golfeuse professionnelle, kin\u00e9sith\u00e9rapeute Monsieur Philippe&hellip; Lire la suite\" \/>\n<meta property=\"og:url\" content=\"https:\/\/echansonneriedespapes.com\/index.php\/celebrites\/\" \/>\n<meta property=\"og:site_name\" content=\"\u00c9chansonnerie des Papes\" \/>\n<meta property=\"article:modified_time\" content=\"2025-09-12T14:00:30+00:00\" \/>\n<meta property=\"og:image\" content=\"https:\/\/echansonneriedespapes.com\/wp-content\/uploads\/2020\/06\/Fichier-1-150x150.png\" \/>\n<meta name=\"twitter:card\" content=\"summary_large_image\" \/>\n<meta name=\"twitter:label1\" content=\"Dur\u00e9e de lecture estim\u00e9e\" \/>\n\t<meta name=\"twitter:data1\" content=\"17 minutes\" \/>\n<script type=\"application\/ld+json\" class=\"yoast-schema-graph\">{\"@context\":\"https:\/\/schema.org\",\"@graph\":[{\"@type\":\"WebPage\",\"@id\":\"https:\/\/echansonneriedespapes.com\/index.php\/celebrites\/\",\"url\":\"https:\/\/echansonneriedespapes.com\/index.php\/celebrites\/\",\"name\":\"C\u00e9l\u00e9brit\u00e9s - \u00c9chansonnerie des Papes\",\"isPartOf\":{\"@id\":\"https:\/\/echansonneriedespapes.com\/#website\"},\"primaryImageOfPage\":{\"@id\":\"https:\/\/echansonneriedespapes.com\/index.php\/celebrites\/#primaryimage\"},\"image\":{\"@id\":\"https:\/\/echansonneriedespapes.com\/index.php\/celebrites\/#primaryimage\"},\"thumbnailUrl\":\"https:\/\/echansonneriedespapes.com\/wp-content\/uploads\/2020\/06\/Fichier-1-150x150.png\",\"datePublished\":\"2020-05-12T12:59:48+00:00\",\"dateModified\":\"2025-09-12T14:00:30+00:00\",\"breadcrumb\":{\"@id\":\"https:\/\/echansonneriedespapes.com\/index.php\/celebrites\/#breadcrumb\"},\"inLanguage\":\"fr-FR\",\"potentialAction\":[{\"@type\":\"ReadAction\",\"target\":[\"https:\/\/echansonneriedespapes.com\/index.php\/celebrites\/\"]}]},{\"@type\":\"ImageObject\",\"inLanguage\":\"fr-FR\",\"@id\":\"https:\/\/echansonneriedespapes.com\/index.php\/celebrites\/#primaryimage\",\"url\":\"https:\/\/echansonneriedespapes.com\/wp-content\/uploads\/2020\/06\/Fichier-1.png\",\"contentUrl\":\"https:\/\/echansonneriedespapes.com\/wp-content\/uploads\/2020\/06\/Fichier-1.png\",\"width\":350,\"height\":182},{\"@type\":\"BreadcrumbList\",\"@id\":\"https:\/\/echansonneriedespapes.com\/index.php\/celebrites\/#breadcrumb\",\"itemListElement\":[{\"@type\":\"ListItem\",\"position\":1,\"name\":\"Accueil\",\"item\":\"https:\/\/echansonneriedespapes.com\/\"},{\"@type\":\"ListItem\",\"position\":2,\"name\":\"C\u00e9l\u00e9brit\u00e9s\"}]},{\"@type\":\"WebSite\",\"@id\":\"https:\/\/echansonneriedespapes.com\/#website\",\"url\":\"https:\/\/echansonneriedespapes.com\/\",\"name\":\"\u00c9chansonnerie des Papes\",\"description\":\"La Confr\u00e9rie Bachique de Ch\u00e2teauneuf-du-Pape\",\"publisher\":{\"@id\":\"https:\/\/echansonneriedespapes.com\/#organization\"},\"potentialAction\":[{\"@type\":\"SearchAction\",\"target\":{\"@type\":\"EntryPoint\",\"urlTemplate\":\"https:\/\/echansonneriedespapes.com\/?s={search_term_string}\"},\"query-input\":{\"@type\":\"PropertyValueSpecification\",\"valueRequired\":true,\"valueName\":\"search_term_string\"}}],\"inLanguage\":\"fr-FR\"},{\"@type\":\"Organization\",\"@id\":\"https:\/\/echansonneriedespapes.com\/#organization\",\"name\":\"\u00c9chansonnerie des Papes\",\"url\":\"https:\/\/echansonneriedespapes.com\/\",\"logo\":{\"@type\":\"ImageObject\",\"inLanguage\":\"fr-FR\",\"@id\":\"https:\/\/echansonneriedespapes.com\/#\/schema\/logo\/image\/\",\"url\":\"https:\/\/echansonneriedespapes.com\/wp-content\/uploads\/2018\/08\/cropped-logo-echansonnerie-sans-fond-4.png\",\"contentUrl\":\"https:\/\/echansonneriedespapes.com\/wp-content\/uploads\/2018\/08\/cropped-logo-echansonnerie-sans-fond-4.png\",\"width\":508,\"height\":608,\"caption\":\"\u00c9chansonnerie des Papes\"},\"image\":{\"@id\":\"https:\/\/echansonneriedespapes.com\/#\/schema\/logo\/image\/\"}}]}<\/script>\n<!-- \/ Yoast SEO plugin. -->","yoast_head_json":{"title":"C\u00e9l\u00e9brit\u00e9s - \u00c9chansonnerie des Papes","robots":{"index":"index","follow":"follow","max-snippet":"max-snippet:-1","max-image-preview":"max-image-preview:large","max-video-preview":"max-video-preview:-1"},"canonical":"https:\/\/echansonneriedespapes.com\/index.php\/celebrites\/","og_locale":"fr_FR","og_type":"article","og_title":"C\u00e9l\u00e9brit\u00e9s - \u00c9chansonnerie des Papes","og_description":"\u00e0 travers le temps Monsieur Andr\u00e9 COMTE-SPONVILLE Philosophe, PARIS Madame la Consule G\u00e9n\u00e9rale Kristen GRAUER Consul G\u00e9n\u00e9ral des Etats-Unis \u00e0 Marseille Monsieur Edouard LOUBET Chef de cuisine Madame Mathilde DOUDOUX Sportive de haut niveau en BMX Racing et polici\u00e8re adjointe \u00e0 la Police Nationale, SARRIANS Madame Astrid VAYSON de PRADENNE Golfeuse professionnelle, kin\u00e9sith\u00e9rapeute Monsieur Philippe&hellip; Lire la suite","og_url":"https:\/\/echansonneriedespapes.com\/index.php\/celebrites\/","og_site_name":"\u00c9chansonnerie des Papes","article_modified_time":"2025-09-12T14:00:30+00:00","og_image":[{"url":"https:\/\/echansonneriedespapes.com\/wp-content\/uploads\/2020\/06\/Fichier-1-150x150.png"}],"twitter_card":"summary_large_image","twitter_misc":{"Dur\u00e9e de lecture estim\u00e9e":"17 minutes"},"schema":{"@context":"https:\/\/schema.org","@graph":[{"@type":"WebPage","@id":"https:\/\/echansonneriedespapes.com\/index.php\/celebrites\/","url":"https:\/\/echansonneriedespapes.com\/index.php\/celebrites\/","name":"C\u00e9l\u00e9brit\u00e9s - \u00c9chansonnerie des Papes","isPartOf":{"@id":"https:\/\/echansonneriedespapes.com\/#website"},"primaryImageOfPage":{"@id":"https:\/\/echansonneriedespapes.com\/index.php\/celebrites\/#primaryimage"},"image":{"@id":"https:\/\/echansonneriedespapes.com\/index.php\/celebrites\/#primaryimage"},"thumbnailUrl":"https:\/\/echansonneriedespapes.com\/wp-content\/uploads\/2020\/06\/Fichier-1-150x150.png","datePublished":"2020-05-12T12:59:48+00:00","dateModified":"2025-09-12T14:00:30+00:00","breadcrumb":{"@id":"https:\/\/echansonneriedespapes.com\/index.php\/celebrites\/#breadcrumb"},"inLanguage":"fr-FR","potentialAction":[{"@type":"ReadAction","target":["https:\/\/echansonneriedespapes.com\/index.php\/celebrites\/"]}]},{"@type":"ImageObject","inLanguage":"fr-FR","@id":"https:\/\/echansonneriedespapes.com\/index.php\/celebrites\/#primaryimage","url":"https:\/\/echansonneriedespapes.com\/wp-content\/uploads\/2020\/06\/Fichier-1.png","contentUrl":"https:\/\/echansonneriedespapes.com\/wp-content\/uploads\/2020\/06\/Fichier-1.png","width":350,"height":182},{"@type":"BreadcrumbList","@id":"https:\/\/echansonneriedespapes.com\/index.php\/celebrites\/#breadcrumb","itemListElement":[{"@type":"ListItem","position":1,"name":"Accueil","item":"https:\/\/echansonneriedespapes.com\/"},{"@type":"ListItem","position":2,"name":"C\u00e9l\u00e9brit\u00e9s"}]},{"@type":"WebSite","@id":"https:\/\/echansonneriedespapes.com\/#website","url":"https:\/\/echansonneriedespapes.com\/","name":"\u00c9chansonnerie des Papes","description":"La Confr\u00e9rie Bachique de Ch\u00e2teauneuf-du-Pape","publisher":{"@id":"https:\/\/echansonneriedespapes.com\/#organization"},"potentialAction":[{"@type":"SearchAction","target":{"@type":"EntryPoint","urlTemplate":"https:\/\/echansonneriedespapes.com\/?s={search_term_string}"},"query-input":{"@type":"PropertyValueSpecification","valueRequired":true,"valueName":"search_term_string"}}],"inLanguage":"fr-FR"},{"@type":"Organization","@id":"https:\/\/echansonneriedespapes.com\/#organization","name":"\u00c9chansonnerie des Papes","url":"https:\/\/echansonneriedespapes.com\/","logo":{"@type":"ImageObject","inLanguage":"fr-FR","@id":"https:\/\/echansonneriedespapes.com\/#\/schema\/logo\/image\/","url":"https:\/\/echansonneriedespapes.com\/wp-content\/uploads\/2018\/08\/cropped-logo-echansonnerie-sans-fond-4.png","contentUrl":"https:\/\/echansonneriedespapes.com\/wp-content\/uploads\/2018\/08\/cropped-logo-echansonnerie-sans-fond-4.png","width":508,"height":608,"caption":"\u00c9chansonnerie des Papes"},"image":{"@id":"https:\/\/echansonneriedespapes.com\/#\/schema\/logo\/image\/"}}]}},"jetpack_sharing_enabled":true,"_links":{"self":[{"href":"https:\/\/echansonneriedespapes.com\/index.php\/wp-json\/wp\/v2\/pages\/347"}],"collection":[{"href":"https:\/\/echansonneriedespapes.com\/index.php\/wp-json\/wp\/v2\/pages"}],"about":[{"href":"https:\/\/echansonneriedespapes.com\/index.php\/wp-json\/wp\/v2\/types\/page"}],"author":[{"embeddable":true,"href":"https:\/\/echansonneriedespapes.com\/index.php\/wp-json\/wp\/v2\/users\/1"}],"replies":[{"embeddable":true,"href":"https:\/\/echansonneriedespapes.com\/index.php\/wp-json\/wp\/v2\/comments?post=347"}],"version-history":[{"count":33,"href":"https:\/\/echansonneriedespapes.com\/index.php\/wp-json\/wp\/v2\/pages\/347\/revisions"}],"predecessor-version":[{"id":2133,"href":"https:\/\/echansonneriedespapes.com\/index.php\/wp-json\/wp\/v2\/pages\/347\/revisions\/2133"}],"wp:attachment":[{"href":"https:\/\/echansonneriedespapes.com\/index.php\/wp-json\/wp\/v2\/media?parent=347"}],"curies":[{"name":"wp","href":"https:\/\/api.w.org\/{rel}","templated":true}]}}