{"id":342,"date":"2020-05-12T14:58:41","date_gmt":"2020-05-12T12:58:41","guid":{"rendered":"https:\/\/echansonneriedespapes.com\/?page_id=342"},"modified":"2021-05-04T10:15:07","modified_gmt":"2021-05-04T08:15:07","slug":"histoire","status":"publish","type":"page","link":"https:\/\/echansonneriedespapes.com\/index.php\/histoire\/","title":{"rendered":"Histoire"},"content":{"rendered":"\t\t<div data-elementor-type=\"wp-page\" data-elementor-id=\"342\" class=\"elementor elementor-342\">\n\t\t\t\t\t\t<section class=\"elementor-section elementor-top-section elementor-element elementor-element-78e831fc elementor-section-height-full elementor-section-stretched elementor-section-full_width elementor-section-height-default elementor-section-items-middle\" data-id=\"78e831fc\" data-element_type=\"section\" data-settings=\"{&quot;background_background&quot;:&quot;classic&quot;,&quot;stretch_section&quot;:&quot;section-stretched&quot;}\">\n\t\t\t\t\t\t\t<div class=\"elementor-background-overlay\"><\/div>\n\t\t\t\t\t\t\t<div class=\"elementor-container elementor-column-gap-default\">\n\t\t\t\t\t<div class=\"elementor-column elementor-col-100 elementor-top-column elementor-element elementor-element-6d567e12\" data-id=\"6d567e12\" data-element_type=\"column\">\n\t\t\t<div class=\"elementor-widget-wrap elementor-element-populated\">\n\t\t\t\t\t\t<div class=\"elementor-element elementor-element-32a4c024 elementor-widget elementor-widget-heading\" data-id=\"32a4c024\" data-element_type=\"widget\" data-widget_type=\"heading.default\">\n\t\t\t\t<div class=\"elementor-widget-container\">\n\t\t\t<h5 class=\"elementor-heading-title elementor-size-medium\">- Depuis 1967 -<\/h5>\t\t<\/div>\n\t\t\t\t<\/div>\n\t\t\t\t<div class=\"elementor-element elementor-element-123f50f elementor-widget elementor-widget-spacer\" data-id=\"123f50f\" data-element_type=\"widget\" data-widget_type=\"spacer.default\">\n\t\t\t\t<div class=\"elementor-widget-container\">\n\t\t\t\t\t<div class=\"elementor-spacer\">\n\t\t\t<div class=\"elementor-spacer-inner\"><\/div>\n\t\t<\/div>\n\t\t\t\t<\/div>\n\t\t\t\t<\/div>\n\t\t\t\t<div class=\"elementor-element elementor-element-2c3e6e4 elementor-align-center elementor-widget elementor-widget-button\" data-id=\"2c3e6e4\" data-element_type=\"widget\" data-widget_type=\"button.default\">\n\t\t\t\t<div class=\"elementor-widget-container\">\n\t\t\t\t\t<div class=\"elementor-button-wrapper\">\n\t\t\t<a class=\"elementor-button elementor-button-link elementor-size-sm elementor-animation-grow\" href=\"https:\/\/echansonneriedespapes.com\/index.php\/chapitres\/\">\n\t\t\t\t\t\t<span class=\"elementor-button-content-wrapper\">\n\t\t\t\t\t\t<span class=\"elementor-button-icon\">\n\t\t\t\t<i aria-hidden=\"true\" class=\"fas fa-angle-right\"><\/i>\t\t\t<\/span>\n\t\t\t\t\t\t\t\t\t<span class=\"elementor-button-text\">Voir l'historique des Chapitres<\/span>\n\t\t\t\t\t<\/span>\n\t\t\t\t\t<\/a>\n\t\t<\/div>\n\t\t\t\t<\/div>\n\t\t\t\t<\/div>\n\t\t\t\t<section class=\"elementor-section elementor-inner-section elementor-element elementor-element-3a707001 elementor-section-boxed elementor-section-height-default elementor-section-height-default\" data-id=\"3a707001\" data-element_type=\"section\">\n\t\t\t\t\t\t<div class=\"elementor-container elementor-column-gap-wide\">\n\t\t\t\t\t<div class=\"elementor-column elementor-col-100 elementor-inner-column elementor-element elementor-element-15aa957\" data-id=\"15aa957\" data-element_type=\"column\">\n\t\t\t<div class=\"elementor-widget-wrap elementor-element-populated\">\n\t\t\t\t\t\t<div class=\"elementor-element elementor-element-62865e05 elementor-widget elementor-widget-heading\" data-id=\"62865e05\" data-element_type=\"widget\" data-widget_type=\"heading.default\">\n\t\t\t\t<div class=\"elementor-widget-container\">\n\t\t\t<h4 class=\"elementor-heading-title elementor-size-medium\">Tout \u00e0 commenc\u00e9 en 1967.<\/h4>\t\t<\/div>\n\t\t\t\t<\/div>\n\t\t\t\t<div class=\"elementor-element elementor-element-32917454 elementor-widget elementor-widget-text-editor\" data-id=\"32917454\" data-element_type=\"widget\" data-widget_type=\"text-editor.default\">\n\t\t\t\t<div class=\"elementor-widget-container\">\n\t\t\t\t\t\t\t<p>Apr\u00e8s un d\u00eener professionnel au restaurant \u00ab La M\u00e8re Germaine \u00bb \u00e0 Ch\u00e2teauneuf-du-Pape, Paul Coulon invita trois de ses amis \u00e0 venir boire le Champagne \u00e0 la maison : Paul Avril, Maurice Mayard et Jacques Mousset.<\/p><p>Ils ont discut\u00e9 de l\u2019avenir de notre ch\u00e8re Appellation et \u00a0en ont conclu que pour accro\u00eetre le rayonnement de ses vins, il fallait cr\u00e9er une confr\u00e9rie.<\/p><p>Pour approfondir cette id\u00e9e, Jacques Mousset les a invit\u00e9 \u00e0 d\u00eener chez lui, au ch\u00e2teau des Fines Roches.<\/p><p>Pour \u00e9toffer leur \u00e9quipe ils ont demand\u00e9 \u00e0 leur ami Jean Brotte, n\u00e9gociant en vins, de se joindre \u00e0 eux.<\/p><p>Encore tr\u00e8s jeunes, ils ont souhait\u00e9 s\u2019entourer d\u2019une personnalit\u00e9 poss\u00e9dant la maturit\u00e9 qu\u2019ils n\u2019avaient pas. Ils ont donc sollicit\u00e9 la collaboration du Docteur Philippe Dufays, qui a accept\u00e9.<\/p><p>Ils sont all\u00e9 trouver le Baron Le Roy de Boiseaumari\u00e9 pour lui exposer leur projet. Il a dit : \u00ab d\u2019accord, mais que ce soit tr\u00e8s bien \u00bb.<\/p><p>Pendant les ann\u00e9es 1967 et 1968, ils ont \u00e9tudi\u00e9 et r\u00e9dig\u00e9 les statuts de leur association. R\u00e9union tous les mois, de 18 \u00e0 20 heures. Leurs \u00e9pouses les rejoignaient ensuite pour un repas amical au restaurant ou chez l\u2019un d\u2019entre eux.<\/p><p>Les 6 membres fondateurs : Paul Avril, Jean Brotte, Paul Coulon, Philippe Dufays, Maurice Mayard et Jacques Mousset, ont dress\u00e9 une liste des propri\u00e9taires, courtiers et n\u00e9gociants en vins de la Vall\u00e9e du Rh\u00f4ne, susceptibles de participer \u00e0 la confr\u00e9rie.<\/p><p>Ils ont contact\u00e9 les personnes avec lesquelles ils ont tiss\u00e9, au fil des ann\u00e9es, des liens d\u2019amiti\u00e9. Cette prospection a permis de recruter les 55 membres fondateurs.<\/p>\t\t\t\t\t\t<\/div>\n\t\t\t\t<\/div>\n\t\t\t\t\t<\/div>\n\t\t<\/div>\n\t\t\t\t\t<\/div>\n\t\t<\/section>\n\t\t\t\t\t<\/div>\n\t\t<\/div>\n\t\t\t\t\t<\/div>\n\t\t<\/section>\n\t\t\t\t<section class=\"elementor-section elementor-top-section elementor-element elementor-element-57d3354 elementor-section-stretched elementor-section-full_width elementor-section-height-full elementor-section-items-top elementor-section-height-default\" data-id=\"57d3354\" data-element_type=\"section\" data-settings=\"{&quot;stretch_section&quot;:&quot;section-stretched&quot;}\">\n\t\t\t\t\t\t<div class=\"elementor-container elementor-column-gap-narrow\">\n\t\t\t\t\t<div class=\"elementor-column elementor-col-100 elementor-top-column elementor-element elementor-element-ded81d9\" data-id=\"ded81d9\" data-element_type=\"column\">\n\t\t\t<div class=\"elementor-widget-wrap elementor-element-populated\">\n\t\t\t\t\t\t<section class=\"elementor-section elementor-inner-section elementor-element elementor-element-e4b9153 elementor-section-boxed elementor-section-height-default elementor-section-height-default\" data-id=\"e4b9153\" data-element_type=\"section\">\n\t\t\t\t\t\t<div class=\"elementor-container elementor-column-gap-default\">\n\t\t\t\t\t<div class=\"elementor-column elementor-col-50 elementor-inner-column elementor-element elementor-element-ffe681d\" data-id=\"ffe681d\" data-element_type=\"column\">\n\t\t\t<div class=\"elementor-widget-wrap elementor-element-populated\">\n\t\t\t\t\t\t<div class=\"elementor-element elementor-element-b4211a7 elementor-widget elementor-widget-image\" data-id=\"b4211a7\" data-element_type=\"widget\" data-widget_type=\"image.default\">\n\t\t\t\t<div class=\"elementor-widget-container\">\n\t\t\t\t\t\t\t\t\t\t<figure class=\"wp-caption\">\n\t\t\t\t\t\t\t\t\t\t<img fetchpriority=\"high\" decoding=\"async\" width=\"675\" height=\"1024\" src=\"https:\/\/echansonneriedespapes.com\/wp-content\/uploads\/2020\/06\/p8-copie-675x1024.png\" class=\"attachment-large size-large wp-image-454\" alt=\"Membres fondateur de l&#039;\u00e9chansonnerie\" srcset=\"https:\/\/echansonneriedespapes.com\/wp-content\/uploads\/2020\/06\/p8-copie-675x1024.png 675w, https:\/\/echansonneriedespapes.com\/wp-content\/uploads\/2020\/06\/p8-copie-198x300.png 198w, https:\/\/echansonneriedespapes.com\/wp-content\/uploads\/2020\/06\/p8-copie-768x1164.png 768w, https:\/\/echansonneriedespapes.com\/wp-content\/uploads\/2020\/06\/p8-copie-1013x1536.png 1013w, https:\/\/echansonneriedespapes.com\/wp-content\/uploads\/2020\/06\/p8-copie-1024x1553.png 1024w, https:\/\/echansonneriedespapes.com\/wp-content\/uploads\/2020\/06\/p8-copie-712x1080.png 712w, https:\/\/echansonneriedespapes.com\/wp-content\/uploads\/2020\/06\/p8-copie.png 1046w\" sizes=\"(max-width: 675px) 100vw, 675px\" \/>\t\t\t\t\t\t\t\t\t\t\t<figcaption class=\"widget-image-caption wp-caption-text\">Membres fondateur de l'\u00e9chansonnerie<\/figcaption>\n\t\t\t\t\t\t\t\t\t\t<\/figure>\n\t\t\t\t\t\t\t<\/div>\n\t\t\t\t<\/div>\n\t\t\t\t\t<\/div>\n\t\t<\/div>\n\t\t\t\t<div class=\"elementor-column elementor-col-50 elementor-inner-column elementor-element elementor-element-f3d950a\" data-id=\"f3d950a\" data-element_type=\"column\">\n\t\t\t<div class=\"elementor-widget-wrap elementor-element-populated\">\n\t\t\t\t\t\t<div class=\"elementor-element elementor-element-0df2108 elementor-widget elementor-widget-heading\" data-id=\"0df2108\" data-element_type=\"widget\" data-widget_type=\"heading.default\">\n\t\t\t\t<div class=\"elementor-widget-container\">\n\t\t\t<h4 class=\"elementor-heading-title elementor-size-medium\">L'\u00c9chansonnerie \u00e9tait n\u00e9e.<\/h4>\t\t<\/div>\n\t\t\t\t<\/div>\n\t\t\t\t<div class=\"elementor-element elementor-element-af78483 elementor-widget elementor-widget-text-editor\" data-id=\"af78483\" data-element_type=\"widget\" data-widget_type=\"text-editor.default\">\n\t\t\t\t<div class=\"elementor-widget-container\">\n\t\t\t\t\t\t\t<p><span style=\"color: #808080;\">L\u2019\u00c9chansonnerie des Papes a c\u00e9l\u00e9br\u00e9 en 2018 ses 50 ans d\u2019histoire au cours d\u2019un d\u00eener m\u00e9morable servi dans la mythique salle du Grand Tinel du Palais des Papes.<\/span><\/p><p><span style=\"color: #808080;\">Au cours des 330 chapitres que l\u2019\u00c9chansonnerie des Papes a c\u00e9l\u00e9br\u00e9 depuis sa cr\u00e9ation, plus de 4400 personnalit\u00e9s issues d\u2019horizons divers (Acteurs, Chefs, Princes, Musiciens, etc.) ont re\u00e7u la fameuse clef de l\u2019\u00c9chansonnerie des Papes et son magnum de Ch\u00e2teauneuf-du-Pape dont l\u2019origine est tenue secr\u00e8te depuis plus de 50 ans\u00a0!<\/span><\/p>\t\t\t\t\t\t<\/div>\n\t\t\t\t<\/div>\n\t\t\t\t<div class=\"elementor-element elementor-element-5755e72 elementor-widget elementor-widget-image\" data-id=\"5755e72\" data-element_type=\"widget\" data-widget_type=\"image.default\">\n\t\t\t\t<div class=\"elementor-widget-container\">\n\t\t\t\t\t\t\t\t\t\t\t\t\t<img decoding=\"async\" src=\"https:\/\/echansonneriedespapes.com\/wp-content\/uploads\/elementor\/thumbs\/Fichier-1-orqedbw6gmqwnp5bfu3qxvsandrr3nb59eilm4ogb0.png\" title=\"Fichier 1\" alt=\"Fichier 1\" loading=\"lazy\" \/>\t\t\t\t\t\t\t\t\t\t\t\t\t<\/div>\n\t\t\t\t<\/div>\n\t\t\t\t\t<\/div>\n\t\t<\/div>\n\t\t\t\t\t<\/div>\n\t\t<\/section>\n\t\t\t\t<section class=\"elementor-section elementor-inner-section elementor-element elementor-element-f2d8e05 elementor-section-boxed elementor-section-height-default elementor-section-height-default\" data-id=\"f2d8e05\" data-element_type=\"section\">\n\t\t\t\t\t\t<div class=\"elementor-container elementor-column-gap-wide\">\n\t\t\t\t\t<div class=\"elementor-column elementor-col-100 elementor-inner-column elementor-element elementor-element-dd1fd14\" data-id=\"dd1fd14\" data-element_type=\"column\">\n\t\t\t<div class=\"elementor-widget-wrap\">\n\t\t\t\t\t\t\t<\/div>\n\t\t<\/div>\n\t\t\t\t\t<\/div>\n\t\t<\/section>\n\t\t\t\t\t<\/div>\n\t\t<\/div>\n\t\t\t\t\t<\/div>\n\t\t<\/section>\n\t\t\t\t<\/div>\n\t\t","protected":false},"excerpt":{"rendered":"<p>&#8211; Depuis 1967 &#8211; Voir l&rsquo;historique des Chapitres Tout \u00e0 commenc\u00e9 en 1967. Apr\u00e8s un d\u00eener professionnel au restaurant \u00ab La M\u00e8re Germaine \u00bb \u00e0 Ch\u00e2teauneuf-du-Pape, Paul Coulon invita trois de ses amis \u00e0 venir boire le Champagne \u00e0 la maison : Paul Avril, Maurice Mayard et Jacques Mousset. Ils ont discut\u00e9 de l\u2019avenir de&hellip; <br \/> <a class=\"read-more\" href=\"https:\/\/echansonneriedespapes.com\/index.php\/histoire\/\">Lire la suite<\/a><\/p>\n","protected":false},"author":1,"featured_media":0,"parent":0,"menu_order":0,"comment_status":"closed","ping_status":"closed","template":"","meta":{"footnotes":""},"class_list":["post-342","page","type-page","status-publish","hentry"],"yoast_head":"<!-- This site is optimized with the Yoast SEO plugin v23.4 - https:\/\/yoast.com\/wordpress\/plugins\/seo\/ -->\n<title>Histoire - \u00c9chansonnerie des Papes<\/title>\n<meta name=\"robots\" content=\"index, follow, max-snippet:-1, max-image-preview:large, max-video-preview:-1\" \/>\n<link rel=\"canonical\" href=\"https:\/\/echansonneriedespapes.com\/index.php\/histoire\/\" \/>\n<meta property=\"og:locale\" content=\"fr_FR\" \/>\n<meta property=\"og:type\" content=\"article\" \/>\n<meta property=\"og:title\" content=\"Histoire - \u00c9chansonnerie des Papes\" \/>\n<meta property=\"og:description\" content=\"&#8211; Depuis 1967 &#8211; Voir l&rsquo;historique des Chapitres Tout \u00e0 commenc\u00e9 en 1967. Apr\u00e8s un d\u00eener professionnel au restaurant \u00ab La M\u00e8re Germaine \u00bb \u00e0 Ch\u00e2teauneuf-du-Pape, Paul Coulon invita trois de ses amis \u00e0 venir boire le Champagne \u00e0 la maison : Paul Avril, Maurice Mayard et Jacques Mousset. Ils ont discut\u00e9 de l\u2019avenir de&hellip; Lire la suite\" \/>\n<meta property=\"og:url\" content=\"https:\/\/echansonneriedespapes.com\/index.php\/histoire\/\" \/>\n<meta property=\"og:site_name\" content=\"\u00c9chansonnerie des Papes\" \/>\n<meta property=\"article:modified_time\" content=\"2021-05-04T08:15:07+00:00\" \/>\n<meta property=\"og:image\" content=\"https:\/\/echansonneriedespapes.com\/wp-content\/uploads\/2020\/06\/p8-copie-675x1024.png\" \/>\n<meta name=\"twitter:card\" content=\"summary_large_image\" \/>\n<meta name=\"twitter:label1\" content=\"Dur\u00e9e de lecture estim\u00e9e\" \/>\n\t<meta name=\"twitter:data1\" content=\"2 minutes\" \/>\n<script type=\"application\/ld+json\" class=\"yoast-schema-graph\">{\"@context\":\"https:\/\/schema.org\",\"@graph\":[{\"@type\":\"WebPage\",\"@id\":\"https:\/\/echansonneriedespapes.com\/index.php\/histoire\/\",\"url\":\"https:\/\/echansonneriedespapes.com\/index.php\/histoire\/\",\"name\":\"Histoire - \u00c9chansonnerie des Papes\",\"isPartOf\":{\"@id\":\"https:\/\/echansonneriedespapes.com\/#website\"},\"primaryImageOfPage\":{\"@id\":\"https:\/\/echansonneriedespapes.com\/index.php\/histoire\/#primaryimage\"},\"image\":{\"@id\":\"https:\/\/echansonneriedespapes.com\/index.php\/histoire\/#primaryimage\"},\"thumbnailUrl\":\"https:\/\/echansonneriedespapes.com\/wp-content\/uploads\/2020\/06\/p8-copie-675x1024.png\",\"datePublished\":\"2020-05-12T12:58:41+00:00\",\"dateModified\":\"2021-05-04T08:15:07+00:00\",\"breadcrumb\":{\"@id\":\"https:\/\/echansonneriedespapes.com\/index.php\/histoire\/#breadcrumb\"},\"inLanguage\":\"fr-FR\",\"potentialAction\":[{\"@type\":\"ReadAction\",\"target\":[\"https:\/\/echansonneriedespapes.com\/index.php\/histoire\/\"]}]},{\"@type\":\"ImageObject\",\"inLanguage\":\"fr-FR\",\"@id\":\"https:\/\/echansonneriedespapes.com\/index.php\/histoire\/#primaryimage\",\"url\":\"https:\/\/echansonneriedespapes.com\/wp-content\/uploads\/2020\/06\/p8-copie.png\",\"contentUrl\":\"https:\/\/echansonneriedespapes.com\/wp-content\/uploads\/2020\/06\/p8-copie.png\",\"width\":1046,\"height\":1586,\"caption\":\"Membres fondateur de l'\u00e9chansonnerie\"},{\"@type\":\"BreadcrumbList\",\"@id\":\"https:\/\/echansonneriedespapes.com\/index.php\/histoire\/#breadcrumb\",\"itemListElement\":[{\"@type\":\"ListItem\",\"position\":1,\"name\":\"Accueil\",\"item\":\"https:\/\/echansonneriedespapes.com\/\"},{\"@type\":\"ListItem\",\"position\":2,\"name\":\"Histoire\"}]},{\"@type\":\"WebSite\",\"@id\":\"https:\/\/echansonneriedespapes.com\/#website\",\"url\":\"https:\/\/echansonneriedespapes.com\/\",\"name\":\"\u00c9chansonnerie des Papes\",\"description\":\"La Confr\u00e9rie Bachique de Ch\u00e2teauneuf-du-Pape\",\"publisher\":{\"@id\":\"https:\/\/echansonneriedespapes.com\/#organization\"},\"potentialAction\":[{\"@type\":\"SearchAction\",\"target\":{\"@type\":\"EntryPoint\",\"urlTemplate\":\"https:\/\/echansonneriedespapes.com\/?s={search_term_string}\"},\"query-input\":{\"@type\":\"PropertyValueSpecification\",\"valueRequired\":true,\"valueName\":\"search_term_string\"}}],\"inLanguage\":\"fr-FR\"},{\"@type\":\"Organization\",\"@id\":\"https:\/\/echansonneriedespapes.com\/#organization\",\"name\":\"\u00c9chansonnerie des Papes\",\"url\":\"https:\/\/echansonneriedespapes.com\/\",\"logo\":{\"@type\":\"ImageObject\",\"inLanguage\":\"fr-FR\",\"@id\":\"https:\/\/echansonneriedespapes.com\/#\/schema\/logo\/image\/\",\"url\":\"https:\/\/echansonneriedespapes.com\/wp-content\/uploads\/2018\/08\/cropped-logo-echansonnerie-sans-fond-4.png\",\"contentUrl\":\"https:\/\/echansonneriedespapes.com\/wp-content\/uploads\/2018\/08\/cropped-logo-echansonnerie-sans-fond-4.png\",\"width\":508,\"height\":608,\"caption\":\"\u00c9chansonnerie des Papes\"},\"image\":{\"@id\":\"https:\/\/echansonneriedespapes.com\/#\/schema\/logo\/image\/\"}}]}<\/script>\n<!-- \/ Yoast SEO plugin. -->","yoast_head_json":{"title":"Histoire - \u00c9chansonnerie des Papes","robots":{"index":"index","follow":"follow","max-snippet":"max-snippet:-1","max-image-preview":"max-image-preview:large","max-video-preview":"max-video-preview:-1"},"canonical":"https:\/\/echansonneriedespapes.com\/index.php\/histoire\/","og_locale":"fr_FR","og_type":"article","og_title":"Histoire - \u00c9chansonnerie des Papes","og_description":"&#8211; Depuis 1967 &#8211; Voir l&rsquo;historique des Chapitres Tout \u00e0 commenc\u00e9 en 1967. Apr\u00e8s un d\u00eener professionnel au restaurant \u00ab La M\u00e8re Germaine \u00bb \u00e0 Ch\u00e2teauneuf-du-Pape, Paul Coulon invita trois de ses amis \u00e0 venir boire le Champagne \u00e0 la maison : Paul Avril, Maurice Mayard et Jacques Mousset. Ils ont discut\u00e9 de l\u2019avenir de&hellip; Lire la suite","og_url":"https:\/\/echansonneriedespapes.com\/index.php\/histoire\/","og_site_name":"\u00c9chansonnerie des Papes","article_modified_time":"2021-05-04T08:15:07+00:00","og_image":[{"url":"https:\/\/echansonneriedespapes.com\/wp-content\/uploads\/2020\/06\/p8-copie-675x1024.png"}],"twitter_card":"summary_large_image","twitter_misc":{"Dur\u00e9e de lecture estim\u00e9e":"2 minutes"},"schema":{"@context":"https:\/\/schema.org","@graph":[{"@type":"WebPage","@id":"https:\/\/echansonneriedespapes.com\/index.php\/histoire\/","url":"https:\/\/echansonneriedespapes.com\/index.php\/histoire\/","name":"Histoire - \u00c9chansonnerie des Papes","isPartOf":{"@id":"https:\/\/echansonneriedespapes.com\/#website"},"primaryImageOfPage":{"@id":"https:\/\/echansonneriedespapes.com\/index.php\/histoire\/#primaryimage"},"image":{"@id":"https:\/\/echansonneriedespapes.com\/index.php\/histoire\/#primaryimage"},"thumbnailUrl":"https:\/\/echansonneriedespapes.com\/wp-content\/uploads\/2020\/06\/p8-copie-675x1024.png","datePublished":"2020-05-12T12:58:41+00:00","dateModified":"2021-05-04T08:15:07+00:00","breadcrumb":{"@id":"https:\/\/echansonneriedespapes.com\/index.php\/histoire\/#breadcrumb"},"inLanguage":"fr-FR","potentialAction":[{"@type":"ReadAction","target":["https:\/\/echansonneriedespapes.com\/index.php\/histoire\/"]}]},{"@type":"ImageObject","inLanguage":"fr-FR","@id":"https:\/\/echansonneriedespapes.com\/index.php\/histoire\/#primaryimage","url":"https:\/\/echansonneriedespapes.com\/wp-content\/uploads\/2020\/06\/p8-copie.png","contentUrl":"https:\/\/echansonneriedespapes.com\/wp-content\/uploads\/2020\/06\/p8-copie.png","width":1046,"height":1586,"caption":"Membres fondateur de l'\u00e9chansonnerie"},{"@type":"BreadcrumbList","@id":"https:\/\/echansonneriedespapes.com\/index.php\/histoire\/#breadcrumb","itemListElement":[{"@type":"ListItem","position":1,"name":"Accueil","item":"https:\/\/echansonneriedespapes.com\/"},{"@type":"ListItem","position":2,"name":"Histoire"}]},{"@type":"WebSite","@id":"https:\/\/echansonneriedespapes.com\/#website","url":"https:\/\/echansonneriedespapes.com\/","name":"\u00c9chansonnerie des Papes","description":"La Confr\u00e9rie Bachique de Ch\u00e2teauneuf-du-Pape","publisher":{"@id":"https:\/\/echansonneriedespapes.com\/#organization"},"potentialAction":[{"@type":"SearchAction","target":{"@type":"EntryPoint","urlTemplate":"https:\/\/echansonneriedespapes.com\/?s={search_term_string}"},"query-input":{"@type":"PropertyValueSpecification","valueRequired":true,"valueName":"search_term_string"}}],"inLanguage":"fr-FR"},{"@type":"Organization","@id":"https:\/\/echansonneriedespapes.com\/#organization","name":"\u00c9chansonnerie des Papes","url":"https:\/\/echansonneriedespapes.com\/","logo":{"@type":"ImageObject","inLanguage":"fr-FR","@id":"https:\/\/echansonneriedespapes.com\/#\/schema\/logo\/image\/","url":"https:\/\/echansonneriedespapes.com\/wp-content\/uploads\/2018\/08\/cropped-logo-echansonnerie-sans-fond-4.png","contentUrl":"https:\/\/echansonneriedespapes.com\/wp-content\/uploads\/2018\/08\/cropped-logo-echansonnerie-sans-fond-4.png","width":508,"height":608,"caption":"\u00c9chansonnerie des Papes"},"image":{"@id":"https:\/\/echansonneriedespapes.com\/#\/schema\/logo\/image\/"}}]}},"jetpack_sharing_enabled":true,"_links":{"self":[{"href":"https:\/\/echansonneriedespapes.com\/index.php\/wp-json\/wp\/v2\/pages\/342"}],"collection":[{"href":"https:\/\/echansonneriedespapes.com\/index.php\/wp-json\/wp\/v2\/pages"}],"about":[{"href":"https:\/\/echansonneriedespapes.com\/index.php\/wp-json\/wp\/v2\/types\/page"}],"author":[{"embeddable":true,"href":"https:\/\/echansonneriedespapes.com\/index.php\/wp-json\/wp\/v2\/users\/1"}],"replies":[{"embeddable":true,"href":"https:\/\/echansonneriedespapes.com\/index.php\/wp-json\/wp\/v2\/comments?post=342"}],"version-history":[{"count":7,"href":"https:\/\/echansonneriedespapes.com\/index.php\/wp-json\/wp\/v2\/pages\/342\/revisions"}],"predecessor-version":[{"id":1362,"href":"https:\/\/echansonneriedespapes.com\/index.php\/wp-json\/wp\/v2\/pages\/342\/revisions\/1362"}],"wp:attachment":[{"href":"https:\/\/echansonneriedespapes.com\/index.php\/wp-json\/wp\/v2\/media?parent=342"}],"curies":[{"name":"wp","href":"https:\/\/api.w.org\/{rel}","templated":true}]}}