{"id":1846,"date":"2023-10-03T11:22:05","date_gmt":"2023-10-03T09:22:05","guid":{"rendered":"https:\/\/echansonneriedespapes.com\/?page_id=1846"},"modified":"2023-12-01T11:13:10","modified_gmt":"2023-12-01T10:13:10","slug":"354eme-chapitre","status":"publish","type":"page","link":"https:\/\/echansonneriedespapes.com\/index.php\/354eme-chapitre\/","title":{"rendered":"354\u00e8me chapitre"},"content":{"rendered":"\t\t<div data-elementor-type=\"wp-page\" data-elementor-id=\"1846\" class=\"elementor elementor-1846\">\n\t\t\t\t\t\t<section class=\"elementor-section elementor-top-section elementor-element elementor-element-2e1f27b2 elementor-section-boxed elementor-section-height-default elementor-section-height-default\" data-id=\"2e1f27b2\" data-element_type=\"section\">\n\t\t\t\t\t\t<div class=\"elementor-container elementor-column-gap-default\">\n\t\t\t\t\t<div class=\"elementor-column elementor-col-100 elementor-top-column elementor-element elementor-element-73ab17f0\" data-id=\"73ab17f0\" data-element_type=\"column\">\n\t\t\t<div class=\"elementor-widget-wrap elementor-element-populated\">\n\t\t\t\t\t\t<div class=\"elementor-element elementor-element-38adc788 elementor-widget elementor-widget-heading\" data-id=\"38adc788\" data-element_type=\"widget\" data-widget_type=\"heading.default\">\n\t\t\t\t<div class=\"elementor-widget-container\">\n\t\t\t<h2 class=\"elementor-heading-title elementor-size-large\">Chapitre d'Hiver<br><font size=\"6\"><i>25 novembre 2023<\/i><\/font><\/h2>\t\t<\/div>\n\t\t\t\t<\/div>\n\t\t\t\t<div class=\"elementor-element elementor-element-4dd0bc7 elementor-widget elementor-widget-heading\" data-id=\"4dd0bc7\" data-element_type=\"widget\" data-widget_type=\"heading.default\">\n\t\t\t\t<div class=\"elementor-widget-container\">\n\t\t\t<h2 class=\"elementor-heading-title elementor-size-large\">Palais des Papes<br>Avignon<\/h2>\t\t<\/div>\n\t\t\t\t<\/div>\n\t\t\t\t<div class=\"elementor-element elementor-element-4fec475d elementor-widget elementor-widget-image\" data-id=\"4fec475d\" data-element_type=\"widget\" data-widget_type=\"image.default\">\n\t\t\t\t<div class=\"elementor-widget-container\">\n\t\t\t\t\t\t\t\t\t\t\t\t\t<img decoding=\"async\" width=\"150\" height=\"150\" src=\"https:\/\/echansonneriedespapes.com\/wp-content\/uploads\/2020\/06\/Fichier-1-150x150.png\" class=\"attachment-thumbnail size-thumbnail wp-image-415\" alt=\"\" \/>\t\t\t\t\t\t\t\t\t\t\t\t\t<\/div>\n\t\t\t\t<\/div>\n\t\t\t\t<div class=\"elementor-element elementor-element-1c902c6d elementor-widget elementor-widget-spacer\" data-id=\"1c902c6d\" data-element_type=\"widget\" data-widget_type=\"spacer.default\">\n\t\t\t\t<div class=\"elementor-widget-container\">\n\t\t\t\t\t<div class=\"elementor-spacer\">\n\t\t\t<div class=\"elementor-spacer-inner\"><\/div>\n\t\t<\/div>\n\t\t\t\t<\/div>\n\t\t\t\t<\/div>\n\t\t\t\t\t<\/div>\n\t\t<\/div>\n\t\t\t\t\t<\/div>\n\t\t<\/section>\n\t\t\t\t<section class=\"elementor-section elementor-top-section elementor-element elementor-element-6742d61b elementor-section-boxed elementor-section-height-default elementor-section-height-default\" data-id=\"6742d61b\" data-element_type=\"section\">\n\t\t\t\t\t\t<div class=\"elementor-container elementor-column-gap-default\">\n\t\t\t\t\t<div class=\"elementor-column elementor-col-50 elementor-top-column elementor-element elementor-element-6ea23137\" data-id=\"6ea23137\" data-element_type=\"column\">\n\t\t\t<div class=\"elementor-widget-wrap elementor-element-populated\">\n\t\t\t\t\t\t<div class=\"elementor-element elementor-element-364d9216 elementor-position-top elementor-widget elementor-widget-image-box\" data-id=\"364d9216\" data-element_type=\"widget\" data-widget_type=\"image-box.default\">\n\t\t\t\t<div class=\"elementor-widget-container\">\n\t\t\t<div class=\"elementor-image-box-wrapper\"><figure class=\"elementor-image-box-img\"><img fetchpriority=\"high\" decoding=\"async\" width=\"2560\" height=\"1703\" src=\"https:\/\/echansonneriedespapes.com\/wp-content\/uploads\/2023\/12\/CAMPBELL-BAUER-Denise-scaled.jpg\" class=\"attachment-full size-full wp-image-1860\" alt=\"\" srcset=\"https:\/\/echansonneriedespapes.com\/wp-content\/uploads\/2023\/12\/CAMPBELL-BAUER-Denise-scaled.jpg 2560w, https:\/\/echansonneriedespapes.com\/wp-content\/uploads\/2023\/12\/CAMPBELL-BAUER-Denise-300x200.jpg 300w, https:\/\/echansonneriedespapes.com\/wp-content\/uploads\/2023\/12\/CAMPBELL-BAUER-Denise-1024x681.jpg 1024w, https:\/\/echansonneriedespapes.com\/wp-content\/uploads\/2023\/12\/CAMPBELL-BAUER-Denise-768x511.jpg 768w, https:\/\/echansonneriedespapes.com\/wp-content\/uploads\/2023\/12\/CAMPBELL-BAUER-Denise-1536x1022.jpg 1536w, https:\/\/echansonneriedespapes.com\/wp-content\/uploads\/2023\/12\/CAMPBELL-BAUER-Denise-2048x1362.jpg 2048w, https:\/\/echansonneriedespapes.com\/wp-content\/uploads\/2023\/12\/CAMPBELL-BAUER-Denise-1623x1080.jpg 1623w\" sizes=\"(max-width: 2560px) 100vw, 2560px\" \/><\/figure><div class=\"elementor-image-box-content\"><h3 class=\"elementor-image-box-title\">Madame l'Ambassadrice Denise CAMPBELL BAUER<\/h3><p class=\"elementor-image-box-description\">Ambassadrice d'Am\u00e9rique<\/p><\/div><\/div>\t\t<\/div>\n\t\t\t\t<\/div>\n\t\t\t\t\t<\/div>\n\t\t<\/div>\n\t\t\t\t<div class=\"elementor-column elementor-col-50 elementor-top-column elementor-element elementor-element-7c8845f8\" data-id=\"7c8845f8\" data-element_type=\"column\">\n\t\t\t<div class=\"elementor-widget-wrap elementor-element-populated\">\n\t\t\t\t\t\t<div class=\"elementor-element elementor-element-c0c3fec elementor-position-top elementor-widget elementor-widget-image-box\" data-id=\"c0c3fec\" data-element_type=\"widget\" data-widget_type=\"image-box.default\">\n\t\t\t\t<div class=\"elementor-widget-container\">\n\t\t\t<div class=\"elementor-image-box-wrapper\"><figure class=\"elementor-image-box-img\"><img decoding=\"async\" width=\"2560\" height=\"1703\" src=\"https:\/\/echansonneriedespapes.com\/wp-content\/uploads\/2023\/12\/BRASSEUR-Alexandre-scaled.jpg\" class=\"attachment-full size-full wp-image-1859\" alt=\"\" srcset=\"https:\/\/echansonneriedespapes.com\/wp-content\/uploads\/2023\/12\/BRASSEUR-Alexandre-scaled.jpg 2560w, https:\/\/echansonneriedespapes.com\/wp-content\/uploads\/2023\/12\/BRASSEUR-Alexandre-300x200.jpg 300w, https:\/\/echansonneriedespapes.com\/wp-content\/uploads\/2023\/12\/BRASSEUR-Alexandre-1024x681.jpg 1024w, https:\/\/echansonneriedespapes.com\/wp-content\/uploads\/2023\/12\/BRASSEUR-Alexandre-768x511.jpg 768w, https:\/\/echansonneriedespapes.com\/wp-content\/uploads\/2023\/12\/BRASSEUR-Alexandre-1536x1022.jpg 1536w, https:\/\/echansonneriedespapes.com\/wp-content\/uploads\/2023\/12\/BRASSEUR-Alexandre-2048x1362.jpg 2048w, https:\/\/echansonneriedespapes.com\/wp-content\/uploads\/2023\/12\/BRASSEUR-Alexandre-1623x1080.jpg 1623w\" sizes=\"(max-width: 2560px) 100vw, 2560px\" \/><\/figure><div class=\"elementor-image-box-content\"><h3 class=\"elementor-image-box-title\">Monsieur Alexandre BRASSEUR<\/h3><p class=\"elementor-image-box-description\">Com\u00e9dien<\/p><\/div><\/div>\t\t<\/div>\n\t\t\t\t<\/div>\n\t\t\t\t\t<\/div>\n\t\t<\/div>\n\t\t\t\t\t<\/div>\n\t\t<\/section>\n\t\t\t\t<section class=\"elementor-section elementor-top-section elementor-element elementor-element-711fffcf elementor-section-boxed elementor-section-height-default elementor-section-height-default\" data-id=\"711fffcf\" data-element_type=\"section\">\n\t\t\t\t\t\t<div class=\"elementor-container elementor-column-gap-default\">\n\t\t\t\t\t<div class=\"elementor-column elementor-col-50 elementor-top-column elementor-element elementor-element-432a58b4\" data-id=\"432a58b4\" data-element_type=\"column\">\n\t\t\t<div class=\"elementor-widget-wrap elementor-element-populated\">\n\t\t\t\t\t\t<div class=\"elementor-element elementor-element-17dcf9d3 elementor-position-top elementor-widget elementor-widget-image-box\" data-id=\"17dcf9d3\" data-element_type=\"widget\" data-widget_type=\"image-box.default\">\n\t\t\t\t<div class=\"elementor-widget-container\">\n\t\t\t<div class=\"elementor-image-box-wrapper\"><figure class=\"elementor-image-box-img\"><img loading=\"lazy\" decoding=\"async\" width=\"2560\" height=\"1703\" src=\"https:\/\/echansonneriedespapes.com\/wp-content\/uploads\/2023\/12\/BRAGARD-Gilles-scaled.jpg\" class=\"attachment-full size-full wp-image-1858\" alt=\"\" srcset=\"https:\/\/echansonneriedespapes.com\/wp-content\/uploads\/2023\/12\/BRAGARD-Gilles-scaled.jpg 2560w, https:\/\/echansonneriedespapes.com\/wp-content\/uploads\/2023\/12\/BRAGARD-Gilles-300x200.jpg 300w, https:\/\/echansonneriedespapes.com\/wp-content\/uploads\/2023\/12\/BRAGARD-Gilles-1024x681.jpg 1024w, https:\/\/echansonneriedespapes.com\/wp-content\/uploads\/2023\/12\/BRAGARD-Gilles-768x511.jpg 768w, https:\/\/echansonneriedespapes.com\/wp-content\/uploads\/2023\/12\/BRAGARD-Gilles-1536x1022.jpg 1536w, https:\/\/echansonneriedespapes.com\/wp-content\/uploads\/2023\/12\/BRAGARD-Gilles-2048x1362.jpg 2048w, https:\/\/echansonneriedespapes.com\/wp-content\/uploads\/2023\/12\/BRAGARD-Gilles-1623x1080.jpg 1623w\" sizes=\"(max-width: 2560px) 100vw, 2560px\" \/><\/figure><div class=\"elementor-image-box-content\"><h3 class=\"elementor-image-box-title\">Monsieur Gilles BRAGARD<\/h3><p class=\"elementor-image-box-description\">Secretaire g\u00e9n\u00e9ral Fondateur DU Club des chefs des chefs<\/p><\/div><\/div>\t\t<\/div>\n\t\t\t\t<\/div>\n\t\t\t\t\t<\/div>\n\t\t<\/div>\n\t\t\t\t<div class=\"elementor-column elementor-col-50 elementor-top-column elementor-element elementor-element-1f050866\" data-id=\"1f050866\" data-element_type=\"column\">\n\t\t\t<div class=\"elementor-widget-wrap elementor-element-populated\">\n\t\t\t\t\t\t<div class=\"elementor-element elementor-element-535b56fc elementor-position-top elementor-widget elementor-widget-image-box\" data-id=\"535b56fc\" data-element_type=\"widget\" data-widget_type=\"image-box.default\">\n\t\t\t\t<div class=\"elementor-widget-container\">\n\t\t\t<div class=\"elementor-image-box-wrapper\"><figure class=\"elementor-image-box-img\"><img loading=\"lazy\" decoding=\"async\" width=\"2560\" height=\"1703\" src=\"https:\/\/echansonneriedespapes.com\/wp-content\/uploads\/2023\/12\/GARCIA-Christian-scaled.jpg\" class=\"attachment-full size-full wp-image-1864\" alt=\"\" srcset=\"https:\/\/echansonneriedespapes.com\/wp-content\/uploads\/2023\/12\/GARCIA-Christian-scaled.jpg 2560w, https:\/\/echansonneriedespapes.com\/wp-content\/uploads\/2023\/12\/GARCIA-Christian-300x200.jpg 300w, https:\/\/echansonneriedespapes.com\/wp-content\/uploads\/2023\/12\/GARCIA-Christian-1024x681.jpg 1024w, https:\/\/echansonneriedespapes.com\/wp-content\/uploads\/2023\/12\/GARCIA-Christian-768x511.jpg 768w, https:\/\/echansonneriedespapes.com\/wp-content\/uploads\/2023\/12\/GARCIA-Christian-1536x1022.jpg 1536w, https:\/\/echansonneriedespapes.com\/wp-content\/uploads\/2023\/12\/GARCIA-Christian-2048x1362.jpg 2048w, https:\/\/echansonneriedespapes.com\/wp-content\/uploads\/2023\/12\/GARCIA-Christian-1623x1080.jpg 1623w\" sizes=\"(max-width: 2560px) 100vw, 2560px\" \/><\/figure><div class=\"elementor-image-box-content\"><h3 class=\"elementor-image-box-title\">Monsieur Christian GARCIA<\/h3><p class=\"elementor-image-box-description\">Chef de cuisine de SAS le Prince Albert II de Monaco<\/p><\/div><\/div>\t\t<\/div>\n\t\t\t\t<\/div>\n\t\t\t\t\t<\/div>\n\t\t<\/div>\n\t\t\t\t\t<\/div>\n\t\t<\/section>\n\t\t\t\t<section class=\"elementor-section elementor-top-section elementor-element elementor-element-67e16967 elementor-section-boxed elementor-section-height-default elementor-section-height-default\" data-id=\"67e16967\" data-element_type=\"section\">\n\t\t\t\t\t\t<div class=\"elementor-container elementor-column-gap-default\">\n\t\t\t\t\t<div class=\"elementor-column elementor-col-50 elementor-top-column elementor-element elementor-element-3d267b34\" data-id=\"3d267b34\" data-element_type=\"column\">\n\t\t\t<div class=\"elementor-widget-wrap elementor-element-populated\">\n\t\t\t\t\t\t<div class=\"elementor-element elementor-element-27ac9ebe elementor-position-top elementor-widget elementor-widget-image-box\" data-id=\"27ac9ebe\" data-element_type=\"widget\" data-widget_type=\"image-box.default\">\n\t\t\t\t<div class=\"elementor-widget-container\">\n\t\t\t<div class=\"elementor-image-box-wrapper\"><figure class=\"elementor-image-box-img\"><img loading=\"lazy\" decoding=\"async\" width=\"2560\" height=\"1703\" src=\"https:\/\/echansonneriedespapes.com\/wp-content\/uploads\/2023\/12\/TAITTINGER-Pierre-Emmanuel-scaled.jpg\" class=\"attachment-full size-full wp-image-1873\" alt=\"\" srcset=\"https:\/\/echansonneriedespapes.com\/wp-content\/uploads\/2023\/12\/TAITTINGER-Pierre-Emmanuel-scaled.jpg 2560w, https:\/\/echansonneriedespapes.com\/wp-content\/uploads\/2023\/12\/TAITTINGER-Pierre-Emmanuel-300x200.jpg 300w, https:\/\/echansonneriedespapes.com\/wp-content\/uploads\/2023\/12\/TAITTINGER-Pierre-Emmanuel-1024x681.jpg 1024w, https:\/\/echansonneriedespapes.com\/wp-content\/uploads\/2023\/12\/TAITTINGER-Pierre-Emmanuel-768x511.jpg 768w, https:\/\/echansonneriedespapes.com\/wp-content\/uploads\/2023\/12\/TAITTINGER-Pierre-Emmanuel-1536x1022.jpg 1536w, https:\/\/echansonneriedespapes.com\/wp-content\/uploads\/2023\/12\/TAITTINGER-Pierre-Emmanuel-2048x1362.jpg 2048w, https:\/\/echansonneriedespapes.com\/wp-content\/uploads\/2023\/12\/TAITTINGER-Pierre-Emmanuel-1623x1080.jpg 1623w\" sizes=\"(max-width: 2560px) 100vw, 2560px\" \/><\/figure><div class=\"elementor-image-box-content\"><h3 class=\"elementor-image-box-title\">Monsieur Pierre-Emmanuel TAITTINGER<\/h3><p class=\"elementor-image-box-description\">Charg\u00e9 de mission Champagne Taittinger et Pr\u00e9sident d'Honneur<\/p><\/div><\/div>\t\t<\/div>\n\t\t\t\t<\/div>\n\t\t\t\t\t<\/div>\n\t\t<\/div>\n\t\t\t\t<div class=\"elementor-column elementor-col-50 elementor-top-column elementor-element elementor-element-7da7fd16\" data-id=\"7da7fd16\" data-element_type=\"column\">\n\t\t\t<div class=\"elementor-widget-wrap elementor-element-populated\">\n\t\t\t\t\t\t<div class=\"elementor-element elementor-element-36908b78 elementor-position-top elementor-widget elementor-widget-image-box\" data-id=\"36908b78\" data-element_type=\"widget\" data-widget_type=\"image-box.default\">\n\t\t\t\t<div class=\"elementor-widget-container\">\n\t\t\t<div class=\"elementor-image-box-wrapper\"><figure class=\"elementor-image-box-img\"><img loading=\"lazy\" decoding=\"async\" width=\"2560\" height=\"1703\" src=\"https:\/\/echansonneriedespapes.com\/wp-content\/uploads\/2023\/12\/FONTAINE-Nicolas-scaled.jpg\" class=\"attachment-full size-full wp-image-1863\" alt=\"\" srcset=\"https:\/\/echansonneriedespapes.com\/wp-content\/uploads\/2023\/12\/FONTAINE-Nicolas-scaled.jpg 2560w, https:\/\/echansonneriedespapes.com\/wp-content\/uploads\/2023\/12\/FONTAINE-Nicolas-300x200.jpg 300w, https:\/\/echansonneriedespapes.com\/wp-content\/uploads\/2023\/12\/FONTAINE-Nicolas-1024x681.jpg 1024w, https:\/\/echansonneriedespapes.com\/wp-content\/uploads\/2023\/12\/FONTAINE-Nicolas-768x511.jpg 768w, https:\/\/echansonneriedespapes.com\/wp-content\/uploads\/2023\/12\/FONTAINE-Nicolas-1536x1022.jpg 1536w, https:\/\/echansonneriedespapes.com\/wp-content\/uploads\/2023\/12\/FONTAINE-Nicolas-2048x1362.jpg 2048w, https:\/\/echansonneriedespapes.com\/wp-content\/uploads\/2023\/12\/FONTAINE-Nicolas-1623x1080.jpg 1623w\" sizes=\"(max-width: 2560px) 100vw, 2560px\" \/><\/figure><div class=\"elementor-image-box-content\"><h3 class=\"elementor-image-box-title\">Monsieur Nicolas FONTAINE<\/h3><p class=\"elementor-image-box-description\">Chef du restaurant Le Duende, 2 macarons au Guide Michelin, H\u00f4tel Maison Albar Imp\u00e9rator \u00e0 N\u00eemes<\/p><\/div><\/div>\t\t<\/div>\n\t\t\t\t<\/div>\n\t\t\t\t\t<\/div>\n\t\t<\/div>\n\t\t\t\t\t<\/div>\n\t\t<\/section>\n\t\t\t\t<section class=\"elementor-section elementor-top-section elementor-element elementor-element-239c6d19 elementor-section-boxed elementor-section-height-default elementor-section-height-default\" data-id=\"239c6d19\" data-element_type=\"section\">\n\t\t\t\t\t\t<div class=\"elementor-container elementor-column-gap-default\">\n\t\t\t\t\t<div class=\"elementor-column elementor-col-50 elementor-top-column elementor-element elementor-element-6c2f0fe1\" data-id=\"6c2f0fe1\" data-element_type=\"column\">\n\t\t\t<div class=\"elementor-widget-wrap elementor-element-populated\">\n\t\t\t\t\t\t<div class=\"elementor-element elementor-element-578155ae elementor-position-top elementor-widget elementor-widget-image-box\" data-id=\"578155ae\" data-element_type=\"widget\" data-widget_type=\"image-box.default\">\n\t\t\t\t<div class=\"elementor-widget-container\">\n\t\t\t<div class=\"elementor-image-box-wrapper\"><figure class=\"elementor-image-box-img\"><img loading=\"lazy\" decoding=\"async\" width=\"2560\" height=\"1703\" src=\"https:\/\/echansonneriedespapes.com\/wp-content\/uploads\/2023\/12\/ABDERHALDEN-Maylis-scaled.jpg\" class=\"attachment-full size-full wp-image-1856\" alt=\"\" srcset=\"https:\/\/echansonneriedespapes.com\/wp-content\/uploads\/2023\/12\/ABDERHALDEN-Maylis-scaled.jpg 2560w, https:\/\/echansonneriedespapes.com\/wp-content\/uploads\/2023\/12\/ABDERHALDEN-Maylis-300x200.jpg 300w, https:\/\/echansonneriedespapes.com\/wp-content\/uploads\/2023\/12\/ABDERHALDEN-Maylis-1024x681.jpg 1024w, https:\/\/echansonneriedespapes.com\/wp-content\/uploads\/2023\/12\/ABDERHALDEN-Maylis-768x511.jpg 768w, https:\/\/echansonneriedespapes.com\/wp-content\/uploads\/2023\/12\/ABDERHALDEN-Maylis-1536x1022.jpg 1536w, https:\/\/echansonneriedespapes.com\/wp-content\/uploads\/2023\/12\/ABDERHALDEN-Maylis-2048x1362.jpg 2048w, https:\/\/echansonneriedespapes.com\/wp-content\/uploads\/2023\/12\/ABDERHALDEN-Maylis-1623x1080.jpg 1623w\" sizes=\"(max-width: 2560px) 100vw, 2560px\" \/><\/figure><div class=\"elementor-image-box-content\"><h3 class=\"elementor-image-box-title\">Madame Maylis ABDERHALDEN<\/h3><p class=\"elementor-image-box-description\">G\u00e9rante de la soci\u00e9t\u00e9 MNL ConsultinG<\/p><\/div><\/div>\t\t<\/div>\n\t\t\t\t<\/div>\n\t\t\t\t\t<\/div>\n\t\t<\/div>\n\t\t\t\t<div class=\"elementor-column elementor-col-50 elementor-top-column elementor-element elementor-element-222a51d9\" data-id=\"222a51d9\" data-element_type=\"column\">\n\t\t\t<div class=\"elementor-widget-wrap elementor-element-populated\">\n\t\t\t\t\t\t<div class=\"elementor-element elementor-element-2e6662b1 elementor-position-top elementor-widget elementor-widget-image-box\" data-id=\"2e6662b1\" data-element_type=\"widget\" data-widget_type=\"image-box.default\">\n\t\t\t\t<div class=\"elementor-widget-container\">\n\t\t\t<div class=\"elementor-image-box-wrapper\"><figure class=\"elementor-image-box-img\"><img loading=\"lazy\" decoding=\"async\" width=\"2560\" height=\"1703\" src=\"https:\/\/echansonneriedespapes.com\/wp-content\/uploads\/2023\/12\/ARTURAOLA-Charlie-scaled.jpg\" class=\"attachment-full size-full wp-image-1857\" alt=\"\" srcset=\"https:\/\/echansonneriedespapes.com\/wp-content\/uploads\/2023\/12\/ARTURAOLA-Charlie-scaled.jpg 2560w, https:\/\/echansonneriedespapes.com\/wp-content\/uploads\/2023\/12\/ARTURAOLA-Charlie-300x200.jpg 300w, https:\/\/echansonneriedespapes.com\/wp-content\/uploads\/2023\/12\/ARTURAOLA-Charlie-1024x681.jpg 1024w, https:\/\/echansonneriedespapes.com\/wp-content\/uploads\/2023\/12\/ARTURAOLA-Charlie-768x511.jpg 768w, https:\/\/echansonneriedespapes.com\/wp-content\/uploads\/2023\/12\/ARTURAOLA-Charlie-1536x1022.jpg 1536w, https:\/\/echansonneriedespapes.com\/wp-content\/uploads\/2023\/12\/ARTURAOLA-Charlie-2048x1362.jpg 2048w, https:\/\/echansonneriedespapes.com\/wp-content\/uploads\/2023\/12\/ARTURAOLA-Charlie-1623x1080.jpg 1623w\" sizes=\"(max-width: 2560px) 100vw, 2560px\" \/><\/figure><div class=\"elementor-image-box-content\"><h3 class=\"elementor-image-box-title\">Monsieur Charlie ARTURAOLA<\/h3><p class=\"elementor-image-box-description\">Wine blogger, Wine Educator, Wine Judge<\/p><\/div><\/div>\t\t<\/div>\n\t\t\t\t<\/div>\n\t\t\t\t\t<\/div>\n\t\t<\/div>\n\t\t\t\t\t<\/div>\n\t\t<\/section>\n\t\t\t\t<section class=\"elementor-section elementor-top-section elementor-element elementor-element-7f0f104c elementor-section-boxed elementor-section-height-default elementor-section-height-default\" data-id=\"7f0f104c\" data-element_type=\"section\">\n\t\t\t\t\t\t<div class=\"elementor-container elementor-column-gap-default\">\n\t\t\t\t\t<div class=\"elementor-column elementor-col-50 elementor-top-column elementor-element elementor-element-2d6ef830\" data-id=\"2d6ef830\" data-element_type=\"column\">\n\t\t\t<div class=\"elementor-widget-wrap elementor-element-populated\">\n\t\t\t\t\t\t<div class=\"elementor-element elementor-element-66b19488 elementor-position-top elementor-widget elementor-widget-image-box\" data-id=\"66b19488\" data-element_type=\"widget\" data-widget_type=\"image-box.default\">\n\t\t\t\t<div class=\"elementor-widget-container\">\n\t\t\t<div class=\"elementor-image-box-wrapper\"><figure class=\"elementor-image-box-img\"><img loading=\"lazy\" decoding=\"async\" width=\"2560\" height=\"1703\" src=\"https:\/\/echansonneriedespapes.com\/wp-content\/uploads\/2023\/12\/DEMARET-Violaine-scaled.jpg\" class=\"attachment-full size-full wp-image-1861\" alt=\"\" srcset=\"https:\/\/echansonneriedespapes.com\/wp-content\/uploads\/2023\/12\/DEMARET-Violaine-scaled.jpg 2560w, https:\/\/echansonneriedespapes.com\/wp-content\/uploads\/2023\/12\/DEMARET-Violaine-300x200.jpg 300w, https:\/\/echansonneriedespapes.com\/wp-content\/uploads\/2023\/12\/DEMARET-Violaine-1024x681.jpg 1024w, https:\/\/echansonneriedespapes.com\/wp-content\/uploads\/2023\/12\/DEMARET-Violaine-768x511.jpg 768w, https:\/\/echansonneriedespapes.com\/wp-content\/uploads\/2023\/12\/DEMARET-Violaine-1536x1022.jpg 1536w, https:\/\/echansonneriedespapes.com\/wp-content\/uploads\/2023\/12\/DEMARET-Violaine-2048x1362.jpg 2048w, https:\/\/echansonneriedespapes.com\/wp-content\/uploads\/2023\/12\/DEMARET-Violaine-1623x1080.jpg 1623w\" sizes=\"(max-width: 2560px) 100vw, 2560px\" \/><\/figure><div class=\"elementor-image-box-content\"><h3 class=\"elementor-image-box-title\">Madame Violaine DEMARET<\/h3><p class=\"elementor-image-box-description\">Pr\u00e9f\u00e8te de Vaucluse<\/p><\/div><\/div>\t\t<\/div>\n\t\t\t\t<\/div>\n\t\t\t\t\t<\/div>\n\t\t<\/div>\n\t\t\t\t<div class=\"elementor-column elementor-col-50 elementor-top-column elementor-element elementor-element-283243e6\" data-id=\"283243e6\" data-element_type=\"column\">\n\t\t\t<div class=\"elementor-widget-wrap elementor-element-populated\">\n\t\t\t\t\t\t<div class=\"elementor-element elementor-element-3dd3d5aa elementor-position-top elementor-widget elementor-widget-image-box\" data-id=\"3dd3d5aa\" data-element_type=\"widget\" data-widget_type=\"image-box.default\">\n\t\t\t\t<div class=\"elementor-widget-container\">\n\t\t\t<div class=\"elementor-image-box-wrapper\"><figure class=\"elementor-image-box-img\"><img loading=\"lazy\" decoding=\"async\" width=\"2560\" height=\"1703\" src=\"https:\/\/echansonneriedespapes.com\/wp-content\/uploads\/2023\/12\/HELPERT-Deborah-scaled.jpg\" class=\"attachment-full size-full wp-image-1865\" alt=\"\" srcset=\"https:\/\/echansonneriedespapes.com\/wp-content\/uploads\/2023\/12\/HELPERT-Deborah-scaled.jpg 2560w, https:\/\/echansonneriedespapes.com\/wp-content\/uploads\/2023\/12\/HELPERT-Deborah-300x200.jpg 300w, https:\/\/echansonneriedespapes.com\/wp-content\/uploads\/2023\/12\/HELPERT-Deborah-1024x681.jpg 1024w, https:\/\/echansonneriedespapes.com\/wp-content\/uploads\/2023\/12\/HELPERT-Deborah-768x511.jpg 768w, https:\/\/echansonneriedespapes.com\/wp-content\/uploads\/2023\/12\/HELPERT-Deborah-1536x1022.jpg 1536w, https:\/\/echansonneriedespapes.com\/wp-content\/uploads\/2023\/12\/HELPERT-Deborah-2048x1362.jpg 2048w, https:\/\/echansonneriedespapes.com\/wp-content\/uploads\/2023\/12\/HELPERT-Deborah-1623x1080.jpg 1623w\" sizes=\"(max-width: 2560px) 100vw, 2560px\" \/><\/figure><div class=\"elementor-image-box-content\"><h3 class=\"elementor-image-box-title\">Madame Deborah HELPERT<\/h3><p class=\"elementor-image-box-description\">Productrice de cin\u00e9ma<\/p><\/div><\/div>\t\t<\/div>\n\t\t\t\t<\/div>\n\t\t\t\t\t<\/div>\n\t\t<\/div>\n\t\t\t\t\t<\/div>\n\t\t<\/section>\n\t\t\t\t<section class=\"elementor-section elementor-top-section elementor-element elementor-element-33c58bed elementor-section-boxed elementor-section-height-default elementor-section-height-default\" data-id=\"33c58bed\" data-element_type=\"section\">\n\t\t\t\t\t\t<div class=\"elementor-container elementor-column-gap-default\">\n\t\t\t\t\t<div class=\"elementor-column elementor-col-50 elementor-top-column elementor-element elementor-element-779e7d84\" data-id=\"779e7d84\" data-element_type=\"column\">\n\t\t\t<div class=\"elementor-widget-wrap elementor-element-populated\">\n\t\t\t\t\t\t<div class=\"elementor-element elementor-element-59fd0837 elementor-position-top elementor-widget elementor-widget-image-box\" data-id=\"59fd0837\" data-element_type=\"widget\" data-widget_type=\"image-box.default\">\n\t\t\t\t<div class=\"elementor-widget-container\">\n\t\t\t<div class=\"elementor-image-box-wrapper\"><figure class=\"elementor-image-box-img\"><img loading=\"lazy\" decoding=\"async\" width=\"2560\" height=\"1703\" src=\"https:\/\/echansonneriedespapes.com\/wp-content\/uploads\/2023\/12\/FILLIERE-Patrick-scaled.jpg\" class=\"attachment-full size-full wp-image-1862\" alt=\"\" srcset=\"https:\/\/echansonneriedespapes.com\/wp-content\/uploads\/2023\/12\/FILLIERE-Patrick-scaled.jpg 2560w, https:\/\/echansonneriedespapes.com\/wp-content\/uploads\/2023\/12\/FILLIERE-Patrick-300x200.jpg 300w, https:\/\/echansonneriedespapes.com\/wp-content\/uploads\/2023\/12\/FILLIERE-Patrick-1024x681.jpg 1024w, https:\/\/echansonneriedespapes.com\/wp-content\/uploads\/2023\/12\/FILLIERE-Patrick-768x511.jpg 768w, https:\/\/echansonneriedespapes.com\/wp-content\/uploads\/2023\/12\/FILLIERE-Patrick-1536x1022.jpg 1536w, https:\/\/echansonneriedespapes.com\/wp-content\/uploads\/2023\/12\/FILLIERE-Patrick-2048x1362.jpg 2048w, https:\/\/echansonneriedespapes.com\/wp-content\/uploads\/2023\/12\/FILLIERE-Patrick-1623x1080.jpg 1623w\" sizes=\"(max-width: 2560px) 100vw, 2560px\" \/><\/figure><div class=\"elementor-image-box-content\"><h3 class=\"elementor-image-box-title\">Monsieur Patrick FILLIERE<\/h3><p class=\"elementor-image-box-description\">Directeur commercial, Maison Filiere<\/p><\/div><\/div>\t\t<\/div>\n\t\t\t\t<\/div>\n\t\t\t\t\t<\/div>\n\t\t<\/div>\n\t\t\t\t<div class=\"elementor-column elementor-col-50 elementor-top-column elementor-element elementor-element-70f2072b\" data-id=\"70f2072b\" data-element_type=\"column\">\n\t\t\t<div class=\"elementor-widget-wrap elementor-element-populated\">\n\t\t\t\t\t\t<div class=\"elementor-element elementor-element-150baf36 elementor-position-top elementor-widget elementor-widget-image-box\" data-id=\"150baf36\" data-element_type=\"widget\" data-widget_type=\"image-box.default\">\n\t\t\t\t<div class=\"elementor-widget-container\">\n\t\t\t<div class=\"elementor-image-box-wrapper\"><figure class=\"elementor-image-box-img\"><img loading=\"lazy\" decoding=\"async\" width=\"2560\" height=\"1703\" src=\"https:\/\/echansonneriedespapes.com\/wp-content\/uploads\/2023\/12\/PUGGIONI-Jean-Marie-scaled.jpg\" class=\"attachment-full size-full wp-image-1871\" alt=\"\" srcset=\"https:\/\/echansonneriedespapes.com\/wp-content\/uploads\/2023\/12\/PUGGIONI-Jean-Marie-scaled.jpg 2560w, https:\/\/echansonneriedespapes.com\/wp-content\/uploads\/2023\/12\/PUGGIONI-Jean-Marie-300x200.jpg 300w, https:\/\/echansonneriedespapes.com\/wp-content\/uploads\/2023\/12\/PUGGIONI-Jean-Marie-1024x681.jpg 1024w, https:\/\/echansonneriedespapes.com\/wp-content\/uploads\/2023\/12\/PUGGIONI-Jean-Marie-768x511.jpg 768w, https:\/\/echansonneriedespapes.com\/wp-content\/uploads\/2023\/12\/PUGGIONI-Jean-Marie-1536x1022.jpg 1536w, https:\/\/echansonneriedespapes.com\/wp-content\/uploads\/2023\/12\/PUGGIONI-Jean-Marie-2048x1362.jpg 2048w, https:\/\/echansonneriedespapes.com\/wp-content\/uploads\/2023\/12\/PUGGIONI-Jean-Marie-1623x1080.jpg 1623w\" sizes=\"(max-width: 2560px) 100vw, 2560px\" \/><\/figure><div class=\"elementor-image-box-content\"><h3 class=\"elementor-image-box-title\">Monsieur Jean-Marie PUGGIONI<\/h3><p class=\"elementor-image-box-description\">Retrait\u00e9 du secteur de l'automobile et Pr\u00e9sident de la caisse locale GROUPAMA GRAND AVIGNON<\/p><\/div><\/div>\t\t<\/div>\n\t\t\t\t<\/div>\n\t\t\t\t\t<\/div>\n\t\t<\/div>\n\t\t\t\t\t<\/div>\n\t\t<\/section>\n\t\t\t\t<section class=\"elementor-section elementor-top-section elementor-element elementor-element-1dec942f elementor-section-boxed elementor-section-height-default elementor-section-height-default\" data-id=\"1dec942f\" data-element_type=\"section\">\n\t\t\t\t\t\t<div class=\"elementor-container elementor-column-gap-default\">\n\t\t\t\t\t<div class=\"elementor-column elementor-col-50 elementor-top-column elementor-element elementor-element-2f7905f2\" data-id=\"2f7905f2\" data-element_type=\"column\">\n\t\t\t<div class=\"elementor-widget-wrap elementor-element-populated\">\n\t\t\t\t\t\t<div class=\"elementor-element elementor-element-589eb67f elementor-position-top elementor-widget elementor-widget-image-box\" data-id=\"589eb67f\" data-element_type=\"widget\" data-widget_type=\"image-box.default\">\n\t\t\t\t<div class=\"elementor-widget-container\">\n\t\t\t<div class=\"elementor-image-box-wrapper\"><figure class=\"elementor-image-box-img\"><img loading=\"lazy\" decoding=\"async\" width=\"2560\" height=\"1703\" src=\"https:\/\/echansonneriedespapes.com\/wp-content\/uploads\/2023\/12\/LORIDAN-FOMBONNE-Hugo-scaled.jpg\" class=\"attachment-full size-full wp-image-1866\" alt=\"\" srcset=\"https:\/\/echansonneriedespapes.com\/wp-content\/uploads\/2023\/12\/LORIDAN-FOMBONNE-Hugo-scaled.jpg 2560w, https:\/\/echansonneriedespapes.com\/wp-content\/uploads\/2023\/12\/LORIDAN-FOMBONNE-Hugo-300x200.jpg 300w, https:\/\/echansonneriedespapes.com\/wp-content\/uploads\/2023\/12\/LORIDAN-FOMBONNE-Hugo-1024x681.jpg 1024w, https:\/\/echansonneriedespapes.com\/wp-content\/uploads\/2023\/12\/LORIDAN-FOMBONNE-Hugo-768x511.jpg 768w, https:\/\/echansonneriedespapes.com\/wp-content\/uploads\/2023\/12\/LORIDAN-FOMBONNE-Hugo-1536x1022.jpg 1536w, https:\/\/echansonneriedespapes.com\/wp-content\/uploads\/2023\/12\/LORIDAN-FOMBONNE-Hugo-2048x1362.jpg 2048w, https:\/\/echansonneriedespapes.com\/wp-content\/uploads\/2023\/12\/LORIDAN-FOMBONNE-Hugo-1623x1080.jpg 1623w\" sizes=\"(max-width: 2560px) 100vw, 2560px\" \/><\/figure><div class=\"elementor-image-box-content\"><h3 class=\"elementor-image-box-title\">Monsieur Hugo LORIDAN-FOMBONNE<\/h3><p class=\"elementor-image-box-description\">Directeur G\u00e9n\u00e9ral d\u00e9l\u00e9gu\u00e9 \u00e0 la restauration et Chef de Cuisine \u00e0 l'Hostellerie des Fines Roches<\/p><\/div><\/div>\t\t<\/div>\n\t\t\t\t<\/div>\n\t\t\t\t\t<\/div>\n\t\t<\/div>\n\t\t\t\t<div class=\"elementor-column elementor-col-50 elementor-top-column elementor-element elementor-element-5b36fcb4\" data-id=\"5b36fcb4\" data-element_type=\"column\">\n\t\t\t<div class=\"elementor-widget-wrap elementor-element-populated\">\n\t\t\t\t\t\t<div class=\"elementor-element elementor-element-4eae2796 elementor-position-top elementor-widget elementor-widget-image-box\" data-id=\"4eae2796\" data-element_type=\"widget\" data-widget_type=\"image-box.default\">\n\t\t\t\t<div class=\"elementor-widget-container\">\n\t\t\t<div class=\"elementor-image-box-wrapper\"><figure class=\"elementor-image-box-img\"><img loading=\"lazy\" decoding=\"async\" width=\"2560\" height=\"1703\" src=\"https:\/\/echansonneriedespapes.com\/wp-content\/uploads\/2023\/12\/NGO-MANDAG-Emilienne-scaled.jpg\" class=\"attachment-full size-full wp-image-1870\" alt=\"\" srcset=\"https:\/\/echansonneriedespapes.com\/wp-content\/uploads\/2023\/12\/NGO-MANDAG-Emilienne-scaled.jpg 2560w, https:\/\/echansonneriedespapes.com\/wp-content\/uploads\/2023\/12\/NGO-MANDAG-Emilienne-300x200.jpg 300w, https:\/\/echansonneriedespapes.com\/wp-content\/uploads\/2023\/12\/NGO-MANDAG-Emilienne-1024x681.jpg 1024w, https:\/\/echansonneriedespapes.com\/wp-content\/uploads\/2023\/12\/NGO-MANDAG-Emilienne-768x511.jpg 768w, https:\/\/echansonneriedespapes.com\/wp-content\/uploads\/2023\/12\/NGO-MANDAG-Emilienne-1536x1022.jpg 1536w, https:\/\/echansonneriedespapes.com\/wp-content\/uploads\/2023\/12\/NGO-MANDAG-Emilienne-2048x1362.jpg 2048w, https:\/\/echansonneriedespapes.com\/wp-content\/uploads\/2023\/12\/NGO-MANDAG-Emilienne-1623x1080.jpg 1623w\" sizes=\"(max-width: 2560px) 100vw, 2560px\" \/><\/figure><div class=\"elementor-image-box-content\"><h3 class=\"elementor-image-box-title\">Madame Emilienne NGO MANDAG<\/h3><p class=\"elementor-image-box-description\">Docteur Ing\u00e9nieure en Electronique des Hyperfr\u00e9quences, cr\u00e9atrice de N3M Conseils<\/p><\/div><\/div>\t\t<\/div>\n\t\t\t\t<\/div>\n\t\t\t\t\t<\/div>\n\t\t<\/div>\n\t\t\t\t\t<\/div>\n\t\t<\/section>\n\t\t\t\t<section class=\"elementor-section elementor-top-section elementor-element elementor-element-3e18d586 elementor-section-boxed elementor-section-height-default elementor-section-height-default\" data-id=\"3e18d586\" data-element_type=\"section\">\n\t\t\t\t\t\t<div class=\"elementor-container elementor-column-gap-default\">\n\t\t\t\t\t<div class=\"elementor-column elementor-col-50 elementor-top-column elementor-element elementor-element-36f37241\" data-id=\"36f37241\" data-element_type=\"column\">\n\t\t\t<div class=\"elementor-widget-wrap elementor-element-populated\">\n\t\t\t\t\t\t<div class=\"elementor-element elementor-element-5620dfc4 elementor-position-top elementor-widget elementor-widget-image-box\" data-id=\"5620dfc4\" data-element_type=\"widget\" data-widget_type=\"image-box.default\">\n\t\t\t\t<div class=\"elementor-widget-container\">\n\t\t\t<div class=\"elementor-image-box-wrapper\"><figure class=\"elementor-image-box-img\"><img loading=\"lazy\" decoding=\"async\" width=\"2560\" height=\"1703\" src=\"https:\/\/echansonneriedespapes.com\/wp-content\/uploads\/2023\/12\/MRAIHI-David-scaled.jpg\" class=\"attachment-full size-full wp-image-1867\" alt=\"\" srcset=\"https:\/\/echansonneriedespapes.com\/wp-content\/uploads\/2023\/12\/MRAIHI-David-scaled.jpg 2560w, https:\/\/echansonneriedespapes.com\/wp-content\/uploads\/2023\/12\/MRAIHI-David-300x200.jpg 300w, https:\/\/echansonneriedespapes.com\/wp-content\/uploads\/2023\/12\/MRAIHI-David-1024x681.jpg 1024w, https:\/\/echansonneriedespapes.com\/wp-content\/uploads\/2023\/12\/MRAIHI-David-768x511.jpg 768w, https:\/\/echansonneriedespapes.com\/wp-content\/uploads\/2023\/12\/MRAIHI-David-1536x1022.jpg 1536w, https:\/\/echansonneriedespapes.com\/wp-content\/uploads\/2023\/12\/MRAIHI-David-2048x1362.jpg 2048w, https:\/\/echansonneriedespapes.com\/wp-content\/uploads\/2023\/12\/MRAIHI-David-1623x1080.jpg 1623w\" sizes=\"(max-width: 2560px) 100vw, 2560px\" \/><\/figure><div class=\"elementor-image-box-content\"><h3 class=\"elementor-image-box-title\">Monsieur David M'RAIHI<\/h3><p class=\"elementor-image-box-description\">Expert en cybersecurite et cryptographie<\/p><\/div><\/div>\t\t<\/div>\n\t\t\t\t<\/div>\n\t\t\t\t\t<\/div>\n\t\t<\/div>\n\t\t\t\t<div class=\"elementor-column elementor-col-50 elementor-top-column elementor-element elementor-element-ffc170\" data-id=\"ffc170\" data-element_type=\"column\">\n\t\t\t<div class=\"elementor-widget-wrap elementor-element-populated\">\n\t\t\t\t\t\t<div class=\"elementor-element elementor-element-12887639 elementor-position-top elementor-widget elementor-widget-image-box\" data-id=\"12887639\" data-element_type=\"widget\" data-widget_type=\"image-box.default\">\n\t\t\t\t<div class=\"elementor-widget-container\">\n\t\t\t<div class=\"elementor-image-box-wrapper\"><figure class=\"elementor-image-box-img\"><img loading=\"lazy\" decoding=\"async\" width=\"2560\" height=\"1703\" src=\"https:\/\/echansonneriedespapes.com\/wp-content\/uploads\/2023\/12\/MRAIHI-Violaine-scaled.jpg\" class=\"attachment-full size-full wp-image-1868\" alt=\"\" srcset=\"https:\/\/echansonneriedespapes.com\/wp-content\/uploads\/2023\/12\/MRAIHI-Violaine-scaled.jpg 2560w, https:\/\/echansonneriedespapes.com\/wp-content\/uploads\/2023\/12\/MRAIHI-Violaine-300x200.jpg 300w, https:\/\/echansonneriedespapes.com\/wp-content\/uploads\/2023\/12\/MRAIHI-Violaine-1024x681.jpg 1024w, https:\/\/echansonneriedespapes.com\/wp-content\/uploads\/2023\/12\/MRAIHI-Violaine-768x511.jpg 768w, https:\/\/echansonneriedespapes.com\/wp-content\/uploads\/2023\/12\/MRAIHI-Violaine-1536x1022.jpg 1536w, https:\/\/echansonneriedespapes.com\/wp-content\/uploads\/2023\/12\/MRAIHI-Violaine-2048x1362.jpg 2048w, https:\/\/echansonneriedespapes.com\/wp-content\/uploads\/2023\/12\/MRAIHI-Violaine-1623x1080.jpg 1623w\" sizes=\"(max-width: 2560px) 100vw, 2560px\" \/><\/figure><div class=\"elementor-image-box-content\"><h3 class=\"elementor-image-box-title\">Madame Violaine M'RAIHI<\/h3><p class=\"elementor-image-box-description\">Agent immobilier r\u00e9sidentiel<\/p><\/div><\/div>\t\t<\/div>\n\t\t\t\t<\/div>\n\t\t\t\t\t<\/div>\n\t\t<\/div>\n\t\t\t\t\t<\/div>\n\t\t<\/section>\n\t\t\t\t<section class=\"elementor-section elementor-top-section elementor-element elementor-element-79e64c2a elementor-section-boxed elementor-section-height-default elementor-section-height-default\" data-id=\"79e64c2a\" data-element_type=\"section\">\n\t\t\t\t\t\t<div class=\"elementor-container elementor-column-gap-default\">\n\t\t\t\t\t<div class=\"elementor-column elementor-col-50 elementor-top-column elementor-element elementor-element-9c53c64\" data-id=\"9c53c64\" data-element_type=\"column\">\n\t\t\t<div class=\"elementor-widget-wrap elementor-element-populated\">\n\t\t\t\t\t\t<div class=\"elementor-element elementor-element-5b9dbc46 elementor-position-top elementor-widget elementor-widget-image-box\" data-id=\"5b9dbc46\" data-element_type=\"widget\" data-widget_type=\"image-box.default\">\n\t\t\t\t<div class=\"elementor-widget-container\">\n\t\t\t<div class=\"elementor-image-box-wrapper\"><figure class=\"elementor-image-box-img\"><img loading=\"lazy\" decoding=\"async\" width=\"2560\" height=\"1703\" src=\"https:\/\/echansonneriedespapes.com\/wp-content\/uploads\/2023\/12\/MAZURIER-Frederic-scaled.jpg\" class=\"attachment-full size-full wp-image-1869\" alt=\"\" srcset=\"https:\/\/echansonneriedespapes.com\/wp-content\/uploads\/2023\/12\/MAZURIER-Frederic-scaled.jpg 2560w, https:\/\/echansonneriedespapes.com\/wp-content\/uploads\/2023\/12\/MAZURIER-Frederic-300x200.jpg 300w, https:\/\/echansonneriedespapes.com\/wp-content\/uploads\/2023\/12\/MAZURIER-Frederic-1024x681.jpg 1024w, https:\/\/echansonneriedespapes.com\/wp-content\/uploads\/2023\/12\/MAZURIER-Frederic-768x511.jpg 768w, https:\/\/echansonneriedespapes.com\/wp-content\/uploads\/2023\/12\/MAZURIER-Frederic-1536x1022.jpg 1536w, https:\/\/echansonneriedespapes.com\/wp-content\/uploads\/2023\/12\/MAZURIER-Frederic-2048x1362.jpg 2048w, https:\/\/echansonneriedespapes.com\/wp-content\/uploads\/2023\/12\/MAZURIER-Frederic-1623x1080.jpg 1623w\" sizes=\"(max-width: 2560px) 100vw, 2560px\" \/><\/figure><div class=\"elementor-image-box-content\"><h3 class=\"elementor-image-box-title\">Monsieur Fr\u00e9d\u00e9ric MAZURIER<\/h3><p class=\"elementor-image-box-description\">Pr\u00e9sident d'une Fintech, Market pay sp\u00e9cialis\u00e9e dans les paiements<\/p><\/div><\/div>\t\t<\/div>\n\t\t\t\t<\/div>\n\t\t\t\t\t<\/div>\n\t\t<\/div>\n\t\t\t\t<div class=\"elementor-column elementor-col-50 elementor-top-column elementor-element elementor-element-556d0267\" data-id=\"556d0267\" data-element_type=\"column\">\n\t\t\t<div class=\"elementor-widget-wrap elementor-element-populated\">\n\t\t\t\t\t\t<div class=\"elementor-element elementor-element-540697d8 elementor-position-top elementor-widget elementor-widget-image-box\" data-id=\"540697d8\" data-element_type=\"widget\" data-widget_type=\"image-box.default\">\n\t\t\t\t<div class=\"elementor-widget-container\">\n\t\t\t<div class=\"elementor-image-box-wrapper\"><figure class=\"elementor-image-box-img\"><img loading=\"lazy\" decoding=\"async\" width=\"2560\" height=\"1703\" src=\"https:\/\/echansonneriedespapes.com\/wp-content\/uploads\/2023\/12\/WAJSBROT-Patrick-scaled.jpg\" class=\"attachment-full size-full wp-image-1876\" alt=\"\" srcset=\"https:\/\/echansonneriedespapes.com\/wp-content\/uploads\/2023\/12\/WAJSBROT-Patrick-scaled.jpg 2560w, https:\/\/echansonneriedespapes.com\/wp-content\/uploads\/2023\/12\/WAJSBROT-Patrick-300x200.jpg 300w, https:\/\/echansonneriedespapes.com\/wp-content\/uploads\/2023\/12\/WAJSBROT-Patrick-1024x681.jpg 1024w, https:\/\/echansonneriedespapes.com\/wp-content\/uploads\/2023\/12\/WAJSBROT-Patrick-768x511.jpg 768w, https:\/\/echansonneriedespapes.com\/wp-content\/uploads\/2023\/12\/WAJSBROT-Patrick-1536x1022.jpg 1536w, https:\/\/echansonneriedespapes.com\/wp-content\/uploads\/2023\/12\/WAJSBROT-Patrick-2048x1362.jpg 2048w, https:\/\/echansonneriedespapes.com\/wp-content\/uploads\/2023\/12\/WAJSBROT-Patrick-1623x1080.jpg 1623w\" sizes=\"(max-width: 2560px) 100vw, 2560px\" \/><\/figure><div class=\"elementor-image-box-content\"><h3 class=\"elementor-image-box-title\">Monsieur Patrick WAJSBROT<\/h3><p class=\"elementor-image-box-description\">Fondateur de PW Consultants, cabinet conseil s\u00e9curit\u00e9 des paiements<\/p><\/div><\/div>\t\t<\/div>\n\t\t\t\t<\/div>\n\t\t\t\t\t<\/div>\n\t\t<\/div>\n\t\t\t\t\t<\/div>\n\t\t<\/section>\n\t\t\t\t<section class=\"elementor-section elementor-top-section elementor-element elementor-element-c2fcafb elementor-section-boxed elementor-section-height-default elementor-section-height-default\" data-id=\"c2fcafb\" data-element_type=\"section\">\n\t\t\t\t\t\t<div class=\"elementor-container elementor-column-gap-default\">\n\t\t\t\t\t<div class=\"elementor-column elementor-col-50 elementor-top-column elementor-element elementor-element-63b9521e\" data-id=\"63b9521e\" data-element_type=\"column\">\n\t\t\t<div class=\"elementor-widget-wrap elementor-element-populated\">\n\t\t\t\t\t\t<div class=\"elementor-element elementor-element-3b10378c elementor-position-top elementor-widget elementor-widget-image-box\" data-id=\"3b10378c\" data-element_type=\"widget\" data-widget_type=\"image-box.default\">\n\t\t\t\t<div class=\"elementor-widget-container\">\n\t\t\t<div class=\"elementor-image-box-wrapper\"><figure class=\"elementor-image-box-img\"><img loading=\"lazy\" decoding=\"async\" width=\"2560\" height=\"1703\" src=\"https:\/\/echansonneriedespapes.com\/wp-content\/uploads\/2023\/12\/REBOURGEON-Chloe-scaled.jpg\" class=\"attachment-full size-full wp-image-1872\" alt=\"\" srcset=\"https:\/\/echansonneriedespapes.com\/wp-content\/uploads\/2023\/12\/REBOURGEON-Chloe-scaled.jpg 2560w, https:\/\/echansonneriedespapes.com\/wp-content\/uploads\/2023\/12\/REBOURGEON-Chloe-300x200.jpg 300w, https:\/\/echansonneriedespapes.com\/wp-content\/uploads\/2023\/12\/REBOURGEON-Chloe-1024x681.jpg 1024w, https:\/\/echansonneriedespapes.com\/wp-content\/uploads\/2023\/12\/REBOURGEON-Chloe-768x511.jpg 768w, https:\/\/echansonneriedespapes.com\/wp-content\/uploads\/2023\/12\/REBOURGEON-Chloe-1536x1022.jpg 1536w, https:\/\/echansonneriedespapes.com\/wp-content\/uploads\/2023\/12\/REBOURGEON-Chloe-2048x1362.jpg 2048w, https:\/\/echansonneriedespapes.com\/wp-content\/uploads\/2023\/12\/REBOURGEON-Chloe-1623x1080.jpg 1623w\" sizes=\"(max-width: 2560px) 100vw, 2560px\" \/><\/figure><div class=\"elementor-image-box-content\"><h3 class=\"elementor-image-box-title\">Madame Chlo\u00e9 REBOURGEON<\/h3><p class=\"elementor-image-box-description\">Infirmi\u00e8re - Hospices de Beaune<\/p><\/div><\/div>\t\t<\/div>\n\t\t\t\t<\/div>\n\t\t\t\t\t<\/div>\n\t\t<\/div>\n\t\t\t\t<div class=\"elementor-column elementor-col-50 elementor-top-column elementor-element elementor-element-794bc57d\" data-id=\"794bc57d\" data-element_type=\"column\">\n\t\t\t<div class=\"elementor-widget-wrap elementor-element-populated\">\n\t\t\t\t\t\t<div class=\"elementor-element elementor-element-6ef006a4 elementor-position-top elementor-widget elementor-widget-image-box\" data-id=\"6ef006a4\" data-element_type=\"widget\" data-widget_type=\"image-box.default\">\n\t\t\t\t<div class=\"elementor-widget-container\">\n\t\t\t<div class=\"elementor-image-box-wrapper\"><figure class=\"elementor-image-box-img\"><img loading=\"lazy\" decoding=\"async\" width=\"2560\" height=\"1703\" src=\"https:\/\/echansonneriedespapes.com\/wp-content\/uploads\/2023\/12\/TORRIS-Jean-Paul-scaled.jpg\" class=\"attachment-full size-full wp-image-1874\" alt=\"\" srcset=\"https:\/\/echansonneriedespapes.com\/wp-content\/uploads\/2023\/12\/TORRIS-Jean-Paul-scaled.jpg 2560w, https:\/\/echansonneriedespapes.com\/wp-content\/uploads\/2023\/12\/TORRIS-Jean-Paul-300x200.jpg 300w, https:\/\/echansonneriedespapes.com\/wp-content\/uploads\/2023\/12\/TORRIS-Jean-Paul-1024x681.jpg 1024w, https:\/\/echansonneriedespapes.com\/wp-content\/uploads\/2023\/12\/TORRIS-Jean-Paul-768x511.jpg 768w, https:\/\/echansonneriedespapes.com\/wp-content\/uploads\/2023\/12\/TORRIS-Jean-Paul-1536x1022.jpg 1536w, https:\/\/echansonneriedespapes.com\/wp-content\/uploads\/2023\/12\/TORRIS-Jean-Paul-2048x1362.jpg 2048w, https:\/\/echansonneriedespapes.com\/wp-content\/uploads\/2023\/12\/TORRIS-Jean-Paul-1623x1080.jpg 1623w\" sizes=\"(max-width: 2560px) 100vw, 2560px\" \/><\/figure><div class=\"elementor-image-box-content\"><h3 class=\"elementor-image-box-title\">Monsieur Jean-Paul TORRIS<\/h3><p class=\"elementor-image-box-description\">Conseiller du Pr\u00e9sident Savencia Fromage & Dairy, premier Vice-Pr\u00e9sident ANIA, Pr\u00e9sident MEDEF International<\/p><\/div><\/div>\t\t<\/div>\n\t\t\t\t<\/div>\n\t\t\t\t\t<\/div>\n\t\t<\/div>\n\t\t\t\t\t<\/div>\n\t\t<\/section>\n\t\t\t\t<section class=\"elementor-section elementor-top-section elementor-element elementor-element-742f84d0 elementor-section-boxed elementor-section-height-default elementor-section-height-default\" data-id=\"742f84d0\" data-element_type=\"section\">\n\t\t\t\t\t\t<div class=\"elementor-container elementor-column-gap-default\">\n\t\t\t\t\t<div class=\"elementor-column elementor-col-50 elementor-top-column elementor-element elementor-element-48979d7f\" data-id=\"48979d7f\" data-element_type=\"column\">\n\t\t\t<div class=\"elementor-widget-wrap elementor-element-populated\">\n\t\t\t\t\t\t<div class=\"elementor-element elementor-element-6563351c elementor-position-top elementor-widget elementor-widget-image-box\" data-id=\"6563351c\" data-element_type=\"widget\" data-widget_type=\"image-box.default\">\n\t\t\t\t<div class=\"elementor-widget-container\">\n\t\t\t<div class=\"elementor-image-box-wrapper\"><figure class=\"elementor-image-box-img\"><img loading=\"lazy\" decoding=\"async\" width=\"2560\" height=\"1703\" src=\"https:\/\/echansonneriedespapes.com\/wp-content\/uploads\/2023\/12\/TRAD-Nesrine-scaled.jpg\" class=\"attachment-full size-full wp-image-1875\" alt=\"\" srcset=\"https:\/\/echansonneriedespapes.com\/wp-content\/uploads\/2023\/12\/TRAD-Nesrine-scaled.jpg 2560w, https:\/\/echansonneriedespapes.com\/wp-content\/uploads\/2023\/12\/TRAD-Nesrine-300x200.jpg 300w, https:\/\/echansonneriedespapes.com\/wp-content\/uploads\/2023\/12\/TRAD-Nesrine-1024x681.jpg 1024w, https:\/\/echansonneriedespapes.com\/wp-content\/uploads\/2023\/12\/TRAD-Nesrine-768x511.jpg 768w, https:\/\/echansonneriedespapes.com\/wp-content\/uploads\/2023\/12\/TRAD-Nesrine-1536x1022.jpg 1536w, https:\/\/echansonneriedespapes.com\/wp-content\/uploads\/2023\/12\/TRAD-Nesrine-2048x1362.jpg 2048w, https:\/\/echansonneriedespapes.com\/wp-content\/uploads\/2023\/12\/TRAD-Nesrine-1623x1080.jpg 1623w\" sizes=\"(max-width: 2560px) 100vw, 2560px\" \/><\/figure><div class=\"elementor-image-box-content\"><h3 class=\"elementor-image-box-title\">Madame Nesrine TRAD<\/h3><p class=\"elementor-image-box-description\">Avocate<\/p><\/div><\/div>\t\t<\/div>\n\t\t\t\t<\/div>\n\t\t\t\t\t<\/div>\n\t\t<\/div>\n\t\t\t\t<div class=\"elementor-column elementor-col-50 elementor-top-column elementor-element elementor-element-6ace1de5\" data-id=\"6ace1de5\" data-element_type=\"column\">\n\t\t\t<div class=\"elementor-widget-wrap\">\n\t\t\t\t\t\t\t<\/div>\n\t\t<\/div>\n\t\t\t\t\t<\/div>\n\t\t<\/section>\n\t\t\t\t<section class=\"elementor-section elementor-top-section elementor-element elementor-element-4bdc575 elementor-section-boxed elementor-section-height-default elementor-section-height-default\" data-id=\"4bdc575\" data-element_type=\"section\">\n\t\t\t\t\t\t<div class=\"elementor-container elementor-column-gap-default\">\n\t\t\t\t\t<div class=\"elementor-column elementor-col-100 elementor-top-column elementor-element elementor-element-3cc46b2f\" data-id=\"3cc46b2f\" data-element_type=\"column\">\n\t\t\t<div class=\"elementor-widget-wrap elementor-element-populated\">\n\t\t\t\t\t\t<div class=\"elementor-element elementor-element-26555003 elementor-widget elementor-widget-spacer\" data-id=\"26555003\" data-element_type=\"widget\" data-widget_type=\"spacer.default\">\n\t\t\t\t<div class=\"elementor-widget-container\">\n\t\t\t\t\t<div class=\"elementor-spacer\">\n\t\t\t<div class=\"elementor-spacer-inner\"><\/div>\n\t\t<\/div>\n\t\t\t\t<\/div>\n\t\t\t\t<\/div>\n\t\t\t\t<div class=\"elementor-element elementor-element-68f272ec elementor-widget elementor-widget-text-editor\" data-id=\"68f272ec\" data-element_type=\"widget\" data-widget_type=\"text-editor.default\">\n\t\t\t\t<div class=\"elementor-widget-container\">\n\t\t\t\t\t\t\t<p style=\"text-align: right;\"><em>Cr\u00e9dit photos : Art et Image<\/em><\/p>\t\t\t\t\t\t<\/div>\n\t\t\t\t<\/div>\n\t\t\t\t\t<\/div>\n\t\t<\/div>\n\t\t\t\t\t<\/div>\n\t\t<\/section>\n\t\t\t\t<section class=\"elementor-section elementor-top-section elementor-element elementor-element-535d908d elementor-section-full_width elementor-section-height-min-height elementor-section-content-middle elementor-section-height-default elementor-section-items-middle\" data-id=\"535d908d\" data-element_type=\"section\" data-settings=\"{&quot;background_background&quot;:&quot;classic&quot;}\">\n\t\t\t\t\t\t<div class=\"elementor-container elementor-column-gap-no\">\n\t\t\t\t\t<div class=\"elementor-column elementor-col-100 elementor-top-column elementor-element elementor-element-83742a3\" data-id=\"83742a3\" data-element_type=\"column\">\n\t\t\t<div class=\"elementor-widget-wrap\">\n\t\t\t\t\t\t\t<\/div>\n\t\t<\/div>\n\t\t\t\t\t<\/div>\n\t\t<\/section>\n\t\t\t\t<section class=\"elementor-section elementor-top-section elementor-element elementor-element-742fa0c7 elementor-section-boxed elementor-section-height-default elementor-section-height-default\" data-id=\"742fa0c7\" data-element_type=\"section\">\n\t\t\t\t\t\t<div class=\"elementor-container elementor-column-gap-default\">\n\t\t\t\t\t<div class=\"elementor-column elementor-col-33 elementor-top-column elementor-element elementor-element-63c7e928\" data-id=\"63c7e928\" data-element_type=\"column\">\n\t\t\t<div class=\"elementor-widget-wrap elementor-element-populated\">\n\t\t\t\t\t\t<div class=\"elementor-element elementor-element-7f40920b elementor-align-left elementor-widget elementor-widget-button\" data-id=\"7f40920b\" data-element_type=\"widget\" data-widget_type=\"button.default\">\n\t\t\t\t<div class=\"elementor-widget-container\">\n\t\t\t\t\t<div class=\"elementor-button-wrapper\">\n\t\t\t<a class=\"elementor-button elementor-button-link elementor-size-sm elementor-animation-grow\" href=\"https:\/\/echansonneriedespapes.com\/index.php\/353eme-chapitre\/\">\n\t\t\t\t\t\t<span class=\"elementor-button-content-wrapper\">\n\t\t\t\t\t\t<span class=\"elementor-button-icon\">\n\t\t\t\t<i aria-hidden=\"true\" class=\"fas fa-arrow-alt-circle-left\"><\/i>\t\t\t<\/span>\n\t\t\t\t\t\t\t\t\t<span class=\"elementor-button-text\">Chapitre pr\u00e9c\u00e9dent<\/span>\n\t\t\t\t\t<\/span>\n\t\t\t\t\t<\/a>\n\t\t<\/div>\n\t\t\t\t<\/div>\n\t\t\t\t<\/div>\n\t\t\t\t\t<\/div>\n\t\t<\/div>\n\t\t\t\t<div class=\"elementor-column elementor-col-33 elementor-top-column elementor-element elementor-element-63d1191\" data-id=\"63d1191\" data-element_type=\"column\">\n\t\t\t<div class=\"elementor-widget-wrap\">\n\t\t\t\t\t\t\t<\/div>\n\t\t<\/div>\n\t\t\t\t<div class=\"elementor-column elementor-col-33 elementor-top-column elementor-element elementor-element-54c095fd\" data-id=\"54c095fd\" data-element_type=\"column\">\n\t\t\t<div class=\"elementor-widget-wrap elementor-element-populated\">\n\t\t\t\t\t\t<div class=\"elementor-element elementor-element-1beca24 elementor-align-right elementor-widget elementor-widget-button\" data-id=\"1beca24\" data-element_type=\"widget\" data-widget_type=\"button.default\">\n\t\t\t\t<div class=\"elementor-widget-container\">\n\t\t\t\t\t<div class=\"elementor-button-wrapper\">\n\t\t\t<a class=\"elementor-button elementor-button-link elementor-size-sm elementor-animation-grow\" href=\"https:\/\/echansonneriedespapes.com\/index.php\/reservation\/\">\n\t\t\t\t\t\t<span class=\"elementor-button-content-wrapper\">\n\t\t\t\t\t\t<span class=\"elementor-button-icon\">\n\t\t\t\t<i aria-hidden=\"true\" class=\"fas fa-arrow-alt-circle-right\"><\/i>\t\t\t<\/span>\n\t\t\t\t\t\t\t\t\t<span class=\"elementor-button-text\">Chapitre suivant<\/span>\n\t\t\t\t\t<\/span>\n\t\t\t\t\t<\/a>\n\t\t<\/div>\n\t\t\t\t<\/div>\n\t\t\t\t<\/div>\n\t\t\t\t\t<\/div>\n\t\t<\/div>\n\t\t\t\t\t<\/div>\n\t\t<\/section>\n\t\t\t\t<\/div>\n\t\t","protected":false},"excerpt":{"rendered":"<p>Chapitre d&rsquo;Hiver25 novembre 2023 Palais des PapesAvignon Madame l&rsquo;Ambassadrice Denise CAMPBELL BAUER Ambassadrice d&rsquo;Am\u00e9rique Monsieur Alexandre BRASSEUR Com\u00e9dien Monsieur Gilles BRAGARD Secretaire g\u00e9n\u00e9ral Fondateur DU Club des chefs des chefs Monsieur Christian GARCIA Chef de cuisine de SAS le Prince Albert II de Monaco Monsieur Pierre-Emmanuel TAITTINGER Charg\u00e9 de mission Champagne Taittinger et Pr\u00e9sident d&rsquo;Honneur&hellip; <br \/> <a class=\"read-more\" href=\"https:\/\/echansonneriedespapes.com\/index.php\/354eme-chapitre\/\">Lire la suite<\/a><\/p>\n","protected":false},"author":1,"featured_media":0,"parent":0,"menu_order":0,"comment_status":"closed","ping_status":"closed","template":"","meta":{"footnotes":""},"class_list":["post-1846","page","type-page","status-publish","hentry"],"yoast_head":"<!-- This site is optimized with the Yoast SEO plugin v23.4 - https:\/\/yoast.com\/wordpress\/plugins\/seo\/ -->\n<title>354\u00e8me chapitre - \u00c9chansonnerie des Papes<\/title>\n<meta name=\"robots\" content=\"index, follow, max-snippet:-1, max-image-preview:large, max-video-preview:-1\" \/>\n<link rel=\"canonical\" href=\"https:\/\/echansonneriedespapes.com\/index.php\/354eme-chapitre\/\" \/>\n<meta property=\"og:locale\" content=\"fr_FR\" \/>\n<meta property=\"og:type\" content=\"article\" \/>\n<meta property=\"og:title\" content=\"354\u00e8me chapitre - \u00c9chansonnerie des Papes\" \/>\n<meta property=\"og:description\" content=\"Chapitre d&rsquo;Hiver25 novembre 2023 Palais des PapesAvignon Madame l&rsquo;Ambassadrice Denise CAMPBELL BAUER Ambassadrice d&rsquo;Am\u00e9rique Monsieur Alexandre BRASSEUR Com\u00e9dien Monsieur Gilles BRAGARD Secretaire g\u00e9n\u00e9ral Fondateur DU Club des chefs des chefs Monsieur Christian GARCIA Chef de cuisine de SAS le Prince Albert II de Monaco Monsieur Pierre-Emmanuel TAITTINGER Charg\u00e9 de mission Champagne Taittinger et Pr\u00e9sident d&rsquo;Honneur&hellip; Lire la suite\" \/>\n<meta property=\"og:url\" content=\"https:\/\/echansonneriedespapes.com\/index.php\/354eme-chapitre\/\" \/>\n<meta property=\"og:site_name\" content=\"\u00c9chansonnerie des Papes\" \/>\n<meta property=\"article:modified_time\" content=\"2023-12-01T10:13:10+00:00\" \/>\n<meta property=\"og:image\" content=\"https:\/\/echansonneriedespapes.com\/wp-content\/uploads\/2020\/06\/Fichier-1-150x150.png\" \/>\n<meta name=\"twitter:card\" content=\"summary_large_image\" \/>\n<meta name=\"twitter:label1\" content=\"Dur\u00e9e de lecture estim\u00e9e\" \/>\n\t<meta name=\"twitter:data1\" content=\"6 minutes\" \/>\n<script type=\"application\/ld+json\" class=\"yoast-schema-graph\">{\"@context\":\"https:\/\/schema.org\",\"@graph\":[{\"@type\":\"WebPage\",\"@id\":\"https:\/\/echansonneriedespapes.com\/index.php\/354eme-chapitre\/\",\"url\":\"https:\/\/echansonneriedespapes.com\/index.php\/354eme-chapitre\/\",\"name\":\"354\u00e8me chapitre - \u00c9chansonnerie des Papes\",\"isPartOf\":{\"@id\":\"https:\/\/echansonneriedespapes.com\/#website\"},\"primaryImageOfPage\":{\"@id\":\"https:\/\/echansonneriedespapes.com\/index.php\/354eme-chapitre\/#primaryimage\"},\"image\":{\"@id\":\"https:\/\/echansonneriedespapes.com\/index.php\/354eme-chapitre\/#primaryimage\"},\"thumbnailUrl\":\"https:\/\/echansonneriedespapes.com\/wp-content\/uploads\/2020\/06\/Fichier-1-150x150.png\",\"datePublished\":\"2023-10-03T09:22:05+00:00\",\"dateModified\":\"2023-12-01T10:13:10+00:00\",\"breadcrumb\":{\"@id\":\"https:\/\/echansonneriedespapes.com\/index.php\/354eme-chapitre\/#breadcrumb\"},\"inLanguage\":\"fr-FR\",\"potentialAction\":[{\"@type\":\"ReadAction\",\"target\":[\"https:\/\/echansonneriedespapes.com\/index.php\/354eme-chapitre\/\"]}]},{\"@type\":\"ImageObject\",\"inLanguage\":\"fr-FR\",\"@id\":\"https:\/\/echansonneriedespapes.com\/index.php\/354eme-chapitre\/#primaryimage\",\"url\":\"https:\/\/echansonneriedespapes.com\/wp-content\/uploads\/2020\/06\/Fichier-1.png\",\"contentUrl\":\"https:\/\/echansonneriedespapes.com\/wp-content\/uploads\/2020\/06\/Fichier-1.png\",\"width\":350,\"height\":182},{\"@type\":\"BreadcrumbList\",\"@id\":\"https:\/\/echansonneriedespapes.com\/index.php\/354eme-chapitre\/#breadcrumb\",\"itemListElement\":[{\"@type\":\"ListItem\",\"position\":1,\"name\":\"Accueil\",\"item\":\"https:\/\/echansonneriedespapes.com\/\"},{\"@type\":\"ListItem\",\"position\":2,\"name\":\"354\u00e8me chapitre\"}]},{\"@type\":\"WebSite\",\"@id\":\"https:\/\/echansonneriedespapes.com\/#website\",\"url\":\"https:\/\/echansonneriedespapes.com\/\",\"name\":\"\u00c9chansonnerie des Papes\",\"description\":\"La Confr\u00e9rie Bachique de Ch\u00e2teauneuf-du-Pape\",\"publisher\":{\"@id\":\"https:\/\/echansonneriedespapes.com\/#organization\"},\"potentialAction\":[{\"@type\":\"SearchAction\",\"target\":{\"@type\":\"EntryPoint\",\"urlTemplate\":\"https:\/\/echansonneriedespapes.com\/?s={search_term_string}\"},\"query-input\":{\"@type\":\"PropertyValueSpecification\",\"valueRequired\":true,\"valueName\":\"search_term_string\"}}],\"inLanguage\":\"fr-FR\"},{\"@type\":\"Organization\",\"@id\":\"https:\/\/echansonneriedespapes.com\/#organization\",\"name\":\"\u00c9chansonnerie des Papes\",\"url\":\"https:\/\/echansonneriedespapes.com\/\",\"logo\":{\"@type\":\"ImageObject\",\"inLanguage\":\"fr-FR\",\"@id\":\"https:\/\/echansonneriedespapes.com\/#\/schema\/logo\/image\/\",\"url\":\"https:\/\/echansonneriedespapes.com\/wp-content\/uploads\/2018\/08\/cropped-logo-echansonnerie-sans-fond-4.png\",\"contentUrl\":\"https:\/\/echansonneriedespapes.com\/wp-content\/uploads\/2018\/08\/cropped-logo-echansonnerie-sans-fond-4.png\",\"width\":508,\"height\":608,\"caption\":\"\u00c9chansonnerie des Papes\"},\"image\":{\"@id\":\"https:\/\/echansonneriedespapes.com\/#\/schema\/logo\/image\/\"}}]}<\/script>\n<!-- \/ Yoast SEO plugin. -->","yoast_head_json":{"title":"354\u00e8me chapitre - \u00c9chansonnerie des Papes","robots":{"index":"index","follow":"follow","max-snippet":"max-snippet:-1","max-image-preview":"max-image-preview:large","max-video-preview":"max-video-preview:-1"},"canonical":"https:\/\/echansonneriedespapes.com\/index.php\/354eme-chapitre\/","og_locale":"fr_FR","og_type":"article","og_title":"354\u00e8me chapitre - \u00c9chansonnerie des Papes","og_description":"Chapitre d&rsquo;Hiver25 novembre 2023 Palais des PapesAvignon Madame l&rsquo;Ambassadrice Denise CAMPBELL BAUER Ambassadrice d&rsquo;Am\u00e9rique Monsieur Alexandre BRASSEUR Com\u00e9dien Monsieur Gilles BRAGARD Secretaire g\u00e9n\u00e9ral Fondateur DU Club des chefs des chefs Monsieur Christian GARCIA Chef de cuisine de SAS le Prince Albert II de Monaco Monsieur Pierre-Emmanuel TAITTINGER Charg\u00e9 de mission Champagne Taittinger et Pr\u00e9sident d&rsquo;Honneur&hellip; Lire la suite","og_url":"https:\/\/echansonneriedespapes.com\/index.php\/354eme-chapitre\/","og_site_name":"\u00c9chansonnerie des Papes","article_modified_time":"2023-12-01T10:13:10+00:00","og_image":[{"url":"https:\/\/echansonneriedespapes.com\/wp-content\/uploads\/2020\/06\/Fichier-1-150x150.png"}],"twitter_card":"summary_large_image","twitter_misc":{"Dur\u00e9e de lecture estim\u00e9e":"6 minutes"},"schema":{"@context":"https:\/\/schema.org","@graph":[{"@type":"WebPage","@id":"https:\/\/echansonneriedespapes.com\/index.php\/354eme-chapitre\/","url":"https:\/\/echansonneriedespapes.com\/index.php\/354eme-chapitre\/","name":"354\u00e8me chapitre - \u00c9chansonnerie des Papes","isPartOf":{"@id":"https:\/\/echansonneriedespapes.com\/#website"},"primaryImageOfPage":{"@id":"https:\/\/echansonneriedespapes.com\/index.php\/354eme-chapitre\/#primaryimage"},"image":{"@id":"https:\/\/echansonneriedespapes.com\/index.php\/354eme-chapitre\/#primaryimage"},"thumbnailUrl":"https:\/\/echansonneriedespapes.com\/wp-content\/uploads\/2020\/06\/Fichier-1-150x150.png","datePublished":"2023-10-03T09:22:05+00:00","dateModified":"2023-12-01T10:13:10+00:00","breadcrumb":{"@id":"https:\/\/echansonneriedespapes.com\/index.php\/354eme-chapitre\/#breadcrumb"},"inLanguage":"fr-FR","potentialAction":[{"@type":"ReadAction","target":["https:\/\/echansonneriedespapes.com\/index.php\/354eme-chapitre\/"]}]},{"@type":"ImageObject","inLanguage":"fr-FR","@id":"https:\/\/echansonneriedespapes.com\/index.php\/354eme-chapitre\/#primaryimage","url":"https:\/\/echansonneriedespapes.com\/wp-content\/uploads\/2020\/06\/Fichier-1.png","contentUrl":"https:\/\/echansonneriedespapes.com\/wp-content\/uploads\/2020\/06\/Fichier-1.png","width":350,"height":182},{"@type":"BreadcrumbList","@id":"https:\/\/echansonneriedespapes.com\/index.php\/354eme-chapitre\/#breadcrumb","itemListElement":[{"@type":"ListItem","position":1,"name":"Accueil","item":"https:\/\/echansonneriedespapes.com\/"},{"@type":"ListItem","position":2,"name":"354\u00e8me chapitre"}]},{"@type":"WebSite","@id":"https:\/\/echansonneriedespapes.com\/#website","url":"https:\/\/echansonneriedespapes.com\/","name":"\u00c9chansonnerie des Papes","description":"La Confr\u00e9rie Bachique de Ch\u00e2teauneuf-du-Pape","publisher":{"@id":"https:\/\/echansonneriedespapes.com\/#organization"},"potentialAction":[{"@type":"SearchAction","target":{"@type":"EntryPoint","urlTemplate":"https:\/\/echansonneriedespapes.com\/?s={search_term_string}"},"query-input":{"@type":"PropertyValueSpecification","valueRequired":true,"valueName":"search_term_string"}}],"inLanguage":"fr-FR"},{"@type":"Organization","@id":"https:\/\/echansonneriedespapes.com\/#organization","name":"\u00c9chansonnerie des Papes","url":"https:\/\/echansonneriedespapes.com\/","logo":{"@type":"ImageObject","inLanguage":"fr-FR","@id":"https:\/\/echansonneriedespapes.com\/#\/schema\/logo\/image\/","url":"https:\/\/echansonneriedespapes.com\/wp-content\/uploads\/2018\/08\/cropped-logo-echansonnerie-sans-fond-4.png","contentUrl":"https:\/\/echansonneriedespapes.com\/wp-content\/uploads\/2018\/08\/cropped-logo-echansonnerie-sans-fond-4.png","width":508,"height":608,"caption":"\u00c9chansonnerie des Papes"},"image":{"@id":"https:\/\/echansonneriedespapes.com\/#\/schema\/logo\/image\/"}}]}},"jetpack_sharing_enabled":true,"_links":{"self":[{"href":"https:\/\/echansonneriedespapes.com\/index.php\/wp-json\/wp\/v2\/pages\/1846"}],"collection":[{"href":"https:\/\/echansonneriedespapes.com\/index.php\/wp-json\/wp\/v2\/pages"}],"about":[{"href":"https:\/\/echansonneriedespapes.com\/index.php\/wp-json\/wp\/v2\/types\/page"}],"author":[{"embeddable":true,"href":"https:\/\/echansonneriedespapes.com\/index.php\/wp-json\/wp\/v2\/users\/1"}],"replies":[{"embeddable":true,"href":"https:\/\/echansonneriedespapes.com\/index.php\/wp-json\/wp\/v2\/comments?post=1846"}],"version-history":[{"count":11,"href":"https:\/\/echansonneriedespapes.com\/index.php\/wp-json\/wp\/v2\/pages\/1846\/revisions"}],"predecessor-version":[{"id":1882,"href":"https:\/\/echansonneriedespapes.com\/index.php\/wp-json\/wp\/v2\/pages\/1846\/revisions\/1882"}],"wp:attachment":[{"href":"https:\/\/echansonneriedespapes.com\/index.php\/wp-json\/wp\/v2\/media?parent=1846"}],"curies":[{"name":"wp","href":"https:\/\/api.w.org\/{rel}","templated":true}]}}