{"id":1729,"date":"2023-06-16T12:14:49","date_gmt":"2023-06-16T10:14:49","guid":{"rendered":"https:\/\/echansonneriedespapes.com\/?page_id=1729"},"modified":"2023-07-21T15:32:17","modified_gmt":"2023-07-21T13:32:17","slug":"351eme-chapitre","status":"publish","type":"page","link":"https:\/\/echansonneriedespapes.com\/index.php\/351eme-chapitre\/","title":{"rendered":"351\u00e8me chapitre"},"content":{"rendered":"\t\t<div data-elementor-type=\"wp-page\" data-elementor-id=\"1729\" class=\"elementor elementor-1729\">\n\t\t\t\t\t\t<section class=\"elementor-section elementor-top-section elementor-element elementor-element-c89628b elementor-section-boxed elementor-section-height-default elementor-section-height-default\" data-id=\"c89628b\" data-element_type=\"section\">\n\t\t\t\t\t\t<div class=\"elementor-container elementor-column-gap-default\">\n\t\t\t\t\t<div class=\"elementor-column elementor-col-100 elementor-top-column elementor-element elementor-element-3f6e418\" data-id=\"3f6e418\" data-element_type=\"column\">\n\t\t\t<div class=\"elementor-widget-wrap elementor-element-populated\">\n\t\t\t\t\t\t<div class=\"elementor-element elementor-element-1e865a5 elementor-widget elementor-widget-heading\" data-id=\"1e865a5\" data-element_type=\"widget\" data-widget_type=\"heading.default\">\n\t\t\t\t<div class=\"elementor-widget-container\">\n\t\t\t<h2 class=\"elementor-heading-title elementor-size-large\">Grand Conseil Exceptionnel<br><font size=\"6\"><i>Samedi 10 juin 2023<\/i><\/font><\/h2>\t\t<\/div>\n\t\t\t\t<\/div>\n\t\t\t\t<div class=\"elementor-element elementor-element-cc3739b elementor-widget elementor-widget-heading\" data-id=\"cc3739b\" data-element_type=\"widget\" data-widget_type=\"heading.default\">\n\t\t\t\t<div class=\"elementor-widget-container\">\n\t\t\t<h2 class=\"elementor-heading-title elementor-size-large\">Palais des Papes<br>Avignon<\/h2>\t\t<\/div>\n\t\t\t\t<\/div>\n\t\t\t\t<div class=\"elementor-element elementor-element-c0ed1b9 elementor-widget elementor-widget-image\" data-id=\"c0ed1b9\" data-element_type=\"widget\" data-widget_type=\"image.default\">\n\t\t\t\t<div class=\"elementor-widget-container\">\n\t\t\t\t\t\t\t\t\t\t\t\t\t<img decoding=\"async\" width=\"150\" height=\"150\" src=\"https:\/\/echansonneriedespapes.com\/wp-content\/uploads\/2020\/06\/Fichier-1-150x150.png\" class=\"attachment-thumbnail size-thumbnail wp-image-415\" alt=\"\" \/>\t\t\t\t\t\t\t\t\t\t\t\t\t<\/div>\n\t\t\t\t<\/div>\n\t\t\t\t<div class=\"elementor-element elementor-element-4cbd2fe elementor-widget elementor-widget-spacer\" data-id=\"4cbd2fe\" data-element_type=\"widget\" data-widget_type=\"spacer.default\">\n\t\t\t\t<div class=\"elementor-widget-container\">\n\t\t\t\t\t<div class=\"elementor-spacer\">\n\t\t\t<div class=\"elementor-spacer-inner\"><\/div>\n\t\t<\/div>\n\t\t\t\t<\/div>\n\t\t\t\t<\/div>\n\t\t\t\t\t<\/div>\n\t\t<\/div>\n\t\t\t\t\t<\/div>\n\t\t<\/section>\n\t\t\t\t<section class=\"elementor-section elementor-top-section elementor-element elementor-element-5a59835 elementor-section-boxed elementor-section-height-default elementor-section-height-default\" data-id=\"5a59835\" data-element_type=\"section\">\n\t\t\t\t\t\t<div class=\"elementor-container elementor-column-gap-default\">\n\t\t\t\t\t<div class=\"elementor-column elementor-col-50 elementor-top-column elementor-element elementor-element-29ee7cc\" data-id=\"29ee7cc\" data-element_type=\"column\">\n\t\t\t<div class=\"elementor-widget-wrap elementor-element-populated\">\n\t\t\t\t\t\t<div class=\"elementor-element elementor-element-8313a2b elementor-position-top elementor-widget elementor-widget-image-box\" data-id=\"8313a2b\" data-element_type=\"widget\" data-widget_type=\"image-box.default\">\n\t\t\t\t<div class=\"elementor-widget-container\">\n\t\t\t<div class=\"elementor-image-box-wrapper\"><figure class=\"elementor-image-box-img\"><img fetchpriority=\"high\" decoding=\"async\" width=\"2560\" height=\"1703\" src=\"https:\/\/echansonneriedespapes.com\/wp-content\/uploads\/2023\/06\/franck-Ferrand-scaled.jpg\" class=\"attachment-full size-full wp-image-1764\" alt=\"\" srcset=\"https:\/\/echansonneriedespapes.com\/wp-content\/uploads\/2023\/06\/franck-Ferrand-scaled.jpg 2560w, https:\/\/echansonneriedespapes.com\/wp-content\/uploads\/2023\/06\/franck-Ferrand-300x200.jpg 300w, https:\/\/echansonneriedespapes.com\/wp-content\/uploads\/2023\/06\/franck-Ferrand-1024x681.jpg 1024w, https:\/\/echansonneriedespapes.com\/wp-content\/uploads\/2023\/06\/franck-Ferrand-768x511.jpg 768w, https:\/\/echansonneriedespapes.com\/wp-content\/uploads\/2023\/06\/franck-Ferrand-1536x1022.jpg 1536w, https:\/\/echansonneriedespapes.com\/wp-content\/uploads\/2023\/06\/franck-Ferrand-2048x1362.jpg 2048w, https:\/\/echansonneriedespapes.com\/wp-content\/uploads\/2023\/06\/franck-Ferrand-1623x1080.jpg 1623w\" sizes=\"(max-width: 2560px) 100vw, 2560px\" \/><\/figure><div class=\"elementor-image-box-content\"><h3 class=\"elementor-image-box-title\">Monsieur Franck FERRAND<\/h3><p class=\"elementor-image-box-description\">\u00c9crivain, animateur audiovisuel sp\u00e9cialis\u00e9 en histoire<\/p><\/div><\/div>\t\t<\/div>\n\t\t\t\t<\/div>\n\t\t\t\t\t<\/div>\n\t\t<\/div>\n\t\t\t\t<div class=\"elementor-column elementor-col-50 elementor-top-column elementor-element elementor-element-f096cd2\" data-id=\"f096cd2\" data-element_type=\"column\">\n\t\t\t<div class=\"elementor-widget-wrap elementor-element-populated\">\n\t\t\t\t\t\t<div class=\"elementor-element elementor-element-f9b7bc3 elementor-position-top elementor-widget elementor-widget-image-box\" data-id=\"f9b7bc3\" data-element_type=\"widget\" data-widget_type=\"image-box.default\">\n\t\t\t\t<div class=\"elementor-widget-container\">\n\t\t\t<div class=\"elementor-image-box-wrapper\"><figure class=\"elementor-image-box-img\"><img decoding=\"async\" width=\"2560\" height=\"1703\" src=\"https:\/\/echansonneriedespapes.com\/wp-content\/uploads\/2023\/06\/Jancis-Robinson-scaled.jpg\" class=\"attachment-full size-full wp-image-1765\" alt=\"\" srcset=\"https:\/\/echansonneriedespapes.com\/wp-content\/uploads\/2023\/06\/Jancis-Robinson-scaled.jpg 2560w, https:\/\/echansonneriedespapes.com\/wp-content\/uploads\/2023\/06\/Jancis-Robinson-300x200.jpg 300w, https:\/\/echansonneriedespapes.com\/wp-content\/uploads\/2023\/06\/Jancis-Robinson-1024x681.jpg 1024w, https:\/\/echansonneriedespapes.com\/wp-content\/uploads\/2023\/06\/Jancis-Robinson-768x511.jpg 768w, https:\/\/echansonneriedespapes.com\/wp-content\/uploads\/2023\/06\/Jancis-Robinson-1536x1022.jpg 1536w, https:\/\/echansonneriedespapes.com\/wp-content\/uploads\/2023\/06\/Jancis-Robinson-2048x1362.jpg 2048w, https:\/\/echansonneriedespapes.com\/wp-content\/uploads\/2023\/06\/Jancis-Robinson-1623x1080.jpg 1623w\" sizes=\"(max-width: 2560px) 100vw, 2560px\" \/><\/figure><div class=\"elementor-image-box-content\"><h3 class=\"elementor-image-box-title\">Madame Jancis ROBINSON<\/h3><p class=\"elementor-image-box-description\">Editrice principale de JancisRobinson.com, ecrivain, correspondant<\/p><\/div><\/div>\t\t<\/div>\n\t\t\t\t<\/div>\n\t\t\t\t\t<\/div>\n\t\t<\/div>\n\t\t\t\t\t<\/div>\n\t\t<\/section>\n\t\t\t\t<section class=\"elementor-section elementor-top-section elementor-element elementor-element-657d3e9 elementor-section-boxed elementor-section-height-default elementor-section-height-default\" data-id=\"657d3e9\" data-element_type=\"section\">\n\t\t\t\t\t\t<div class=\"elementor-container elementor-column-gap-default\">\n\t\t\t\t\t<div class=\"elementor-column elementor-col-50 elementor-top-column elementor-element elementor-element-617d5ed\" data-id=\"617d5ed\" data-element_type=\"column\">\n\t\t\t<div class=\"elementor-widget-wrap elementor-element-populated\">\n\t\t\t\t\t\t<div class=\"elementor-element elementor-element-8d0344f elementor-position-top elementor-widget elementor-widget-image-box\" data-id=\"8d0344f\" data-element_type=\"widget\" data-widget_type=\"image-box.default\">\n\t\t\t\t<div class=\"elementor-widget-container\">\n\t\t\t<div class=\"elementor-image-box-wrapper\"><figure class=\"elementor-image-box-img\"><img loading=\"lazy\" decoding=\"async\" width=\"2560\" height=\"1703\" src=\"https:\/\/echansonneriedespapes.com\/wp-content\/uploads\/2023\/06\/Michel-Onfray-scaled.jpg\" class=\"attachment-full size-full wp-image-1767\" alt=\"\" srcset=\"https:\/\/echansonneriedespapes.com\/wp-content\/uploads\/2023\/06\/Michel-Onfray-scaled.jpg 2560w, https:\/\/echansonneriedespapes.com\/wp-content\/uploads\/2023\/06\/Michel-Onfray-300x200.jpg 300w, https:\/\/echansonneriedespapes.com\/wp-content\/uploads\/2023\/06\/Michel-Onfray-1024x681.jpg 1024w, https:\/\/echansonneriedespapes.com\/wp-content\/uploads\/2023\/06\/Michel-Onfray-768x511.jpg 768w, https:\/\/echansonneriedespapes.com\/wp-content\/uploads\/2023\/06\/Michel-Onfray-1536x1022.jpg 1536w, https:\/\/echansonneriedespapes.com\/wp-content\/uploads\/2023\/06\/Michel-Onfray-2048x1362.jpg 2048w, https:\/\/echansonneriedespapes.com\/wp-content\/uploads\/2023\/06\/Michel-Onfray-1623x1080.jpg 1623w\" sizes=\"(max-width: 2560px) 100vw, 2560px\" \/><\/figure><div class=\"elementor-image-box-content\"><h3 class=\"elementor-image-box-title\">Monsieur Michel ONFRAY<\/h3><p class=\"elementor-image-box-description\">Philosophe, \u00e9crivain<\/p><\/div><\/div>\t\t<\/div>\n\t\t\t\t<\/div>\n\t\t\t\t\t<\/div>\n\t\t<\/div>\n\t\t\t\t<div class=\"elementor-column elementor-col-50 elementor-top-column elementor-element elementor-element-8078f1a\" data-id=\"8078f1a\" data-element_type=\"column\">\n\t\t\t<div class=\"elementor-widget-wrap elementor-element-populated\">\n\t\t\t\t\t\t<div class=\"elementor-element elementor-element-b23040f elementor-position-top elementor-widget elementor-widget-image-box\" data-id=\"b23040f\" data-element_type=\"widget\" data-widget_type=\"image-box.default\">\n\t\t\t\t<div class=\"elementor-widget-container\">\n\t\t\t<div class=\"elementor-image-box-wrapper\"><figure class=\"elementor-image-box-img\"><img loading=\"lazy\" decoding=\"async\" width=\"1702\" height=\"1075\" src=\"https:\/\/echansonneriedespapes.com\/wp-content\/uploads\/2023\/06\/Christophe-hardiquest-scaled-e1686914180235.jpg\" class=\"attachment-full size-full wp-image-1768\" alt=\"\" srcset=\"https:\/\/echansonneriedespapes.com\/wp-content\/uploads\/2023\/06\/Christophe-hardiquest-scaled-e1686914180235.jpg 1702w, https:\/\/echansonneriedespapes.com\/wp-content\/uploads\/2023\/06\/Christophe-hardiquest-scaled-e1686914180235-300x189.jpg 300w, https:\/\/echansonneriedespapes.com\/wp-content\/uploads\/2023\/06\/Christophe-hardiquest-scaled-e1686914180235-1024x647.jpg 1024w, https:\/\/echansonneriedespapes.com\/wp-content\/uploads\/2023\/06\/Christophe-hardiquest-scaled-e1686914180235-768x485.jpg 768w, https:\/\/echansonneriedespapes.com\/wp-content\/uploads\/2023\/06\/Christophe-hardiquest-scaled-e1686914180235-1536x970.jpg 1536w\" sizes=\"(max-width: 1702px) 100vw, 1702px\" \/><\/figure><div class=\"elementor-image-box-content\"><h3 class=\"elementor-image-box-title\">Monsieur Christophe Hardiquest<\/h3><p class=\"elementor-image-box-description\">Chef cuisinier<\/p><\/div><\/div>\t\t<\/div>\n\t\t\t\t<\/div>\n\t\t\t\t\t<\/div>\n\t\t<\/div>\n\t\t\t\t\t<\/div>\n\t\t<\/section>\n\t\t\t\t<section class=\"elementor-section elementor-top-section elementor-element elementor-element-cc2c6dc elementor-section-boxed elementor-section-height-default elementor-section-height-default\" data-id=\"cc2c6dc\" data-element_type=\"section\">\n\t\t\t\t\t\t<div class=\"elementor-container elementor-column-gap-default\">\n\t\t\t\t\t<div class=\"elementor-column elementor-col-50 elementor-top-column elementor-element elementor-element-4c62f70\" data-id=\"4c62f70\" data-element_type=\"column\">\n\t\t\t<div class=\"elementor-widget-wrap elementor-element-populated\">\n\t\t\t\t\t\t<div class=\"elementor-element elementor-element-67c3e5a elementor-position-top elementor-widget elementor-widget-image-box\" data-id=\"67c3e5a\" data-element_type=\"widget\" data-widget_type=\"image-box.default\">\n\t\t\t\t<div class=\"elementor-widget-container\">\n\t\t\t<div class=\"elementor-image-box-wrapper\"><figure class=\"elementor-image-box-img\"><img loading=\"lazy\" decoding=\"async\" width=\"2560\" height=\"1703\" src=\"https:\/\/echansonneriedespapes.com\/wp-content\/uploads\/2023\/06\/Olivier-kim-scaled.jpg\" class=\"attachment-full size-full wp-image-1769\" alt=\"\" srcset=\"https:\/\/echansonneriedespapes.com\/wp-content\/uploads\/2023\/06\/Olivier-kim-scaled.jpg 2560w, https:\/\/echansonneriedespapes.com\/wp-content\/uploads\/2023\/06\/Olivier-kim-300x200.jpg 300w, https:\/\/echansonneriedespapes.com\/wp-content\/uploads\/2023\/06\/Olivier-kim-1024x681.jpg 1024w, https:\/\/echansonneriedespapes.com\/wp-content\/uploads\/2023\/06\/Olivier-kim-768x511.jpg 768w, https:\/\/echansonneriedespapes.com\/wp-content\/uploads\/2023\/06\/Olivier-kim-1536x1022.jpg 1536w, https:\/\/echansonneriedespapes.com\/wp-content\/uploads\/2023\/06\/Olivier-kim-2048x1362.jpg 2048w, https:\/\/echansonneriedespapes.com\/wp-content\/uploads\/2023\/06\/Olivier-kim-1623x1080.jpg 1623w\" sizes=\"(max-width: 2560px) 100vw, 2560px\" \/><\/figure><div class=\"elementor-image-box-content\"><h3 class=\"elementor-image-box-title\">Monsieur Olivier KIM<\/h3><p class=\"elementor-image-box-description\">Directeur des Op\u00e9rations de la gendarmerie<\/p><\/div><\/div>\t\t<\/div>\n\t\t\t\t<\/div>\n\t\t\t\t\t<\/div>\n\t\t<\/div>\n\t\t\t\t<div class=\"elementor-column elementor-col-50 elementor-top-column elementor-element elementor-element-b1ba43a\" data-id=\"b1ba43a\" data-element_type=\"column\">\n\t\t\t<div class=\"elementor-widget-wrap elementor-element-populated\">\n\t\t\t\t\t\t<div class=\"elementor-element elementor-element-a11c5d4 elementor-position-top elementor-widget elementor-widget-image-box\" data-id=\"a11c5d4\" data-element_type=\"widget\" data-widget_type=\"image-box.default\">\n\t\t\t\t<div class=\"elementor-widget-container\">\n\t\t\t<div class=\"elementor-image-box-wrapper\"><figure class=\"elementor-image-box-img\"><img loading=\"lazy\" decoding=\"async\" width=\"2560\" height=\"1703\" src=\"https:\/\/echansonneriedespapes.com\/wp-content\/uploads\/2023\/06\/Rollan-scaled.jpg\" class=\"attachment-full size-full wp-image-1770\" alt=\"\" srcset=\"https:\/\/echansonneriedespapes.com\/wp-content\/uploads\/2023\/06\/Rollan-scaled.jpg 2560w, https:\/\/echansonneriedespapes.com\/wp-content\/uploads\/2023\/06\/Rollan-300x200.jpg 300w, https:\/\/echansonneriedespapes.com\/wp-content\/uploads\/2023\/06\/Rollan-1024x681.jpg 1024w, https:\/\/echansonneriedespapes.com\/wp-content\/uploads\/2023\/06\/Rollan-768x511.jpg 768w, https:\/\/echansonneriedespapes.com\/wp-content\/uploads\/2023\/06\/Rollan-1536x1022.jpg 1536w, https:\/\/echansonneriedespapes.com\/wp-content\/uploads\/2023\/06\/Rollan-2048x1362.jpg 2048w, https:\/\/echansonneriedespapes.com\/wp-content\/uploads\/2023\/06\/Rollan-1623x1080.jpg 1623w\" sizes=\"(max-width: 2560px) 100vw, 2560px\" \/><\/figure><div class=\"elementor-image-box-content\"><h3 class=\"elementor-image-box-title\">Monsieur Roland BARTHELEMY<\/h3><p class=\"elementor-image-box-description\">Pr\u00e9sident de la Guilde Internationale des Fromagers<\/p><\/div><\/div>\t\t<\/div>\n\t\t\t\t<\/div>\n\t\t\t\t\t<\/div>\n\t\t<\/div>\n\t\t\t\t\t<\/div>\n\t\t<\/section>\n\t\t\t\t<section class=\"elementor-section elementor-top-section elementor-element elementor-element-0eac988 elementor-section-boxed elementor-section-height-default elementor-section-height-default\" data-id=\"0eac988\" data-element_type=\"section\">\n\t\t\t\t\t\t<div class=\"elementor-container elementor-column-gap-default\">\n\t\t\t\t\t<div class=\"elementor-column elementor-col-50 elementor-top-column elementor-element elementor-element-4797186\" data-id=\"4797186\" data-element_type=\"column\">\n\t\t\t<div class=\"elementor-widget-wrap elementor-element-populated\">\n\t\t\t\t\t\t<div class=\"elementor-element elementor-element-63c29ca elementor-position-top elementor-widget elementor-widget-image-box\" data-id=\"63c29ca\" data-element_type=\"widget\" data-widget_type=\"image-box.default\">\n\t\t\t\t<div class=\"elementor-widget-container\">\n\t\t\t<div class=\"elementor-image-box-wrapper\"><figure class=\"elementor-image-box-img\"><img loading=\"lazy\" decoding=\"async\" width=\"2560\" height=\"1703\" src=\"https:\/\/echansonneriedespapes.com\/wp-content\/uploads\/2023\/06\/Miguel-scaled.jpg\" class=\"attachment-full size-full wp-image-1771\" alt=\"\" srcset=\"https:\/\/echansonneriedespapes.com\/wp-content\/uploads\/2023\/06\/Miguel-scaled.jpg 2560w, https:\/\/echansonneriedespapes.com\/wp-content\/uploads\/2023\/06\/Miguel-300x200.jpg 300w, https:\/\/echansonneriedespapes.com\/wp-content\/uploads\/2023\/06\/Miguel-1024x681.jpg 1024w, https:\/\/echansonneriedespapes.com\/wp-content\/uploads\/2023\/06\/Miguel-768x511.jpg 768w, https:\/\/echansonneriedespapes.com\/wp-content\/uploads\/2023\/06\/Miguel-1536x1022.jpg 1536w, https:\/\/echansonneriedespapes.com\/wp-content\/uploads\/2023\/06\/Miguel-2048x1362.jpg 2048w, https:\/\/echansonneriedespapes.com\/wp-content\/uploads\/2023\/06\/Miguel-1623x1080.jpg 1623w\" sizes=\"(max-width: 2560px) 100vw, 2560px\" \/><\/figure><div class=\"elementor-image-box-content\"><h3 class=\"elementor-image-box-title\">Monsieur Gon\u00e7alo MOREIRA RATO<\/h3><p class=\"elementor-image-box-description\">Directeur des Op\u00e9rations de la gAvocat, Pr\u00e9sident de l'Association Internationale des Juristes de la Vigne et du Vin, section europ\u00e9enneendarmerie<\/p><\/div><\/div>\t\t<\/div>\n\t\t\t\t<\/div>\n\t\t\t\t\t<\/div>\n\t\t<\/div>\n\t\t\t\t<div class=\"elementor-column elementor-col-50 elementor-top-column elementor-element elementor-element-6033a08\" data-id=\"6033a08\" data-element_type=\"column\">\n\t\t\t<div class=\"elementor-widget-wrap elementor-element-populated\">\n\t\t\t\t\t\t<div class=\"elementor-element elementor-element-69168dd elementor-position-top elementor-widget elementor-widget-image-box\" data-id=\"69168dd\" data-element_type=\"widget\" data-widget_type=\"image-box.default\">\n\t\t\t\t<div class=\"elementor-widget-container\">\n\t\t\t<div class=\"elementor-image-box-wrapper\"><figure class=\"elementor-image-box-img\"><img loading=\"lazy\" decoding=\"async\" width=\"1702\" height=\"1127\" src=\"https:\/\/echansonneriedespapes.com\/wp-content\/uploads\/2023\/06\/David-lelievre-scaled-e1686914401171.jpg\" class=\"attachment-full size-full wp-image-1772\" alt=\"\" srcset=\"https:\/\/echansonneriedespapes.com\/wp-content\/uploads\/2023\/06\/David-lelievre-scaled-e1686914401171.jpg 1702w, https:\/\/echansonneriedespapes.com\/wp-content\/uploads\/2023\/06\/David-lelievre-scaled-e1686914401171-300x199.jpg 300w, https:\/\/echansonneriedespapes.com\/wp-content\/uploads\/2023\/06\/David-lelievre-scaled-e1686914401171-1024x678.jpg 1024w, https:\/\/echansonneriedespapes.com\/wp-content\/uploads\/2023\/06\/David-lelievre-scaled-e1686914401171-768x509.jpg 768w, https:\/\/echansonneriedespapes.com\/wp-content\/uploads\/2023\/06\/David-lelievre-scaled-e1686914401171-1536x1017.jpg 1536w, https:\/\/echansonneriedespapes.com\/wp-content\/uploads\/2023\/06\/David-lelievre-scaled-e1686914401171-1631x1080.jpg 1631w\" sizes=\"(max-width: 1702px) 100vw, 1702px\" \/><\/figure><div class=\"elementor-image-box-content\"><h3 class=\"elementor-image-box-title\">Monsieur David LELIEVRE<\/h3><p class=\"elementor-image-box-description\">Pr\u00e9sident du groupe Agora<\/p><\/div><\/div>\t\t<\/div>\n\t\t\t\t<\/div>\n\t\t\t\t\t<\/div>\n\t\t<\/div>\n\t\t\t\t\t<\/div>\n\t\t<\/section>\n\t\t\t\t<section class=\"elementor-section elementor-top-section elementor-element elementor-element-8cbc5e2 elementor-section-boxed elementor-section-height-default elementor-section-height-default\" data-id=\"8cbc5e2\" data-element_type=\"section\">\n\t\t\t\t\t\t<div class=\"elementor-container elementor-column-gap-default\">\n\t\t\t\t\t<div class=\"elementor-column elementor-col-50 elementor-top-column elementor-element elementor-element-2e91dc3\" data-id=\"2e91dc3\" data-element_type=\"column\">\n\t\t\t<div class=\"elementor-widget-wrap elementor-element-populated\">\n\t\t\t\t\t\t<div class=\"elementor-element elementor-element-e002911 elementor-position-top elementor-widget elementor-widget-image-box\" data-id=\"e002911\" data-element_type=\"widget\" data-widget_type=\"image-box.default\">\n\t\t\t\t<div class=\"elementor-widget-container\">\n\t\t\t<div class=\"elementor-image-box-wrapper\"><figure class=\"elementor-image-box-img\"><img loading=\"lazy\" decoding=\"async\" width=\"2560\" height=\"1703\" src=\"https:\/\/echansonneriedespapes.com\/wp-content\/uploads\/2023\/06\/Emmanuel-gagnepain-scaled.jpg\" class=\"attachment-full size-full wp-image-1773\" alt=\"\" srcset=\"https:\/\/echansonneriedespapes.com\/wp-content\/uploads\/2023\/06\/Emmanuel-gagnepain-scaled.jpg 2560w, https:\/\/echansonneriedespapes.com\/wp-content\/uploads\/2023\/06\/Emmanuel-gagnepain-300x200.jpg 300w, https:\/\/echansonneriedespapes.com\/wp-content\/uploads\/2023\/06\/Emmanuel-gagnepain-1024x681.jpg 1024w, https:\/\/echansonneriedespapes.com\/wp-content\/uploads\/2023\/06\/Emmanuel-gagnepain-768x511.jpg 768w, https:\/\/echansonneriedespapes.com\/wp-content\/uploads\/2023\/06\/Emmanuel-gagnepain-1536x1022.jpg 1536w, https:\/\/echansonneriedespapes.com\/wp-content\/uploads\/2023\/06\/Emmanuel-gagnepain-2048x1362.jpg 2048w, https:\/\/echansonneriedespapes.com\/wp-content\/uploads\/2023\/06\/Emmanuel-gagnepain-1623x1080.jpg 1623w\" sizes=\"(max-width: 2560px) 100vw, 2560px\" \/><\/figure><div class=\"elementor-image-box-content\"><h3 class=\"elementor-image-box-title\">Monsieur Emmanuel GAGNEPAIN<\/h3><p class=\"elementor-image-box-description\">\u0152nologue consultant<\/p><\/div><\/div>\t\t<\/div>\n\t\t\t\t<\/div>\n\t\t\t\t\t<\/div>\n\t\t<\/div>\n\t\t\t\t<div class=\"elementor-column elementor-col-50 elementor-top-column elementor-element elementor-element-78d5faa\" data-id=\"78d5faa\" data-element_type=\"column\">\n\t\t\t<div class=\"elementor-widget-wrap elementor-element-populated\">\n\t\t\t\t\t\t<div class=\"elementor-element elementor-element-7c66a88 elementor-position-top elementor-widget elementor-widget-image-box\" data-id=\"7c66a88\" data-element_type=\"widget\" data-widget_type=\"image-box.default\">\n\t\t\t\t<div class=\"elementor-widget-container\">\n\t\t\t<div class=\"elementor-image-box-wrapper\"><figure class=\"elementor-image-box-img\"><img loading=\"lazy\" decoding=\"async\" width=\"2560\" height=\"1703\" src=\"https:\/\/echansonneriedespapes.com\/wp-content\/uploads\/2023\/06\/Jessica-scaled.jpg\" class=\"attachment-full size-full wp-image-1775\" alt=\"\" srcset=\"https:\/\/echansonneriedespapes.com\/wp-content\/uploads\/2023\/06\/Jessica-scaled.jpg 2560w, https:\/\/echansonneriedespapes.com\/wp-content\/uploads\/2023\/06\/Jessica-300x200.jpg 300w, https:\/\/echansonneriedespapes.com\/wp-content\/uploads\/2023\/06\/Jessica-1024x681.jpg 1024w, https:\/\/echansonneriedespapes.com\/wp-content\/uploads\/2023\/06\/Jessica-768x511.jpg 768w, https:\/\/echansonneriedespapes.com\/wp-content\/uploads\/2023\/06\/Jessica-1536x1022.jpg 1536w, https:\/\/echansonneriedespapes.com\/wp-content\/uploads\/2023\/06\/Jessica-2048x1362.jpg 2048w, https:\/\/echansonneriedespapes.com\/wp-content\/uploads\/2023\/06\/Jessica-1623x1080.jpg 1623w\" sizes=\"(max-width: 2560px) 100vw, 2560px\" \/><\/figure><div class=\"elementor-image-box-content\"><h3 class=\"elementor-image-box-title\">Madame Jessica PAYERAS<\/h3><p class=\"elementor-image-box-description\">Juriste, directrice du syndicat des vignerons de l'appellation d'origine Ch\u00e2teauneuf-du-Pape<\/p><\/div><\/div>\t\t<\/div>\n\t\t\t\t<\/div>\n\t\t\t\t\t<\/div>\n\t\t<\/div>\n\t\t\t\t\t<\/div>\n\t\t<\/section>\n\t\t\t\t<section class=\"elementor-section elementor-top-section elementor-element elementor-element-54cd792 elementor-section-boxed elementor-section-height-default elementor-section-height-default\" data-id=\"54cd792\" data-element_type=\"section\">\n\t\t\t\t\t\t<div class=\"elementor-container elementor-column-gap-default\">\n\t\t\t\t\t<div class=\"elementor-column elementor-col-50 elementor-top-column elementor-element elementor-element-80d2b52\" data-id=\"80d2b52\" data-element_type=\"column\">\n\t\t\t<div class=\"elementor-widget-wrap elementor-element-populated\">\n\t\t\t\t\t\t<div class=\"elementor-element elementor-element-bf5a2d7 elementor-position-top elementor-widget elementor-widget-image-box\" data-id=\"bf5a2d7\" data-element_type=\"widget\" data-widget_type=\"image-box.default\">\n\t\t\t\t<div class=\"elementor-widget-container\">\n\t\t\t<div class=\"elementor-image-box-wrapper\"><figure class=\"elementor-image-box-img\"><img loading=\"lazy\" decoding=\"async\" width=\"2560\" height=\"1703\" src=\"https:\/\/echansonneriedespapes.com\/wp-content\/uploads\/2023\/06\/Marc-paitier-scaled.jpg\" class=\"attachment-full size-full wp-image-1776\" alt=\"\" srcset=\"https:\/\/echansonneriedespapes.com\/wp-content\/uploads\/2023\/06\/Marc-paitier-scaled.jpg 2560w, https:\/\/echansonneriedespapes.com\/wp-content\/uploads\/2023\/06\/Marc-paitier-300x200.jpg 300w, https:\/\/echansonneriedespapes.com\/wp-content\/uploads\/2023\/06\/Marc-paitier-1024x681.jpg 1024w, https:\/\/echansonneriedespapes.com\/wp-content\/uploads\/2023\/06\/Marc-paitier-768x511.jpg 768w, https:\/\/echansonneriedespapes.com\/wp-content\/uploads\/2023\/06\/Marc-paitier-1536x1022.jpg 1536w, https:\/\/echansonneriedespapes.com\/wp-content\/uploads\/2023\/06\/Marc-paitier-2048x1362.jpg 2048w, https:\/\/echansonneriedespapes.com\/wp-content\/uploads\/2023\/06\/Marc-paitier-1623x1080.jpg 1623w\" sizes=\"(max-width: 2560px) 100vw, 2560px\" \/><\/figure><div class=\"elementor-image-box-content\"><h3 class=\"elementor-image-box-title\">Monsieur Marc PAITIER<\/h3><p class=\"elementor-image-box-description\">Officier de carri\u00e8re, \u00e9crivain du vin et oenoconf\u00e9rencier<\/p><\/div><\/div>\t\t<\/div>\n\t\t\t\t<\/div>\n\t\t\t\t\t<\/div>\n\t\t<\/div>\n\t\t\t\t<div class=\"elementor-column elementor-col-50 elementor-top-column elementor-element elementor-element-19c4587\" data-id=\"19c4587\" data-element_type=\"column\">\n\t\t\t<div class=\"elementor-widget-wrap\">\n\t\t\t\t\t\t\t<\/div>\n\t\t<\/div>\n\t\t\t\t\t<\/div>\n\t\t<\/section>\n\t\t\t\t<section class=\"elementor-section elementor-top-section elementor-element elementor-element-9126150 elementor-section-boxed elementor-section-height-default elementor-section-height-default\" data-id=\"9126150\" data-element_type=\"section\">\n\t\t\t\t\t\t<div class=\"elementor-container elementor-column-gap-default\">\n\t\t\t\t\t<div class=\"elementor-column elementor-col-100 elementor-top-column elementor-element elementor-element-1bed4b8\" data-id=\"1bed4b8\" data-element_type=\"column\">\n\t\t\t<div class=\"elementor-widget-wrap elementor-element-populated\">\n\t\t\t\t\t\t<div class=\"elementor-element elementor-element-5f08fe6 elementor-widget elementor-widget-spacer\" data-id=\"5f08fe6\" data-element_type=\"widget\" data-widget_type=\"spacer.default\">\n\t\t\t\t<div class=\"elementor-widget-container\">\n\t\t\t\t\t<div class=\"elementor-spacer\">\n\t\t\t<div class=\"elementor-spacer-inner\"><\/div>\n\t\t<\/div>\n\t\t\t\t<\/div>\n\t\t\t\t<\/div>\n\t\t\t\t<div class=\"elementor-element elementor-element-fb8ef0e elementor-widget elementor-widget-text-editor\" data-id=\"fb8ef0e\" data-element_type=\"widget\" data-widget_type=\"text-editor.default\">\n\t\t\t\t<div class=\"elementor-widget-container\">\n\t\t\t\t\t\t\t<p style=\"text-align: right;\"><em>Cr\u00e9dit photos : Art et Image<\/em><\/p>\t\t\t\t\t\t<\/div>\n\t\t\t\t<\/div>\n\t\t\t\t\t<\/div>\n\t\t<\/div>\n\t\t\t\t\t<\/div>\n\t\t<\/section>\n\t\t\t\t<section class=\"elementor-section elementor-top-section elementor-element elementor-element-4b70154 elementor-section-full_width elementor-section-height-min-height elementor-section-content-middle elementor-section-height-default elementor-section-items-middle\" data-id=\"4b70154\" data-element_type=\"section\" data-settings=\"{&quot;background_background&quot;:&quot;classic&quot;}\">\n\t\t\t\t\t\t<div class=\"elementor-container elementor-column-gap-no\">\n\t\t\t\t\t<div class=\"elementor-column elementor-col-100 elementor-top-column elementor-element elementor-element-d73c09a\" data-id=\"d73c09a\" data-element_type=\"column\">\n\t\t\t<div class=\"elementor-widget-wrap\">\n\t\t\t\t\t\t\t<\/div>\n\t\t<\/div>\n\t\t\t\t\t<\/div>\n\t\t<\/section>\n\t\t\t\t<section class=\"elementor-section elementor-top-section elementor-element elementor-element-46d3f75 elementor-section-boxed elementor-section-height-default elementor-section-height-default\" data-id=\"46d3f75\" data-element_type=\"section\">\n\t\t\t\t\t\t<div class=\"elementor-container elementor-column-gap-default\">\n\t\t\t\t\t<div class=\"elementor-column elementor-col-33 elementor-top-column elementor-element elementor-element-92f38d3\" data-id=\"92f38d3\" data-element_type=\"column\">\n\t\t\t<div class=\"elementor-widget-wrap elementor-element-populated\">\n\t\t\t\t\t\t<div class=\"elementor-element elementor-element-8381e16 elementor-align-left elementor-widget elementor-widget-button\" data-id=\"8381e16\" data-element_type=\"widget\" data-widget_type=\"button.default\">\n\t\t\t\t<div class=\"elementor-widget-container\">\n\t\t\t\t\t<div class=\"elementor-button-wrapper\">\n\t\t\t<a class=\"elementor-button elementor-button-link elementor-size-sm elementor-animation-grow\" href=\"https:\/\/echansonneriedespapes.com\/index.php\/350eme-chapitre\/\">\n\t\t\t\t\t\t<span class=\"elementor-button-content-wrapper\">\n\t\t\t\t\t\t<span class=\"elementor-button-icon\">\n\t\t\t\t<i aria-hidden=\"true\" class=\"fas fa-arrow-alt-circle-left\"><\/i>\t\t\t<\/span>\n\t\t\t\t\t\t\t\t\t<span class=\"elementor-button-text\">Chapitre pr\u00e9c\u00e9dent<\/span>\n\t\t\t\t\t<\/span>\n\t\t\t\t\t<\/a>\n\t\t<\/div>\n\t\t\t\t<\/div>\n\t\t\t\t<\/div>\n\t\t\t\t\t<\/div>\n\t\t<\/div>\n\t\t\t\t<div class=\"elementor-column elementor-col-33 elementor-top-column elementor-element elementor-element-372ecc2\" data-id=\"372ecc2\" data-element_type=\"column\">\n\t\t\t<div class=\"elementor-widget-wrap\">\n\t\t\t\t\t\t\t<\/div>\n\t\t<\/div>\n\t\t\t\t<div class=\"elementor-column elementor-col-33 elementor-top-column elementor-element elementor-element-2157a39\" data-id=\"2157a39\" data-element_type=\"column\">\n\t\t\t<div class=\"elementor-widget-wrap elementor-element-populated\">\n\t\t\t\t\t\t<div class=\"elementor-element elementor-element-e304ecb elementor-align-right elementor-widget elementor-widget-button\" data-id=\"e304ecb\" data-element_type=\"widget\" data-widget_type=\"button.default\">\n\t\t\t\t<div class=\"elementor-widget-container\">\n\t\t\t\t\t<div class=\"elementor-button-wrapper\">\n\t\t\t<a class=\"elementor-button elementor-button-link elementor-size-sm elementor-animation-grow\" href=\"https:\/\/echansonneriedespapes.com\/index.php\/352eme-chapitre\/\">\n\t\t\t\t\t\t<span class=\"elementor-button-content-wrapper\">\n\t\t\t\t\t\t<span class=\"elementor-button-icon\">\n\t\t\t\t<i aria-hidden=\"true\" class=\"fas fa-arrow-alt-circle-right\"><\/i>\t\t\t<\/span>\n\t\t\t\t\t\t\t\t\t<span class=\"elementor-button-text\">Chapitre suivant<\/span>\n\t\t\t\t\t<\/span>\n\t\t\t\t\t<\/a>\n\t\t<\/div>\n\t\t\t\t<\/div>\n\t\t\t\t<\/div>\n\t\t\t\t\t<\/div>\n\t\t<\/div>\n\t\t\t\t\t<\/div>\n\t\t<\/section>\n\t\t\t\t<\/div>\n\t\t","protected":false},"excerpt":{"rendered":"<p>Grand Conseil ExceptionnelSamedi 10 juin 2023 Palais des PapesAvignon Monsieur Franck FERRAND \u00c9crivain, animateur audiovisuel sp\u00e9cialis\u00e9 en histoire Madame Jancis ROBINSON Editrice principale de JancisRobinson.com, ecrivain, correspondant Monsieur Michel ONFRAY Philosophe, \u00e9crivain Monsieur Christophe Hardiquest Chef cuisinier Monsieur Olivier KIM Directeur des Op\u00e9rations de la gendarmerie Monsieur Roland BARTHELEMY Pr\u00e9sident de la Guilde Internationale des&hellip; <br \/> <a class=\"read-more\" href=\"https:\/\/echansonneriedespapes.com\/index.php\/351eme-chapitre\/\">Lire la suite<\/a><\/p>\n","protected":false},"author":1,"featured_media":0,"parent":0,"menu_order":0,"comment_status":"closed","ping_status":"closed","template":"","meta":{"footnotes":""},"class_list":["post-1729","page","type-page","status-publish","hentry"],"yoast_head":"<!-- This site is optimized with the Yoast SEO plugin v23.4 - https:\/\/yoast.com\/wordpress\/plugins\/seo\/ -->\n<title>351\u00e8me chapitre - \u00c9chansonnerie des Papes<\/title>\n<meta name=\"robots\" content=\"index, follow, max-snippet:-1, max-image-preview:large, max-video-preview:-1\" \/>\n<link rel=\"canonical\" href=\"https:\/\/echansonneriedespapes.com\/index.php\/351eme-chapitre\/\" \/>\n<meta property=\"og:locale\" content=\"fr_FR\" \/>\n<meta property=\"og:type\" content=\"article\" \/>\n<meta property=\"og:title\" content=\"351\u00e8me chapitre - \u00c9chansonnerie des Papes\" \/>\n<meta property=\"og:description\" content=\"Grand Conseil ExceptionnelSamedi 10 juin 2023 Palais des PapesAvignon Monsieur Franck FERRAND \u00c9crivain, animateur audiovisuel sp\u00e9cialis\u00e9 en histoire Madame Jancis ROBINSON Editrice principale de JancisRobinson.com, ecrivain, correspondant Monsieur Michel ONFRAY Philosophe, \u00e9crivain Monsieur Christophe Hardiquest Chef cuisinier Monsieur Olivier KIM Directeur des Op\u00e9rations de la gendarmerie Monsieur Roland BARTHELEMY Pr\u00e9sident de la Guilde Internationale des&hellip; Lire la suite\" \/>\n<meta property=\"og:url\" content=\"https:\/\/echansonneriedespapes.com\/index.php\/351eme-chapitre\/\" \/>\n<meta property=\"og:site_name\" content=\"\u00c9chansonnerie des Papes\" \/>\n<meta property=\"article:modified_time\" content=\"2023-07-21T13:32:17+00:00\" \/>\n<meta property=\"og:image\" content=\"https:\/\/echansonneriedespapes.com\/wp-content\/uploads\/2020\/06\/Fichier-1-150x150.png\" \/>\n<meta name=\"twitter:card\" content=\"summary_large_image\" \/>\n<meta name=\"twitter:label1\" content=\"Dur\u00e9e de lecture estim\u00e9e\" \/>\n\t<meta name=\"twitter:data1\" content=\"4 minutes\" \/>\n<script type=\"application\/ld+json\" class=\"yoast-schema-graph\">{\"@context\":\"https:\/\/schema.org\",\"@graph\":[{\"@type\":\"WebPage\",\"@id\":\"https:\/\/echansonneriedespapes.com\/index.php\/351eme-chapitre\/\",\"url\":\"https:\/\/echansonneriedespapes.com\/index.php\/351eme-chapitre\/\",\"name\":\"351\u00e8me chapitre - \u00c9chansonnerie des Papes\",\"isPartOf\":{\"@id\":\"https:\/\/echansonneriedespapes.com\/#website\"},\"primaryImageOfPage\":{\"@id\":\"https:\/\/echansonneriedespapes.com\/index.php\/351eme-chapitre\/#primaryimage\"},\"image\":{\"@id\":\"https:\/\/echansonneriedespapes.com\/index.php\/351eme-chapitre\/#primaryimage\"},\"thumbnailUrl\":\"https:\/\/echansonneriedespapes.com\/wp-content\/uploads\/2020\/06\/Fichier-1-150x150.png\",\"datePublished\":\"2023-06-16T10:14:49+00:00\",\"dateModified\":\"2023-07-21T13:32:17+00:00\",\"breadcrumb\":{\"@id\":\"https:\/\/echansonneriedespapes.com\/index.php\/351eme-chapitre\/#breadcrumb\"},\"inLanguage\":\"fr-FR\",\"potentialAction\":[{\"@type\":\"ReadAction\",\"target\":[\"https:\/\/echansonneriedespapes.com\/index.php\/351eme-chapitre\/\"]}]},{\"@type\":\"ImageObject\",\"inLanguage\":\"fr-FR\",\"@id\":\"https:\/\/echansonneriedespapes.com\/index.php\/351eme-chapitre\/#primaryimage\",\"url\":\"https:\/\/echansonneriedespapes.com\/wp-content\/uploads\/2020\/06\/Fichier-1.png\",\"contentUrl\":\"https:\/\/echansonneriedespapes.com\/wp-content\/uploads\/2020\/06\/Fichier-1.png\",\"width\":350,\"height\":182},{\"@type\":\"BreadcrumbList\",\"@id\":\"https:\/\/echansonneriedespapes.com\/index.php\/351eme-chapitre\/#breadcrumb\",\"itemListElement\":[{\"@type\":\"ListItem\",\"position\":1,\"name\":\"Accueil\",\"item\":\"https:\/\/echansonneriedespapes.com\/\"},{\"@type\":\"ListItem\",\"position\":2,\"name\":\"351\u00e8me chapitre\"}]},{\"@type\":\"WebSite\",\"@id\":\"https:\/\/echansonneriedespapes.com\/#website\",\"url\":\"https:\/\/echansonneriedespapes.com\/\",\"name\":\"\u00c9chansonnerie des Papes\",\"description\":\"La Confr\u00e9rie Bachique de Ch\u00e2teauneuf-du-Pape\",\"publisher\":{\"@id\":\"https:\/\/echansonneriedespapes.com\/#organization\"},\"potentialAction\":[{\"@type\":\"SearchAction\",\"target\":{\"@type\":\"EntryPoint\",\"urlTemplate\":\"https:\/\/echansonneriedespapes.com\/?s={search_term_string}\"},\"query-input\":{\"@type\":\"PropertyValueSpecification\",\"valueRequired\":true,\"valueName\":\"search_term_string\"}}],\"inLanguage\":\"fr-FR\"},{\"@type\":\"Organization\",\"@id\":\"https:\/\/echansonneriedespapes.com\/#organization\",\"name\":\"\u00c9chansonnerie des Papes\",\"url\":\"https:\/\/echansonneriedespapes.com\/\",\"logo\":{\"@type\":\"ImageObject\",\"inLanguage\":\"fr-FR\",\"@id\":\"https:\/\/echansonneriedespapes.com\/#\/schema\/logo\/image\/\",\"url\":\"https:\/\/echansonneriedespapes.com\/wp-content\/uploads\/2018\/08\/cropped-logo-echansonnerie-sans-fond-4.png\",\"contentUrl\":\"https:\/\/echansonneriedespapes.com\/wp-content\/uploads\/2018\/08\/cropped-logo-echansonnerie-sans-fond-4.png\",\"width\":508,\"height\":608,\"caption\":\"\u00c9chansonnerie des Papes\"},\"image\":{\"@id\":\"https:\/\/echansonneriedespapes.com\/#\/schema\/logo\/image\/\"}}]}<\/script>\n<!-- \/ Yoast SEO plugin. -->","yoast_head_json":{"title":"351\u00e8me chapitre - \u00c9chansonnerie des Papes","robots":{"index":"index","follow":"follow","max-snippet":"max-snippet:-1","max-image-preview":"max-image-preview:large","max-video-preview":"max-video-preview:-1"},"canonical":"https:\/\/echansonneriedespapes.com\/index.php\/351eme-chapitre\/","og_locale":"fr_FR","og_type":"article","og_title":"351\u00e8me chapitre - \u00c9chansonnerie des Papes","og_description":"Grand Conseil ExceptionnelSamedi 10 juin 2023 Palais des PapesAvignon Monsieur Franck FERRAND \u00c9crivain, animateur audiovisuel sp\u00e9cialis\u00e9 en histoire Madame Jancis ROBINSON Editrice principale de JancisRobinson.com, ecrivain, correspondant Monsieur Michel ONFRAY Philosophe, \u00e9crivain Monsieur Christophe Hardiquest Chef cuisinier Monsieur Olivier KIM Directeur des Op\u00e9rations de la gendarmerie Monsieur Roland BARTHELEMY Pr\u00e9sident de la Guilde Internationale des&hellip; Lire la suite","og_url":"https:\/\/echansonneriedespapes.com\/index.php\/351eme-chapitre\/","og_site_name":"\u00c9chansonnerie des Papes","article_modified_time":"2023-07-21T13:32:17+00:00","og_image":[{"url":"https:\/\/echansonneriedespapes.com\/wp-content\/uploads\/2020\/06\/Fichier-1-150x150.png"}],"twitter_card":"summary_large_image","twitter_misc":{"Dur\u00e9e de lecture estim\u00e9e":"4 minutes"},"schema":{"@context":"https:\/\/schema.org","@graph":[{"@type":"WebPage","@id":"https:\/\/echansonneriedespapes.com\/index.php\/351eme-chapitre\/","url":"https:\/\/echansonneriedespapes.com\/index.php\/351eme-chapitre\/","name":"351\u00e8me chapitre - \u00c9chansonnerie des Papes","isPartOf":{"@id":"https:\/\/echansonneriedespapes.com\/#website"},"primaryImageOfPage":{"@id":"https:\/\/echansonneriedespapes.com\/index.php\/351eme-chapitre\/#primaryimage"},"image":{"@id":"https:\/\/echansonneriedespapes.com\/index.php\/351eme-chapitre\/#primaryimage"},"thumbnailUrl":"https:\/\/echansonneriedespapes.com\/wp-content\/uploads\/2020\/06\/Fichier-1-150x150.png","datePublished":"2023-06-16T10:14:49+00:00","dateModified":"2023-07-21T13:32:17+00:00","breadcrumb":{"@id":"https:\/\/echansonneriedespapes.com\/index.php\/351eme-chapitre\/#breadcrumb"},"inLanguage":"fr-FR","potentialAction":[{"@type":"ReadAction","target":["https:\/\/echansonneriedespapes.com\/index.php\/351eme-chapitre\/"]}]},{"@type":"ImageObject","inLanguage":"fr-FR","@id":"https:\/\/echansonneriedespapes.com\/index.php\/351eme-chapitre\/#primaryimage","url":"https:\/\/echansonneriedespapes.com\/wp-content\/uploads\/2020\/06\/Fichier-1.png","contentUrl":"https:\/\/echansonneriedespapes.com\/wp-content\/uploads\/2020\/06\/Fichier-1.png","width":350,"height":182},{"@type":"BreadcrumbList","@id":"https:\/\/echansonneriedespapes.com\/index.php\/351eme-chapitre\/#breadcrumb","itemListElement":[{"@type":"ListItem","position":1,"name":"Accueil","item":"https:\/\/echansonneriedespapes.com\/"},{"@type":"ListItem","position":2,"name":"351\u00e8me chapitre"}]},{"@type":"WebSite","@id":"https:\/\/echansonneriedespapes.com\/#website","url":"https:\/\/echansonneriedespapes.com\/","name":"\u00c9chansonnerie des Papes","description":"La Confr\u00e9rie Bachique de Ch\u00e2teauneuf-du-Pape","publisher":{"@id":"https:\/\/echansonneriedespapes.com\/#organization"},"potentialAction":[{"@type":"SearchAction","target":{"@type":"EntryPoint","urlTemplate":"https:\/\/echansonneriedespapes.com\/?s={search_term_string}"},"query-input":{"@type":"PropertyValueSpecification","valueRequired":true,"valueName":"search_term_string"}}],"inLanguage":"fr-FR"},{"@type":"Organization","@id":"https:\/\/echansonneriedespapes.com\/#organization","name":"\u00c9chansonnerie des Papes","url":"https:\/\/echansonneriedespapes.com\/","logo":{"@type":"ImageObject","inLanguage":"fr-FR","@id":"https:\/\/echansonneriedespapes.com\/#\/schema\/logo\/image\/","url":"https:\/\/echansonneriedespapes.com\/wp-content\/uploads\/2018\/08\/cropped-logo-echansonnerie-sans-fond-4.png","contentUrl":"https:\/\/echansonneriedespapes.com\/wp-content\/uploads\/2018\/08\/cropped-logo-echansonnerie-sans-fond-4.png","width":508,"height":608,"caption":"\u00c9chansonnerie des Papes"},"image":{"@id":"https:\/\/echansonneriedespapes.com\/#\/schema\/logo\/image\/"}}]}},"jetpack_sharing_enabled":true,"_links":{"self":[{"href":"https:\/\/echansonneriedespapes.com\/index.php\/wp-json\/wp\/v2\/pages\/1729"}],"collection":[{"href":"https:\/\/echansonneriedespapes.com\/index.php\/wp-json\/wp\/v2\/pages"}],"about":[{"href":"https:\/\/echansonneriedespapes.com\/index.php\/wp-json\/wp\/v2\/types\/page"}],"author":[{"embeddable":true,"href":"https:\/\/echansonneriedespapes.com\/index.php\/wp-json\/wp\/v2\/users\/1"}],"replies":[{"embeddable":true,"href":"https:\/\/echansonneriedespapes.com\/index.php\/wp-json\/wp\/v2\/comments?post=1729"}],"version-history":[{"count":13,"href":"https:\/\/echansonneriedespapes.com\/index.php\/wp-json\/wp\/v2\/pages\/1729\/revisions"}],"predecessor-version":[{"id":1804,"href":"https:\/\/echansonneriedespapes.com\/index.php\/wp-json\/wp\/v2\/pages\/1729\/revisions\/1804"}],"wp:attachment":[{"href":"https:\/\/echansonneriedespapes.com\/index.php\/wp-json\/wp\/v2\/media?parent=1729"}],"curies":[{"name":"wp","href":"https:\/\/api.w.org\/{rel}","templated":true}]}}